{"id":2248,"date":"2017-07-03T09:38:59","date_gmt":"2017-07-03T07:38:59","guid":{"rendered":"https:\/\/www.ogbl.lu\/communiques\/entrevue-entre-logbl-et-le-lsap-des-engagements-en-faveur-dune-politique-sociale"},"modified":"2023-06-28T14:08:23","modified_gmt":"2023-06-28T12:08:23","slug":"entrevue-entre-logbl-et-le-lsap-des-engagements-en-faveur-dune-politique-sociale","status":"publish","type":"communiques","link":"https:\/\/www.ogbl.lu\/de\/communique\/entrevue-entre-logbl-et-le-lsap-des-engagements-en-faveur-dune-politique-sociale\/","title":{"rendered":"Treffen zwischen OGBL und LSAP : Engagements zugunsten einer Sozialpolitik"},"content":{"rendered":"<p><a href=\"https:\/\/www.ogbl.lu\/wp-content\/uploads\/communiques\/Entrevue_OGBL_LSAP_1.jpg\" target=\"_blank\" rel=\"noopener\"><img decoding=\"async\" class=\"alignleft wp-image-24516\" style=\"border: 0px none;\" src=\"https:\/\/www.ogbl.lu\/wp-content\/uploads\/communiques\/Entrevue_OGBL_LSAP_1.jpg\" alt=\"Entrevue_OGBL_LSAP_1\" width=\"300\" \/><\/a>Im Rahmen einer Reihe von vorgesehenen Treffen mit den verschiedenen politischen Parteien, die in der Abgeordnetenkammer vertreten sind, hat sich der gesch\u00e4ftsf\u00fchrende Vorstand des OGBL am 21, Juni mit einer LSAP-Delegation getroffen, zusammengesetzt aus den Ministern Dan Kersch, Nicolas Schmit und Romain Schneider, dem Parteipr\u00e4sidenten Claude Haagen, dem Pr\u00e4sidenten der parlametarischen Fraktion Alex Bodry und den Abgeordneten Frank Arndt und Taina Bofferding.<\/p>\n<p>In seiner Einleitung kam der OGBL-Pr\u00e4sident zuerst auf die k\u00fcrzlich erreichten Abkommen bez\u00fcglich der FHL- und SAS-Arbeitskollektivvertr\u00e4ge zu sprechen. Er hat in diesem Zusammenhang die Wichtigkeit des Engagements der Regierung unterstrichen, das sie im Rahmen des Abkommens vom 28. November 2014 zwischen der Exekutive und den Gewerkschaften eingegangen ist. Bei diesem Abkommen geht es unter anderem darum, die Anwendung des Artikel 28 der Kollektivvertr\u00e4ge zu gew\u00e4hrleisten. Ein Engagement, das in seiner Gesamtheit respektiert wurde, und das neben der Mobilisation des Personals dazu beigetragen hat, dass die beiden Abkommen abgeschlossen werden konnten.<\/p>\n<p>Beim Treffen ging es anschlie\u00dfend um das Reformprojekt der Pflegeversicherung. Der OGBL hat abermals unterstrichen, dass er diese Reform in ihrer Gesamtheit gegen\u00fcber der bestehenden Versicherung bewerten wird, und dass er nicht die geringste Verschlechterung, weder qualitativ noch quantitativ, tollerieren werde. Der OGBL kam insbesondere auf drei Punkte zu sprechen, die zurzeit in dem vorgelegten Text noch ein Problem darstellen. Erstens bef\u00fcrchtet der OGBL, dass die Reform eine Verschlechterung der Leistungen nach sich zieht, insbesondere die Leistungen bez\u00fcglich der Hilfe f\u00fcr die Arbeiten im Haushalt. Zweitens besteht der OGBL darauf, dass der Statut des informellen Helfers (Person die der pflegebed\u00fcrftigen Person zu Hause hilft und sie pflegt) endlich klar gesetzlich festgehalten ist, um Schwarzarbeit zu verhindern, die heute noch zu einfach ist. Der OGBL schl\u00e4gt in diesem Zusammenhang vor, einerseits das Zur\u00fcckgreifen auf einen informellen Helfer, der aus dem Umkreis der pflegebed\u00fcrftigen Person kommt, auf ein Familienmitglied einzuschr\u00e4nken, dessen Verwandschaftsgrad nicht \u00fcber den 2. Grad hinausgeht, und andrerseits den Statut des angestellten informellen Helfers, zu formalisieren durch einen Arbeitsvertrag, der den Vorschriften des SAS-Kollektivvertrags entspricht. Der angestellte informelle Helfer muss demnach auch \u00fcber das dazu erforderliche Fachwissen verf\u00fcgen. Drittens wehrt sich der OGBL dagegen, dass die Bewertungs- und Orientierungsabteilung, die unter anderem die Hilfe und die Pflege festlegt, die der pflegebed\u00fcrftigen Person zustehen, auschlie\u00dflich dem Ministerium f\u00fcr soziale Sicherheit untergeordnet ist. Betrachtet man die ausschlaggebende Rolle, die Letztere spielt, so besteht der OGBL darauf, dass sie der demokratischen Kontrolle all derer unterstellt wird, die die Pflegeversicherung finanzieren. Die LSAP hat einige Vorschl\u00e4ge gemacht, um L\u00f6sungen zu den Problemen zu finden, die der OGBL aufgeworfen hat, ohne sich jedoch endg\u00fcltig auf s\u00e4mtliche Punkte festzulegen. Der OGBL wird die Entwicklung dieser Sache aus der N\u00e4he verfolgen.<\/p>\n<p><a href=\"https:\/\/www.ogbl.lu\/wp-content\/uploads\/communiques\/Entrevue_OGBL_LSAP_2.jpg\" target=\"_blank\" rel=\"noopener\"><img loading=\"lazy\" decoding=\"async\" class=\"alignleft\" src=\"https:\/\/www.ogbl.lu\/wp-content\/uploads\/communiques\/Entrevue_OGBL_LSAP_2.jpg\" alt=\"Entrevue_OGBL_LSAP_2\" width=\"300\" height=\"225\" \/><\/a>Was die Absicherung der beruflichen Karrieren betrifft, so hat der OGBL auf einige Schw\u00e4chen der jetzigen Gesetzgebung hingewiesen, die in einer gewissen Anzahl von Punkten nicht mehr angepasst ist. In diesem Zusammenhang fordert der OGBL eine Verst\u00e4rkung des Entlassungsschutzes und eine Reform der Gesetze bez\u00fcglich der Arbeitserhaltungs- und der Sozialpl\u00e4ne, die zu oft von den Arbeitgebern umgangen werden. Ein Bed\u00fcrfnis, das von den LSAP-Vertretern, die sich einer Vertiefung der Gespr\u00e4che \u00fcber diese Themen bereiterkl\u00e4ren, geteilt wird.<\/p>\n<p>Der Arbeitsminister hat wissen lassen, dass er vorhat, eine breite Diskussion \u00fcber die berufliche Weiterbildung in die Wege zu leiten. Eine Ank\u00fcndigung, die vom OGBL begr\u00fc\u00dft wird, umso mehr als diese \u00fcberhaupt nicht mehr, weder den heutigen Erfordernissen, noch denen die sich im Rahmen der Digitalisierung der Gesellschaft und der Wirtschaft ank\u00fcndigen, entsprechen.<\/p>\n<p>Der OGBL hat anschlie\u00dfend seinen heftigen Widerstand gegen\u00fcber der Gesetzesreform zum Datenschutz, die es vorsieht, die vorangehende Erlaubnis abzuschaffen, die bisher obligatorisch war f\u00fcr jeden Arbeitgeber, der \u00dcberwachungsma\u00dfnahmen f\u00fcr die Arbeitnehmer in seinem Betrieb einf\u00fchren will. Eine Ma\u00dfnahme, die in dieser Form, nicht annehmbar w\u00e4re. Der Arbeitsminister hat in diesem Zusammenhang angek\u00fcndigt, dass die Regierung sehr bald Vorschl\u00e4ge machen w\u00fcrde, die die Privatsph\u00e4re der Arbeitnehmer am Arbeitsplatz weiterhin garantieren w\u00fcrden. Ein Treffen zwischen OGBL und den zust\u00e4ndigen Ministern sollte bald stattfinden.<\/p>\n<p>Was die Zukunft der Rentensysteme betrifft, so hat der OGBL zuerst an seine Kritiken an der Reform von 2012 erinnert. Er hat unterstrichen, dass er an einem \u00f6ffentlichen und solidarischen System festh\u00e4lt, das sich wirklich bew\u00e4hrt hat und das in den kommenden Jahren nicht erneut in Frage gestellt werden darf. Der OGBL hat ebenfalls mit Nachdruck daran erinnert, dass das Rentensystem zurzeit \u00fcberhaupt nicht in Gefahr ist, und dass die finanziellen Reserven \u00fcber die es verf\u00fcgt, es erm\u00f6glichen, der Zukunft des Systems mit Gelassenheit anzugehen. Au\u00dferdem hat der OGBL angegeben, dass bei zuk\u00fcnftigen Finanzierungsschwierigkeiten, er sich f\u00fcr eine progressive Erh\u00f6hung der Beitr\u00e4ge einsetzt. Die Beitr\u00e4ge sind in der Tat extrem niedrig im Vergleich zu andern L\u00e4ndern (sie wurden in Luxemburg seit den 70er-Jahren nicht mehr angehoben). Der OGBL widersetzt sich dagegen formell gegen zuk\u00fcnftige Leistungsverschlechterungen (wie das der Fall im Rahmen der Reform von 2012 der Fall war: -14% f\u00fcr die zuk\u00fcnftigen Generationen) oder gegen eine Erh\u00f6hung des gesetzlichen Rentenalters. Die LSAP-Delegation hat best\u00e4tigt, dass die letzten Projektierungen aussagen, dass es \u00fcberhaupt keinen Bedarf gibt, das Rentensystem kurz- oder mittelfristig zu reformieren. Langfristig, wenn es notwendig wird, ist der Weg \u00fcber Beitragserh\u00f6hungen vorzuziehen.<\/p>\n<p>Was die L\u00f6hne betrifft, so hat der OGBL zuerst einmal den Beitrag der LSAP begr\u00fcsst, damit der Indexierungsmechanismus der L\u00f6hne und Renten wieder seit 2014 normal klappt. Die LSAP hat versichert, dass sie auch in Zukunft als Verteidiger dieses f\u00fcr die Arbeitnehmer und Rentner fundamentalen Kompensationsmechanismus gegen\u00fcber der st\u00e4ndigen Preiszunahme stehen w\u00fcrde. Der OGBL hat au\u00dferdem an die Forderungen erinnert, die er im Rahmen seiner Lohnkampagne stellt, und insbesondere die strukturelle Aufwertung um 10% des sozialen Mindestlohns.<\/p>\n<p>Schlie\u00dflich, bez\u00fcglich der Wohnungsproblematik, die in Luxemburg von gro\u00dfer Bedeutung bleibt, k\u00fcndigt die LSAP an, Bewegung in die Reihen bringen zu wollen, indem eine breite Diskussion dar\u00fcber auf nationaler Ebene begonnen wird. Laut LSAP m\u00fcssen alle m\u00f6glichen L\u00f6sungen in Erw\u00e4gung gezogen werden. Eine Herangehensweise, die vom OGBL geteilt wird.<\/p>","protected":false},"author":1,"featured_media":3883,"template":"","categorie_communiques":[41],"syndicat":[],"acf":[],"yoast_head":"<!-- This site is optimized with the Yoast SEO plugin v23.1 - https:\/\/yoast.com\/wordpress\/plugins\/seo\/ -->\r\n<title>Treffen zwischen OGBL und LSAP : Engagements zugunsten einer Sozialpolitik - OGBL<\/title>\r\n<meta name=\"robots\" content=\"index, follow, max-snippet:-1, max-image-preview:large, max-video-preview:-1\" \/>\r\n<link rel=\"canonical\" href=\"https:\/\/www.ogbl.lu\/communique\/entrevue-entre-logbl-et-le-lsap-des-engagements-en-faveur-dune-politique-sociale\/\" \/>\r\n<meta property=\"og:locale\" content=\"de_DE\" \/>\r\n<meta property=\"og:type\" content=\"article\" \/>\r\n<meta property=\"og:title\" content=\"[:fr]Entrevue entre l\u2019OGBL et le LSAP : des engagements en faveur d\u2019une politique sociale[:de]Treffen zwischen OGBL und LSAP : Engagements zugunsten einer Sozialpolitik[:en]Entrevue entre l\u2019OGBL et le LSAP : des engagements en faveur d\u2019une politique sociale[:] - OGBL\" \/>\r\n<meta property=\"og:description\" content=\"Im Rahmen einer Reihe von vorgesehenen Treffen mit den verschiedenen politischen Parteien, die in der Abgeordnetenkammer vertreten sind, hat sich \u2026\" \/>\r\n<meta property=\"og:url\" content=\"https:\/\/www.ogbl.lu\/communique\/entrevue-entre-logbl-et-le-lsap-des-engagements-en-faveur-dune-politique-sociale\/\" \/>\r\n<meta property=\"og:site_name\" content=\"OGBL\" \/>\r\n<meta property=\"article:modified_time\" content=\"2023-06-28T12:08:23+00:00\" \/>\r\n<meta property=\"og:image\" content=\"https:\/\/www.ogbl.lu\/wp-content\/uploads\/2017\/07\/Entrevue_OGBL_LSAP_1.jpg\" \/>\r\n\t<meta property=\"og:image:width\" content=\"800\" \/>\r\n\t<meta property=\"og:image:height\" content=\"600\" \/>\r\n\t<meta property=\"og:image:type\" content=\"image\/jpeg\" \/>\r\n<meta name=\"twitter:card\" content=\"summary_large_image\" \/>\r\n<meta name=\"twitter:label1\" content=\"Est. reading time\" \/>\n\t<meta name=\"twitter:data1\" content=\"11 Minuten\" \/>\r\n<script type=\"application\/ld+json\" class=\"yoast-schema-graph\">{\"@context\":\"https:\/\/schema.org\",\"@graph\":[{\"@type\":\"WebPage\",\"@id\":\"https:\/\/www.ogbl.lu\/communique\/entrevue-entre-logbl-et-le-lsap-des-engagements-en-faveur-dune-politique-sociale\/\",\"url\":\"https:\/\/www.ogbl.lu\/communique\/entrevue-entre-logbl-et-le-lsap-des-engagements-en-faveur-dune-politique-sociale\/\",\"name\":\"[:fr]Entrevue entre l\u2019OGBL et le LSAP : des engagements en faveur d\u2019une politique sociale[:de]Treffen zwischen OGBL und LSAP : Engagements zugunsten einer Sozialpolitik[:en]Entrevue entre l\u2019OGBL et le LSAP : des engagements en faveur d\u2019une politique sociale[:] - OGBL\",\"isPartOf\":{\"@id\":\"https:\/\/www.ogbl.lu\/de\/#website\"},\"primaryImageOfPage\":{\"@id\":\"https:\/\/www.ogbl.lu\/communique\/entrevue-entre-logbl-et-le-lsap-des-engagements-en-faveur-dune-politique-sociale\/#primaryimage\"},\"image\":{\"@id\":\"https:\/\/www.ogbl.lu\/communique\/entrevue-entre-logbl-et-le-lsap-des-engagements-en-faveur-dune-politique-sociale\/#primaryimage\"},\"thumbnailUrl\":\"https:\/\/www.ogbl.lu\/wp-content\/uploads\/2017\/07\/Entrevue_OGBL_LSAP_1.jpg\",\"datePublished\":\"2017-07-03T07:38:59+00:00\",\"dateModified\":\"2023-06-28T12:08:23+00:00\",\"breadcrumb\":{\"@id\":\"https:\/\/www.ogbl.lu\/communique\/entrevue-entre-logbl-et-le-lsap-des-engagements-en-faveur-dune-politique-sociale\/#breadcrumb\"},\"inLanguage\":\"de-DE\",\"potentialAction\":[{\"@type\":\"ReadAction\",\"target\":[\"https:\/\/www.ogbl.lu\/communique\/entrevue-entre-logbl-et-le-lsap-des-engagements-en-faveur-dune-politique-sociale\/\"]}]},{\"@type\":\"ImageObject\",\"inLanguage\":\"de-DE\",\"@id\":\"https:\/\/www.ogbl.lu\/communique\/entrevue-entre-logbl-et-le-lsap-des-engagements-en-faveur-dune-politique-sociale\/#primaryimage\",\"url\":\"https:\/\/www.ogbl.lu\/wp-content\/uploads\/2017\/07\/Entrevue_OGBL_LSAP_1.jpg\",\"contentUrl\":\"https:\/\/www.ogbl.lu\/wp-content\/uploads\/2017\/07\/Entrevue_OGBL_LSAP_1.jpg\",\"width\":800,\"height\":600},{\"@type\":\"BreadcrumbList\",\"@id\":\"https:\/\/www.ogbl.lu\/communique\/entrevue-entre-logbl-et-le-lsap-des-engagements-en-faveur-dune-politique-sociale\/#breadcrumb\",\"itemListElement\":[{\"@type\":\"ListItem\",\"position\":1,\"name\":\"Home\",\"item\":\"https:\/\/www.ogbl.lu\/\"},{\"@type\":\"ListItem\",\"position\":2,\"name\":\"Entrevue entre l\u2019OGBL et le LSAP : des engagements en faveur d\u2019une politique sociale\"}]},{\"@type\":\"WebSite\",\"@id\":\"https:\/\/www.ogbl.lu\/de\/#website\",\"url\":\"https:\/\/www.ogbl.lu\/de\/\",\"name\":\"OGBL\",\"description\":\"DIE GEWERKSCHAFT\",\"publisher\":{\"@id\":\"https:\/\/www.ogbl.lu\/de\/#organization\"},\"potentialAction\":[{\"@type\":\"SearchAction\",\"target\":{\"@type\":\"EntryPoint\",\"urlTemplate\":\"https:\/\/www.ogbl.lu\/de\/?s={search_term_string}\"},\"query-input\":\"required name=search_term_string\"}],\"inLanguage\":\"de-DE\"},{\"@type\":\"Organization\",\"@id\":\"https:\/\/www.ogbl.lu\/de\/#organization\",\"name\":\"OGBL\",\"url\":\"https:\/\/www.ogbl.lu\/de\/\",\"logo\":{\"@type\":\"ImageObject\",\"inLanguage\":\"de-DE\",\"@id\":\"https:\/\/www.ogbl.lu\/de\/#\/schema\/logo\/image\/\",\"url\":\"https:\/\/www.ogbl.lu\/wp-content\/uploads\/2024\/07\/LOGO_Red_FR-svg.png\",\"contentUrl\":\"https:\/\/www.ogbl.lu\/wp-content\/uploads\/2024\/07\/LOGO_Red_FR-svg.png\",\"width\":369,\"height\":171,\"caption\":\"OGBL\"},\"image\":{\"@id\":\"https:\/\/www.ogbl.lu\/de\/#\/schema\/logo\/image\/\"}}]}<\/script>\r\n<!-- \/ Yoast SEO plugin. -->","yoast_head_json":{"title":"[:fr]Entrevue entre l\u2019OGBL et le LSAP : des engagements en faveur d\u2019une politique sociale[:de]Treffen zwischen OGBL und LSAP : Engagements zugunsten einer Sozialpolitik[:en]Entrevue entre l\u2019OGBL et le LSAP : des engagements en faveur d\u2019une politique sociale[:] - OGBL","robots":{"index":"index","follow":"follow","max-snippet":"max-snippet:-1","max-image-preview":"max-image-preview:large","max-video-preview":"max-video-preview:-1"},"canonical":"https:\/\/www.ogbl.lu\/communique\/entrevue-entre-logbl-et-le-lsap-des-engagements-en-faveur-dune-politique-sociale\/","og_locale":"de_DE","og_type":"article","og_title":"[:fr]Entrevue entre l\u2019OGBL et le LSAP : des engagements en faveur d\u2019une politique sociale[:de]Treffen zwischen OGBL und LSAP : Engagements zugunsten einer Sozialpolitik[:en]Entrevue entre l\u2019OGBL et le LSAP : des engagements en faveur d\u2019une politique sociale[:] - OGBL","og_description":"Im Rahmen einer Reihe von vorgesehenen Treffen mit den verschiedenen politischen Parteien, die in der Abgeordnetenkammer vertreten sind, hat sich \u2026","og_url":"https:\/\/www.ogbl.lu\/communique\/entrevue-entre-logbl-et-le-lsap-des-engagements-en-faveur-dune-politique-sociale\/","og_site_name":"OGBL","article_modified_time":"2023-06-28T12:08:23+00:00","og_image":[{"width":800,"height":600,"url":"https:\/\/www.ogbl.lu\/wp-content\/uploads\/2017\/07\/Entrevue_OGBL_LSAP_1.jpg","type":"image\/jpeg"}],"twitter_card":"summary_large_image","twitter_misc":{"Est. reading time":"11 Minuten"},"schema":{"@context":"https:\/\/schema.org","@graph":[{"@type":"WebPage","@id":"https:\/\/www.ogbl.lu\/communique\/entrevue-entre-logbl-et-le-lsap-des-engagements-en-faveur-dune-politique-sociale\/","url":"https:\/\/www.ogbl.lu\/communique\/entrevue-entre-logbl-et-le-lsap-des-engagements-en-faveur-dune-politique-sociale\/","name":"[:fr]Entrevue entre l\u2019OGBL et le LSAP : des engagements en faveur d\u2019une politique sociale[:de]Treffen zwischen OGBL und LSAP : Engagements zugunsten einer Sozialpolitik[:en]Entrevue entre l\u2019OGBL et le LSAP : des engagements en faveur d\u2019une politique sociale[:] - OGBL","isPartOf":{"@id":"https:\/\/www.ogbl.lu\/de\/#website"},"primaryImageOfPage":{"@id":"https:\/\/www.ogbl.lu\/communique\/entrevue-entre-logbl-et-le-lsap-des-engagements-en-faveur-dune-politique-sociale\/#primaryimage"},"image":{"@id":"https:\/\/www.ogbl.lu\/communique\/entrevue-entre-logbl-et-le-lsap-des-engagements-en-faveur-dune-politique-sociale\/#primaryimage"},"thumbnailUrl":"https:\/\/www.ogbl.lu\/wp-content\/uploads\/2017\/07\/Entrevue_OGBL_LSAP_1.jpg","datePublished":"2017-07-03T07:38:59+00:00","dateModified":"2023-06-28T12:08:23+00:00","breadcrumb":{"@id":"https:\/\/www.ogbl.lu\/communique\/entrevue-entre-logbl-et-le-lsap-des-engagements-en-faveur-dune-politique-sociale\/#breadcrumb"},"inLanguage":"de-DE","potentialAction":[{"@type":"ReadAction","target":["https:\/\/www.ogbl.lu\/communique\/entrevue-entre-logbl-et-le-lsap-des-engagements-en-faveur-dune-politique-sociale\/"]}]},{"@type":"ImageObject","inLanguage":"de-DE","@id":"https:\/\/www.ogbl.lu\/communique\/entrevue-entre-logbl-et-le-lsap-des-engagements-en-faveur-dune-politique-sociale\/#primaryimage","url":"https:\/\/www.ogbl.lu\/wp-content\/uploads\/2017\/07\/Entrevue_OGBL_LSAP_1.jpg","contentUrl":"https:\/\/www.ogbl.lu\/wp-content\/uploads\/2017\/07\/Entrevue_OGBL_LSAP_1.jpg","width":800,"height":600},{"@type":"BreadcrumbList","@id":"https:\/\/www.ogbl.lu\/communique\/entrevue-entre-logbl-et-le-lsap-des-engagements-en-faveur-dune-politique-sociale\/#breadcrumb","itemListElement":[{"@type":"ListItem","position":1,"name":"Home","item":"https:\/\/www.ogbl.lu\/"},{"@type":"ListItem","position":2,"name":"Entrevue entre l\u2019OGBL et le LSAP : des engagements en faveur d\u2019une politique sociale"}]},{"@type":"WebSite","@id":"https:\/\/www.ogbl.lu\/de\/#website","url":"https:\/\/www.ogbl.lu\/de\/","name":"OGBL","description":"DIE GEWERKSCHAFT","publisher":{"@id":"https:\/\/www.ogbl.lu\/de\/#organization"},"potentialAction":[{"@type":"SearchAction","target":{"@type":"EntryPoint","urlTemplate":"https:\/\/www.ogbl.lu\/de\/?s={search_term_string}"},"query-input":"required name=search_term_string"}],"inLanguage":"de-DE"},{"@type":"Organization","@id":"https:\/\/www.ogbl.lu\/de\/#organization","name":"OGBL","url":"https:\/\/www.ogbl.lu\/de\/","logo":{"@type":"ImageObject","inLanguage":"de-DE","@id":"https:\/\/www.ogbl.lu\/de\/#\/schema\/logo\/image\/","url":"https:\/\/www.ogbl.lu\/wp-content\/uploads\/2024\/07\/LOGO_Red_FR-svg.png","contentUrl":"https:\/\/www.ogbl.lu\/wp-content\/uploads\/2024\/07\/LOGO_Red_FR-svg.png","width":369,"height":171,"caption":"OGBL"},"image":{"@id":"https:\/\/www.ogbl.lu\/de\/#\/schema\/logo\/image\/"}}]}},"_links":{"self":[{"href":"https:\/\/www.ogbl.lu\/de\/wp-json\/wp\/v2\/communiques\/2248"}],"collection":[{"href":"https:\/\/www.ogbl.lu\/de\/wp-json\/wp\/v2\/communiques"}],"about":[{"href":"https:\/\/www.ogbl.lu\/de\/wp-json\/wp\/v2\/types\/communiques"}],"author":[{"embeddable":true,"href":"https:\/\/www.ogbl.lu\/de\/wp-json\/wp\/v2\/users\/1"}],"version-history":[{"count":0,"href":"https:\/\/www.ogbl.lu\/de\/wp-json\/wp\/v2\/communiques\/2248\/revisions"}],"wp:featuredmedia":[{"embeddable":true,"href":"https:\/\/www.ogbl.lu\/de\/wp-json\/wp\/v2\/media\/3883"}],"wp:attachment":[{"href":"https:\/\/www.ogbl.lu\/de\/wp-json\/wp\/v2\/media?parent=2248"}],"wp:term":[{"taxonomy":"categorie_communiques","embeddable":true,"href":"https:\/\/www.ogbl.lu\/de\/wp-json\/wp\/v2\/categorie_communiques?post=2248"},{"taxonomy":"syndicat","embeddable":true,"href":"https:\/\/www.ogbl.lu\/de\/wp-json\/wp\/v2\/syndicat?post=2248"}],"curies":[{"name":"wp","href":"https:\/\/api.w.org\/{rel}","templated":true}]}}