{"id":2236,"date":"2017-05-24T12:10:20","date_gmt":"2017-05-24T10:10:20","guid":{"rendered":"https:\/\/www.ogbl.lu\/communiques\/au-nom-du-progres-social-de-la-democratie-et-de-la-paix"},"modified":"2023-06-28T14:24:17","modified_gmt":"2023-06-28T12:24:17","slug":"au-nom-du-progres-social-de-la-democratie-et-de-la-paix","status":"publish","type":"communiques","link":"https:\/\/www.ogbl.lu\/de\/communique\/au-nom-du-progres-social-de-la-democratie-et-de-la-paix\/","title":{"rendered":"Am Numm vum soziale Fortschr\u00ebtt, vun der Demokratie a vum Fridden"},"content":{"rendered":"<p>Den OGBL huet de 27. Abr\u00ebll 2017 zu Diddeleng s\u00e4in traditionelle Meeting am Virfeld vum 1. Mee gehalen, w\u00e4hrend dem s\u00e4i President, den Andr\u00e9 Roeltgen, Stellung geholl huet zu dene wichtegsten Themen vun der sozialer Aktualit\u00e9it. Ausschn\u00ebtter.<\/p>\n<p><em>\u201eEt ass erlaabt d\u2019Visioun vun engem Modell L\u00ebtzebuerg am digitalen Z\u00e4italter ze hunn.<\/em><br \/>\n<em> Eng Visioun, d\u00e9i ouni eng staark Gewerkschaft net denkbar ass.<br \/>\nAn dat kann n\u00ebmmen eng Gewerkschaft vun der St\u00e4erkt, der Eenheet an der Onofh\u00e4ngegkeet sinn.<br \/>\nEng Gewerkschaft vun alle Beruffer a Qualifikatiounen, vum \u00ebffentlechen a privaten Aarbechtsstatut, op Mann oder Fra, op L\u00ebtzebuerger oder Ausl\u00e4nner, op vun hei oder vun hannert der Grenz.<br \/>\nEng Gewerkschaft d\u00e9i d\u2019l\u00e4scht Joer hire grousse Rendez-vous mat hirer 100-j\u00e4reger Geschicht hat. An d\u00e9i am Joer 2017 de Rendez-vous mat haut a mat der Zukunft huet.<br \/>\nFir de Fridden an Demokratie, fir e soziaalt Europa, fir e sozial fortschr\u00ebttlecht L\u00ebtzebuerg. Fir eng gutt Ausbildung, fir eng gutt Aarbecht an e gutt Akommes a fir eng gutt Sozial S\u00e9cherheet fir jiddereen.<br \/>\nDofir si mir prett. Dir alleguerten hei am Sall als Sp\u00ebtzt vum OGBL, eis dausende vu Personalvertrieder an de Betriber an eis z\u00e9ngdausende vu Memberen, d\u00e9i hannert der f\u00e9ierender gewerkschaftlecher a sozialer Kraaft vu L\u00ebtzebuerg stinn.<br \/>\nVive eis 100 Joer al Sektioun Diddeleng. Vive eisen OGBL. A vive eisen 1. Mee.\u201d<\/em><\/p>\n<p><strong>Andr\u00e9 Roeltgen, <\/strong>President vum OGBL<br \/>\nDiddeleng, de 27. Abr\u00ebll 2017<\/p>\n<p>&nbsp;<\/p>\n<hr \/>\n<h3>27. April 2017 &#8211; OGBL-Meeting zu Diddeleng<\/h3>\n<p><center><iframe loading=\"lazy\" src=\"https:\/\/www.youtube.com\/embed\/AFf2kWcn2-I\" width=\"560\" height=\"315\" frameborder=\"0\" allowfullscreen=\"allowfullscreen\"><\/iframe><\/center><br \/>\nRiedner : Henri Kremer, President vun der Diddelenger OGBL-Sectioun &#8211; Andr\u00e9 Roeltgen, President vum OGBL<\/p>\n<hr \/>\n<p>&gt;&gt; <a title=\"Rede des OGBL-Pr\u00e4sidenten bei Gelegenheit des Meetings vom 27. April 2017\" href=\"https:\/\/www.ogbl.lu\/communique\/discours-du-president-de-logbl-a-loccasion-du-meeting-du-27-avril-2017\" target=\"_blank\" rel=\"noopener\">Rede des OGBL-Pr\u00e4sidenten bei Gelegenheit des Meetings vom 27. April 2017<\/a><\/p>\n<hr \/>\n<p><\/p>","protected":false},"author":1,"featured_media":3894,"template":"","categorie_communiques":[41],"syndicat":[],"acf":[],"yoast_head":"<!-- This site is optimized with the Yoast SEO plugin v23.1 - https:\/\/yoast.com\/wordpress\/plugins\/seo\/ -->\r\n<title>Am Numm vum soziale Fortschr\u00ebtt, vun der Demokratie a vum Fridden - OGBL<\/title>\r\n<meta name=\"robots\" content=\"index, follow, max-snippet:-1, max-image-preview:large, max-video-preview:-1\" \/>\r\n<link rel=\"canonical\" href=\"https:\/\/www.ogbl.lu\/communique\/au-nom-du-progres-social-de-la-democratie-et-de-la-paix\/\" \/>\r\n<meta property=\"og:locale\" content=\"de_DE\" \/>\r\n<meta property=\"og:type\" content=\"article\" \/>\r\n<meta property=\"og:title\" content=\"[:fr]Au nom du progr\u00e8s social, de la d\u00e9mocratie et de la paix[:de]Am Numm vum soziale Fortschr\u00ebtt, vun der Demokratie a vum Fridden[:en]Au nom du progr\u00e8s social, de la d\u00e9mocratie et de la paix[:] - OGBL\" \/>\r\n<meta property=\"og:description\" content=\"Den OGBL huet de 27. Abr\u00ebll 2017 zu Diddeleng s\u00e4in traditionelle Meeting am Virfeld vum 1. Mee gehalen, w\u00e4hrend dem \u2026\" \/>\r\n<meta property=\"og:url\" content=\"https:\/\/www.ogbl.lu\/communique\/au-nom-du-progres-social-de-la-democratie-et-de-la-paix\/\" \/>\r\n<meta property=\"og:site_name\" content=\"OGBL\" \/>\r\n<meta property=\"article:modified_time\" content=\"2023-06-28T12:24:17+00:00\" \/>\r\n<meta property=\"og:image\" content=\"https:\/\/www.ogbl.lu\/wp-content\/uploads\/2017\/05\/Fete_travail_meeting_OGBL_Dudelange_0178.jpg\" \/>\r\n\t<meta property=\"og:image:width\" content=\"800\" \/>\r\n\t<meta property=\"og:image:height\" content=\"393\" \/>\r\n\t<meta property=\"og:image:type\" content=\"image\/jpeg\" \/>\r\n<meta name=\"twitter:card\" content=\"summary_large_image\" \/>\r\n<meta name=\"twitter:label1\" content=\"Est. reading time\" \/>\n\t<meta name=\"twitter:data1\" content=\"3 Minuten\" \/>\r\n<script type=\"application\/ld+json\" class=\"yoast-schema-graph\">{\"@context\":\"https:\/\/schema.org\",\"@graph\":[{\"@type\":\"WebPage\",\"@id\":\"https:\/\/www.ogbl.lu\/communique\/au-nom-du-progres-social-de-la-democratie-et-de-la-paix\/\",\"url\":\"https:\/\/www.ogbl.lu\/communique\/au-nom-du-progres-social-de-la-democratie-et-de-la-paix\/\",\"name\":\"[:fr]Au nom du progr\u00e8s social, de la d\u00e9mocratie et de la paix[:de]Am Numm vum soziale Fortschr\u00ebtt, vun der Demokratie a vum Fridden[:en]Au nom du progr\u00e8s social, de la d\u00e9mocratie et de la paix[:] - OGBL\",\"isPartOf\":{\"@id\":\"https:\/\/www.ogbl.lu\/de\/#website\"},\"primaryImageOfPage\":{\"@id\":\"https:\/\/www.ogbl.lu\/communique\/au-nom-du-progres-social-de-la-democratie-et-de-la-paix\/#primaryimage\"},\"image\":{\"@id\":\"https:\/\/www.ogbl.lu\/communique\/au-nom-du-progres-social-de-la-democratie-et-de-la-paix\/#primaryimage\"},\"thumbnailUrl\":\"https:\/\/www.ogbl.lu\/wp-content\/uploads\/2017\/05\/Fete_travail_meeting_OGBL_Dudelange_0178.jpg\",\"datePublished\":\"2017-05-24T10:10:20+00:00\",\"dateModified\":\"2023-06-28T12:24:17+00:00\",\"breadcrumb\":{\"@id\":\"https:\/\/www.ogbl.lu\/communique\/au-nom-du-progres-social-de-la-democratie-et-de-la-paix\/#breadcrumb\"},\"inLanguage\":\"de-DE\",\"potentialAction\":[{\"@type\":\"ReadAction\",\"target\":[\"https:\/\/www.ogbl.lu\/communique\/au-nom-du-progres-social-de-la-democratie-et-de-la-paix\/\"]}]},{\"@type\":\"ImageObject\",\"inLanguage\":\"de-DE\",\"@id\":\"https:\/\/www.ogbl.lu\/communique\/au-nom-du-progres-social-de-la-democratie-et-de-la-paix\/#primaryimage\",\"url\":\"https:\/\/www.ogbl.lu\/wp-content\/uploads\/2017\/05\/Fete_travail_meeting_OGBL_Dudelange_0178.jpg\",\"contentUrl\":\"https:\/\/www.ogbl.lu\/wp-content\/uploads\/2017\/05\/Fete_travail_meeting_OGBL_Dudelange_0178.jpg\",\"width\":800,\"height\":393},{\"@type\":\"BreadcrumbList\",\"@id\":\"https:\/\/www.ogbl.lu\/communique\/au-nom-du-progres-social-de-la-democratie-et-de-la-paix\/#breadcrumb\",\"itemListElement\":[{\"@type\":\"ListItem\",\"position\":1,\"name\":\"Home\",\"item\":\"https:\/\/www.ogbl.lu\/\"},{\"@type\":\"ListItem\",\"position\":2,\"name\":\"Au nom du progr\u00e8s social, de la d\u00e9mocratie et de la paix\"}]},{\"@type\":\"WebSite\",\"@id\":\"https:\/\/www.ogbl.lu\/de\/#website\",\"url\":\"https:\/\/www.ogbl.lu\/de\/\",\"name\":\"OGBL\",\"description\":\"DIE GEWERKSCHAFT\",\"publisher\":{\"@id\":\"https:\/\/www.ogbl.lu\/de\/#organization\"},\"potentialAction\":[{\"@type\":\"SearchAction\",\"target\":{\"@type\":\"EntryPoint\",\"urlTemplate\":\"https:\/\/www.ogbl.lu\/de\/?s={search_term_string}\"},\"query-input\":\"required name=search_term_string\"}],\"inLanguage\":\"de-DE\"},{\"@type\":\"Organization\",\"@id\":\"https:\/\/www.ogbl.lu\/de\/#organization\",\"name\":\"OGBL\",\"url\":\"https:\/\/www.ogbl.lu\/de\/\",\"logo\":{\"@type\":\"ImageObject\",\"inLanguage\":\"de-DE\",\"@id\":\"https:\/\/www.ogbl.lu\/de\/#\/schema\/logo\/image\/\",\"url\":\"https:\/\/www.ogbl.lu\/wp-content\/uploads\/2024\/07\/LOGO_Red_FR-svg.png\",\"contentUrl\":\"https:\/\/www.ogbl.lu\/wp-content\/uploads\/2024\/07\/LOGO_Red_FR-svg.png\",\"width\":369,\"height\":171,\"caption\":\"OGBL\"},\"image\":{\"@id\":\"https:\/\/www.ogbl.lu\/de\/#\/schema\/logo\/image\/\"}}]}<\/script>\r\n<!-- \/ Yoast SEO plugin. -->","yoast_head_json":{"title":"[:fr]Au nom du progr\u00e8s social, de la d\u00e9mocratie et de la paix[:de]Am Numm vum soziale Fortschr\u00ebtt, vun der Demokratie a vum Fridden[:en]Au nom du progr\u00e8s social, de la d\u00e9mocratie et de la paix[:] - OGBL","robots":{"index":"index","follow":"follow","max-snippet":"max-snippet:-1","max-image-preview":"max-image-preview:large","max-video-preview":"max-video-preview:-1"},"canonical":"https:\/\/www.ogbl.lu\/communique\/au-nom-du-progres-social-de-la-democratie-et-de-la-paix\/","og_locale":"de_DE","og_type":"article","og_title":"[:fr]Au nom du progr\u00e8s social, de la d\u00e9mocratie et de la paix[:de]Am Numm vum soziale Fortschr\u00ebtt, vun der Demokratie a vum Fridden[:en]Au nom du progr\u00e8s social, de la d\u00e9mocratie et de la paix[:] - OGBL","og_description":"Den OGBL huet de 27. Abr\u00ebll 2017 zu Diddeleng s\u00e4in traditionelle Meeting am Virfeld vum 1. Mee gehalen, w\u00e4hrend dem \u2026","og_url":"https:\/\/www.ogbl.lu\/communique\/au-nom-du-progres-social-de-la-democratie-et-de-la-paix\/","og_site_name":"OGBL","article_modified_time":"2023-06-28T12:24:17+00:00","og_image":[{"width":800,"height":393,"url":"https:\/\/www.ogbl.lu\/wp-content\/uploads\/2017\/05\/Fete_travail_meeting_OGBL_Dudelange_0178.jpg","type":"image\/jpeg"}],"twitter_card":"summary_large_image","twitter_misc":{"Est. reading time":"3 Minuten"},"schema":{"@context":"https:\/\/schema.org","@graph":[{"@type":"WebPage","@id":"https:\/\/www.ogbl.lu\/communique\/au-nom-du-progres-social-de-la-democratie-et-de-la-paix\/","url":"https:\/\/www.ogbl.lu\/communique\/au-nom-du-progres-social-de-la-democratie-et-de-la-paix\/","name":"[:fr]Au nom du progr\u00e8s social, de la d\u00e9mocratie et de la paix[:de]Am Numm vum soziale Fortschr\u00ebtt, vun der Demokratie a vum Fridden[:en]Au nom du progr\u00e8s social, de la d\u00e9mocratie et de la paix[:] - OGBL","isPartOf":{"@id":"https:\/\/www.ogbl.lu\/de\/#website"},"primaryImageOfPage":{"@id":"https:\/\/www.ogbl.lu\/communique\/au-nom-du-progres-social-de-la-democratie-et-de-la-paix\/#primaryimage"},"image":{"@id":"https:\/\/www.ogbl.lu\/communique\/au-nom-du-progres-social-de-la-democratie-et-de-la-paix\/#primaryimage"},"thumbnailUrl":"https:\/\/www.ogbl.lu\/wp-content\/uploads\/2017\/05\/Fete_travail_meeting_OGBL_Dudelange_0178.jpg","datePublished":"2017-05-24T10:10:20+00:00","dateModified":"2023-06-28T12:24:17+00:00","breadcrumb":{"@id":"https:\/\/www.ogbl.lu\/communique\/au-nom-du-progres-social-de-la-democratie-et-de-la-paix\/#breadcrumb"},"inLanguage":"de-DE","potentialAction":[{"@type":"ReadAction","target":["https:\/\/www.ogbl.lu\/communique\/au-nom-du-progres-social-de-la-democratie-et-de-la-paix\/"]}]},{"@type":"ImageObject","inLanguage":"de-DE","@id":"https:\/\/www.ogbl.lu\/communique\/au-nom-du-progres-social-de-la-democratie-et-de-la-paix\/#primaryimage","url":"https:\/\/www.ogbl.lu\/wp-content\/uploads\/2017\/05\/Fete_travail_meeting_OGBL_Dudelange_0178.jpg","contentUrl":"https:\/\/www.ogbl.lu\/wp-content\/uploads\/2017\/05\/Fete_travail_meeting_OGBL_Dudelange_0178.jpg","width":800,"height":393},{"@type":"BreadcrumbList","@id":"https:\/\/www.ogbl.lu\/communique\/au-nom-du-progres-social-de-la-democratie-et-de-la-paix\/#breadcrumb","itemListElement":[{"@type":"ListItem","position":1,"name":"Home","item":"https:\/\/www.ogbl.lu\/"},{"@type":"ListItem","position":2,"name":"Au nom du progr\u00e8s social, de la d\u00e9mocratie et de la paix"}]},{"@type":"WebSite","@id":"https:\/\/www.ogbl.lu\/de\/#website","url":"https:\/\/www.ogbl.lu\/de\/","name":"OGBL","description":"DIE GEWERKSCHAFT","publisher":{"@id":"https:\/\/www.ogbl.lu\/de\/#organization"},"potentialAction":[{"@type":"SearchAction","target":{"@type":"EntryPoint","urlTemplate":"https:\/\/www.ogbl.lu\/de\/?s={search_term_string}"},"query-input":"required name=search_term_string"}],"inLanguage":"de-DE"},{"@type":"Organization","@id":"https:\/\/www.ogbl.lu\/de\/#organization","name":"OGBL","url":"https:\/\/www.ogbl.lu\/de\/","logo":{"@type":"ImageObject","inLanguage":"de-DE","@id":"https:\/\/www.ogbl.lu\/de\/#\/schema\/logo\/image\/","url":"https:\/\/www.ogbl.lu\/wp-content\/uploads\/2024\/07\/LOGO_Red_FR-svg.png","contentUrl":"https:\/\/www.ogbl.lu\/wp-content\/uploads\/2024\/07\/LOGO_Red_FR-svg.png","width":369,"height":171,"caption":"OGBL"},"image":{"@id":"https:\/\/www.ogbl.lu\/de\/#\/schema\/logo\/image\/"}}]}},"_links":{"self":[{"href":"https:\/\/www.ogbl.lu\/de\/wp-json\/wp\/v2\/communiques\/2236"}],"collection":[{"href":"https:\/\/www.ogbl.lu\/de\/wp-json\/wp\/v2\/communiques"}],"about":[{"href":"https:\/\/www.ogbl.lu\/de\/wp-json\/wp\/v2\/types\/communiques"}],"author":[{"embeddable":true,"href":"https:\/\/www.ogbl.lu\/de\/wp-json\/wp\/v2\/users\/1"}],"version-history":[{"count":0,"href":"https:\/\/www.ogbl.lu\/de\/wp-json\/wp\/v2\/communiques\/2236\/revisions"}],"wp:featuredmedia":[{"embeddable":true,"href":"https:\/\/www.ogbl.lu\/de\/wp-json\/wp\/v2\/media\/3894"}],"wp:attachment":[{"href":"https:\/\/www.ogbl.lu\/de\/wp-json\/wp\/v2\/media?parent=2236"}],"wp:term":[{"taxonomy":"categorie_communiques","embeddable":true,"href":"https:\/\/www.ogbl.lu\/de\/wp-json\/wp\/v2\/categorie_communiques?post=2236"},{"taxonomy":"syndicat","embeddable":true,"href":"https:\/\/www.ogbl.lu\/de\/wp-json\/wp\/v2\/syndicat?post=2236"}],"curies":[{"name":"wp","href":"https:\/\/api.w.org\/{rel}","templated":true}]}}