{"id":2206,"date":"2017-04-13T08:22:12","date_gmt":"2017-04-13T06:22:12","guid":{"rendered":"https:\/\/www.ogbl.lu\/communiques\/les-negociations-pour-le-renouvellement-de-la-convention-collective-debouchent-sur-un-accord-couronne-de-succes"},"modified":"2023-06-01T14:17:22","modified_gmt":"2023-06-01T12:17:22","slug":"les-negociations-pour-le-renouvellement-de-la-convention-collective-debouchent-sur-un-accord-couronne-de-succes","status":"publish","type":"communiques","link":"https:\/\/www.ogbl.lu\/de\/communique\/les-negociations-pour-le-renouvellement-de-la-convention-collective-debouchent-sur-un-accord-couronne-de-succes\/","title":{"rendered":"Les n\u00e9gociations pour le renouvellement de la convention collective d\u00e9bouchent sur un accord couronn\u00e9 de succ\u00e8s"},"content":{"rendered":"<p><a href=\"https:\/\/www.ogbl.lu\/wp-content\/uploads\/communiques\/2017_02_02_signature_BRAM.jpg\" target=\"_blank\" rel=\"noopener\"><img decoding=\"async\" class=\"alignleft wp-image-23972\" style=\"border: 0px none;\" src=\"https:\/\/www.ogbl.lu\/wp-content\/uploads\/communiques\/2017_02_02_signature_BRAM.jpg\" alt=\"2017_02_02_signature_BRAM\" width=\"300\" \/><\/a>Die Erneuerung des Kollektivvertrags f\u00fcr die Arbeitnehmer von Bram wurde am 7. Februar 2017 von der Betriebsf\u00fchrung und vom OGBL, einzige Gewerkschaft, die in diesem Betrieb Verhandlungspartner ist, unterzeichnet. Der Kollektivvertrag hat eine Dauer von 36 Monaten, d.h. vom 1.7.2016 bis zum 30.6.2019.<\/p>\n<p>Der in einem konstruktiven Klima verhandelte Abschluss ist g\u00fcltig f\u00fcr die etwa 240 Mitarbeiter bei Bram City Concorde. Bram ist ein Modehaus und pr\u00e4sentiert auf rund 11.000 m2 internationale Trend- und Designermarken.<\/p>\n<p>Folgende Vertragsverbesserungen wurden ausgehandelt:<br \/>\n\u2022\u00a0\u00a0 \u00a0Aufwertung des Bruttobasisgehalts ab dem 1. Januar 2017.<br \/>\n\u2022\u00a0\u00a0 \u00a0Erh\u00f6hung der Pr\u00e4mie f\u00fcr Substitut(innen) um 50 \u20ac monatlich.<br \/>\n\u2022\u00a0\u00a0 \u00a0Erh\u00f6hung der Pr\u00e4mie f\u00fcr Nichtverkaufspersonal um 10\u20ac monatlich.<br \/>\n\u2022\u00a0\u00a0 \u00a0Einf\u00fchrung einer neuen Laufbahn f\u00fcr Verk\u00e4ufer(innen) mit Sonderaufgaben.<br \/>\n\u2022\u00a0\u00a0 \u00a0Erh\u00f6hung der j\u00e4hrlichen Gesamtsumme der Verk\u00e4ufer(innen)-Pr\u00e4mie um 15.000\u20ac.<br \/>\n\u2022\u00a0\u00a0 \u00a0Aufwertung des Urlaubsgeldes und der Anwesenheitspr\u00e4mie.<br \/>\n\u2022\u00a0\u00a0 \u00a0Einschreibung eines Schulungsbudget von 180.000\u20ac (f\u00fcr die Geltungsdauer dieses Kollektivvertrags) zugunsten der Mitarbeiter von Bram. Dieses Budget dient der Weiterbildung bzw. der F\u00f6rderung der Arbeitsqualit\u00e4t.<br \/>\n\u2022\u00a0\u00a0 \u00a0Einmaliger Gutschein f\u00fcr Arbeitskleidung von 100\u20ac (40 St\/Woche).<br \/>\n\u2022\u00a0\u00a0 \u00a0Ab dem 1. Januar 2017 haben laut Kollektivvertrag auch Lehrlinge<br \/>\n&#8211;\u00a0\u00a0 \u00a0Anrecht auf ein dreizehntes (13.) Monatsgehalt;<br \/>\n&#8211;\u00a0\u00a0 \u00a0Anrecht auf 50% der Verkaufsprovisionen ab dem 2. Lehrjahr;<br \/>\n&#8211;\u00a0\u00a0 \u00a0Anrecht auf den j\u00e4hrlichen Erholungsurlaub laut Kollektivvertrag.<\/p>","protected":false},"author":1,"featured_media":0,"template":"","categorie_communiques":[48],"syndicat":[78],"acf":[],"yoast_head":"<!-- This site is optimized with the Yoast SEO plugin v23.1 - https:\/\/yoast.com\/wordpress\/plugins\/seo\/ -->\r\n<title>Les n\u00e9gociations pour le renouvellement de la convention collective d\u00e9bouchent sur un accord couronn\u00e9 de succ\u00e8s - OGBL<\/title>\r\n<meta name=\"robots\" content=\"index, follow, max-snippet:-1, max-image-preview:large, max-video-preview:-1\" \/>\r\n<link rel=\"canonical\" href=\"https:\/\/www.ogbl.lu\/communique\/les-negociations-pour-le-renouvellement-de-la-convention-collective-debouchent-sur-un-accord-couronne-de-succes\/\" \/>\r\n<meta property=\"og:locale\" content=\"de_DE\" \/>\r\n<meta property=\"og:type\" content=\"article\" \/>\r\n<meta property=\"og:title\" content=\"Les n\u00e9gociations pour le renouvellement de la convention collective d\u00e9bouchent sur un accord couronn\u00e9 de succ\u00e8s - OGBL\" \/>\r\n<meta property=\"og:description\" content=\"Die Erneuerung des Kollektivvertrags f\u00fcr die Arbeitnehmer von Bram wurde am 7. Februar 2017 von der Betriebsf\u00fchrung und vom OGBL, \u2026\" \/>\r\n<meta property=\"og:url\" content=\"https:\/\/www.ogbl.lu\/communique\/les-negociations-pour-le-renouvellement-de-la-convention-collective-debouchent-sur-un-accord-couronne-de-succes\/\" \/>\r\n<meta property=\"og:site_name\" content=\"OGBL\" \/>\r\n<meta property=\"article:modified_time\" content=\"2023-06-01T12:17:22+00:00\" \/>\r\n<meta property=\"og:image\" content=\"https:\/\/www.ogbl.lu\/wp-content\/uploads\/communiques\/2017_02_02_signature_BRAM.jpg\" \/>\r\n<meta name=\"twitter:card\" content=\"summary_large_image\" \/>\r\n<meta name=\"twitter:label1\" content=\"Est. reading time\" \/>\n\t<meta name=\"twitter:data1\" content=\"2 Minuten\" \/>\r\n<script type=\"application\/ld+json\" class=\"yoast-schema-graph\">{\"@context\":\"https:\/\/schema.org\",\"@graph\":[{\"@type\":\"WebPage\",\"@id\":\"https:\/\/www.ogbl.lu\/communique\/les-negociations-pour-le-renouvellement-de-la-convention-collective-debouchent-sur-un-accord-couronne-de-succes\/\",\"url\":\"https:\/\/www.ogbl.lu\/communique\/les-negociations-pour-le-renouvellement-de-la-convention-collective-debouchent-sur-un-accord-couronne-de-succes\/\",\"name\":\"Les n\u00e9gociations pour le renouvellement de la convention collective d\u00e9bouchent sur un accord couronn\u00e9 de succ\u00e8s - OGBL\",\"isPartOf\":{\"@id\":\"https:\/\/www.ogbl.lu\/de\/#website\"},\"primaryImageOfPage\":{\"@id\":\"https:\/\/www.ogbl.lu\/communique\/les-negociations-pour-le-renouvellement-de-la-convention-collective-debouchent-sur-un-accord-couronne-de-succes\/#primaryimage\"},\"image\":{\"@id\":\"https:\/\/www.ogbl.lu\/communique\/les-negociations-pour-le-renouvellement-de-la-convention-collective-debouchent-sur-un-accord-couronne-de-succes\/#primaryimage\"},\"thumbnailUrl\":\"https:\/\/www.ogbl.lu\/wp-content\/uploads\/communiques\/2017_02_02_signature_BRAM.jpg\",\"datePublished\":\"2017-04-13T06:22:12+00:00\",\"dateModified\":\"2023-06-01T12:17:22+00:00\",\"breadcrumb\":{\"@id\":\"https:\/\/www.ogbl.lu\/communique\/les-negociations-pour-le-renouvellement-de-la-convention-collective-debouchent-sur-un-accord-couronne-de-succes\/#breadcrumb\"},\"inLanguage\":\"de-DE\",\"potentialAction\":[{\"@type\":\"ReadAction\",\"target\":[\"https:\/\/www.ogbl.lu\/communique\/les-negociations-pour-le-renouvellement-de-la-convention-collective-debouchent-sur-un-accord-couronne-de-succes\/\"]}]},{\"@type\":\"ImageObject\",\"inLanguage\":\"de-DE\",\"@id\":\"https:\/\/www.ogbl.lu\/communique\/les-negociations-pour-le-renouvellement-de-la-convention-collective-debouchent-sur-un-accord-couronne-de-succes\/#primaryimage\",\"url\":\"https:\/\/www.ogbl.lu\/wp-content\/uploads\/communiques\/2017_02_02_signature_BRAM.jpg\",\"contentUrl\":\"https:\/\/www.ogbl.lu\/wp-content\/uploads\/communiques\/2017_02_02_signature_BRAM.jpg\"},{\"@type\":\"BreadcrumbList\",\"@id\":\"https:\/\/www.ogbl.lu\/communique\/les-negociations-pour-le-renouvellement-de-la-convention-collective-debouchent-sur-un-accord-couronne-de-succes\/#breadcrumb\",\"itemListElement\":[{\"@type\":\"ListItem\",\"position\":1,\"name\":\"Home\",\"item\":\"https:\/\/www.ogbl.lu\/\"},{\"@type\":\"ListItem\",\"position\":2,\"name\":\"Les n\u00e9gociations pour le renouvellement de la convention collective d\u00e9bouchent sur un accord couronn\u00e9 de succ\u00e8s\"}]},{\"@type\":\"WebSite\",\"@id\":\"https:\/\/www.ogbl.lu\/de\/#website\",\"url\":\"https:\/\/www.ogbl.lu\/de\/\",\"name\":\"OGBL\",\"description\":\"DIE GEWERKSCHAFT\",\"publisher\":{\"@id\":\"https:\/\/www.ogbl.lu\/de\/#organization\"},\"potentialAction\":[{\"@type\":\"SearchAction\",\"target\":{\"@type\":\"EntryPoint\",\"urlTemplate\":\"https:\/\/www.ogbl.lu\/de\/?s={search_term_string}\"},\"query-input\":\"required name=search_term_string\"}],\"inLanguage\":\"de-DE\"},{\"@type\":\"Organization\",\"@id\":\"https:\/\/www.ogbl.lu\/de\/#organization\",\"name\":\"OGBL\",\"url\":\"https:\/\/www.ogbl.lu\/de\/\",\"logo\":{\"@type\":\"ImageObject\",\"inLanguage\":\"de-DE\",\"@id\":\"https:\/\/www.ogbl.lu\/de\/#\/schema\/logo\/image\/\",\"url\":\"https:\/\/www.ogbl.lu\/wp-content\/uploads\/2024\/07\/LOGO_Red_FR-svg.png\",\"contentUrl\":\"https:\/\/www.ogbl.lu\/wp-content\/uploads\/2024\/07\/LOGO_Red_FR-svg.png\",\"width\":369,\"height\":171,\"caption\":\"OGBL\"},\"image\":{\"@id\":\"https:\/\/www.ogbl.lu\/de\/#\/schema\/logo\/image\/\"}}]}<\/script>\r\n<!-- \/ Yoast SEO plugin. -->","yoast_head_json":{"title":"Les n\u00e9gociations pour le renouvellement de la convention collective d\u00e9bouchent sur un accord couronn\u00e9 de succ\u00e8s - OGBL","robots":{"index":"index","follow":"follow","max-snippet":"max-snippet:-1","max-image-preview":"max-image-preview:large","max-video-preview":"max-video-preview:-1"},"canonical":"https:\/\/www.ogbl.lu\/communique\/les-negociations-pour-le-renouvellement-de-la-convention-collective-debouchent-sur-un-accord-couronne-de-succes\/","og_locale":"de_DE","og_type":"article","og_title":"Les n\u00e9gociations pour le renouvellement de la convention collective d\u00e9bouchent sur un accord couronn\u00e9 de succ\u00e8s - OGBL","og_description":"Die Erneuerung des Kollektivvertrags f\u00fcr die Arbeitnehmer von Bram wurde am 7. Februar 2017 von der Betriebsf\u00fchrung und vom OGBL, \u2026","og_url":"https:\/\/www.ogbl.lu\/communique\/les-negociations-pour-le-renouvellement-de-la-convention-collective-debouchent-sur-un-accord-couronne-de-succes\/","og_site_name":"OGBL","article_modified_time":"2023-06-01T12:17:22+00:00","og_image":[{"url":"https:\/\/www.ogbl.lu\/wp-content\/uploads\/communiques\/2017_02_02_signature_BRAM.jpg"}],"twitter_card":"summary_large_image","twitter_misc":{"Est. reading time":"2 Minuten"},"schema":{"@context":"https:\/\/schema.org","@graph":[{"@type":"WebPage","@id":"https:\/\/www.ogbl.lu\/communique\/les-negociations-pour-le-renouvellement-de-la-convention-collective-debouchent-sur-un-accord-couronne-de-succes\/","url":"https:\/\/www.ogbl.lu\/communique\/les-negociations-pour-le-renouvellement-de-la-convention-collective-debouchent-sur-un-accord-couronne-de-succes\/","name":"Les n\u00e9gociations pour le renouvellement de la convention collective d\u00e9bouchent sur un accord couronn\u00e9 de succ\u00e8s - OGBL","isPartOf":{"@id":"https:\/\/www.ogbl.lu\/de\/#website"},"primaryImageOfPage":{"@id":"https:\/\/www.ogbl.lu\/communique\/les-negociations-pour-le-renouvellement-de-la-convention-collective-debouchent-sur-un-accord-couronne-de-succes\/#primaryimage"},"image":{"@id":"https:\/\/www.ogbl.lu\/communique\/les-negociations-pour-le-renouvellement-de-la-convention-collective-debouchent-sur-un-accord-couronne-de-succes\/#primaryimage"},"thumbnailUrl":"https:\/\/www.ogbl.lu\/wp-content\/uploads\/communiques\/2017_02_02_signature_BRAM.jpg","datePublished":"2017-04-13T06:22:12+00:00","dateModified":"2023-06-01T12:17:22+00:00","breadcrumb":{"@id":"https:\/\/www.ogbl.lu\/communique\/les-negociations-pour-le-renouvellement-de-la-convention-collective-debouchent-sur-un-accord-couronne-de-succes\/#breadcrumb"},"inLanguage":"de-DE","potentialAction":[{"@type":"ReadAction","target":["https:\/\/www.ogbl.lu\/communique\/les-negociations-pour-le-renouvellement-de-la-convention-collective-debouchent-sur-un-accord-couronne-de-succes\/"]}]},{"@type":"ImageObject","inLanguage":"de-DE","@id":"https:\/\/www.ogbl.lu\/communique\/les-negociations-pour-le-renouvellement-de-la-convention-collective-debouchent-sur-un-accord-couronne-de-succes\/#primaryimage","url":"https:\/\/www.ogbl.lu\/wp-content\/uploads\/communiques\/2017_02_02_signature_BRAM.jpg","contentUrl":"https:\/\/www.ogbl.lu\/wp-content\/uploads\/communiques\/2017_02_02_signature_BRAM.jpg"},{"@type":"BreadcrumbList","@id":"https:\/\/www.ogbl.lu\/communique\/les-negociations-pour-le-renouvellement-de-la-convention-collective-debouchent-sur-un-accord-couronne-de-succes\/#breadcrumb","itemListElement":[{"@type":"ListItem","position":1,"name":"Home","item":"https:\/\/www.ogbl.lu\/"},{"@type":"ListItem","position":2,"name":"Les n\u00e9gociations pour le renouvellement de la convention collective d\u00e9bouchent sur un accord couronn\u00e9 de succ\u00e8s"}]},{"@type":"WebSite","@id":"https:\/\/www.ogbl.lu\/de\/#website","url":"https:\/\/www.ogbl.lu\/de\/","name":"OGBL","description":"DIE GEWERKSCHAFT","publisher":{"@id":"https:\/\/www.ogbl.lu\/de\/#organization"},"potentialAction":[{"@type":"SearchAction","target":{"@type":"EntryPoint","urlTemplate":"https:\/\/www.ogbl.lu\/de\/?s={search_term_string}"},"query-input":"required name=search_term_string"}],"inLanguage":"de-DE"},{"@type":"Organization","@id":"https:\/\/www.ogbl.lu\/de\/#organization","name":"OGBL","url":"https:\/\/www.ogbl.lu\/de\/","logo":{"@type":"ImageObject","inLanguage":"de-DE","@id":"https:\/\/www.ogbl.lu\/de\/#\/schema\/logo\/image\/","url":"https:\/\/www.ogbl.lu\/wp-content\/uploads\/2024\/07\/LOGO_Red_FR-svg.png","contentUrl":"https:\/\/www.ogbl.lu\/wp-content\/uploads\/2024\/07\/LOGO_Red_FR-svg.png","width":369,"height":171,"caption":"OGBL"},"image":{"@id":"https:\/\/www.ogbl.lu\/de\/#\/schema\/logo\/image\/"}}]}},"_links":{"self":[{"href":"https:\/\/www.ogbl.lu\/de\/wp-json\/wp\/v2\/communiques\/2206"}],"collection":[{"href":"https:\/\/www.ogbl.lu\/de\/wp-json\/wp\/v2\/communiques"}],"about":[{"href":"https:\/\/www.ogbl.lu\/de\/wp-json\/wp\/v2\/types\/communiques"}],"author":[{"embeddable":true,"href":"https:\/\/www.ogbl.lu\/de\/wp-json\/wp\/v2\/users\/1"}],"version-history":[{"count":0,"href":"https:\/\/www.ogbl.lu\/de\/wp-json\/wp\/v2\/communiques\/2206\/revisions"}],"wp:attachment":[{"href":"https:\/\/www.ogbl.lu\/de\/wp-json\/wp\/v2\/media?parent=2206"}],"wp:term":[{"taxonomy":"categorie_communiques","embeddable":true,"href":"https:\/\/www.ogbl.lu\/de\/wp-json\/wp\/v2\/categorie_communiques?post=2206"},{"taxonomy":"syndicat","embeddable":true,"href":"https:\/\/www.ogbl.lu\/de\/wp-json\/wp\/v2\/syndicat?post=2206"}],"curies":[{"name":"wp","href":"https:\/\/api.w.org\/{rel}","templated":true}]}}