{"id":2155,"date":"2017-01-05T14:00:10","date_gmt":"2017-01-05T13:00:10","guid":{"rendered":"https:\/\/www.ogbl.lu\/communiques\/annonce-de-restructuration-du-groupe-quel-impact-pour-la-commerzbank-luxembourg"},"modified":"2023-06-13T09:52:05","modified_gmt":"2023-06-13T07:52:05","slug":"annonce-de-restructuration-du-groupe-quel-impact-pour-la-commerzbank-luxembourg","status":"publish","type":"communiques","link":"https:\/\/www.ogbl.lu\/de\/communique\/annonce-de-restructuration-du-groupe-quel-impact-pour-la-commerzbank-luxembourg\/","title":{"rendered":"Ank\u00fcndigung der Restrukturierung der Gruppe \u2013 welche Konsequenzen f\u00fcr die Commerzbank Luxemburg ?"},"content":{"rendered":"<p><a href=\"https:\/\/www.ogbl.lu\/wp-content\/uploads\/communiques\/commerzbank.jpg\" target=\"_blank\" rel=\"noopener\"><img decoding=\"async\" class=\"alignleft wp-image-23300\" style=\"border: 0px none;\" src=\"https:\/\/www.ogbl.lu\/wp-content\/uploads\/communiques\/commerzbank.jpg\" alt=\"commerzbank\" width=\"300\" \/><\/a> Nach der Ank\u00fcndigung Ende September durch die Commerzbank, dass sie eine substantielle Restrukturierung durchf\u00fchren wird, bei der 9600 Arbeitspl\u00e4tze abgebaut w\u00fcrden, hatte das SBA nach den Konsequenzen gefragt, die eine solche Neuordnung f\u00fcr den Standort Luxemburg haben w\u00fcrde.<\/p>\n<p>Erinnern wir daran, dass die Commerzbank Luxemburg im Mai 2016 schon einen Sozialplan ausgehandelt hatte, um 90 Personen zu entlassen.<\/p>\n<p>Die Antwort der Direktion der Commerzbank Luxemburg ist irref\u00fchrend und sie wurde den Arbeitnehmern w\u00e4hrend einer gewerkschaftlichen Morgenaktion vor der luxemburgischen Filiale \u00fcberreicht.<\/p>\n<p>Z\u00f6gern Sie nicht, die Antwort <a href=\"https:\/\/www.ogbl.lu\/wp-content\/uploads\/communiques\/commerzbank_tract.pdf\" target=\"_blank\" rel=\"noopener\">hier<\/a> herunterzuladen.<\/p>","protected":false},"author":1,"featured_media":3960,"template":"","categorie_communiques":[52],"syndicat":[74],"acf":[],"yoast_head":"<!-- This site is optimized with the Yoast SEO plugin v23.1 - https:\/\/yoast.com\/wordpress\/plugins\/seo\/ -->\r\n<title>Ank\u00fcndigung der Restrukturierung der Gruppe \u2013 welche Konsequenzen f\u00fcr die Commerzbank Luxemburg ? - OGBL<\/title>\r\n<meta name=\"robots\" content=\"index, follow, max-snippet:-1, max-image-preview:large, max-video-preview:-1\" \/>\r\n<link rel=\"canonical\" href=\"https:\/\/www.ogbl.lu\/communique\/annonce-de-restructuration-du-groupe-quel-impact-pour-la-commerzbank-luxembourg\/\" \/>\r\n<meta property=\"og:locale\" content=\"de_DE\" \/>\r\n<meta property=\"og:type\" content=\"article\" \/>\r\n<meta property=\"og:title\" content=\"[:fr]Annonce de restructuration du groupe \u2013 quel impact pour la Commerzbank Luxembourg?[:de]Ank\u00fcndigung der Restrukturierung der Gruppe \u2013 welche Konsequenzen f\u00fcr die Commerzbank Luxemburg ?[:en]Annonce de restructuration du groupe \u2013 quel impact pour la Commerzbank Luxembourg?[:] - OGBL\" \/>\r\n<meta property=\"og:description\" content=\"Nach der Ank\u00fcndigung Ende September durch die Commerzbank, dass sie eine substantielle Restrukturierung durchf\u00fchren wird, bei der 9600 Arbeitspl\u00e4tze abgebaut \u2026\" \/>\r\n<meta property=\"og:url\" content=\"https:\/\/www.ogbl.lu\/communique\/annonce-de-restructuration-du-groupe-quel-impact-pour-la-commerzbank-luxembourg\/\" \/>\r\n<meta property=\"og:site_name\" content=\"OGBL\" \/>\r\n<meta property=\"article:modified_time\" content=\"2023-06-13T07:52:05+00:00\" \/>\r\n<meta property=\"og:image\" content=\"https:\/\/www.ogbl.lu\/wp-content\/uploads\/2017\/01\/commerzbank.jpg\" \/>\r\n\t<meta property=\"og:image:width\" content=\"500\" \/>\r\n\t<meta property=\"og:image:height\" content=\"333\" \/>\r\n\t<meta property=\"og:image:type\" content=\"image\/jpeg\" \/>\r\n<meta name=\"twitter:card\" content=\"summary_large_image\" \/>\r\n<meta name=\"twitter:label1\" content=\"Est. reading time\" \/>\n\t<meta name=\"twitter:data1\" content=\"1 Minute\" \/>\r\n<script type=\"application\/ld+json\" class=\"yoast-schema-graph\">{\"@context\":\"https:\/\/schema.org\",\"@graph\":[{\"@type\":\"WebPage\",\"@id\":\"https:\/\/www.ogbl.lu\/communique\/annonce-de-restructuration-du-groupe-quel-impact-pour-la-commerzbank-luxembourg\/\",\"url\":\"https:\/\/www.ogbl.lu\/communique\/annonce-de-restructuration-du-groupe-quel-impact-pour-la-commerzbank-luxembourg\/\",\"name\":\"[:fr]Annonce de restructuration du groupe \u2013 quel impact pour la Commerzbank Luxembourg?[:de]Ank\u00fcndigung der Restrukturierung der Gruppe \u2013 welche Konsequenzen f\u00fcr die Commerzbank Luxemburg ?[:en]Annonce de restructuration du groupe \u2013 quel impact pour la Commerzbank Luxembourg?[:] - OGBL\",\"isPartOf\":{\"@id\":\"https:\/\/www.ogbl.lu\/de\/#website\"},\"primaryImageOfPage\":{\"@id\":\"https:\/\/www.ogbl.lu\/communique\/annonce-de-restructuration-du-groupe-quel-impact-pour-la-commerzbank-luxembourg\/#primaryimage\"},\"image\":{\"@id\":\"https:\/\/www.ogbl.lu\/communique\/annonce-de-restructuration-du-groupe-quel-impact-pour-la-commerzbank-luxembourg\/#primaryimage\"},\"thumbnailUrl\":\"https:\/\/www.ogbl.lu\/wp-content\/uploads\/2017\/01\/commerzbank.jpg\",\"datePublished\":\"2017-01-05T13:00:10+00:00\",\"dateModified\":\"2023-06-13T07:52:05+00:00\",\"breadcrumb\":{\"@id\":\"https:\/\/www.ogbl.lu\/communique\/annonce-de-restructuration-du-groupe-quel-impact-pour-la-commerzbank-luxembourg\/#breadcrumb\"},\"inLanguage\":\"de-DE\",\"potentialAction\":[{\"@type\":\"ReadAction\",\"target\":[\"https:\/\/www.ogbl.lu\/communique\/annonce-de-restructuration-du-groupe-quel-impact-pour-la-commerzbank-luxembourg\/\"]}]},{\"@type\":\"ImageObject\",\"inLanguage\":\"de-DE\",\"@id\":\"https:\/\/www.ogbl.lu\/communique\/annonce-de-restructuration-du-groupe-quel-impact-pour-la-commerzbank-luxembourg\/#primaryimage\",\"url\":\"https:\/\/www.ogbl.lu\/wp-content\/uploads\/2017\/01\/commerzbank.jpg\",\"contentUrl\":\"https:\/\/www.ogbl.lu\/wp-content\/uploads\/2017\/01\/commerzbank.jpg\",\"width\":500,\"height\":333},{\"@type\":\"BreadcrumbList\",\"@id\":\"https:\/\/www.ogbl.lu\/communique\/annonce-de-restructuration-du-groupe-quel-impact-pour-la-commerzbank-luxembourg\/#breadcrumb\",\"itemListElement\":[{\"@type\":\"ListItem\",\"position\":1,\"name\":\"Home\",\"item\":\"https:\/\/www.ogbl.lu\/\"},{\"@type\":\"ListItem\",\"position\":2,\"name\":\"Annonce de restructuration du groupe \u2013 quel impact pour la Commerzbank Luxembourg?\"}]},{\"@type\":\"WebSite\",\"@id\":\"https:\/\/www.ogbl.lu\/de\/#website\",\"url\":\"https:\/\/www.ogbl.lu\/de\/\",\"name\":\"OGBL\",\"description\":\"DIE GEWERKSCHAFT\",\"publisher\":{\"@id\":\"https:\/\/www.ogbl.lu\/de\/#organization\"},\"potentialAction\":[{\"@type\":\"SearchAction\",\"target\":{\"@type\":\"EntryPoint\",\"urlTemplate\":\"https:\/\/www.ogbl.lu\/de\/?s={search_term_string}\"},\"query-input\":\"required name=search_term_string\"}],\"inLanguage\":\"de-DE\"},{\"@type\":\"Organization\",\"@id\":\"https:\/\/www.ogbl.lu\/de\/#organization\",\"name\":\"OGBL\",\"url\":\"https:\/\/www.ogbl.lu\/de\/\",\"logo\":{\"@type\":\"ImageObject\",\"inLanguage\":\"de-DE\",\"@id\":\"https:\/\/www.ogbl.lu\/de\/#\/schema\/logo\/image\/\",\"url\":\"https:\/\/www.ogbl.lu\/wp-content\/uploads\/2024\/07\/LOGO_Red_FR-svg.png\",\"contentUrl\":\"https:\/\/www.ogbl.lu\/wp-content\/uploads\/2024\/07\/LOGO_Red_FR-svg.png\",\"width\":369,\"height\":171,\"caption\":\"OGBL\"},\"image\":{\"@id\":\"https:\/\/www.ogbl.lu\/de\/#\/schema\/logo\/image\/\"}}]}<\/script>\r\n<!-- \/ Yoast SEO plugin. -->","yoast_head_json":{"title":"[:fr]Annonce de restructuration du groupe \u2013 quel impact pour la Commerzbank Luxembourg?[:de]Ank\u00fcndigung der Restrukturierung der Gruppe \u2013 welche Konsequenzen f\u00fcr die Commerzbank Luxemburg ?[:en]Annonce de restructuration du groupe \u2013 quel impact pour la Commerzbank Luxembourg?[:] - OGBL","robots":{"index":"index","follow":"follow","max-snippet":"max-snippet:-1","max-image-preview":"max-image-preview:large","max-video-preview":"max-video-preview:-1"},"canonical":"https:\/\/www.ogbl.lu\/communique\/annonce-de-restructuration-du-groupe-quel-impact-pour-la-commerzbank-luxembourg\/","og_locale":"de_DE","og_type":"article","og_title":"[:fr]Annonce de restructuration du groupe \u2013 quel impact pour la Commerzbank Luxembourg?[:de]Ank\u00fcndigung der Restrukturierung der Gruppe \u2013 welche Konsequenzen f\u00fcr die Commerzbank Luxemburg ?[:en]Annonce de restructuration du groupe \u2013 quel impact pour la Commerzbank Luxembourg?[:] - OGBL","og_description":"Nach der Ank\u00fcndigung Ende September durch die Commerzbank, dass sie eine substantielle Restrukturierung durchf\u00fchren wird, bei der 9600 Arbeitspl\u00e4tze abgebaut \u2026","og_url":"https:\/\/www.ogbl.lu\/communique\/annonce-de-restructuration-du-groupe-quel-impact-pour-la-commerzbank-luxembourg\/","og_site_name":"OGBL","article_modified_time":"2023-06-13T07:52:05+00:00","og_image":[{"width":500,"height":333,"url":"https:\/\/www.ogbl.lu\/wp-content\/uploads\/2017\/01\/commerzbank.jpg","type":"image\/jpeg"}],"twitter_card":"summary_large_image","twitter_misc":{"Est. reading time":"1 Minute"},"schema":{"@context":"https:\/\/schema.org","@graph":[{"@type":"WebPage","@id":"https:\/\/www.ogbl.lu\/communique\/annonce-de-restructuration-du-groupe-quel-impact-pour-la-commerzbank-luxembourg\/","url":"https:\/\/www.ogbl.lu\/communique\/annonce-de-restructuration-du-groupe-quel-impact-pour-la-commerzbank-luxembourg\/","name":"[:fr]Annonce de restructuration du groupe \u2013 quel impact pour la Commerzbank Luxembourg?[:de]Ank\u00fcndigung der Restrukturierung der Gruppe \u2013 welche Konsequenzen f\u00fcr die Commerzbank Luxemburg ?[:en]Annonce de restructuration du groupe \u2013 quel impact pour la Commerzbank Luxembourg?[:] - OGBL","isPartOf":{"@id":"https:\/\/www.ogbl.lu\/de\/#website"},"primaryImageOfPage":{"@id":"https:\/\/www.ogbl.lu\/communique\/annonce-de-restructuration-du-groupe-quel-impact-pour-la-commerzbank-luxembourg\/#primaryimage"},"image":{"@id":"https:\/\/www.ogbl.lu\/communique\/annonce-de-restructuration-du-groupe-quel-impact-pour-la-commerzbank-luxembourg\/#primaryimage"},"thumbnailUrl":"https:\/\/www.ogbl.lu\/wp-content\/uploads\/2017\/01\/commerzbank.jpg","datePublished":"2017-01-05T13:00:10+00:00","dateModified":"2023-06-13T07:52:05+00:00","breadcrumb":{"@id":"https:\/\/www.ogbl.lu\/communique\/annonce-de-restructuration-du-groupe-quel-impact-pour-la-commerzbank-luxembourg\/#breadcrumb"},"inLanguage":"de-DE","potentialAction":[{"@type":"ReadAction","target":["https:\/\/www.ogbl.lu\/communique\/annonce-de-restructuration-du-groupe-quel-impact-pour-la-commerzbank-luxembourg\/"]}]},{"@type":"ImageObject","inLanguage":"de-DE","@id":"https:\/\/www.ogbl.lu\/communique\/annonce-de-restructuration-du-groupe-quel-impact-pour-la-commerzbank-luxembourg\/#primaryimage","url":"https:\/\/www.ogbl.lu\/wp-content\/uploads\/2017\/01\/commerzbank.jpg","contentUrl":"https:\/\/www.ogbl.lu\/wp-content\/uploads\/2017\/01\/commerzbank.jpg","width":500,"height":333},{"@type":"BreadcrumbList","@id":"https:\/\/www.ogbl.lu\/communique\/annonce-de-restructuration-du-groupe-quel-impact-pour-la-commerzbank-luxembourg\/#breadcrumb","itemListElement":[{"@type":"ListItem","position":1,"name":"Home","item":"https:\/\/www.ogbl.lu\/"},{"@type":"ListItem","position":2,"name":"Annonce de restructuration du groupe \u2013 quel impact pour la Commerzbank Luxembourg?"}]},{"@type":"WebSite","@id":"https:\/\/www.ogbl.lu\/de\/#website","url":"https:\/\/www.ogbl.lu\/de\/","name":"OGBL","description":"DIE GEWERKSCHAFT","publisher":{"@id":"https:\/\/www.ogbl.lu\/de\/#organization"},"potentialAction":[{"@type":"SearchAction","target":{"@type":"EntryPoint","urlTemplate":"https:\/\/www.ogbl.lu\/de\/?s={search_term_string}"},"query-input":"required name=search_term_string"}],"inLanguage":"de-DE"},{"@type":"Organization","@id":"https:\/\/www.ogbl.lu\/de\/#organization","name":"OGBL","url":"https:\/\/www.ogbl.lu\/de\/","logo":{"@type":"ImageObject","inLanguage":"de-DE","@id":"https:\/\/www.ogbl.lu\/de\/#\/schema\/logo\/image\/","url":"https:\/\/www.ogbl.lu\/wp-content\/uploads\/2024\/07\/LOGO_Red_FR-svg.png","contentUrl":"https:\/\/www.ogbl.lu\/wp-content\/uploads\/2024\/07\/LOGO_Red_FR-svg.png","width":369,"height":171,"caption":"OGBL"},"image":{"@id":"https:\/\/www.ogbl.lu\/de\/#\/schema\/logo\/image\/"}}]}},"_links":{"self":[{"href":"https:\/\/www.ogbl.lu\/de\/wp-json\/wp\/v2\/communiques\/2155"}],"collection":[{"href":"https:\/\/www.ogbl.lu\/de\/wp-json\/wp\/v2\/communiques"}],"about":[{"href":"https:\/\/www.ogbl.lu\/de\/wp-json\/wp\/v2\/types\/communiques"}],"author":[{"embeddable":true,"href":"https:\/\/www.ogbl.lu\/de\/wp-json\/wp\/v2\/users\/1"}],"version-history":[{"count":0,"href":"https:\/\/www.ogbl.lu\/de\/wp-json\/wp\/v2\/communiques\/2155\/revisions"}],"wp:featuredmedia":[{"embeddable":true,"href":"https:\/\/www.ogbl.lu\/de\/wp-json\/wp\/v2\/media\/3960"}],"wp:attachment":[{"href":"https:\/\/www.ogbl.lu\/de\/wp-json\/wp\/v2\/media?parent=2155"}],"wp:term":[{"taxonomy":"categorie_communiques","embeddable":true,"href":"https:\/\/www.ogbl.lu\/de\/wp-json\/wp\/v2\/categorie_communiques?post=2155"},{"taxonomy":"syndicat","embeddable":true,"href":"https:\/\/www.ogbl.lu\/de\/wp-json\/wp\/v2\/syndicat?post=2155"}],"curies":[{"name":"wp","href":"https:\/\/api.w.org\/{rel}","templated":true}]}}