{"id":2145,"date":"2017-01-04T10:35:46","date_gmt":"2017-01-04T09:35:46","guid":{"rendered":"https:\/\/www.ogbl.lu\/communiques\/les-salaries-sont-les-grands-oublies-de-la-reforme-des-faillites"},"modified":"2023-06-28T14:41:29","modified_gmt":"2023-06-28T12:41:29","slug":"les-salaries-sont-les-grands-oublies-de-la-reforme-des-faillites","status":"publish","type":"communiques","link":"https:\/\/www.ogbl.lu\/de\/communique\/les-salaries-sont-les-grands-oublies-de-la-reforme-des-faillites\/","title":{"rendered":"Les salari\u00e9s sont les grands oubli\u00e9s  de la r\u00e9forme des faillites"},"content":{"rendered":"<p class=\"qtranxs-available-languages-message qtranxs-available-languages-message-de\"> <\/p><p><a href=\"https:\/\/www.ogbl.lu\/wp-content\/uploads\/communiques\/faillites.jpg\" target=\"_blank\" rel=\"noopener\"><img decoding=\"async\" class=\"alignleft wp-image-23249\" style=\"border: 0px none;\" src=\"https:\/\/www.ogbl.lu\/wp-content\/uploads\/communiques\/faillites.jpg\" alt=\"faillites\" width=\"300\" \/><\/a>Un projet de r\u00e9forme relatif \u00e0 la l\u00e9gislation des faillites a \u00e9t\u00e9 d\u00e9pos\u00e9 r\u00e9cemment par le gouvernement. Or, si ce projet contient de nombreuses mesures visant \u00e0 prot\u00e9ger davantage les entreprises et les employeurs, l\u2019OGBL constate que les grands oubli\u00e9s du projet demeure les salari\u00e9s, qui restent pourtant les premi\u00e8res victimes d\u2019une faillite.<br \/>\nApr\u00e8s avoir rencontr\u00e9 le ministre du Travail et le ministre de la Justice pour s\u2019entretenir de ce \u00abgrand oubli\u00bb, l\u2019OGBL a organis\u00e9 le 1er d\u00e9cembre une conf\u00e9rence de presse pour rendre publique ses critiques.<\/p>\n<p>L\u2019OGBL d\u00e9plore tout d\u2019abord qu\u2019il ne soit pas pr\u00e9vu d\u2019augmenter le plafond du \u00absuper-privil\u00e8ge\u00bb auquel ont droit les salari\u00e9s victimes d\u2019une faillite, visant \u00e0 compenser les pertes auxquelles ils sont confront\u00e9s. Le \u00absuper-privil\u00e8ge\u00bb consiste en une garantie pour les salari\u00e9s de ne pas se retrouver dans une situation encore plus pr\u00e9caire qu\u2019ils ne connaissent d\u00e9j\u00e0 lors d\u2019une faillite. Or, le plafond fix\u00e9 actuellement \u00e0 six fois le salaire social minimum se r\u00e9v\u00e8le tr\u00e8s souvent insuffisant pour garantir ce \u00e0 quoi ont pourtant droit en principe les salari\u00e9s concern\u00e9s. Ainsi, nombre d\u2019entre eux (dont le salaire n\u2019a souvent pas \u00e9t\u00e9 pay\u00e9 au cours des mois pr\u00e9c\u00e9dent), subissent, en raison de ce plafond,\u00a0 des pertes financi\u00e8res importantes (pouvant aller jusqu\u2019\u00e0 10\u2009000 euros dans certains cas). L\u2019OGBL revendique dans ce contexte que le plafond du \u00absuper-privil\u00e8ge\u00bb passe \u00e0 douze fois le salaire social minimum, permettant ainsi de donner toutes les garanties pr\u00e9vues en principe aux salari\u00e9s victimes d\u2019une faillite.<\/p>\n<p>L\u2019OGBL revendique ensuite une s\u00e9rieuse r\u00e9flexion portant sur la pratique des curateurs, qui est loin d\u2019\u00eatre homog\u00e8ne.\u00a0 En fonction du curateur, les salari\u00e9s ne connaissent en effet pas tous le m\u00eame traitement, entrainant parfois de grands \u00e9carts en ce qui concerne les d\u00e9lais de versement des indemnit\u00e9s. L\u2019OGBL plaide dans ce contexte pour une clarification de la proc\u00e9dure de cr\u00e9ances et invite \u00e0 une r\u00e9flexion concernant une \u00e9ventuelle professionnalisation des curateurs.<\/p>\n<p>L\u2019OGBL demande \u00e9galement que la proc\u00e9dure\u00a0 de \u00abrabattement\u00bb soit clarifi\u00e9e, afin d\u2019\u00e9viter des abus comme ils peuvent se produire actuellement. La proc\u00e9dure de \u00abrabattement\u00bb d\u00e9signe le fait que la faillite d\u00e9clar\u00e9e d\u2019une entreprise, est finalement \u00e9vit\u00e9e par la justice. Actuellement, les obligations envers les salari\u00e9s de la part de l\u2019employeur concern\u00e9, qui rouvre donc son entreprise, ne sont pas suffisamment pr\u00e9cises, occasionnant parfois des pertes d\u2019emploi et des pertes financi\u00e8res.<\/p>\n<p>L\u2019OGBL revendique par ailleurs la possibilit\u00e9 pour un syndicat d\u2019intervenir aupr\u00e8s des instances comp\u00e9tentes lorsque les salari\u00e9s d\u2019une entreprise sont confront\u00e9s\u00a0 \u00e0 des retards de versement de salaires de la part de leur employeur (ce qui pr\u00e9c\u00e8de souvent une faillite), au lieu, comme actuellement, que les salari\u00e9s concern\u00e9s soient oblig\u00e9s, \u00e0 titre individuel, de se rendre devant les tribunaux pour r\u00e9clamer leur salaire.<\/p>\n<p>L\u2019OGBL d\u00e9nonce enfin la restriction pr\u00e9vue par le projet de loi en mati\u00e8re d\u2019aide au r\u00e9emploi. Actuellement, un salari\u00e9 victime d\u2019une faillite qui retrouve un nouvel emploi dont le salaire est inf\u00e9rieur \u00e0 celui qu\u2019il connaissait auparavant, se voit verser pendant 48 mois une compensation de la part de\u00a0 l\u2019Adem, lui permettant d\u2019atteindre 90% de son ancien salaire. Le projet de loi pr\u00e9voit de maintenir cette aide au r\u00e9emploi, mais uniquement\u00a0 pour les salari\u00e9s qui affichent une anciennet\u00e9 d\u2019au moins deux ans dans l\u2019entreprise qui a fait faillite. Une restriction qui va avant tout venir p\u00e9naliser les jeunes salari\u00e9s. L\u2019OGBL s\u2019oppose fermement \u00e0 cette restriction.<\/p>","protected":false},"author":1,"featured_media":3966,"template":"","categorie_communiques":[41],"syndicat":[],"acf":[],"yoast_head":"<!-- This site is optimized with the Yoast SEO plugin v23.1 - https:\/\/yoast.com\/wordpress\/plugins\/seo\/ -->\r\n<title><\/title>\r\n<meta name=\"robots\" content=\"index, follow, max-snippet:-1, max-image-preview:large, max-video-preview:-1\" \/>\r\n<link rel=\"canonical\" href=\"https:\/\/www.ogbl.lu\/communique\/les-salaries-sont-les-grands-oublies-de-la-reforme-des-faillites\/\" \/>\r\n<meta property=\"og:locale\" content=\"de_DE\" \/>\r\n<meta property=\"og:type\" content=\"article\" \/>\r\n<meta property=\"og:title\" content=\"[:fr]Les salari\u00e9s sont les grands oubli\u00e9s de la r\u00e9forme des faillites[:en]Les salari\u00e9s sont les grands oubli\u00e9s de la r\u00e9forme des faillites[:] - OGBL\" \/>\r\n<meta property=\"og:description\" content=\"Un projet de r\u00e9forme relatif \u00e0 la l\u00e9gislation des faillites a \u00e9t\u00e9 d\u00e9pos\u00e9 r\u00e9cemment par le gouvernement. Or, si ce \u2026\" \/>\r\n<meta property=\"og:url\" content=\"https:\/\/www.ogbl.lu\/communique\/les-salaries-sont-les-grands-oublies-de-la-reforme-des-faillites\/\" \/>\r\n<meta property=\"og:site_name\" content=\"OGBL\" \/>\r\n<meta property=\"article:modified_time\" content=\"2023-06-28T12:41:29+00:00\" \/>\r\n<meta property=\"og:image\" content=\"https:\/\/www.ogbl.lu\/wp-content\/uploads\/2017\/01\/faillites.jpg\" \/>\r\n\t<meta property=\"og:image:width\" content=\"567\" \/>\r\n\t<meta property=\"og:image:height\" content=\"425\" \/>\r\n\t<meta property=\"og:image:type\" content=\"image\/jpeg\" \/>\r\n<meta name=\"twitter:card\" content=\"summary_large_image\" \/>\r\n<meta name=\"twitter:label1\" content=\"Est. reading time\" \/>\n\t<meta name=\"twitter:data1\" content=\"3 Minuten\" \/>\r\n<script type=\"application\/ld+json\" class=\"yoast-schema-graph\">{\"@context\":\"https:\/\/schema.org\",\"@graph\":[{\"@type\":\"WebPage\",\"@id\":\"https:\/\/www.ogbl.lu\/communique\/les-salaries-sont-les-grands-oublies-de-la-reforme-des-faillites\/\",\"url\":\"https:\/\/www.ogbl.lu\/communique\/les-salaries-sont-les-grands-oublies-de-la-reforme-des-faillites\/\",\"name\":\"[:fr]Les salari\u00e9s sont les grands oubli\u00e9s de la r\u00e9forme des faillites[:en]Les salari\u00e9s sont les grands oubli\u00e9s de la r\u00e9forme des faillites[:] - OGBL\",\"isPartOf\":{\"@id\":\"https:\/\/www.ogbl.lu\/de\/#website\"},\"primaryImageOfPage\":{\"@id\":\"https:\/\/www.ogbl.lu\/communique\/les-salaries-sont-les-grands-oublies-de-la-reforme-des-faillites\/#primaryimage\"},\"image\":{\"@id\":\"https:\/\/www.ogbl.lu\/communique\/les-salaries-sont-les-grands-oublies-de-la-reforme-des-faillites\/#primaryimage\"},\"thumbnailUrl\":\"https:\/\/www.ogbl.lu\/wp-content\/uploads\/2017\/01\/faillites.jpg\",\"datePublished\":\"2017-01-04T09:35:46+00:00\",\"dateModified\":\"2023-06-28T12:41:29+00:00\",\"breadcrumb\":{\"@id\":\"https:\/\/www.ogbl.lu\/communique\/les-salaries-sont-les-grands-oublies-de-la-reforme-des-faillites\/#breadcrumb\"},\"inLanguage\":\"de-DE\",\"potentialAction\":[{\"@type\":\"ReadAction\",\"target\":[\"https:\/\/www.ogbl.lu\/communique\/les-salaries-sont-les-grands-oublies-de-la-reforme-des-faillites\/\"]}]},{\"@type\":\"ImageObject\",\"inLanguage\":\"de-DE\",\"@id\":\"https:\/\/www.ogbl.lu\/communique\/les-salaries-sont-les-grands-oublies-de-la-reforme-des-faillites\/#primaryimage\",\"url\":\"https:\/\/www.ogbl.lu\/wp-content\/uploads\/2017\/01\/faillites.jpg\",\"contentUrl\":\"https:\/\/www.ogbl.lu\/wp-content\/uploads\/2017\/01\/faillites.jpg\",\"width\":567,\"height\":425},{\"@type\":\"BreadcrumbList\",\"@id\":\"https:\/\/www.ogbl.lu\/communique\/les-salaries-sont-les-grands-oublies-de-la-reforme-des-faillites\/#breadcrumb\",\"itemListElement\":[{\"@type\":\"ListItem\",\"position\":1,\"name\":\"Home\",\"item\":\"https:\/\/www.ogbl.lu\/\"},{\"@type\":\"ListItem\",\"position\":2,\"name\":\"Les salari\u00e9s sont les grands oubli\u00e9s de la r\u00e9forme des faillites\"}]},{\"@type\":\"WebSite\",\"@id\":\"https:\/\/www.ogbl.lu\/de\/#website\",\"url\":\"https:\/\/www.ogbl.lu\/de\/\",\"name\":\"OGBL\",\"description\":\"DIE GEWERKSCHAFT\",\"publisher\":{\"@id\":\"https:\/\/www.ogbl.lu\/de\/#organization\"},\"potentialAction\":[{\"@type\":\"SearchAction\",\"target\":{\"@type\":\"EntryPoint\",\"urlTemplate\":\"https:\/\/www.ogbl.lu\/de\/?s={search_term_string}\"},\"query-input\":\"required name=search_term_string\"}],\"inLanguage\":\"de-DE\"},{\"@type\":\"Organization\",\"@id\":\"https:\/\/www.ogbl.lu\/de\/#organization\",\"name\":\"OGBL\",\"url\":\"https:\/\/www.ogbl.lu\/de\/\",\"logo\":{\"@type\":\"ImageObject\",\"inLanguage\":\"de-DE\",\"@id\":\"https:\/\/www.ogbl.lu\/de\/#\/schema\/logo\/image\/\",\"url\":\"https:\/\/www.ogbl.lu\/wp-content\/uploads\/2024\/07\/LOGO_Red_FR-svg.png\",\"contentUrl\":\"https:\/\/www.ogbl.lu\/wp-content\/uploads\/2024\/07\/LOGO_Red_FR-svg.png\",\"width\":369,\"height\":171,\"caption\":\"OGBL\"},\"image\":{\"@id\":\"https:\/\/www.ogbl.lu\/de\/#\/schema\/logo\/image\/\"}}]}<\/script>\r\n<!-- \/ Yoast SEO plugin. -->","yoast_head_json":{"title":"[:fr]Les salari\u00e9s sont les grands oubli\u00e9s de la r\u00e9forme des faillites[:en]Les salari\u00e9s sont les grands oubli\u00e9s de la r\u00e9forme des faillites[:] - OGBL","robots":{"index":"index","follow":"follow","max-snippet":"max-snippet:-1","max-image-preview":"max-image-preview:large","max-video-preview":"max-video-preview:-1"},"canonical":"https:\/\/www.ogbl.lu\/communique\/les-salaries-sont-les-grands-oublies-de-la-reforme-des-faillites\/","og_locale":"de_DE","og_type":"article","og_title":"[:fr]Les salari\u00e9s sont les grands oubli\u00e9s de la r\u00e9forme des faillites[:en]Les salari\u00e9s sont les grands oubli\u00e9s de la r\u00e9forme des faillites[:] - OGBL","og_description":"Un projet de r\u00e9forme relatif \u00e0 la l\u00e9gislation des faillites a \u00e9t\u00e9 d\u00e9pos\u00e9 r\u00e9cemment par le gouvernement. Or, si ce \u2026","og_url":"https:\/\/www.ogbl.lu\/communique\/les-salaries-sont-les-grands-oublies-de-la-reforme-des-faillites\/","og_site_name":"OGBL","article_modified_time":"2023-06-28T12:41:29+00:00","og_image":[{"width":567,"height":425,"url":"https:\/\/www.ogbl.lu\/wp-content\/uploads\/2017\/01\/faillites.jpg","type":"image\/jpeg"}],"twitter_card":"summary_large_image","twitter_misc":{"Est. reading time":"3 Minuten"},"schema":{"@context":"https:\/\/schema.org","@graph":[{"@type":"WebPage","@id":"https:\/\/www.ogbl.lu\/communique\/les-salaries-sont-les-grands-oublies-de-la-reforme-des-faillites\/","url":"https:\/\/www.ogbl.lu\/communique\/les-salaries-sont-les-grands-oublies-de-la-reforme-des-faillites\/","name":"[:fr]Les salari\u00e9s sont les grands oubli\u00e9s de la r\u00e9forme des faillites[:en]Les salari\u00e9s sont les grands oubli\u00e9s de la r\u00e9forme des faillites[:] - OGBL","isPartOf":{"@id":"https:\/\/www.ogbl.lu\/de\/#website"},"primaryImageOfPage":{"@id":"https:\/\/www.ogbl.lu\/communique\/les-salaries-sont-les-grands-oublies-de-la-reforme-des-faillites\/#primaryimage"},"image":{"@id":"https:\/\/www.ogbl.lu\/communique\/les-salaries-sont-les-grands-oublies-de-la-reforme-des-faillites\/#primaryimage"},"thumbnailUrl":"https:\/\/www.ogbl.lu\/wp-content\/uploads\/2017\/01\/faillites.jpg","datePublished":"2017-01-04T09:35:46+00:00","dateModified":"2023-06-28T12:41:29+00:00","breadcrumb":{"@id":"https:\/\/www.ogbl.lu\/communique\/les-salaries-sont-les-grands-oublies-de-la-reforme-des-faillites\/#breadcrumb"},"inLanguage":"de-DE","potentialAction":[{"@type":"ReadAction","target":["https:\/\/www.ogbl.lu\/communique\/les-salaries-sont-les-grands-oublies-de-la-reforme-des-faillites\/"]}]},{"@type":"ImageObject","inLanguage":"de-DE","@id":"https:\/\/www.ogbl.lu\/communique\/les-salaries-sont-les-grands-oublies-de-la-reforme-des-faillites\/#primaryimage","url":"https:\/\/www.ogbl.lu\/wp-content\/uploads\/2017\/01\/faillites.jpg","contentUrl":"https:\/\/www.ogbl.lu\/wp-content\/uploads\/2017\/01\/faillites.jpg","width":567,"height":425},{"@type":"BreadcrumbList","@id":"https:\/\/www.ogbl.lu\/communique\/les-salaries-sont-les-grands-oublies-de-la-reforme-des-faillites\/#breadcrumb","itemListElement":[{"@type":"ListItem","position":1,"name":"Home","item":"https:\/\/www.ogbl.lu\/"},{"@type":"ListItem","position":2,"name":"Les salari\u00e9s sont les grands oubli\u00e9s de la r\u00e9forme des faillites"}]},{"@type":"WebSite","@id":"https:\/\/www.ogbl.lu\/de\/#website","url":"https:\/\/www.ogbl.lu\/de\/","name":"OGBL","description":"DIE GEWERKSCHAFT","publisher":{"@id":"https:\/\/www.ogbl.lu\/de\/#organization"},"potentialAction":[{"@type":"SearchAction","target":{"@type":"EntryPoint","urlTemplate":"https:\/\/www.ogbl.lu\/de\/?s={search_term_string}"},"query-input":"required name=search_term_string"}],"inLanguage":"de-DE"},{"@type":"Organization","@id":"https:\/\/www.ogbl.lu\/de\/#organization","name":"OGBL","url":"https:\/\/www.ogbl.lu\/de\/","logo":{"@type":"ImageObject","inLanguage":"de-DE","@id":"https:\/\/www.ogbl.lu\/de\/#\/schema\/logo\/image\/","url":"https:\/\/www.ogbl.lu\/wp-content\/uploads\/2024\/07\/LOGO_Red_FR-svg.png","contentUrl":"https:\/\/www.ogbl.lu\/wp-content\/uploads\/2024\/07\/LOGO_Red_FR-svg.png","width":369,"height":171,"caption":"OGBL"},"image":{"@id":"https:\/\/www.ogbl.lu\/de\/#\/schema\/logo\/image\/"}}]}},"_links":{"self":[{"href":"https:\/\/www.ogbl.lu\/de\/wp-json\/wp\/v2\/communiques\/2145"}],"collection":[{"href":"https:\/\/www.ogbl.lu\/de\/wp-json\/wp\/v2\/communiques"}],"about":[{"href":"https:\/\/www.ogbl.lu\/de\/wp-json\/wp\/v2\/types\/communiques"}],"author":[{"embeddable":true,"href":"https:\/\/www.ogbl.lu\/de\/wp-json\/wp\/v2\/users\/1"}],"version-history":[{"count":0,"href":"https:\/\/www.ogbl.lu\/de\/wp-json\/wp\/v2\/communiques\/2145\/revisions"}],"wp:featuredmedia":[{"embeddable":true,"href":"https:\/\/www.ogbl.lu\/de\/wp-json\/wp\/v2\/media\/3966"}],"wp:attachment":[{"href":"https:\/\/www.ogbl.lu\/de\/wp-json\/wp\/v2\/media?parent=2145"}],"wp:term":[{"taxonomy":"categorie_communiques","embeddable":true,"href":"https:\/\/www.ogbl.lu\/de\/wp-json\/wp\/v2\/categorie_communiques?post=2145"},{"taxonomy":"syndicat","embeddable":true,"href":"https:\/\/www.ogbl.lu\/de\/wp-json\/wp\/v2\/syndicat?post=2145"}],"curies":[{"name":"wp","href":"https:\/\/api.w.org\/{rel}","templated":true}]}}