{"id":2143,"date":"2017-01-04T08:41:43","date_gmt":"2017-01-04T07:41:43","guid":{"rendered":"https:\/\/www.ogbl.lu\/communiques\/dimportants-pas-en-avant"},"modified":"2023-06-28T14:42:55","modified_gmt":"2023-06-28T12:42:55","slug":"dimportants-pas-en-avant","status":"publish","type":"communiques","link":"https:\/\/www.ogbl.lu\/de\/communique\/dimportants-pas-en-avant\/","title":{"rendered":"Wichtige Schritte nach vorn"},"content":{"rendered":"<p><figure id=\"attachment_16814\" aria-describedby=\"caption-attachment-16814\" style=\"width: 150px\" class=\"wp-caption alignleft\"><img loading=\"lazy\" decoding=\"async\" class=\"size-full wp-image-16814 \" src=\"https:\/\/www.ogbl.lu\/wp-content\/uploads\/communiques\/Andre_Roeltgen_2014.jpg\" alt=\"Andr\u00e9 Roeltgen, Pr\u00e9sident de l\u2018OGBL\" width=\"150\" height=\"150\" \/><figcaption id=\"caption-attachment-16814\" class=\"wp-caption-text\">Andr\u00e9 Roeltgen, Pr\u00e4sident des OGBL<\/figcaption><\/figure><\/p>\n<p>Das Jahr des historischen Jubil\u00e4ums der freien Gewerkschaftsbewegung Luxemburgs neigt sich seinem Ende zu. Die nationalen und lokalen Feiern zum hundertj\u00e4hrigen gewerkschaftlichen Wirken des OGBL und seiner Vorg\u00e4ngerorganisationen f\u00fcr den sozialen Fortschritt in Luxemburg waren ein sehr wichtiges Zusammentreffen mit der eigenen Geschichte.<\/p>\n<p>Bei vielen, die an den Feiern teilgenommen haben oder die Andy Bauschs Dokumentarfilm \u201eStreik\u201c schon gesehen oder einen Blick in unser Buch, \u201e100 Joer fr\u00e4i Gewerkschaften 1916-2016\u201c, geworfen haben, hat das Eintauchen in die eigene Geschichte, in die Geschichte des Salariats, das Bewusstsein gesch\u00e4rft f\u00fcr die au\u00dferordentliche Bedeutung, die das Vergangene f\u00fcr die Gegenwart und f\u00fcr die Zukunft unserer Gewerkschaft und ihres Kampfes f\u00fcr den sozialen Fortschritt und f\u00fcr die Demokratie hat.<\/p>\n<p>Vergangene Erfolge und R\u00fcckschl\u00e4ge beim Aufbau unserer Gewerkschaft und beim Kampf f\u00fcr die Verbesserung der sozialen Lage der arbeitenden Menschen waren stets der Antrieb f\u00fcr die Weiterentwicklung unserer Gewerkschaft. Und es sind diese Erfahrungswerte, die dem aktuellen Modernisierungsprozess des OGBL zugrunde liegen und ihn begleiten. Die Reform unserer Statuten, die der au\u00dferordentliche Kongress des OGBL am 2. Juli beschlossen hat, ist im Begriff z\u00fcgig umgesetzt zu werden. Am 13. Dezember hat der Nationalvorstand die neue \u201eKartographie\u201c des lokalen Aufbaus des OGBL festgelegt. In den kommenden 24 Monaten werden die aktuell bestehenden 59 Lokalsektionen zu insgesamt 23 neuen Lokalsektionen fusionieren \u2013 davon 5 in den Grenzregionen und 18 auf luxemburgischem Boden. Und ab April 2017 wird eine neue nationale Dienstleistungsstelle den Sektionen f\u00fcr die Organisation ihrer gewerkschaftlichen Aktivit\u00e4ten zur Seite stehen. Es wird in den kommenden Jahren eine umfassende Dynamisierung der politischen, kulturellen und freizeitorientierten Aktivit\u00e4ten der OGBL-Sektionen stattfinden. Aktivit\u00e4ten, die die Interessen und Bed\u00fcrfnisse aller Schichten und Generationen unserer Mitglieder widerspiegeln werden.<\/p>\n<p>Und wie sieht, kurz vor dem Ende des Jahres, die Bilanz unserer gewerkschaftlichen Arbeit der vergangenen 12 Monate aus? Die vom OGBL ab Ende 2015 in Gang gesetzte Kampagne \u201eE Sozialpak fir L\u00ebtzebuerg \u2013 Fir besser Aarbecht an e bessert Akommes\u201c hat im Verlauf des Jahres zusehends Fahrt aufgenommen und positive Resultate erbracht.<br \/>\nNoch im Dezember steht das neue PAN-Arbeitszeitgesetz auf der Tagesordnung des Parlaments <sup>1<\/sup>. Dem OGBL ist es nicht nur gelungen, die gegen die Arbeitszeitinteressen des Salariats gerichteten Flexibilisierungspl\u00e4ne des Patronats zu durchkreuzen. Der Widerstand und die Vorschl\u00e4ge des OGBL haben auch zu einem Gesetzesvorhaben gef\u00fchrt, das bessere gesetzliche Rahmen-, Schutz-, \u00dcberstunden- und Mitbestimmungsregeln, sowie Kompensationsbestimmungen in Form von Arbeitszeitverk\u00fcrzungen vorsieht.<\/p>\n<p>Auf Dr\u00e4ngen des OGBL hin wurde die Indexierung der Studienbeihilfen ab 2018 gesetzlich eingef\u00fchrt. Au\u00dferdem, steht ein Gesetzesvorhaben auf der Tagesordnung, das die automatische Anpassung der staatlichen Sozialleistungen (Kindergeld, ch\u00e8ques-services usw. &#8230;) an die allgemeine Lohnentwicklung vorsieht. Die in unserem Abkommen vom 28. November 2014 mit der Regierung vorgesehene Aufwertung des Elternurlaubs ist gesetzlich umgesetzt worden. Der positive Gesetzesvorschlag \u00fcber die Lohnfortzahlung im Krankheitsfall oder die neuen Leistungen bei der Krankenversicherung d\u00fcrfen ebenfalls nicht vergessen werden.<\/p>\n<p>Ein zentraler Punkt unseres gewerkschaftlichen Aktionsprogramms f\u00fcr die Zur\u00fccknahme der Krisenbelastungen war die Forderung f\u00fcr die steuerliche Entlastung der unteren und mittleren Einkommensschichten. Die jetzt verabschiedete Steuerreform kommt unseren Forderungen weitgehend entgegen und wird vom OGBL positiv bewertet. Auf eine Forderung werden wir aber nicht verzichten, n\u00e4mlich auf die Einf\u00fchrung eines automatischen Mechanismus f\u00fcr die Anpassung der Einkommensteuertabelle an die Entwicklung der Inflation. Und f\u00fcr 2017 steht ebenfalls eine antidiskriminatorische gesetzliche Ab\u00e4nderung im Zusammenhang mit der Besteuerung der verheirateten Grenzg\u00e4nger an.<\/p>\n<p>Die Regierung hat in Bezug auf die Haushaltspolitik einen sehr wichtigen Kurswechsel vollzogen. Luxemburg hat sich von der desastr\u00f6sen Austerit\u00e4ts- und kontraproduktiven Sparpolitik der vergangenen Jahre verabschiedet. Eine starke staatliche Investitionspolitik gepaart mit einer St\u00e4rkung unseres Sozialstaates sind das Gebot der Stunde im Kampf gegen die wirtschaftlichen, sozialen und politischen Krisenentwicklungen in Europa.<br \/>\nSo muss es 2017 weitergehen. Bei der Pflegeversicherung. Und beim gesetzlichen Mindestlohn. Die beschlossene Anpassung an die allgemeine Einkommensentwicklung von 1,4% zum 1.1.2017 ist gut, aber v\u00f6llig unzureichend. Es besteht akuter Handlungsbedarf f\u00fcr eine strukturelle Verbesserung des Mindestlohns. Der OGBL wiederholt seine Forderung f\u00fcr eine 10%-Anhebung des gesetzlichen Mindestlohns. F\u00fcr mehr Gerechtigkeit im Lohngef\u00fcge. Der Arbeitslohn muss jedem in Luxemburg ein gutes Leben erm\u00f6glichen.<\/p>\n<p>Im Namen des OGBL w\u00fcnsche ich all unseren Mitgliedern sehr sch\u00f6ne Festtage und ein erfolgreiches und gl\u00fcckliches Jahr 2017.<\/p>\n<hr \/>\n<p><em> <sup>1<\/sup>\u00a0\u00a0 Beim Schreiben des Artikels noch nicht vom Parlament verabschiedet.<br \/>\n<\/em><\/p>","protected":false},"author":1,"featured_media":3968,"template":"","categorie_communiques":[41],"syndicat":[],"acf":[],"yoast_head":"<!-- This site is optimized with the Yoast SEO plugin v23.1 - https:\/\/yoast.com\/wordpress\/plugins\/seo\/ -->\r\n<title>Wichtige Schritte nach vorn  - OGBL<\/title>\r\n<meta name=\"robots\" content=\"index, follow, max-snippet:-1, max-image-preview:large, max-video-preview:-1\" \/>\r\n<link rel=\"canonical\" href=\"https:\/\/www.ogbl.lu\/communique\/dimportants-pas-en-avant\/\" \/>\r\n<meta property=\"og:locale\" content=\"de_DE\" \/>\r\n<meta property=\"og:type\" content=\"article\" \/>\r\n<meta property=\"og:title\" content=\"[:fr]D\u2019importants pas en avant[:de]Wichtige Schritte nach vorn [:en]D\u2019importants pas en avant[:] - OGBL\" \/>\r\n<meta property=\"og:description\" content=\"Das Jahr des historischen Jubil\u00e4ums der freien Gewerkschaftsbewegung Luxemburgs neigt sich seinem Ende zu. Die nationalen und lokalen Feiern zum \u2026\" \/>\r\n<meta property=\"og:url\" content=\"https:\/\/www.ogbl.lu\/communique\/dimportants-pas-en-avant\/\" \/>\r\n<meta property=\"og:site_name\" content=\"OGBL\" \/>\r\n<meta property=\"article:modified_time\" content=\"2023-06-28T12:42:55+00:00\" \/>\r\n<meta property=\"og:image\" content=\"https:\/\/www.ogbl.lu\/wp-content\/uploads\/2017\/01\/Andre_Roeltgen_2014.jpg\" \/>\r\n\t<meta property=\"og:image:width\" content=\"150\" \/>\r\n\t<meta property=\"og:image:height\" content=\"150\" \/>\r\n\t<meta property=\"og:image:type\" content=\"image\/jpeg\" \/>\r\n<meta name=\"twitter:card\" content=\"summary_large_image\" \/>\r\n<meta name=\"twitter:label1\" content=\"Est. reading time\" \/>\n\t<meta name=\"twitter:data1\" content=\"8 Minuten\" \/>\r\n<script type=\"application\/ld+json\" class=\"yoast-schema-graph\">{\"@context\":\"https:\/\/schema.org\",\"@graph\":[{\"@type\":\"WebPage\",\"@id\":\"https:\/\/www.ogbl.lu\/communique\/dimportants-pas-en-avant\/\",\"url\":\"https:\/\/www.ogbl.lu\/communique\/dimportants-pas-en-avant\/\",\"name\":\"[:fr]D\u2019importants pas en avant[:de]Wichtige Schritte nach vorn [:en]D\u2019importants pas en avant[:] - OGBL\",\"isPartOf\":{\"@id\":\"https:\/\/www.ogbl.lu\/de\/#website\"},\"primaryImageOfPage\":{\"@id\":\"https:\/\/www.ogbl.lu\/communique\/dimportants-pas-en-avant\/#primaryimage\"},\"image\":{\"@id\":\"https:\/\/www.ogbl.lu\/communique\/dimportants-pas-en-avant\/#primaryimage\"},\"thumbnailUrl\":\"https:\/\/www.ogbl.lu\/wp-content\/uploads\/2017\/01\/Andre_Roeltgen_2014.jpg\",\"datePublished\":\"2017-01-04T07:41:43+00:00\",\"dateModified\":\"2023-06-28T12:42:55+00:00\",\"breadcrumb\":{\"@id\":\"https:\/\/www.ogbl.lu\/communique\/dimportants-pas-en-avant\/#breadcrumb\"},\"inLanguage\":\"de-DE\",\"potentialAction\":[{\"@type\":\"ReadAction\",\"target\":[\"https:\/\/www.ogbl.lu\/communique\/dimportants-pas-en-avant\/\"]}]},{\"@type\":\"ImageObject\",\"inLanguage\":\"de-DE\",\"@id\":\"https:\/\/www.ogbl.lu\/communique\/dimportants-pas-en-avant\/#primaryimage\",\"url\":\"https:\/\/www.ogbl.lu\/wp-content\/uploads\/2017\/01\/Andre_Roeltgen_2014.jpg\",\"contentUrl\":\"https:\/\/www.ogbl.lu\/wp-content\/uploads\/2017\/01\/Andre_Roeltgen_2014.jpg\",\"width\":150,\"height\":150},{\"@type\":\"BreadcrumbList\",\"@id\":\"https:\/\/www.ogbl.lu\/communique\/dimportants-pas-en-avant\/#breadcrumb\",\"itemListElement\":[{\"@type\":\"ListItem\",\"position\":1,\"name\":\"Home\",\"item\":\"https:\/\/www.ogbl.lu\/\"},{\"@type\":\"ListItem\",\"position\":2,\"name\":\"D\u2019importants pas en avant\"}]},{\"@type\":\"WebSite\",\"@id\":\"https:\/\/www.ogbl.lu\/de\/#website\",\"url\":\"https:\/\/www.ogbl.lu\/de\/\",\"name\":\"OGBL\",\"description\":\"DIE GEWERKSCHAFT\",\"publisher\":{\"@id\":\"https:\/\/www.ogbl.lu\/de\/#organization\"},\"potentialAction\":[{\"@type\":\"SearchAction\",\"target\":{\"@type\":\"EntryPoint\",\"urlTemplate\":\"https:\/\/www.ogbl.lu\/de\/?s={search_term_string}\"},\"query-input\":\"required name=search_term_string\"}],\"inLanguage\":\"de-DE\"},{\"@type\":\"Organization\",\"@id\":\"https:\/\/www.ogbl.lu\/de\/#organization\",\"name\":\"OGBL\",\"url\":\"https:\/\/www.ogbl.lu\/de\/\",\"logo\":{\"@type\":\"ImageObject\",\"inLanguage\":\"de-DE\",\"@id\":\"https:\/\/www.ogbl.lu\/de\/#\/schema\/logo\/image\/\",\"url\":\"https:\/\/www.ogbl.lu\/wp-content\/uploads\/2024\/07\/LOGO_Red_FR-svg.png\",\"contentUrl\":\"https:\/\/www.ogbl.lu\/wp-content\/uploads\/2024\/07\/LOGO_Red_FR-svg.png\",\"width\":369,\"height\":171,\"caption\":\"OGBL\"},\"image\":{\"@id\":\"https:\/\/www.ogbl.lu\/de\/#\/schema\/logo\/image\/\"}}]}<\/script>\r\n<!-- \/ Yoast SEO plugin. -->","yoast_head_json":{"title":"[:fr]D\u2019importants pas en avant[:de]Wichtige Schritte nach vorn [:en]D\u2019importants pas en avant[:] - OGBL","robots":{"index":"index","follow":"follow","max-snippet":"max-snippet:-1","max-image-preview":"max-image-preview:large","max-video-preview":"max-video-preview:-1"},"canonical":"https:\/\/www.ogbl.lu\/communique\/dimportants-pas-en-avant\/","og_locale":"de_DE","og_type":"article","og_title":"[:fr]D\u2019importants pas en avant[:de]Wichtige Schritte nach vorn [:en]D\u2019importants pas en avant[:] - OGBL","og_description":"Das Jahr des historischen Jubil\u00e4ums der freien Gewerkschaftsbewegung Luxemburgs neigt sich seinem Ende zu. Die nationalen und lokalen Feiern zum \u2026","og_url":"https:\/\/www.ogbl.lu\/communique\/dimportants-pas-en-avant\/","og_site_name":"OGBL","article_modified_time":"2023-06-28T12:42:55+00:00","og_image":[{"width":150,"height":150,"url":"https:\/\/www.ogbl.lu\/wp-content\/uploads\/2017\/01\/Andre_Roeltgen_2014.jpg","type":"image\/jpeg"}],"twitter_card":"summary_large_image","twitter_misc":{"Est. reading time":"8 Minuten"},"schema":{"@context":"https:\/\/schema.org","@graph":[{"@type":"WebPage","@id":"https:\/\/www.ogbl.lu\/communique\/dimportants-pas-en-avant\/","url":"https:\/\/www.ogbl.lu\/communique\/dimportants-pas-en-avant\/","name":"[:fr]D\u2019importants pas en avant[:de]Wichtige Schritte nach vorn [:en]D\u2019importants pas en avant[:] - OGBL","isPartOf":{"@id":"https:\/\/www.ogbl.lu\/de\/#website"},"primaryImageOfPage":{"@id":"https:\/\/www.ogbl.lu\/communique\/dimportants-pas-en-avant\/#primaryimage"},"image":{"@id":"https:\/\/www.ogbl.lu\/communique\/dimportants-pas-en-avant\/#primaryimage"},"thumbnailUrl":"https:\/\/www.ogbl.lu\/wp-content\/uploads\/2017\/01\/Andre_Roeltgen_2014.jpg","datePublished":"2017-01-04T07:41:43+00:00","dateModified":"2023-06-28T12:42:55+00:00","breadcrumb":{"@id":"https:\/\/www.ogbl.lu\/communique\/dimportants-pas-en-avant\/#breadcrumb"},"inLanguage":"de-DE","potentialAction":[{"@type":"ReadAction","target":["https:\/\/www.ogbl.lu\/communique\/dimportants-pas-en-avant\/"]}]},{"@type":"ImageObject","inLanguage":"de-DE","@id":"https:\/\/www.ogbl.lu\/communique\/dimportants-pas-en-avant\/#primaryimage","url":"https:\/\/www.ogbl.lu\/wp-content\/uploads\/2017\/01\/Andre_Roeltgen_2014.jpg","contentUrl":"https:\/\/www.ogbl.lu\/wp-content\/uploads\/2017\/01\/Andre_Roeltgen_2014.jpg","width":150,"height":150},{"@type":"BreadcrumbList","@id":"https:\/\/www.ogbl.lu\/communique\/dimportants-pas-en-avant\/#breadcrumb","itemListElement":[{"@type":"ListItem","position":1,"name":"Home","item":"https:\/\/www.ogbl.lu\/"},{"@type":"ListItem","position":2,"name":"D\u2019importants pas en avant"}]},{"@type":"WebSite","@id":"https:\/\/www.ogbl.lu\/de\/#website","url":"https:\/\/www.ogbl.lu\/de\/","name":"OGBL","description":"DIE GEWERKSCHAFT","publisher":{"@id":"https:\/\/www.ogbl.lu\/de\/#organization"},"potentialAction":[{"@type":"SearchAction","target":{"@type":"EntryPoint","urlTemplate":"https:\/\/www.ogbl.lu\/de\/?s={search_term_string}"},"query-input":"required name=search_term_string"}],"inLanguage":"de-DE"},{"@type":"Organization","@id":"https:\/\/www.ogbl.lu\/de\/#organization","name":"OGBL","url":"https:\/\/www.ogbl.lu\/de\/","logo":{"@type":"ImageObject","inLanguage":"de-DE","@id":"https:\/\/www.ogbl.lu\/de\/#\/schema\/logo\/image\/","url":"https:\/\/www.ogbl.lu\/wp-content\/uploads\/2024\/07\/LOGO_Red_FR-svg.png","contentUrl":"https:\/\/www.ogbl.lu\/wp-content\/uploads\/2024\/07\/LOGO_Red_FR-svg.png","width":369,"height":171,"caption":"OGBL"},"image":{"@id":"https:\/\/www.ogbl.lu\/de\/#\/schema\/logo\/image\/"}}]}},"_links":{"self":[{"href":"https:\/\/www.ogbl.lu\/de\/wp-json\/wp\/v2\/communiques\/2143"}],"collection":[{"href":"https:\/\/www.ogbl.lu\/de\/wp-json\/wp\/v2\/communiques"}],"about":[{"href":"https:\/\/www.ogbl.lu\/de\/wp-json\/wp\/v2\/types\/communiques"}],"author":[{"embeddable":true,"href":"https:\/\/www.ogbl.lu\/de\/wp-json\/wp\/v2\/users\/1"}],"version-history":[{"count":0,"href":"https:\/\/www.ogbl.lu\/de\/wp-json\/wp\/v2\/communiques\/2143\/revisions"}],"wp:featuredmedia":[{"embeddable":true,"href":"https:\/\/www.ogbl.lu\/de\/wp-json\/wp\/v2\/media\/3968"}],"wp:attachment":[{"href":"https:\/\/www.ogbl.lu\/de\/wp-json\/wp\/v2\/media?parent=2143"}],"wp:term":[{"taxonomy":"categorie_communiques","embeddable":true,"href":"https:\/\/www.ogbl.lu\/de\/wp-json\/wp\/v2\/categorie_communiques?post=2143"},{"taxonomy":"syndicat","embeddable":true,"href":"https:\/\/www.ogbl.lu\/de\/wp-json\/wp\/v2\/syndicat?post=2143"}],"curies":[{"name":"wp","href":"https:\/\/api.w.org\/{rel}","templated":true}]}}