{"id":2142,"date":"2017-01-03T12:13:20","date_gmt":"2017-01-03T11:13:20","guid":{"rendered":"https:\/\/www.ogbl.lu\/communiques\/ouverture-officielle-des-negociations"},"modified":"2023-06-13T09:54:02","modified_gmt":"2023-06-13T07:54:02","slug":"ouverture-officielle-des-negociations","status":"publish","type":"communiques","link":"https:\/\/www.ogbl.lu\/de\/communique\/ouverture-officielle-des-negociations\/","title":{"rendered":"Offizielle Verhandlungser\u00f6ffnung"},"content":{"rendered":"<p>Am Freitag, dem 25. November 2016, wurde der zurzeit g\u00fcltige Kollektivvertrag aus dem Bankensektor zum Teil gek\u00fcndigt. So wurde die offizielle Verhandlungser\u00f6ffnung beantragt. Die Gewerkschaften haben ebenfalls ihren Forderungskatalog \u00fcbergeben, der im Detail die Punkte erl\u00e4utert, die umge\u00e4ndert werden m\u00fcssen, und die Gewerkschaften Aleba, OGBL und LCGB haben sich am 7. Dezember zum ersten Mal zu einer Plenarsitzung getroffen.<br \/>\nNach einer detaillierten Pr\u00e4sentation der Zahlen des luxemburgischen Finanzplatzes haben sich die Parteien darauf geeinigt, vier thematische Arbeitsgruppen einzurichten, deren Arbeit schon im Januar 2017 beginnen wird.<br \/>\nBei den Arbeitsgruppen handelt es sich um folgende:<br \/>\n1. Einstufung und Bezahlung<br \/>\n2. Besch\u00e4ftigungsf\u00e4higkeit<br \/>\nund Ausbildung<br \/>\n3. Arbeitszeitorganisation<br \/>\n4. Wohlbefinden<br \/>\nDie Gewerkschaftsseite fordert, dass die ABBL den Gewerkschaften die Arbeitgebervorschl\u00e4ge \u00fcberreicht, bevor die Arbeitsgruppen sich treffen.<br \/>\nDer aktuelle Kollektivvertrag bleibt laut gesetzlichen Vorgaben bestehen.<\/p>","protected":false},"author":1,"featured_media":0,"template":"","categorie_communiques":[52],"syndicat":[74],"acf":[],"yoast_head":"<!-- This site is optimized with the Yoast SEO plugin v23.1 - https:\/\/yoast.com\/wordpress\/plugins\/seo\/ -->\r\n<title>Offizielle Verhandlungser\u00f6ffnung - OGBL<\/title>\r\n<meta name=\"robots\" content=\"index, follow, max-snippet:-1, max-image-preview:large, max-video-preview:-1\" \/>\r\n<link rel=\"canonical\" href=\"https:\/\/www.ogbl.lu\/communique\/ouverture-officielle-des-negociations\/\" \/>\r\n<meta property=\"og:locale\" content=\"de_DE\" \/>\r\n<meta property=\"og:type\" content=\"article\" \/>\r\n<meta property=\"og:title\" content=\"[:fr]Ouverture officielle des n\u00e9gociations[:de]Offizielle Verhandlungser\u00f6ffnung[:en]Ouverture officielle des n\u00e9gociations[:] - OGBL\" \/>\r\n<meta property=\"og:description\" content=\"Am Freitag, dem 25. November 2016, wurde der zurzeit g\u00fcltige Kollektivvertrag aus dem Bankensektor zum Teil gek\u00fcndigt. So wurde die \u2026\" \/>\r\n<meta property=\"og:url\" content=\"https:\/\/www.ogbl.lu\/communique\/ouverture-officielle-des-negociations\/\" \/>\r\n<meta property=\"og:site_name\" content=\"OGBL\" \/>\r\n<meta property=\"article:modified_time\" content=\"2023-06-13T07:54:02+00:00\" \/>\r\n<meta name=\"twitter:card\" content=\"summary_large_image\" \/>\r\n<meta name=\"twitter:label1\" content=\"Est. reading time\" \/>\n\t<meta name=\"twitter:data1\" content=\"1 Minute\" \/>\r\n<script type=\"application\/ld+json\" class=\"yoast-schema-graph\">{\"@context\":\"https:\/\/schema.org\",\"@graph\":[{\"@type\":\"WebPage\",\"@id\":\"https:\/\/www.ogbl.lu\/communique\/ouverture-officielle-des-negociations\/\",\"url\":\"https:\/\/www.ogbl.lu\/communique\/ouverture-officielle-des-negociations\/\",\"name\":\"[:fr]Ouverture officielle des n\u00e9gociations[:de]Offizielle Verhandlungser\u00f6ffnung[:en]Ouverture officielle des n\u00e9gociations[:] - OGBL\",\"isPartOf\":{\"@id\":\"https:\/\/www.ogbl.lu\/de\/#website\"},\"datePublished\":\"2017-01-03T11:13:20+00:00\",\"dateModified\":\"2023-06-13T07:54:02+00:00\",\"breadcrumb\":{\"@id\":\"https:\/\/www.ogbl.lu\/communique\/ouverture-officielle-des-negociations\/#breadcrumb\"},\"inLanguage\":\"de-DE\",\"potentialAction\":[{\"@type\":\"ReadAction\",\"target\":[\"https:\/\/www.ogbl.lu\/communique\/ouverture-officielle-des-negociations\/\"]}]},{\"@type\":\"BreadcrumbList\",\"@id\":\"https:\/\/www.ogbl.lu\/communique\/ouverture-officielle-des-negociations\/#breadcrumb\",\"itemListElement\":[{\"@type\":\"ListItem\",\"position\":1,\"name\":\"Home\",\"item\":\"https:\/\/www.ogbl.lu\/\"},{\"@type\":\"ListItem\",\"position\":2,\"name\":\"Ouverture officielle des n\u00e9gociations\"}]},{\"@type\":\"WebSite\",\"@id\":\"https:\/\/www.ogbl.lu\/de\/#website\",\"url\":\"https:\/\/www.ogbl.lu\/de\/\",\"name\":\"OGBL\",\"description\":\"DIE GEWERKSCHAFT\",\"publisher\":{\"@id\":\"https:\/\/www.ogbl.lu\/de\/#organization\"},\"potentialAction\":[{\"@type\":\"SearchAction\",\"target\":{\"@type\":\"EntryPoint\",\"urlTemplate\":\"https:\/\/www.ogbl.lu\/de\/?s={search_term_string}\"},\"query-input\":\"required name=search_term_string\"}],\"inLanguage\":\"de-DE\"},{\"@type\":\"Organization\",\"@id\":\"https:\/\/www.ogbl.lu\/de\/#organization\",\"name\":\"OGBL\",\"url\":\"https:\/\/www.ogbl.lu\/de\/\",\"logo\":{\"@type\":\"ImageObject\",\"inLanguage\":\"de-DE\",\"@id\":\"https:\/\/www.ogbl.lu\/de\/#\/schema\/logo\/image\/\",\"url\":\"https:\/\/www.ogbl.lu\/wp-content\/uploads\/2024\/07\/LOGO_Red_FR-svg.png\",\"contentUrl\":\"https:\/\/www.ogbl.lu\/wp-content\/uploads\/2024\/07\/LOGO_Red_FR-svg.png\",\"width\":369,\"height\":171,\"caption\":\"OGBL\"},\"image\":{\"@id\":\"https:\/\/www.ogbl.lu\/de\/#\/schema\/logo\/image\/\"}}]}<\/script>\r\n<!-- \/ Yoast SEO plugin. -->","yoast_head_json":{"title":"[:fr]Ouverture officielle des n\u00e9gociations[:de]Offizielle Verhandlungser\u00f6ffnung[:en]Ouverture officielle des n\u00e9gociations[:] - OGBL","robots":{"index":"index","follow":"follow","max-snippet":"max-snippet:-1","max-image-preview":"max-image-preview:large","max-video-preview":"max-video-preview:-1"},"canonical":"https:\/\/www.ogbl.lu\/communique\/ouverture-officielle-des-negociations\/","og_locale":"de_DE","og_type":"article","og_title":"[:fr]Ouverture officielle des n\u00e9gociations[:de]Offizielle Verhandlungser\u00f6ffnung[:en]Ouverture officielle des n\u00e9gociations[:] - OGBL","og_description":"Am Freitag, dem 25. November 2016, wurde der zurzeit g\u00fcltige Kollektivvertrag aus dem Bankensektor zum Teil gek\u00fcndigt. So wurde die \u2026","og_url":"https:\/\/www.ogbl.lu\/communique\/ouverture-officielle-des-negociations\/","og_site_name":"OGBL","article_modified_time":"2023-06-13T07:54:02+00:00","twitter_card":"summary_large_image","twitter_misc":{"Est. reading time":"1 Minute"},"schema":{"@context":"https:\/\/schema.org","@graph":[{"@type":"WebPage","@id":"https:\/\/www.ogbl.lu\/communique\/ouverture-officielle-des-negociations\/","url":"https:\/\/www.ogbl.lu\/communique\/ouverture-officielle-des-negociations\/","name":"[:fr]Ouverture officielle des n\u00e9gociations[:de]Offizielle Verhandlungser\u00f6ffnung[:en]Ouverture officielle des n\u00e9gociations[:] - OGBL","isPartOf":{"@id":"https:\/\/www.ogbl.lu\/de\/#website"},"datePublished":"2017-01-03T11:13:20+00:00","dateModified":"2023-06-13T07:54:02+00:00","breadcrumb":{"@id":"https:\/\/www.ogbl.lu\/communique\/ouverture-officielle-des-negociations\/#breadcrumb"},"inLanguage":"de-DE","potentialAction":[{"@type":"ReadAction","target":["https:\/\/www.ogbl.lu\/communique\/ouverture-officielle-des-negociations\/"]}]},{"@type":"BreadcrumbList","@id":"https:\/\/www.ogbl.lu\/communique\/ouverture-officielle-des-negociations\/#breadcrumb","itemListElement":[{"@type":"ListItem","position":1,"name":"Home","item":"https:\/\/www.ogbl.lu\/"},{"@type":"ListItem","position":2,"name":"Ouverture officielle des n\u00e9gociations"}]},{"@type":"WebSite","@id":"https:\/\/www.ogbl.lu\/de\/#website","url":"https:\/\/www.ogbl.lu\/de\/","name":"OGBL","description":"DIE GEWERKSCHAFT","publisher":{"@id":"https:\/\/www.ogbl.lu\/de\/#organization"},"potentialAction":[{"@type":"SearchAction","target":{"@type":"EntryPoint","urlTemplate":"https:\/\/www.ogbl.lu\/de\/?s={search_term_string}"},"query-input":"required name=search_term_string"}],"inLanguage":"de-DE"},{"@type":"Organization","@id":"https:\/\/www.ogbl.lu\/de\/#organization","name":"OGBL","url":"https:\/\/www.ogbl.lu\/de\/","logo":{"@type":"ImageObject","inLanguage":"de-DE","@id":"https:\/\/www.ogbl.lu\/de\/#\/schema\/logo\/image\/","url":"https:\/\/www.ogbl.lu\/wp-content\/uploads\/2024\/07\/LOGO_Red_FR-svg.png","contentUrl":"https:\/\/www.ogbl.lu\/wp-content\/uploads\/2024\/07\/LOGO_Red_FR-svg.png","width":369,"height":171,"caption":"OGBL"},"image":{"@id":"https:\/\/www.ogbl.lu\/de\/#\/schema\/logo\/image\/"}}]}},"_links":{"self":[{"href":"https:\/\/www.ogbl.lu\/de\/wp-json\/wp\/v2\/communiques\/2142"}],"collection":[{"href":"https:\/\/www.ogbl.lu\/de\/wp-json\/wp\/v2\/communiques"}],"about":[{"href":"https:\/\/www.ogbl.lu\/de\/wp-json\/wp\/v2\/types\/communiques"}],"author":[{"embeddable":true,"href":"https:\/\/www.ogbl.lu\/de\/wp-json\/wp\/v2\/users\/1"}],"version-history":[{"count":0,"href":"https:\/\/www.ogbl.lu\/de\/wp-json\/wp\/v2\/communiques\/2142\/revisions"}],"wp:attachment":[{"href":"https:\/\/www.ogbl.lu\/de\/wp-json\/wp\/v2\/media?parent=2142"}],"wp:term":[{"taxonomy":"categorie_communiques","embeddable":true,"href":"https:\/\/www.ogbl.lu\/de\/wp-json\/wp\/v2\/categorie_communiques?post=2142"},{"taxonomy":"syndicat","embeddable":true,"href":"https:\/\/www.ogbl.lu\/de\/wp-json\/wp\/v2\/syndicat?post=2142"}],"curies":[{"name":"wp","href":"https:\/\/api.w.org\/{rel}","templated":true}]}}