{"id":2140,"date":"2016-12-24T11:16:59","date_gmt":"2016-12-24T10:16:59","guid":{"rendered":"https:\/\/www.ogbl.lu\/communiques\/lopposition-et-la-pression-de-logbl-ont-commence-a-porter-leurs-fruits"},"modified":"2023-06-28T14:43:14","modified_gmt":"2023-06-28T12:43:14","slug":"lopposition-et-la-pression-de-logbl-ont-commence-a-porter-leurs-fruits","status":"publish","type":"communiques","link":"https:\/\/www.ogbl.lu\/de\/communique\/lopposition-et-la-pression-de-logbl-ont-commence-a-porter-leurs-fruits\/","title":{"rendered":"Der Widerstand und der Druck des OGBL haben angefangen Fr\u00fcchte zu tragen"},"content":{"rendered":"<p><a href=\"https:\/\/www.ogbl.lu\/wp-content\/uploads\/communiques\/com_nat_13_12_16.jpg\" target=\"_blank\" rel=\"noopener\"><img decoding=\"async\" class=\"alignleft wp-image-23222\" style=\"border: 0px;\" src=\"https:\/\/www.ogbl.lu\/wp-content\/uploads\/communiques\/com_nat_13_12_16-1024x683.jpg\" alt=\"20161213 ar , Dudelange, maison Syndicale avenue Grande Duchesse Charlotte, OGBL, comit\u00e9 national avec Andr\u00e9 Roeltgen ,Photo: Alain Rischard \/ Editpress\" width=\"300\" height=\" \" \/><\/a>Der OGBL-Nationalvorstand hat sich am 12. Dezember 2016 in der Maison Syndicale in D\u00fcdelingen getroffen. Auf der Tagesordnung dieser letzten Sitzung des Jahres standen unter anderem eine Analyse der wirtschaftlichen und sozialen Situation, eine Bilanz des abgelaufenen Jahres, eine Analyse mehrerer aktuellen politischen Themen sowie eine Analyse der Situation in den Unternehmen.<\/p>\n<p>Der OGBL-Nationalvorstand hat insbesondere Bilanz \u00fcber seine Aktionen im Jahr 2016 gezogen. Wenn auch der OGBL bei einigen Dossiers, die politisch gesehen etwas langsam voranschreiten, die Geduld verliert, so zieht er insgesamt gesehen eine positive Bilanz \u00fcber die 2016 erreichten Erfolge. Ergebnisse die weitgehendsten auf die Kampagne \u201eEe Sozialpak fir L\u00ebtzebuerg \u2013 fir besser Aarbecht an e bessert Akommes\u201c zur\u00fcckzuf\u00fchren sind.<\/p>\n<p>Unter den Erfolgen kann man den positiven Kompromiss erw\u00e4hnen, der im Rahmen des Arbeitszeitgesetzes (PAN-Gesetz) gefunden wurde, bei dem der OGBL es fertigbracht hat, die Angriffe des Patronats abzuwehren; die Reform des Elternurlaubs, bei der der OGBL eine substantielle Aufwertung der Entsch\u00e4digung erreicht hat; das Gesetzesprojekt bez\u00fcglich der Lohnfortzahlung, das jetzt den Forderungen des OGBL entspricht, das \u00dcbereinkommen mit der Regierung betreffend die Einf\u00fchrung eines automatischen Anpassungsmechanismus der Familienzulagen an den Medianlohn; die Anpassung zum 1. Januar des sozialen Mindestlohns und des RMG oder noch die Steuerreform, die dank dem Druck des OGBL die Steuerlast auf den kleinen und mittleren Einkommen erm\u00f6glichen wird (Der OGBL bleibt jedoch bei seiner Kritik an der Senkung der Unternehmensbesteuerung, der Abwesenheit eines Anpassungsmechanismus der Steuertabelle an die Inflation sowie der Diskriminierung zwischen Verheirateten Ans\u00e4ssigen und Nichtans\u00e4ssigen, die die Reform mit sich bringen wird, wenn sie nicht im kommenden Jahr umge\u00e4ndert wird).<\/p>\n<p>Die neuen CNS-Leistungen ab 2017 (insbesondere die Kosten\u00fcbernahme der zweiten Zahnsteinentfernung beim Zahnarzt und des Brillenkaufs, auch ohne Rezept, die Fristenverringerung f\u00fcr die R\u00fcckzahlung von Kontaktlinsen und die Erh\u00f6hung der Kilometerpauschale bei Ambulanztransporten) geh\u00f6ren ebenfalls zu den OGBL-Erfolgen. Der OGBL fordert seit Jahren Verbesserungen bei der CNS.<\/p>\n<p>Der OGBL stellt ebenfalls fest, dass sein Widerstand gegen die Haushaltspolitik der Regierung ihre Fr\u00fcchte getragen hat. Der OGBL wurde es w\u00e4hrend der vergangenen Jahre nicht m\u00fcde, die Austerit\u00e4tspolitiken anzuprangern, und kann demnach nur mit dem Kurswechsel der Regierung zufrieden sein, die beschlossen hat, auf hohe \u00f6ffentliche Investitionen zu setzen, und gleichzeitig mit dem Sozialabbau aufzuh\u00f6ren, indem auch schon ersten Ma\u00dfnahmen ergriffen wurden, in Richtung sozialen Fortschritt.<\/p>\n<p>Der Nationalvorstand hat sich dar\u00fcber hinaus mit einigen aktuellen politischen Themen besch\u00e4ftigt. Was den Spitalplanentwurf betrifft, so kann der OGBL sich nicht mit der vorgesehenen Reduzierung der Bettenzahl abfinden, ebenso wenig mit dem Risiko eines \u201eInsourcing\u201c der Labors wie mit dem Schicksal der ambulanten Behandlung. Was die Pflegeversicherung betrifft, so laufen die Gespr\u00e4che mit dem Sozialminister. Der OGBL besteht darauf zu erinnern, dass er keine Verschlechterung der Pflegeversicherung tolerieren wird.<\/p>\n<p>Schlie\u00dflich hat der Nationalvorstand seine Priorit\u00e4ten f\u00fcr 2017 festgelegt. Darunter sind eine strukturelle Verbesserung des Mindestlohns sowie eine offensive Tarifpolitik angesagt.<\/p>\n<p><b>Die digitale Revolution wird nicht ohne den OGBL stattfinden<\/b><\/p>\n<p>Der Nationalvorstand hat sich mit der Digitalisierung der Gesellschaft und der Wirtschaft befasst. Tatsache ist, dass die technologische Entwicklung, getrieben von der \u201edigitalen Revolution\u201c, in Zukunft noch gr\u00f6\u00dfere Auswirkungen auf die gesamte Gesellschaft und auf die kapitalistischen Produktionsmodi haben wird.<\/p>\n<p>Im Gegensatz zum Theoretiker Jeremy Rifkin (der zu diesem Thema f\u00fcr die Luxemburger Regierung eine Prospektive ausgearbeitet hat), ist der OGBL weit von der \u00dcberzeugung entfernt, dass die zurzeit stattfindende technologische Revolution den kapitalistischen Produktionsmodus zu Nutzen einer sogenannten partizipativen Wirtschaft (\u201esharing economy\u201c) in Frage stellen wird. Die ersten Entwicklungen sind in der Tat dazu geneigt, dem amerikanischen Futurologen Unrecht zu geben. Beweise daf\u00fcr sind die immer gr\u00f6\u00dferen Monopole von multinationalen Unternehmen wie Google und Amazon, die gerade auf dieser Welle der technologischen Revolution reiten.<\/p>\n<p>Der OGBL sieht ein, dass die Entwicklung der digitalen Technologie zahlreiche M\u00f6glichkeiten enth\u00e4lt, die sich gegebenenfalls auch positiv herausstellen k\u00f6nnten, doch der OGBL ist sich auch bewusst, dass es zahlreiche Gefahren gibt, dass die Ungleichheiten sich noch weiter entwickeln.<\/p>\n<p>Hinsichtlich dem was auf dem Spiel steht und der dem OGBL zustehenden Verantwortung, will der OGBL eine f\u00fchrende Rolle spielen, um die gesellschaftlichen, sozialen und wirtschaftlichen Verbesserungen, die diese technologische Entwicklung verspricht, wirklich durchzusetzen.<\/p>\n<p>Der OGBL hat der Regierung schon angek\u00fcndigt, dass er in den zuk\u00fcnftigen Diskussionen seine Aufgabe nicht auf die Fragen beschr\u00e4nken wird, die direkt mit Arbeit und Besch\u00e4ftigung zu tun haben, sondern dass er seine Teilnahme auf s\u00e4mtlichen Diskussionsebenen fordert. Hier wird es der OGBL nicht akzeptieren, dass verschiedene Diskussionen in Gremien gef\u00fchrt werden, in denen er nicht vertreten ist (zum Beispiel: die Haut Comit\u00e9s). Der OGBL erinnert schlie\u00dflich daran, dass es pr\u00e4destinierte Institutionen f\u00fcr die sich ank\u00fcndigenden Diskussionen gibt, wie zum Beispiel die Tripartite-Instanzen, der st\u00e4ndige Arbeits- und Besch\u00e4ftigungsausschuss, der Wirtschafts- und Sozialrat oder auch noch die Nationale Gesundheitskasse.<\/p>\n<p><b>Der OGBL fordert eine Reform des Verhandlungsmodells im \u00f6ffentlichen Dienst<\/b><\/p>\n<p>Der OGBL-Nationalvorstand begr\u00fc\u00dfte das Ergebnis der Verhandlungen, das zum k\u00fcrzlich erreichten Lohnabkommen im \u00d6ffentlichen Dienst gef\u00fchrt haben. Derr OGBL h\u00e4lt dieses Abkommen f\u00fcr angepasst und ausgewogen. Jedoch glaubt der OGBL, dass das Verhandlungsmodell im \u00f6ffentlichen Dienst nicht mehr den Forderungen der Realit\u00e4t entspricht und demnach einer Reform bedarf. In der Tat weist der OGBL darauf hin, dass die Lohnabkommen im \u00f6ffentlichen Dienst, zurzeit ausschlie\u00dflich von der CGFP ausgehandelt, einen direkten Einfluss, weit \u00fcber den \u00f6ffentlichen Dienst hinaus haben. So ist die Gesamtheit der \u00f6ffentlichen Dienste von dieser Art Abkommen betroffen.<\/p>\n<p>Nun aber ist der OGBL mindestens so repr\u00e4sentativ wie die CGFP, betrachtet man s\u00e4mtliche \u00f6ffentlichen Dienste (\u00f6ffentlicher Dienst, Kommunalbereich, konventionierter Gesundheits-, Pflege- und Sozialbereich) und so fordert er in Zukunft seine Anwesenheit bei den Verhandlungsrunden. Der OGBL erinnert daran, dass es sich bei dem zurzeit schwelenden Konflikt im Bereich Gesundheit, Pflege und Soziales um die \u00dcbertragung des letzten Lohnabkommens beim \u00f6ffentlichen Dienst handelt. Und schon steht das n\u00e4chste zu \u00fcbertragende Abkommen ins Haus\u2026 Der OGBL fordert dringend eine Reform!<\/p>\n<p><b>Sektionen: Eine neue Kartographie wurde angenommen<\/b><\/p>\n<p>Ein weiterer Schritt im Rahmen der Umsetzung der statutarischen Reform des OGBL, die vergangenen Juli beim au\u00dferordentlichen Kongress beschlossen wurde, wurde getan. Der Nationalvorstand hat in der Tat eine neue Kartographie der OGBL-Lokalsektionen angenommen, die nach und nach w\u00e4hrend der zwei kommenden Jahre umgesetzt wird. Im Rahmen eines weitgreifenden Fusionsprozesses werden aus zurzeit 59 dann 23 Lokalsektionen (18 auf Luxemburger Gebiet und 5, aufgeteilt zwischen Deutschland, Frankreich und Belgien). Der Nationalvorstand hat auch \u00fcber den zuk\u00fcnftigen landesweiten Dienst gesprochen, der n\u00e4chstes Jahr geschaffen wird, um die Sektionen in ihren zahlreichen Aktivit\u00e4ten (Politische Information, -Bildung und -Diskussionen, lokale Bed\u00fcrfnisse, Kultur, Kunst und Freizeit) zu unterst\u00fctzen. Der OGBL erwartet sich dank dieser Ma\u00dfnahmen eine neue Dynamik der Lokalsektionen.<\/p>","protected":false},"author":1,"featured_media":3971,"template":"","categorie_communiques":[41],"syndicat":[],"acf":[],"yoast_head":"<!-- This site is optimized with the Yoast SEO plugin v23.1 - https:\/\/yoast.com\/wordpress\/plugins\/seo\/ -->\r\n<title>Der Widerstand und der Druck des OGBL haben angefangen Fr\u00fcchte zu tragen - OGBL<\/title>\r\n<meta name=\"robots\" content=\"index, follow, max-snippet:-1, max-image-preview:large, max-video-preview:-1\" \/>\r\n<link rel=\"canonical\" href=\"https:\/\/www.ogbl.lu\/communique\/lopposition-et-la-pression-de-logbl-ont-commence-a-porter-leurs-fruits\/\" \/>\r\n<meta property=\"og:locale\" content=\"de_DE\" \/>\r\n<meta property=\"og:type\" content=\"article\" \/>\r\n<meta property=\"og:title\" content=\"[:fr]L\u2019opposition et la pression de l\u2019OGBL ont commenc\u00e9 \u00e0 porter leurs fruits[:de]Der Widerstand und der Druck des OGBL haben angefangen Fr\u00fcchte zu tragen[:en]L\u2019opposition et la pression de l\u2019OGBL ont commenc\u00e9 \u00e0 porter leurs fruits[:] - OGBL\" \/>\r\n<meta property=\"og:description\" content=\"Der OGBL-Nationalvorstand hat sich am 12. Dezember 2016 in der Maison Syndicale in D\u00fcdelingen getroffen. Auf der Tagesordnung dieser letzten \u2026\" \/>\r\n<meta property=\"og:url\" content=\"https:\/\/www.ogbl.lu\/communique\/lopposition-et-la-pression-de-logbl-ont-commence-a-porter-leurs-fruits\/\" \/>\r\n<meta property=\"og:site_name\" content=\"OGBL\" \/>\r\n<meta property=\"article:modified_time\" content=\"2023-06-28T12:43:14+00:00\" \/>\r\n<meta property=\"og:image\" content=\"https:\/\/www.ogbl.lu\/wp-content\/uploads\/2016\/12\/com_nat_13_12_16-1024x683-1.jpg\" \/>\r\n\t<meta property=\"og:image:width\" content=\"1024\" \/>\r\n\t<meta property=\"og:image:height\" content=\"683\" \/>\r\n\t<meta property=\"og:image:type\" content=\"image\/jpeg\" \/>\r\n<meta name=\"twitter:card\" content=\"summary_large_image\" \/>\r\n<meta name=\"twitter:label1\" content=\"Est. reading time\" \/>\n\t<meta name=\"twitter:data1\" content=\"13 Minuten\" \/>\r\n<script type=\"application\/ld+json\" class=\"yoast-schema-graph\">{\"@context\":\"https:\/\/schema.org\",\"@graph\":[{\"@type\":\"WebPage\",\"@id\":\"https:\/\/www.ogbl.lu\/communique\/lopposition-et-la-pression-de-logbl-ont-commence-a-porter-leurs-fruits\/\",\"url\":\"https:\/\/www.ogbl.lu\/communique\/lopposition-et-la-pression-de-logbl-ont-commence-a-porter-leurs-fruits\/\",\"name\":\"[:fr]L\u2019opposition et la pression de l\u2019OGBL ont commenc\u00e9 \u00e0 porter leurs fruits[:de]Der Widerstand und der Druck des OGBL haben angefangen Fr\u00fcchte zu tragen[:en]L\u2019opposition et la pression de l\u2019OGBL ont commenc\u00e9 \u00e0 porter leurs fruits[:] - OGBL\",\"isPartOf\":{\"@id\":\"https:\/\/www.ogbl.lu\/de\/#website\"},\"primaryImageOfPage\":{\"@id\":\"https:\/\/www.ogbl.lu\/communique\/lopposition-et-la-pression-de-logbl-ont-commence-a-porter-leurs-fruits\/#primaryimage\"},\"image\":{\"@id\":\"https:\/\/www.ogbl.lu\/communique\/lopposition-et-la-pression-de-logbl-ont-commence-a-porter-leurs-fruits\/#primaryimage\"},\"thumbnailUrl\":\"https:\/\/www.ogbl.lu\/wp-content\/uploads\/2016\/12\/com_nat_13_12_16-1024x683-1.jpg\",\"datePublished\":\"2016-12-24T10:16:59+00:00\",\"dateModified\":\"2023-06-28T12:43:14+00:00\",\"breadcrumb\":{\"@id\":\"https:\/\/www.ogbl.lu\/communique\/lopposition-et-la-pression-de-logbl-ont-commence-a-porter-leurs-fruits\/#breadcrumb\"},\"inLanguage\":\"de-DE\",\"potentialAction\":[{\"@type\":\"ReadAction\",\"target\":[\"https:\/\/www.ogbl.lu\/communique\/lopposition-et-la-pression-de-logbl-ont-commence-a-porter-leurs-fruits\/\"]}]},{\"@type\":\"ImageObject\",\"inLanguage\":\"de-DE\",\"@id\":\"https:\/\/www.ogbl.lu\/communique\/lopposition-et-la-pression-de-logbl-ont-commence-a-porter-leurs-fruits\/#primaryimage\",\"url\":\"https:\/\/www.ogbl.lu\/wp-content\/uploads\/2016\/12\/com_nat_13_12_16-1024x683-1.jpg\",\"contentUrl\":\"https:\/\/www.ogbl.lu\/wp-content\/uploads\/2016\/12\/com_nat_13_12_16-1024x683-1.jpg\",\"width\":1024,\"height\":683},{\"@type\":\"BreadcrumbList\",\"@id\":\"https:\/\/www.ogbl.lu\/communique\/lopposition-et-la-pression-de-logbl-ont-commence-a-porter-leurs-fruits\/#breadcrumb\",\"itemListElement\":[{\"@type\":\"ListItem\",\"position\":1,\"name\":\"Home\",\"item\":\"https:\/\/www.ogbl.lu\/\"},{\"@type\":\"ListItem\",\"position\":2,\"name\":\"L\u2019opposition et la pression de l\u2019OGBL ont commenc\u00e9 \u00e0 porter leurs fruits\"}]},{\"@type\":\"WebSite\",\"@id\":\"https:\/\/www.ogbl.lu\/de\/#website\",\"url\":\"https:\/\/www.ogbl.lu\/de\/\",\"name\":\"OGBL\",\"description\":\"DIE GEWERKSCHAFT\",\"publisher\":{\"@id\":\"https:\/\/www.ogbl.lu\/de\/#organization\"},\"potentialAction\":[{\"@type\":\"SearchAction\",\"target\":{\"@type\":\"EntryPoint\",\"urlTemplate\":\"https:\/\/www.ogbl.lu\/de\/?s={search_term_string}\"},\"query-input\":\"required name=search_term_string\"}],\"inLanguage\":\"de-DE\"},{\"@type\":\"Organization\",\"@id\":\"https:\/\/www.ogbl.lu\/de\/#organization\",\"name\":\"OGBL\",\"url\":\"https:\/\/www.ogbl.lu\/de\/\",\"logo\":{\"@type\":\"ImageObject\",\"inLanguage\":\"de-DE\",\"@id\":\"https:\/\/www.ogbl.lu\/de\/#\/schema\/logo\/image\/\",\"url\":\"https:\/\/www.ogbl.lu\/wp-content\/uploads\/2024\/07\/LOGO_Red_FR-svg.png\",\"contentUrl\":\"https:\/\/www.ogbl.lu\/wp-content\/uploads\/2024\/07\/LOGO_Red_FR-svg.png\",\"width\":369,\"height\":171,\"caption\":\"OGBL\"},\"image\":{\"@id\":\"https:\/\/www.ogbl.lu\/de\/#\/schema\/logo\/image\/\"}}]}<\/script>\r\n<!-- \/ Yoast SEO plugin. -->","yoast_head_json":{"title":"[:fr]L\u2019opposition et la pression de l\u2019OGBL ont commenc\u00e9 \u00e0 porter leurs fruits[:de]Der Widerstand und der Druck des OGBL haben angefangen Fr\u00fcchte zu tragen[:en]L\u2019opposition et la pression de l\u2019OGBL ont commenc\u00e9 \u00e0 porter leurs fruits[:] - OGBL","robots":{"index":"index","follow":"follow","max-snippet":"max-snippet:-1","max-image-preview":"max-image-preview:large","max-video-preview":"max-video-preview:-1"},"canonical":"https:\/\/www.ogbl.lu\/communique\/lopposition-et-la-pression-de-logbl-ont-commence-a-porter-leurs-fruits\/","og_locale":"de_DE","og_type":"article","og_title":"[:fr]L\u2019opposition et la pression de l\u2019OGBL ont commenc\u00e9 \u00e0 porter leurs fruits[:de]Der Widerstand und der Druck des OGBL haben angefangen Fr\u00fcchte zu tragen[:en]L\u2019opposition et la pression de l\u2019OGBL ont commenc\u00e9 \u00e0 porter leurs fruits[:] - OGBL","og_description":"Der OGBL-Nationalvorstand hat sich am 12. Dezember 2016 in der Maison Syndicale in D\u00fcdelingen getroffen. Auf der Tagesordnung dieser letzten \u2026","og_url":"https:\/\/www.ogbl.lu\/communique\/lopposition-et-la-pression-de-logbl-ont-commence-a-porter-leurs-fruits\/","og_site_name":"OGBL","article_modified_time":"2023-06-28T12:43:14+00:00","og_image":[{"width":1024,"height":683,"url":"https:\/\/www.ogbl.lu\/wp-content\/uploads\/2016\/12\/com_nat_13_12_16-1024x683-1.jpg","type":"image\/jpeg"}],"twitter_card":"summary_large_image","twitter_misc":{"Est. reading time":"13 Minuten"},"schema":{"@context":"https:\/\/schema.org","@graph":[{"@type":"WebPage","@id":"https:\/\/www.ogbl.lu\/communique\/lopposition-et-la-pression-de-logbl-ont-commence-a-porter-leurs-fruits\/","url":"https:\/\/www.ogbl.lu\/communique\/lopposition-et-la-pression-de-logbl-ont-commence-a-porter-leurs-fruits\/","name":"[:fr]L\u2019opposition et la pression de l\u2019OGBL ont commenc\u00e9 \u00e0 porter leurs fruits[:de]Der Widerstand und der Druck des OGBL haben angefangen Fr\u00fcchte zu tragen[:en]L\u2019opposition et la pression de l\u2019OGBL ont commenc\u00e9 \u00e0 porter leurs fruits[:] - OGBL","isPartOf":{"@id":"https:\/\/www.ogbl.lu\/de\/#website"},"primaryImageOfPage":{"@id":"https:\/\/www.ogbl.lu\/communique\/lopposition-et-la-pression-de-logbl-ont-commence-a-porter-leurs-fruits\/#primaryimage"},"image":{"@id":"https:\/\/www.ogbl.lu\/communique\/lopposition-et-la-pression-de-logbl-ont-commence-a-porter-leurs-fruits\/#primaryimage"},"thumbnailUrl":"https:\/\/www.ogbl.lu\/wp-content\/uploads\/2016\/12\/com_nat_13_12_16-1024x683-1.jpg","datePublished":"2016-12-24T10:16:59+00:00","dateModified":"2023-06-28T12:43:14+00:00","breadcrumb":{"@id":"https:\/\/www.ogbl.lu\/communique\/lopposition-et-la-pression-de-logbl-ont-commence-a-porter-leurs-fruits\/#breadcrumb"},"inLanguage":"de-DE","potentialAction":[{"@type":"ReadAction","target":["https:\/\/www.ogbl.lu\/communique\/lopposition-et-la-pression-de-logbl-ont-commence-a-porter-leurs-fruits\/"]}]},{"@type":"ImageObject","inLanguage":"de-DE","@id":"https:\/\/www.ogbl.lu\/communique\/lopposition-et-la-pression-de-logbl-ont-commence-a-porter-leurs-fruits\/#primaryimage","url":"https:\/\/www.ogbl.lu\/wp-content\/uploads\/2016\/12\/com_nat_13_12_16-1024x683-1.jpg","contentUrl":"https:\/\/www.ogbl.lu\/wp-content\/uploads\/2016\/12\/com_nat_13_12_16-1024x683-1.jpg","width":1024,"height":683},{"@type":"BreadcrumbList","@id":"https:\/\/www.ogbl.lu\/communique\/lopposition-et-la-pression-de-logbl-ont-commence-a-porter-leurs-fruits\/#breadcrumb","itemListElement":[{"@type":"ListItem","position":1,"name":"Home","item":"https:\/\/www.ogbl.lu\/"},{"@type":"ListItem","position":2,"name":"L\u2019opposition et la pression de l\u2019OGBL ont commenc\u00e9 \u00e0 porter leurs fruits"}]},{"@type":"WebSite","@id":"https:\/\/www.ogbl.lu\/de\/#website","url":"https:\/\/www.ogbl.lu\/de\/","name":"OGBL","description":"DIE GEWERKSCHAFT","publisher":{"@id":"https:\/\/www.ogbl.lu\/de\/#organization"},"potentialAction":[{"@type":"SearchAction","target":{"@type":"EntryPoint","urlTemplate":"https:\/\/www.ogbl.lu\/de\/?s={search_term_string}"},"query-input":"required name=search_term_string"}],"inLanguage":"de-DE"},{"@type":"Organization","@id":"https:\/\/www.ogbl.lu\/de\/#organization","name":"OGBL","url":"https:\/\/www.ogbl.lu\/de\/","logo":{"@type":"ImageObject","inLanguage":"de-DE","@id":"https:\/\/www.ogbl.lu\/de\/#\/schema\/logo\/image\/","url":"https:\/\/www.ogbl.lu\/wp-content\/uploads\/2024\/07\/LOGO_Red_FR-svg.png","contentUrl":"https:\/\/www.ogbl.lu\/wp-content\/uploads\/2024\/07\/LOGO_Red_FR-svg.png","width":369,"height":171,"caption":"OGBL"},"image":{"@id":"https:\/\/www.ogbl.lu\/de\/#\/schema\/logo\/image\/"}}]}},"_links":{"self":[{"href":"https:\/\/www.ogbl.lu\/de\/wp-json\/wp\/v2\/communiques\/2140"}],"collection":[{"href":"https:\/\/www.ogbl.lu\/de\/wp-json\/wp\/v2\/communiques"}],"about":[{"href":"https:\/\/www.ogbl.lu\/de\/wp-json\/wp\/v2\/types\/communiques"}],"author":[{"embeddable":true,"href":"https:\/\/www.ogbl.lu\/de\/wp-json\/wp\/v2\/users\/1"}],"version-history":[{"count":0,"href":"https:\/\/www.ogbl.lu\/de\/wp-json\/wp\/v2\/communiques\/2140\/revisions"}],"wp:featuredmedia":[{"embeddable":true,"href":"https:\/\/www.ogbl.lu\/de\/wp-json\/wp\/v2\/media\/3971"}],"wp:attachment":[{"href":"https:\/\/www.ogbl.lu\/de\/wp-json\/wp\/v2\/media?parent=2140"}],"wp:term":[{"taxonomy":"categorie_communiques","embeddable":true,"href":"https:\/\/www.ogbl.lu\/de\/wp-json\/wp\/v2\/categorie_communiques?post=2140"},{"taxonomy":"syndicat","embeddable":true,"href":"https:\/\/www.ogbl.lu\/de\/wp-json\/wp\/v2\/syndicat?post=2140"}],"curies":[{"name":"wp","href":"https:\/\/api.w.org\/{rel}","templated":true}]}}