{"id":2127,"date":"2016-11-24T15:45:07","date_gmt":"2016-11-24T14:45:07","guid":{"rendered":"https:\/\/www.ogbl.lu\/communiques\/nentamons-pas-la-revolution-3-0-avec-une-deterioration-en-matiere-de-protection-des-donnees-et-de-surveillance-sur-le-lieu-de-travail"},"modified":"2023-06-29T10:25:21","modified_gmt":"2023-06-29T08:25:21","slug":"nentamons-pas-la-revolution-3-0-avec-une-deterioration-en-matiere-de-protection-des-donnees-et-de-surveillance-sur-le-lieu-de-travail","status":"publish","type":"communiques","link":"https:\/\/www.ogbl.lu\/de\/communique\/nentamons-pas-la-revolution-3-0-avec-une-deterioration-en-matiere-de-protection-des-donnees-et-de-surveillance-sur-le-lieu-de-travail\/","title":{"rendered":"Beginnen wir die Revolution 3.0 nicht mit einer Verschlechterung des Daten- und \u00dcberwachungsschutzes am Arbeitsplatz!"},"content":{"rendered":"<p>Die Regierung hat ein f\u00fcr den OGBL inakzeptables Gesetzesvorhaben auf den Instanzenweg gebracht, das, falls es von der Abgeordnetenkammer gestimmt wird,\u00a0 den Schutz der Privatsph\u00e4re und der individuellen Rechte der Arbeitnehmer drastisch herabsetzen wird.<\/p>\n<p>Es sei daran erinnert, dass das luxemburgische Arbeitsrecht eine \u00dcberwachung am Arbeitsplatz nur in klar definierten F\u00e4llen zul\u00e4sst. Der Artikel L.261-1 des Arbeitsrechts regelt die Erhebung und die Verarbeitung von \u00dcberwachungsdaten auf dem Arbeitsplatz. Das Gesetz grenzt diese auf die folgenden Zielsetzungen ein: auf die Gesundheits- und Sicherheitsbed\u00fcrfnisse der Arbeitnehmer, auf den Schutz der Betriebsg\u00fcter, auf die \u00dcberwachung der maschinellen Produktionsverl\u00e4ufe, auf die zeitbefristete \u00dcberwachung der Arbeitsleistung des Arbeitnehmers, falls dies f\u00fcr die genaue Bestimmung des Arbeitslohns unabk\u00f6mmlich ist, sowie auf Datenerhebung im Rahmen der Arbeitsorganisation mittels gleitender Arbeitszeiten (\u201ehoraires mobiles\u201c). Dar\u00fcber hinaus unterliegen in Betrieben mit \u00fcber 150 Besch\u00e4ftigten die Erhebung und die Verarbeitung von \u00dcberwachungsdaten der parit\u00e4tischen Mitbestimmung.<\/p>\n<p>Das aktuelle (noch g\u00fcltige) Gesetz \u00fcber den Datenschutz verpflichtet jeden Arbeitgeber, der eine Daten\u00fcberwachung einf\u00fchren will, bei der Nationalen Kommission f\u00fcr Datenschutz (CNPD) eine diesbez\u00fcgliche Genehmigung zu beantragen. Erst nach Erhalt der Genehmigung ist es ihm erlaubt, die beantragte \u00dcberwachungst\u00e4tigkeit in die Praxis umzusetzen.<\/p>\n<p>Sowohl die Bestimmungen des Arbeitsrechts, als auch jene des allgemeinen Gesetzes \u00fcber den Datenschutz sind f\u00fcr den Schutz der Privatsph\u00e4re und der individuellen Rechte der Arbeitnehmer von unverzichtbarer Bedeutung. Die Regierung will dieses hohe Prinzip zugunsten des niederen Prinzips der \u201eadministrativen Vereinfachung\u201c abschaffen.<\/p>\n<p>Das Vorsorgeprinzip, n\u00e4mlich die vorhergehende Genehmigung (\u201eautorisation pr\u00e9alable\u201c) durch die Nationale Kommission f\u00fcr Datenschutz, soll abgeschafft werden und durch die Prozedur einer einfachen Mitteilung\u00a0 (\u201enotification\u201c) ersetzt werden. Diese schwerwiegende Abschw\u00e4chung des gesetzlichen Daten- und \u00dcberwachungsschutzes wird T\u00fcr und Tor \u00f6ffnen f\u00fcr Missbr\u00e4uche und h\u00f6hlt die praktische Umsetzung der arbeitsrechtlichen Schutzbestimmungen aus. Das Gleichgewicht zwischen legitimen betrieblichen Interessen und dem Anspruch der Arbeitnehmer auf die Wahrung ihrer schutzw\u00fcrdigen Belange in Bezug auf ihrer Privatsph\u00e4re am Arbeitsplatz wird empfindlich zuungunsten der Arbeitnehmer gest\u00f6rt.<\/p>\n<p>Die vorhergehende Genehmigung durch die CNPD erlaubt insbesondere auch eine Einsch\u00e4tzung der konkreten Bedingungen der \u00dcberwachung, zum Beispiel einer Video\u00fcberwachung: ist die \u00dcberwachung konstant (was nicht erlaubt ist) oder nur punktuell? Inwiefern wird die Privatsph\u00e4re der Arbeitnehmer tangiert? Wie lange werden die gesammelten Daten gespeichert?<\/p>\n<p>Die Aufgabe des Vorsorgeprinzips w\u00fcrde im Klartext bedeuten, dass diese Fragen nicht im Vorfeld gekl\u00e4rt w\u00fcrden, und der Arbeitgeber, vor allem in Betrieben in denen keine gemeinsame Entscheidung des gemischten Betriebsrats n\u00f6tig ist, sich \u00fcber die verschiedenen bestehenden Einschr\u00e4nkungen, insbesondere gegen\u00fcber einer Vollzeit\u00fcberwachung der Arbeitnehmer, auch ihrer Arbeit und ihres Verhaltens, gegen\u00fcber Tonaufnahmen und Nichtl\u00f6schen der gesammelten Daten, einfach hinweg setzen k\u00f6nnte. Dem Arbeitnehmer bliebe, selbst im Fall eines direkten Eingriffs in seine Grundrechte und Freiheiten, nur die Wahl ex post seinen Arbeitgeber bei Nichtrespekt dieser Einschr\u00e4nkungen vor Gericht zu zitieren. Welcher Arbeitnehmer w\u00e4re bereit, das zu tun?<\/p>\n<p>Die Sachlage ist klar. Die Gesetzesvorlage der Regierung wird, wird im Fall ihrer Annahme, sehr gravierende Auswirkungen auf den Schutz der Privatsph\u00e4re der Arbeitnehmer haben. Sie steht im v\u00f6lligen Widerspruch zur urspr\u00fcnglichen Intention des Datenschutzgesetzes, n\u00e4mlich gerade den Schutz der Rechte und Freiheiten der Einzelpersonen zu gew\u00e4hrleisten und einer nicht gerechtfertigten \u00dcberwachung klare Grenzen aufzuweisen.<\/p>\n<p>In Folge einer zunehmenden \u00dcberwachung in allen Lebensbereichen und damit einhergehenden immer st\u00e4rkeren Einschr\u00e4nkung der Privatsph\u00e4re ist es ohnehin verfehlt im Bereich des Datenschutzes den Schwerpunkt auf die \u201eadministrative Vereinfachung\u201c zu legen. Im Gegenteil ist es notwendig, die Ausstattung sowie die Kontroll- und Sanktionsmittel der nationalen Datenschutzkommission zu st\u00e4rken.<\/p>\n<p>Die Regierung hat im Rahmen der sogenannten \u201eRifkin-Studie\u201c die Digitalisierung der Wirtschaft und Gesellschaft als eine \u201eRevolution\u201c zum Wohl und im Interesse des Menschen dargestellt. Eine Verschlechterung des Datenschutzes geht in die andere Richtung.<\/p>\n<p>Der OGBL fordert deshalb die Regierung mit Nachdruck dazu auf, ihre Gesetzesvorlage zum Datenschutz zur\u00fcckzuziehen. Die vorherige Genehmigung in allen Bereichen, u.a. die die mit der \u00dcberwachung am Arbeitsplatz zusammen h\u00e4ngen, muss beibehalten werden.<\/p>\n<p><b>Mitgeteilt vom OGBL<br \/>\nam 24. November 2016<\/b><\/p>","protected":false},"author":1,"featured_media":0,"template":"","categorie_communiques":[41],"syndicat":[],"acf":[],"yoast_head":"<!-- This site is optimized with the Yoast SEO plugin v23.1 - https:\/\/yoast.com\/wordpress\/plugins\/seo\/ -->\r\n<title>Beginnen wir die Revolution 3.0 nicht mit einer Verschlechterung des Daten- und \u00dcberwachungsschutzes am Arbeitsplatz! - OGBL<\/title>\r\n<meta name=\"robots\" content=\"index, follow, max-snippet:-1, max-image-preview:large, max-video-preview:-1\" \/>\r\n<link rel=\"canonical\" href=\"https:\/\/www.ogbl.lu\/communique\/nentamons-pas-la-revolution-3-0-avec-une-deterioration-en-matiere-de-protection-des-donnees-et-de-surveillance-sur-le-lieu-de-travail\/\" \/>\r\n<meta property=\"og:locale\" content=\"de_DE\" \/>\r\n<meta property=\"og:type\" content=\"article\" \/>\r\n<meta property=\"og:title\" content=\"[:fr]N\u2019entamons pas la r\u00e9volution 3.0 avec une d\u00e9t\u00e9rioration en mati\u00e8re de protection des donn\u00e9es et de surveillance sur le lieu de travail![:de]Beginnen wir die Revolution 3.0 nicht mit einer Verschlechterung des Daten- und \u00dcberwachungsschutzes am Arbeitsplatz![:en]N\u2019entamons pas la r\u00e9volution 3.0 avec une d\u00e9t\u00e9rioration en mati\u00e8re de protection des donn\u00e9es et de surveillance sur le lieu de travail![:] - OGBL\" \/>\r\n<meta property=\"og:description\" content=\"Die Regierung hat ein f\u00fcr den OGBL inakzeptables Gesetzesvorhaben auf den Instanzenweg gebracht, das, falls es von der Abgeordnetenkammer gestimmt \u2026\" \/>\r\n<meta property=\"og:url\" content=\"https:\/\/www.ogbl.lu\/communique\/nentamons-pas-la-revolution-3-0-avec-une-deterioration-en-matiere-de-protection-des-donnees-et-de-surveillance-sur-le-lieu-de-travail\/\" \/>\r\n<meta property=\"og:site_name\" content=\"OGBL\" \/>\r\n<meta property=\"article:modified_time\" content=\"2023-06-29T08:25:21+00:00\" \/>\r\n<meta name=\"twitter:card\" content=\"summary_large_image\" \/>\r\n<meta name=\"twitter:label1\" content=\"Est. reading time\" \/>\n\t<meta name=\"twitter:data1\" content=\"8 Minuten\" \/>\r\n<script type=\"application\/ld+json\" class=\"yoast-schema-graph\">{\"@context\":\"https:\/\/schema.org\",\"@graph\":[{\"@type\":\"WebPage\",\"@id\":\"https:\/\/www.ogbl.lu\/communique\/nentamons-pas-la-revolution-3-0-avec-une-deterioration-en-matiere-de-protection-des-donnees-et-de-surveillance-sur-le-lieu-de-travail\/\",\"url\":\"https:\/\/www.ogbl.lu\/communique\/nentamons-pas-la-revolution-3-0-avec-une-deterioration-en-matiere-de-protection-des-donnees-et-de-surveillance-sur-le-lieu-de-travail\/\",\"name\":\"[:fr]N\u2019entamons pas la r\u00e9volution 3.0 avec une d\u00e9t\u00e9rioration en mati\u00e8re de protection des donn\u00e9es et de surveillance sur le lieu de travail![:de]Beginnen wir die Revolution 3.0 nicht mit einer Verschlechterung des Daten- und \u00dcberwachungsschutzes am Arbeitsplatz![:en]N\u2019entamons pas la r\u00e9volution 3.0 avec une d\u00e9t\u00e9rioration en mati\u00e8re de protection des donn\u00e9es et de surveillance sur le lieu de travail![:] - OGBL\",\"isPartOf\":{\"@id\":\"https:\/\/www.ogbl.lu\/de\/#website\"},\"datePublished\":\"2016-11-24T14:45:07+00:00\",\"dateModified\":\"2023-06-29T08:25:21+00:00\",\"breadcrumb\":{\"@id\":\"https:\/\/www.ogbl.lu\/communique\/nentamons-pas-la-revolution-3-0-avec-une-deterioration-en-matiere-de-protection-des-donnees-et-de-surveillance-sur-le-lieu-de-travail\/#breadcrumb\"},\"inLanguage\":\"de-DE\",\"potentialAction\":[{\"@type\":\"ReadAction\",\"target\":[\"https:\/\/www.ogbl.lu\/communique\/nentamons-pas-la-revolution-3-0-avec-une-deterioration-en-matiere-de-protection-des-donnees-et-de-surveillance-sur-le-lieu-de-travail\/\"]}]},{\"@type\":\"BreadcrumbList\",\"@id\":\"https:\/\/www.ogbl.lu\/communique\/nentamons-pas-la-revolution-3-0-avec-une-deterioration-en-matiere-de-protection-des-donnees-et-de-surveillance-sur-le-lieu-de-travail\/#breadcrumb\",\"itemListElement\":[{\"@type\":\"ListItem\",\"position\":1,\"name\":\"Home\",\"item\":\"https:\/\/www.ogbl.lu\/\"},{\"@type\":\"ListItem\",\"position\":2,\"name\":\"N\u2019entamons pas la r\u00e9volution 3.0 avec une d\u00e9t\u00e9rioration en mati\u00e8re de protection des donn\u00e9es et de surveillance sur le lieu de travail!\"}]},{\"@type\":\"WebSite\",\"@id\":\"https:\/\/www.ogbl.lu\/de\/#website\",\"url\":\"https:\/\/www.ogbl.lu\/de\/\",\"name\":\"OGBL\",\"description\":\"DIE GEWERKSCHAFT\",\"publisher\":{\"@id\":\"https:\/\/www.ogbl.lu\/de\/#organization\"},\"potentialAction\":[{\"@type\":\"SearchAction\",\"target\":{\"@type\":\"EntryPoint\",\"urlTemplate\":\"https:\/\/www.ogbl.lu\/de\/?s={search_term_string}\"},\"query-input\":\"required name=search_term_string\"}],\"inLanguage\":\"de-DE\"},{\"@type\":\"Organization\",\"@id\":\"https:\/\/www.ogbl.lu\/de\/#organization\",\"name\":\"OGBL\",\"url\":\"https:\/\/www.ogbl.lu\/de\/\",\"logo\":{\"@type\":\"ImageObject\",\"inLanguage\":\"de-DE\",\"@id\":\"https:\/\/www.ogbl.lu\/de\/#\/schema\/logo\/image\/\",\"url\":\"https:\/\/www.ogbl.lu\/wp-content\/uploads\/2024\/07\/LOGO_Red_FR-svg.png\",\"contentUrl\":\"https:\/\/www.ogbl.lu\/wp-content\/uploads\/2024\/07\/LOGO_Red_FR-svg.png\",\"width\":369,\"height\":171,\"caption\":\"OGBL\"},\"image\":{\"@id\":\"https:\/\/www.ogbl.lu\/de\/#\/schema\/logo\/image\/\"}}]}<\/script>\r\n<!-- \/ Yoast SEO plugin. -->","yoast_head_json":{"title":"[:fr]N\u2019entamons pas la r\u00e9volution 3.0 avec une d\u00e9t\u00e9rioration en mati\u00e8re de protection des donn\u00e9es et de surveillance sur le lieu de travail![:de]Beginnen wir die Revolution 3.0 nicht mit einer Verschlechterung des Daten- und \u00dcberwachungsschutzes am Arbeitsplatz![:en]N\u2019entamons pas la r\u00e9volution 3.0 avec une d\u00e9t\u00e9rioration en mati\u00e8re de protection des donn\u00e9es et de surveillance sur le lieu de travail![:] - OGBL","robots":{"index":"index","follow":"follow","max-snippet":"max-snippet:-1","max-image-preview":"max-image-preview:large","max-video-preview":"max-video-preview:-1"},"canonical":"https:\/\/www.ogbl.lu\/communique\/nentamons-pas-la-revolution-3-0-avec-une-deterioration-en-matiere-de-protection-des-donnees-et-de-surveillance-sur-le-lieu-de-travail\/","og_locale":"de_DE","og_type":"article","og_title":"[:fr]N\u2019entamons pas la r\u00e9volution 3.0 avec une d\u00e9t\u00e9rioration en mati\u00e8re de protection des donn\u00e9es et de surveillance sur le lieu de travail![:de]Beginnen wir die Revolution 3.0 nicht mit einer Verschlechterung des Daten- und \u00dcberwachungsschutzes am Arbeitsplatz![:en]N\u2019entamons pas la r\u00e9volution 3.0 avec une d\u00e9t\u00e9rioration en mati\u00e8re de protection des donn\u00e9es et de surveillance sur le lieu de travail![:] - OGBL","og_description":"Die Regierung hat ein f\u00fcr den OGBL inakzeptables Gesetzesvorhaben auf den Instanzenweg gebracht, das, falls es von der Abgeordnetenkammer gestimmt \u2026","og_url":"https:\/\/www.ogbl.lu\/communique\/nentamons-pas-la-revolution-3-0-avec-une-deterioration-en-matiere-de-protection-des-donnees-et-de-surveillance-sur-le-lieu-de-travail\/","og_site_name":"OGBL","article_modified_time":"2023-06-29T08:25:21+00:00","twitter_card":"summary_large_image","twitter_misc":{"Est. reading time":"8 Minuten"},"schema":{"@context":"https:\/\/schema.org","@graph":[{"@type":"WebPage","@id":"https:\/\/www.ogbl.lu\/communique\/nentamons-pas-la-revolution-3-0-avec-une-deterioration-en-matiere-de-protection-des-donnees-et-de-surveillance-sur-le-lieu-de-travail\/","url":"https:\/\/www.ogbl.lu\/communique\/nentamons-pas-la-revolution-3-0-avec-une-deterioration-en-matiere-de-protection-des-donnees-et-de-surveillance-sur-le-lieu-de-travail\/","name":"[:fr]N\u2019entamons pas la r\u00e9volution 3.0 avec une d\u00e9t\u00e9rioration en mati\u00e8re de protection des donn\u00e9es et de surveillance sur le lieu de travail![:de]Beginnen wir die Revolution 3.0 nicht mit einer Verschlechterung des Daten- und \u00dcberwachungsschutzes am Arbeitsplatz![:en]N\u2019entamons pas la r\u00e9volution 3.0 avec une d\u00e9t\u00e9rioration en mati\u00e8re de protection des donn\u00e9es et de surveillance sur le lieu de travail![:] - OGBL","isPartOf":{"@id":"https:\/\/www.ogbl.lu\/de\/#website"},"datePublished":"2016-11-24T14:45:07+00:00","dateModified":"2023-06-29T08:25:21+00:00","breadcrumb":{"@id":"https:\/\/www.ogbl.lu\/communique\/nentamons-pas-la-revolution-3-0-avec-une-deterioration-en-matiere-de-protection-des-donnees-et-de-surveillance-sur-le-lieu-de-travail\/#breadcrumb"},"inLanguage":"de-DE","potentialAction":[{"@type":"ReadAction","target":["https:\/\/www.ogbl.lu\/communique\/nentamons-pas-la-revolution-3-0-avec-une-deterioration-en-matiere-de-protection-des-donnees-et-de-surveillance-sur-le-lieu-de-travail\/"]}]},{"@type":"BreadcrumbList","@id":"https:\/\/www.ogbl.lu\/communique\/nentamons-pas-la-revolution-3-0-avec-une-deterioration-en-matiere-de-protection-des-donnees-et-de-surveillance-sur-le-lieu-de-travail\/#breadcrumb","itemListElement":[{"@type":"ListItem","position":1,"name":"Home","item":"https:\/\/www.ogbl.lu\/"},{"@type":"ListItem","position":2,"name":"N\u2019entamons pas la r\u00e9volution 3.0 avec une d\u00e9t\u00e9rioration en mati\u00e8re de protection des donn\u00e9es et de surveillance sur le lieu de travail!"}]},{"@type":"WebSite","@id":"https:\/\/www.ogbl.lu\/de\/#website","url":"https:\/\/www.ogbl.lu\/de\/","name":"OGBL","description":"DIE GEWERKSCHAFT","publisher":{"@id":"https:\/\/www.ogbl.lu\/de\/#organization"},"potentialAction":[{"@type":"SearchAction","target":{"@type":"EntryPoint","urlTemplate":"https:\/\/www.ogbl.lu\/de\/?s={search_term_string}"},"query-input":"required name=search_term_string"}],"inLanguage":"de-DE"},{"@type":"Organization","@id":"https:\/\/www.ogbl.lu\/de\/#organization","name":"OGBL","url":"https:\/\/www.ogbl.lu\/de\/","logo":{"@type":"ImageObject","inLanguage":"de-DE","@id":"https:\/\/www.ogbl.lu\/de\/#\/schema\/logo\/image\/","url":"https:\/\/www.ogbl.lu\/wp-content\/uploads\/2024\/07\/LOGO_Red_FR-svg.png","contentUrl":"https:\/\/www.ogbl.lu\/wp-content\/uploads\/2024\/07\/LOGO_Red_FR-svg.png","width":369,"height":171,"caption":"OGBL"},"image":{"@id":"https:\/\/www.ogbl.lu\/de\/#\/schema\/logo\/image\/"}}]}},"_links":{"self":[{"href":"https:\/\/www.ogbl.lu\/de\/wp-json\/wp\/v2\/communiques\/2127"}],"collection":[{"href":"https:\/\/www.ogbl.lu\/de\/wp-json\/wp\/v2\/communiques"}],"about":[{"href":"https:\/\/www.ogbl.lu\/de\/wp-json\/wp\/v2\/types\/communiques"}],"author":[{"embeddable":true,"href":"https:\/\/www.ogbl.lu\/de\/wp-json\/wp\/v2\/users\/1"}],"version-history":[{"count":0,"href":"https:\/\/www.ogbl.lu\/de\/wp-json\/wp\/v2\/communiques\/2127\/revisions"}],"wp:attachment":[{"href":"https:\/\/www.ogbl.lu\/de\/wp-json\/wp\/v2\/media?parent=2127"}],"wp:term":[{"taxonomy":"categorie_communiques","embeddable":true,"href":"https:\/\/www.ogbl.lu\/de\/wp-json\/wp\/v2\/categorie_communiques?post=2127"},{"taxonomy":"syndicat","embeddable":true,"href":"https:\/\/www.ogbl.lu\/de\/wp-json\/wp\/v2\/syndicat?post=2127"}],"curies":[{"name":"wp","href":"https:\/\/api.w.org\/{rel}","templated":true}]}}