{"id":2121,"date":"2016-10-28T10:59:23","date_gmt":"2016-10-28T08:59:23","guid":{"rendered":"https:\/\/www.ogbl.lu\/communiques\/logbl-a-celebre-le-100e-anniversaire-des-syndicats-libres-au-luxembourg-sur-le-campus-de-belval"},"modified":"2023-06-29T10:43:36","modified_gmt":"2023-06-29T08:43:36","slug":"logbl-a-celebre-le-100e-anniversaire-des-syndicats-libres-au-luxembourg-sur-le-campus-de-belval","status":"publish","type":"communiques","link":"https:\/\/www.ogbl.lu\/de\/communique\/logbl-a-celebre-le-100e-anniversaire-des-syndicats-libres-au-luxembourg-sur-le-campus-de-belval\/","title":{"rendered":"Der OGBL hat das 100. Jubili\u00e4um der freien Gewerkschaften in Luxemburg auf dem Campus Belval gefeiert"},"content":{"rendered":"<p>H\u00f6hepunkt der Feierlichkeiten und der laufenden Aktivit\u00e4ten w\u00e4hrend des ganzen Jahres 2016 bei Gelegenheit des 100. Jubil\u00e4ums der freien Gewerkschaften in Luxemburg (1916-2016), war die vom OGBL am 19. Oktober organisierte Akademische Sitzung in der \u201eMaison du Savoir\u201c der Universit\u00e4t Luxemburg, die sich auf Belval befindet.<\/p>\n<ul>\n<li><a title=\"S\u00e9ance acad\u00e9mique \u00ab100 Joer fr\u00e4i Gewerkschaften\u00bb (19 octobre 2016) \u2013 Le discours d\u2018Andr\u00e9 Roeltgen, pr\u00e9sident de l\u2018OGBL\" href=\"https:\/\/www.ogbl.lu\/communique\/discours-dandre-roeltgen-president-de-logbl\" target=\"_blank\" rel=\"noopener\">Die Rede des OGBL-Pr\u00e4sidenten Andr\u00e9 Roeltgen (auf Luxemburgisch)<\/a><\/li>\n<li><a title=\"Expos\u00e9 de Denis Scuto, professeur pour l\u2019Histoire contemporaine luxembourgeoise \u00e0 l\u2019universit\u00e9 du Luxembourg (en luxembourgeois)\" href=\"\/wp-content\/uploads\/2016\/10\/Expose-de-Denis-Scuto.pdf\" target=\"_blank\" rel=\"noopener\">Der Vortrag von Denis Scuto, Professor f\u00fcr luxemburgische zeitgen\u00f6ssische Geschichte an der Universit\u00e4t Luxemburg (auf Luxemburgisch) PDF<\/a><\/li>\n<\/ul>\n<hr \/>\n<p>Die Videoaufnahmen der Akademischen Sitzung werden demn\u00e4chst Online zu sehen sein. Einige Videos sind schon auf der Facebook-Seite des OGBL zu sehen: :<\/p>\n<ul>\n<li><a href=\"https:\/\/www.facebook.com\/ogbl.lu\/videos\/1138880989534567\/\" target=\"_blank\" rel=\"noopener\">Die Rede des OGBL-Pr\u00e4sidenten Andr\u00e9 Roeltgen<\/a><\/li>\n<li><a href=\"https:\/\/www.facebook.com\/ogbl.lu\/videos\/1138902359532430\/\" target=\"_blank\" rel=\"noopener\">Die &#8220;Internationale&#8221; vorgespielt von Andr\u00e9 Mergenthaler<\/a><\/li>\n<li><a href=\"https:\/\/www.facebook.com\/ogbl.lu\/videos\/1138932186196114\/\" target=\"_blank\" rel=\"noopener\">Der Vortrag von Denis Scuto, Professor f\u00fcr luxemburgische zeitgen\u00f6ssische Geschichte an der Universit\u00e4t Luxemburg (auf Luxemburgisch)<\/a><\/li>\n<li><a href=\"https:\/\/business.facebook.com\/ogbl.lu\/videos\/1138971726192160\/\" target=\"_blank\" rel=\"noopener\">Das Lied &#8220;Vollekslidd&#8221; interpretiert von Serge Tonnar<\/a><\/li>\n<\/ul>\n<hr \/>\n<p><center><iframe loading=\"lazy\" src=\"https:\/\/www.youtube.com\/embed\/A5qkNTCsKtI\" width=\"560\" height=\"315\" frameborder=\"0\" allowfullscreen=\"allowfullscreen\"><\/iframe><\/center><\/p>\n<hr \/>\n<p>&nbsp;<\/p>","protected":false},"author":1,"featured_media":3985,"template":"","categorie_communiques":[41],"syndicat":[],"acf":[],"yoast_head":"<!-- This site is optimized with the Yoast SEO plugin v23.1 - https:\/\/yoast.com\/wordpress\/plugins\/seo\/ -->\r\n<title>Der OGBL hat das 100. Jubili\u00e4um der freien Gewerkschaften in Luxemburg auf dem Campus Belval gefeiert - OGBL<\/title>\r\n<meta name=\"robots\" content=\"index, follow, max-snippet:-1, max-image-preview:large, max-video-preview:-1\" \/>\r\n<link rel=\"canonical\" href=\"https:\/\/www.ogbl.lu\/communique\/logbl-a-celebre-le-100e-anniversaire-des-syndicats-libres-au-luxembourg-sur-le-campus-de-belval\/\" \/>\r\n<meta property=\"og:locale\" content=\"de_DE\" \/>\r\n<meta property=\"og:type\" content=\"article\" \/>\r\n<meta property=\"og:title\" content=\"[:fr]L\u2019OGBL a c\u00e9l\u00e9br\u00e9 le 100e anniversaire des syndicats libres au Luxembourg sur le campus de Belval[:de]Der OGBL hat das 100. Jubili\u00e4um der freien Gewerkschaften in Luxemburg auf dem Campus Belval gefeiert[:en]L\u2019OGBL a c\u00e9l\u00e9br\u00e9 le 100e anniversaire des syndicats libres au Luxembourg sur le campus de Belval[:] - OGBL\" \/>\r\n<meta property=\"og:description\" content=\"H\u00f6hepunkt der Feierlichkeiten und der laufenden Aktivit\u00e4ten w\u00e4hrend des ganzen Jahres 2016 bei Gelegenheit des 100. Jubil\u00e4ums der freien Gewerkschaften \u2026\" \/>\r\n<meta property=\"og:url\" content=\"https:\/\/www.ogbl.lu\/communique\/logbl-a-celebre-le-100e-anniversaire-des-syndicats-libres-au-luxembourg-sur-le-campus-de-belval\/\" \/>\r\n<meta property=\"og:site_name\" content=\"OGBL\" \/>\r\n<meta property=\"article:modified_time\" content=\"2023-06-29T08:43:36+00:00\" \/>\r\n<meta property=\"og:image\" content=\"https:\/\/www.ogbl.lu\/wp-content\/uploads\/2016\/10\/OGBL_seance_ac_100ans_belval_2016__0310-scaled.jpg\" \/>\r\n\t<meta property=\"og:image:width\" content=\"2560\" \/>\r\n\t<meta property=\"og:image:height\" content=\"1707\" \/>\r\n\t<meta property=\"og:image:type\" content=\"image\/jpeg\" \/>\r\n<meta name=\"twitter:card\" content=\"summary_large_image\" \/>\r\n<meta name=\"twitter:label1\" content=\"Est. reading time\" \/>\n\t<meta name=\"twitter:data1\" content=\"2 Minuten\" \/>\r\n<script type=\"application\/ld+json\" class=\"yoast-schema-graph\">{\"@context\":\"https:\/\/schema.org\",\"@graph\":[{\"@type\":\"WebPage\",\"@id\":\"https:\/\/www.ogbl.lu\/communique\/logbl-a-celebre-le-100e-anniversaire-des-syndicats-libres-au-luxembourg-sur-le-campus-de-belval\/\",\"url\":\"https:\/\/www.ogbl.lu\/communique\/logbl-a-celebre-le-100e-anniversaire-des-syndicats-libres-au-luxembourg-sur-le-campus-de-belval\/\",\"name\":\"[:fr]L\u2019OGBL a c\u00e9l\u00e9br\u00e9 le 100e anniversaire des syndicats libres au Luxembourg sur le campus de Belval[:de]Der OGBL hat das 100. Jubili\u00e4um der freien Gewerkschaften in Luxemburg auf dem Campus Belval gefeiert[:en]L\u2019OGBL a c\u00e9l\u00e9br\u00e9 le 100e anniversaire des syndicats libres au Luxembourg sur le campus de Belval[:] - OGBL\",\"isPartOf\":{\"@id\":\"https:\/\/www.ogbl.lu\/de\/#website\"},\"primaryImageOfPage\":{\"@id\":\"https:\/\/www.ogbl.lu\/communique\/logbl-a-celebre-le-100e-anniversaire-des-syndicats-libres-au-luxembourg-sur-le-campus-de-belval\/#primaryimage\"},\"image\":{\"@id\":\"https:\/\/www.ogbl.lu\/communique\/logbl-a-celebre-le-100e-anniversaire-des-syndicats-libres-au-luxembourg-sur-le-campus-de-belval\/#primaryimage\"},\"thumbnailUrl\":\"https:\/\/www.ogbl.lu\/wp-content\/uploads\/2016\/10\/OGBL_seance_ac_100ans_belval_2016__0310-scaled.jpg\",\"datePublished\":\"2016-10-28T08:59:23+00:00\",\"dateModified\":\"2023-06-29T08:43:36+00:00\",\"breadcrumb\":{\"@id\":\"https:\/\/www.ogbl.lu\/communique\/logbl-a-celebre-le-100e-anniversaire-des-syndicats-libres-au-luxembourg-sur-le-campus-de-belval\/#breadcrumb\"},\"inLanguage\":\"de-DE\",\"potentialAction\":[{\"@type\":\"ReadAction\",\"target\":[\"https:\/\/www.ogbl.lu\/communique\/logbl-a-celebre-le-100e-anniversaire-des-syndicats-libres-au-luxembourg-sur-le-campus-de-belval\/\"]}]},{\"@type\":\"ImageObject\",\"inLanguage\":\"de-DE\",\"@id\":\"https:\/\/www.ogbl.lu\/communique\/logbl-a-celebre-le-100e-anniversaire-des-syndicats-libres-au-luxembourg-sur-le-campus-de-belval\/#primaryimage\",\"url\":\"https:\/\/www.ogbl.lu\/wp-content\/uploads\/2016\/10\/OGBL_seance_ac_100ans_belval_2016__0310-scaled.jpg\",\"contentUrl\":\"https:\/\/www.ogbl.lu\/wp-content\/uploads\/2016\/10\/OGBL_seance_ac_100ans_belval_2016__0310-scaled.jpg\",\"width\":2560,\"height\":1707},{\"@type\":\"BreadcrumbList\",\"@id\":\"https:\/\/www.ogbl.lu\/communique\/logbl-a-celebre-le-100e-anniversaire-des-syndicats-libres-au-luxembourg-sur-le-campus-de-belval\/#breadcrumb\",\"itemListElement\":[{\"@type\":\"ListItem\",\"position\":1,\"name\":\"Home\",\"item\":\"https:\/\/www.ogbl.lu\/\"},{\"@type\":\"ListItem\",\"position\":2,\"name\":\"L\u2019OGBL a c\u00e9l\u00e9br\u00e9 le 100e anniversaire des syndicats libres au Luxembourg sur le campus de Belval\"}]},{\"@type\":\"WebSite\",\"@id\":\"https:\/\/www.ogbl.lu\/de\/#website\",\"url\":\"https:\/\/www.ogbl.lu\/de\/\",\"name\":\"OGBL\",\"description\":\"DIE GEWERKSCHAFT\",\"publisher\":{\"@id\":\"https:\/\/www.ogbl.lu\/de\/#organization\"},\"potentialAction\":[{\"@type\":\"SearchAction\",\"target\":{\"@type\":\"EntryPoint\",\"urlTemplate\":\"https:\/\/www.ogbl.lu\/de\/?s={search_term_string}\"},\"query-input\":\"required name=search_term_string\"}],\"inLanguage\":\"de-DE\"},{\"@type\":\"Organization\",\"@id\":\"https:\/\/www.ogbl.lu\/de\/#organization\",\"name\":\"OGBL\",\"url\":\"https:\/\/www.ogbl.lu\/de\/\",\"logo\":{\"@type\":\"ImageObject\",\"inLanguage\":\"de-DE\",\"@id\":\"https:\/\/www.ogbl.lu\/de\/#\/schema\/logo\/image\/\",\"url\":\"https:\/\/www.ogbl.lu\/wp-content\/uploads\/2024\/07\/LOGO_Red_FR-svg.png\",\"contentUrl\":\"https:\/\/www.ogbl.lu\/wp-content\/uploads\/2024\/07\/LOGO_Red_FR-svg.png\",\"width\":369,\"height\":171,\"caption\":\"OGBL\"},\"image\":{\"@id\":\"https:\/\/www.ogbl.lu\/de\/#\/schema\/logo\/image\/\"}}]}<\/script>\r\n<!-- \/ Yoast SEO plugin. -->","yoast_head_json":{"title":"[:fr]L\u2019OGBL a c\u00e9l\u00e9br\u00e9 le 100e anniversaire des syndicats libres au Luxembourg sur le campus de Belval[:de]Der OGBL hat das 100. Jubili\u00e4um der freien Gewerkschaften in Luxemburg auf dem Campus Belval gefeiert[:en]L\u2019OGBL a c\u00e9l\u00e9br\u00e9 le 100e anniversaire des syndicats libres au Luxembourg sur le campus de Belval[:] - OGBL","robots":{"index":"index","follow":"follow","max-snippet":"max-snippet:-1","max-image-preview":"max-image-preview:large","max-video-preview":"max-video-preview:-1"},"canonical":"https:\/\/www.ogbl.lu\/communique\/logbl-a-celebre-le-100e-anniversaire-des-syndicats-libres-au-luxembourg-sur-le-campus-de-belval\/","og_locale":"de_DE","og_type":"article","og_title":"[:fr]L\u2019OGBL a c\u00e9l\u00e9br\u00e9 le 100e anniversaire des syndicats libres au Luxembourg sur le campus de Belval[:de]Der OGBL hat das 100. Jubili\u00e4um der freien Gewerkschaften in Luxemburg auf dem Campus Belval gefeiert[:en]L\u2019OGBL a c\u00e9l\u00e9br\u00e9 le 100e anniversaire des syndicats libres au Luxembourg sur le campus de Belval[:] - OGBL","og_description":"H\u00f6hepunkt der Feierlichkeiten und der laufenden Aktivit\u00e4ten w\u00e4hrend des ganzen Jahres 2016 bei Gelegenheit des 100. Jubil\u00e4ums der freien Gewerkschaften \u2026","og_url":"https:\/\/www.ogbl.lu\/communique\/logbl-a-celebre-le-100e-anniversaire-des-syndicats-libres-au-luxembourg-sur-le-campus-de-belval\/","og_site_name":"OGBL","article_modified_time":"2023-06-29T08:43:36+00:00","og_image":[{"width":2560,"height":1707,"url":"https:\/\/www.ogbl.lu\/wp-content\/uploads\/2016\/10\/OGBL_seance_ac_100ans_belval_2016__0310-scaled.jpg","type":"image\/jpeg"}],"twitter_card":"summary_large_image","twitter_misc":{"Est. reading time":"2 Minuten"},"schema":{"@context":"https:\/\/schema.org","@graph":[{"@type":"WebPage","@id":"https:\/\/www.ogbl.lu\/communique\/logbl-a-celebre-le-100e-anniversaire-des-syndicats-libres-au-luxembourg-sur-le-campus-de-belval\/","url":"https:\/\/www.ogbl.lu\/communique\/logbl-a-celebre-le-100e-anniversaire-des-syndicats-libres-au-luxembourg-sur-le-campus-de-belval\/","name":"[:fr]L\u2019OGBL a c\u00e9l\u00e9br\u00e9 le 100e anniversaire des syndicats libres au Luxembourg sur le campus de Belval[:de]Der OGBL hat das 100. Jubili\u00e4um der freien Gewerkschaften in Luxemburg auf dem Campus Belval gefeiert[:en]L\u2019OGBL a c\u00e9l\u00e9br\u00e9 le 100e anniversaire des syndicats libres au Luxembourg sur le campus de Belval[:] - OGBL","isPartOf":{"@id":"https:\/\/www.ogbl.lu\/de\/#website"},"primaryImageOfPage":{"@id":"https:\/\/www.ogbl.lu\/communique\/logbl-a-celebre-le-100e-anniversaire-des-syndicats-libres-au-luxembourg-sur-le-campus-de-belval\/#primaryimage"},"image":{"@id":"https:\/\/www.ogbl.lu\/communique\/logbl-a-celebre-le-100e-anniversaire-des-syndicats-libres-au-luxembourg-sur-le-campus-de-belval\/#primaryimage"},"thumbnailUrl":"https:\/\/www.ogbl.lu\/wp-content\/uploads\/2016\/10\/OGBL_seance_ac_100ans_belval_2016__0310-scaled.jpg","datePublished":"2016-10-28T08:59:23+00:00","dateModified":"2023-06-29T08:43:36+00:00","breadcrumb":{"@id":"https:\/\/www.ogbl.lu\/communique\/logbl-a-celebre-le-100e-anniversaire-des-syndicats-libres-au-luxembourg-sur-le-campus-de-belval\/#breadcrumb"},"inLanguage":"de-DE","potentialAction":[{"@type":"ReadAction","target":["https:\/\/www.ogbl.lu\/communique\/logbl-a-celebre-le-100e-anniversaire-des-syndicats-libres-au-luxembourg-sur-le-campus-de-belval\/"]}]},{"@type":"ImageObject","inLanguage":"de-DE","@id":"https:\/\/www.ogbl.lu\/communique\/logbl-a-celebre-le-100e-anniversaire-des-syndicats-libres-au-luxembourg-sur-le-campus-de-belval\/#primaryimage","url":"https:\/\/www.ogbl.lu\/wp-content\/uploads\/2016\/10\/OGBL_seance_ac_100ans_belval_2016__0310-scaled.jpg","contentUrl":"https:\/\/www.ogbl.lu\/wp-content\/uploads\/2016\/10\/OGBL_seance_ac_100ans_belval_2016__0310-scaled.jpg","width":2560,"height":1707},{"@type":"BreadcrumbList","@id":"https:\/\/www.ogbl.lu\/communique\/logbl-a-celebre-le-100e-anniversaire-des-syndicats-libres-au-luxembourg-sur-le-campus-de-belval\/#breadcrumb","itemListElement":[{"@type":"ListItem","position":1,"name":"Home","item":"https:\/\/www.ogbl.lu\/"},{"@type":"ListItem","position":2,"name":"L\u2019OGBL a c\u00e9l\u00e9br\u00e9 le 100e anniversaire des syndicats libres au Luxembourg sur le campus de Belval"}]},{"@type":"WebSite","@id":"https:\/\/www.ogbl.lu\/de\/#website","url":"https:\/\/www.ogbl.lu\/de\/","name":"OGBL","description":"DIE GEWERKSCHAFT","publisher":{"@id":"https:\/\/www.ogbl.lu\/de\/#organization"},"potentialAction":[{"@type":"SearchAction","target":{"@type":"EntryPoint","urlTemplate":"https:\/\/www.ogbl.lu\/de\/?s={search_term_string}"},"query-input":"required name=search_term_string"}],"inLanguage":"de-DE"},{"@type":"Organization","@id":"https:\/\/www.ogbl.lu\/de\/#organization","name":"OGBL","url":"https:\/\/www.ogbl.lu\/de\/","logo":{"@type":"ImageObject","inLanguage":"de-DE","@id":"https:\/\/www.ogbl.lu\/de\/#\/schema\/logo\/image\/","url":"https:\/\/www.ogbl.lu\/wp-content\/uploads\/2024\/07\/LOGO_Red_FR-svg.png","contentUrl":"https:\/\/www.ogbl.lu\/wp-content\/uploads\/2024\/07\/LOGO_Red_FR-svg.png","width":369,"height":171,"caption":"OGBL"},"image":{"@id":"https:\/\/www.ogbl.lu\/de\/#\/schema\/logo\/image\/"}}]}},"_links":{"self":[{"href":"https:\/\/www.ogbl.lu\/de\/wp-json\/wp\/v2\/communiques\/2121"}],"collection":[{"href":"https:\/\/www.ogbl.lu\/de\/wp-json\/wp\/v2\/communiques"}],"about":[{"href":"https:\/\/www.ogbl.lu\/de\/wp-json\/wp\/v2\/types\/communiques"}],"author":[{"embeddable":true,"href":"https:\/\/www.ogbl.lu\/de\/wp-json\/wp\/v2\/users\/1"}],"version-history":[{"count":0,"href":"https:\/\/www.ogbl.lu\/de\/wp-json\/wp\/v2\/communiques\/2121\/revisions"}],"wp:featuredmedia":[{"embeddable":true,"href":"https:\/\/www.ogbl.lu\/de\/wp-json\/wp\/v2\/media\/3985"}],"wp:attachment":[{"href":"https:\/\/www.ogbl.lu\/de\/wp-json\/wp\/v2\/media?parent=2121"}],"wp:term":[{"taxonomy":"categorie_communiques","embeddable":true,"href":"https:\/\/www.ogbl.lu\/de\/wp-json\/wp\/v2\/categorie_communiques?post=2121"},{"taxonomy":"syndicat","embeddable":true,"href":"https:\/\/www.ogbl.lu\/de\/wp-json\/wp\/v2\/syndicat?post=2121"}],"curies":[{"name":"wp","href":"https:\/\/api.w.org\/{rel}","templated":true}]}}