{"id":2103,"date":"2016-10-03T09:38:27","date_gmt":"2016-10-03T07:38:27","guid":{"rendered":"https:\/\/www.ogbl.lu\/communiques\/future-imposition-des-frontaliers-logbl-reste-dans-lexpectative"},"modified":"2023-05-30T10:06:00","modified_gmt":"2023-05-30T08:06:00","slug":"future-imposition-des-frontaliers-logbl-reste-dans-lexpectative","status":"publish","type":"communiques","link":"https:\/\/www.ogbl.lu\/de\/communique\/future-imposition-des-frontaliers-logbl-reste-dans-lexpectative\/","title":{"rendered":"Zuk\u00fcnftige Besteuerung der Grenzg\u00e4nger: Der OGBL in abwartender Haltung"},"content":{"rendered":"<p><a href=\"https:\/\/www.ogbl.lu\/wp-content\/uploads\/communiques\/rencontre_gramegna_03_10_2016_1.jpg\" target=\"_blank\" rel=\"noopener\"><img decoding=\"async\" class=\"alignleft wp-image-22476\" style=\"border: 0px none;\" src=\"https:\/\/www.ogbl.lu\/wp-content\/uploads\/communiques\/rencontre_gramegna_03_10_2016_1.jpg\" alt=\"rencontre_gramegna_03_10_2016_1\" width=\"300\" \/><\/a>Im Anschluss an die Anfrage des OGBL einer Dringlichkeitssitzung mit dem Finanzminister im Rahmen der zahlreichen aufgekommenen Fragen bez\u00fcglich der Steuerreform und etwas genauer bez\u00fcglich der Zuordnung der Grenzg\u00e4nger in die verschiedenen Steuerklassen, wie sie es die Regierung vorgesehen hat, fand am 3. Oktober 2016 eine Sitzung statt.<\/p>\n<p>Der OGBL nimmt den Willen der Regierung zur Kenntnis, die in Luxemburg wohnenden Arbeitnehmer und die Grenzg\u00e4nger steuerlich gleichzustellen. Der OGBL widersetzt sich nicht dem Bestreben der Regierung nach mehr Steuergerechtigkeit<b>.<\/b> Jedoch k\u00f6nnte der OGBL nicht tollerieren, dass das von der Regierung angegebene Ziel, neue Diskriminierungen schaffe.<\/p>\n<p>Trotz der technischen Erkl\u00e4rungen, die vom Finanzminister w\u00e4hrend des Treffens erl\u00e4utert wurden, stellt der OGBL fest, dass es noch zahlreiche Grauzonen gibt. Der OGBL hat in diesem Zusammenhang auf eine Reihe von steuerlichen und juristischen Problemen hingewiesen, die zurzeit noch nicht aufgekl\u00e4rt sind. Hier die Wichtigsten darunter:<\/p>\n<ul>\n<li>Die Bestrafung der Grenzg\u00e4nger mit niedrigem Einkommen durch die Anwendung eines h\u00f6heren Steuersatzes als bisher<\/li>\n<li>Die Konsequenzen der Verpflichtung f\u00fcr die Grenzg\u00e4nger in Zukunft ihr \u201eglobales Einkommen\u201c zu deklarieren, um in die Steuerklasse 2 eingestuft zu werden<\/li>\n<li>Die unterschiedlichen Folgen f\u00fcr die Grenzg\u00e4nger, je nach Wohnland und je nach Steuerabkommen, das zwischen Luxemburg und ihrem Land abgeschlossen wurde<\/li>\n<li>Die m\u00f6gliche Nicht\u00fcbereinstimmung zwischen den vorgesehenen Ma\u00dfnahmen und den internationalen Regeln (Prinzip der nicht doppelten Besteuerung)<\/li>\n<li>Der enorme Arbeitsaufwand, der auf die luxemburgische Verwaltung zukommt, durch die \u00c4nderung des Paradigma bez\u00fcglich der Steuersituation der Grenzg\u00e4nger.<\/li>\n<\/ul>\n<p><a href=\"https:\/\/www.ogbl.lu\/wp-content\/uploads\/communiques\/rencontre_gramegna_03_10_2016_2.jpg\" target=\"_blank\" rel=\"noopener\"><img loading=\"lazy\" decoding=\"async\" class=\"alignleft\" src=\"https:\/\/www.ogbl.lu\/wp-content\/uploads\/communiques\/rencontre_gramegna_03_10_2016_2.jpg\" alt=\"rencontre_gramegna_03_10_2016_2\" width=\"300\" height=\"225\" \/><\/a>Die Sitzung<b> <\/b>brachte hervor, dass der Paradigmenwechsel, den die Regierung bez\u00fcglich der Besteuerung der Grenzg\u00e4nger herbeif\u00fchren will, extrem komplex ist, insbesondere wegen vier verschiedenen vorhandenen nationalen Gesetzgebungen und unterschiedlichen Impakten der Reform, je nachdem ob die Grenzg\u00e4nger aus Deutschland, Frankreich oder Belgien kommen.<\/p>\n<p>Durch die zahlreichen Fragen, die offen bleiben und die Bedenken, die vom OGBL vorgetragen wurden, hat der Minister vorgeschlagen, eine gemischte Arbeitsgruppe zu gr\u00fcnden, die zum Ziel hat, L\u00f6sungen zu den verschiedenen Problemen zu finden, die hervorgehoben wurden. Diese Arbeitgruppe d\u00fcrfte in den kommenden Wochen entstehen.<\/p>\n<p><b>Mitgeteilt vom OGBL<br \/>\nam 3. Oktober 2016<\/b><b><\/b><\/p>","protected":false},"author":1,"featured_media":4000,"template":"","categorie_communiques":[128,126,127,41],"syndicat":[113,112,100],"acf":[],"yoast_head":"<!-- This site is optimized with the Yoast SEO plugin v23.1 - https:\/\/yoast.com\/wordpress\/plugins\/seo\/ -->\r\n<title>Zuk\u00fcnftige Besteuerung der Grenzg\u00e4nger: Der OGBL in abwartender Haltung - OGBL<\/title>\r\n<meta name=\"robots\" content=\"index, follow, max-snippet:-1, max-image-preview:large, max-video-preview:-1\" \/>\r\n<link rel=\"canonical\" href=\"https:\/\/www.ogbl.lu\/communique\/future-imposition-des-frontaliers-logbl-reste-dans-lexpectative\/\" \/>\r\n<meta property=\"og:locale\" content=\"de_DE\" \/>\r\n<meta property=\"og:type\" content=\"article\" \/>\r\n<meta property=\"og:title\" content=\"[:fr]Future imposition des frontaliers: l\u2019OGBL reste dans l\u2019expectative[:de]Zuk\u00fcnftige Besteuerung der Grenzg\u00e4nger: Der OGBL in abwartender Haltung[:en]Future imposition des frontaliers: l\u2019OGBL reste dans l\u2019expectative[:] - OGBL\" \/>\r\n<meta property=\"og:description\" content=\"Im Anschluss an die Anfrage des OGBL einer Dringlichkeitssitzung mit dem Finanzminister im Rahmen der zahlreichen aufgekommenen Fragen bez\u00fcglich der \u2026\" \/>\r\n<meta property=\"og:url\" content=\"https:\/\/www.ogbl.lu\/communique\/future-imposition-des-frontaliers-logbl-reste-dans-lexpectative\/\" \/>\r\n<meta property=\"og:site_name\" content=\"OGBL\" \/>\r\n<meta property=\"article:modified_time\" content=\"2023-05-30T08:06:00+00:00\" \/>\r\n<meta property=\"og:image\" content=\"https:\/\/www.ogbl.lu\/wp-content\/uploads\/2016\/10\/rencontre_gramegna_03_10_2016_1.jpg\" \/>\r\n\t<meta property=\"og:image:width\" content=\"600\" \/>\r\n\t<meta property=\"og:image:height\" content=\"450\" \/>\r\n\t<meta property=\"og:image:type\" content=\"image\/jpeg\" \/>\r\n<meta name=\"twitter:card\" content=\"summary_large_image\" \/>\r\n<meta name=\"twitter:label1\" content=\"Est. reading time\" \/>\n\t<meta name=\"twitter:data1\" content=\"4 Minuten\" \/>\r\n<script type=\"application\/ld+json\" class=\"yoast-schema-graph\">{\"@context\":\"https:\/\/schema.org\",\"@graph\":[{\"@type\":\"WebPage\",\"@id\":\"https:\/\/www.ogbl.lu\/communique\/future-imposition-des-frontaliers-logbl-reste-dans-lexpectative\/\",\"url\":\"https:\/\/www.ogbl.lu\/communique\/future-imposition-des-frontaliers-logbl-reste-dans-lexpectative\/\",\"name\":\"[:fr]Future imposition des frontaliers: l\u2019OGBL reste dans l\u2019expectative[:de]Zuk\u00fcnftige Besteuerung der Grenzg\u00e4nger: Der OGBL in abwartender Haltung[:en]Future imposition des frontaliers: l\u2019OGBL reste dans l\u2019expectative[:] - OGBL\",\"isPartOf\":{\"@id\":\"https:\/\/www.ogbl.lu\/de\/#website\"},\"primaryImageOfPage\":{\"@id\":\"https:\/\/www.ogbl.lu\/communique\/future-imposition-des-frontaliers-logbl-reste-dans-lexpectative\/#primaryimage\"},\"image\":{\"@id\":\"https:\/\/www.ogbl.lu\/communique\/future-imposition-des-frontaliers-logbl-reste-dans-lexpectative\/#primaryimage\"},\"thumbnailUrl\":\"https:\/\/www.ogbl.lu\/wp-content\/uploads\/2016\/10\/rencontre_gramegna_03_10_2016_1.jpg\",\"datePublished\":\"2016-10-03T07:38:27+00:00\",\"dateModified\":\"2023-05-30T08:06:00+00:00\",\"breadcrumb\":{\"@id\":\"https:\/\/www.ogbl.lu\/communique\/future-imposition-des-frontaliers-logbl-reste-dans-lexpectative\/#breadcrumb\"},\"inLanguage\":\"de-DE\",\"potentialAction\":[{\"@type\":\"ReadAction\",\"target\":[\"https:\/\/www.ogbl.lu\/communique\/future-imposition-des-frontaliers-logbl-reste-dans-lexpectative\/\"]}]},{\"@type\":\"ImageObject\",\"inLanguage\":\"de-DE\",\"@id\":\"https:\/\/www.ogbl.lu\/communique\/future-imposition-des-frontaliers-logbl-reste-dans-lexpectative\/#primaryimage\",\"url\":\"https:\/\/www.ogbl.lu\/wp-content\/uploads\/2016\/10\/rencontre_gramegna_03_10_2016_1.jpg\",\"contentUrl\":\"https:\/\/www.ogbl.lu\/wp-content\/uploads\/2016\/10\/rencontre_gramegna_03_10_2016_1.jpg\",\"width\":600,\"height\":450},{\"@type\":\"BreadcrumbList\",\"@id\":\"https:\/\/www.ogbl.lu\/communique\/future-imposition-des-frontaliers-logbl-reste-dans-lexpectative\/#breadcrumb\",\"itemListElement\":[{\"@type\":\"ListItem\",\"position\":1,\"name\":\"Home\",\"item\":\"https:\/\/www.ogbl.lu\/\"},{\"@type\":\"ListItem\",\"position\":2,\"name\":\"Future imposition des frontaliers: l\u2019OGBL reste dans l\u2019expectative\"}]},{\"@type\":\"WebSite\",\"@id\":\"https:\/\/www.ogbl.lu\/de\/#website\",\"url\":\"https:\/\/www.ogbl.lu\/de\/\",\"name\":\"OGBL\",\"description\":\"DIE GEWERKSCHAFT\",\"publisher\":{\"@id\":\"https:\/\/www.ogbl.lu\/de\/#organization\"},\"potentialAction\":[{\"@type\":\"SearchAction\",\"target\":{\"@type\":\"EntryPoint\",\"urlTemplate\":\"https:\/\/www.ogbl.lu\/de\/?s={search_term_string}\"},\"query-input\":\"required name=search_term_string\"}],\"inLanguage\":\"de-DE\"},{\"@type\":\"Organization\",\"@id\":\"https:\/\/www.ogbl.lu\/de\/#organization\",\"name\":\"OGBL\",\"url\":\"https:\/\/www.ogbl.lu\/de\/\",\"logo\":{\"@type\":\"ImageObject\",\"inLanguage\":\"de-DE\",\"@id\":\"https:\/\/www.ogbl.lu\/de\/#\/schema\/logo\/image\/\",\"url\":\"https:\/\/www.ogbl.lu\/wp-content\/uploads\/2024\/07\/LOGO_Red_FR-svg.png\",\"contentUrl\":\"https:\/\/www.ogbl.lu\/wp-content\/uploads\/2024\/07\/LOGO_Red_FR-svg.png\",\"width\":369,\"height\":171,\"caption\":\"OGBL\"},\"image\":{\"@id\":\"https:\/\/www.ogbl.lu\/de\/#\/schema\/logo\/image\/\"}}]}<\/script>\r\n<!-- \/ Yoast SEO plugin. -->","yoast_head_json":{"title":"[:fr]Future imposition des frontaliers: l\u2019OGBL reste dans l\u2019expectative[:de]Zuk\u00fcnftige Besteuerung der Grenzg\u00e4nger: Der OGBL in abwartender Haltung[:en]Future imposition des frontaliers: l\u2019OGBL reste dans l\u2019expectative[:] - OGBL","robots":{"index":"index","follow":"follow","max-snippet":"max-snippet:-1","max-image-preview":"max-image-preview:large","max-video-preview":"max-video-preview:-1"},"canonical":"https:\/\/www.ogbl.lu\/communique\/future-imposition-des-frontaliers-logbl-reste-dans-lexpectative\/","og_locale":"de_DE","og_type":"article","og_title":"[:fr]Future imposition des frontaliers: l\u2019OGBL reste dans l\u2019expectative[:de]Zuk\u00fcnftige Besteuerung der Grenzg\u00e4nger: Der OGBL in abwartender Haltung[:en]Future imposition des frontaliers: l\u2019OGBL reste dans l\u2019expectative[:] - OGBL","og_description":"Im Anschluss an die Anfrage des OGBL einer Dringlichkeitssitzung mit dem Finanzminister im Rahmen der zahlreichen aufgekommenen Fragen bez\u00fcglich der \u2026","og_url":"https:\/\/www.ogbl.lu\/communique\/future-imposition-des-frontaliers-logbl-reste-dans-lexpectative\/","og_site_name":"OGBL","article_modified_time":"2023-05-30T08:06:00+00:00","og_image":[{"width":600,"height":450,"url":"https:\/\/www.ogbl.lu\/wp-content\/uploads\/2016\/10\/rencontre_gramegna_03_10_2016_1.jpg","type":"image\/jpeg"}],"twitter_card":"summary_large_image","twitter_misc":{"Est. reading time":"4 Minuten"},"schema":{"@context":"https:\/\/schema.org","@graph":[{"@type":"WebPage","@id":"https:\/\/www.ogbl.lu\/communique\/future-imposition-des-frontaliers-logbl-reste-dans-lexpectative\/","url":"https:\/\/www.ogbl.lu\/communique\/future-imposition-des-frontaliers-logbl-reste-dans-lexpectative\/","name":"[:fr]Future imposition des frontaliers: l\u2019OGBL reste dans l\u2019expectative[:de]Zuk\u00fcnftige Besteuerung der Grenzg\u00e4nger: Der OGBL in abwartender Haltung[:en]Future imposition des frontaliers: l\u2019OGBL reste dans l\u2019expectative[:] - OGBL","isPartOf":{"@id":"https:\/\/www.ogbl.lu\/de\/#website"},"primaryImageOfPage":{"@id":"https:\/\/www.ogbl.lu\/communique\/future-imposition-des-frontaliers-logbl-reste-dans-lexpectative\/#primaryimage"},"image":{"@id":"https:\/\/www.ogbl.lu\/communique\/future-imposition-des-frontaliers-logbl-reste-dans-lexpectative\/#primaryimage"},"thumbnailUrl":"https:\/\/www.ogbl.lu\/wp-content\/uploads\/2016\/10\/rencontre_gramegna_03_10_2016_1.jpg","datePublished":"2016-10-03T07:38:27+00:00","dateModified":"2023-05-30T08:06:00+00:00","breadcrumb":{"@id":"https:\/\/www.ogbl.lu\/communique\/future-imposition-des-frontaliers-logbl-reste-dans-lexpectative\/#breadcrumb"},"inLanguage":"de-DE","potentialAction":[{"@type":"ReadAction","target":["https:\/\/www.ogbl.lu\/communique\/future-imposition-des-frontaliers-logbl-reste-dans-lexpectative\/"]}]},{"@type":"ImageObject","inLanguage":"de-DE","@id":"https:\/\/www.ogbl.lu\/communique\/future-imposition-des-frontaliers-logbl-reste-dans-lexpectative\/#primaryimage","url":"https:\/\/www.ogbl.lu\/wp-content\/uploads\/2016\/10\/rencontre_gramegna_03_10_2016_1.jpg","contentUrl":"https:\/\/www.ogbl.lu\/wp-content\/uploads\/2016\/10\/rencontre_gramegna_03_10_2016_1.jpg","width":600,"height":450},{"@type":"BreadcrumbList","@id":"https:\/\/www.ogbl.lu\/communique\/future-imposition-des-frontaliers-logbl-reste-dans-lexpectative\/#breadcrumb","itemListElement":[{"@type":"ListItem","position":1,"name":"Home","item":"https:\/\/www.ogbl.lu\/"},{"@type":"ListItem","position":2,"name":"Future imposition des frontaliers: l\u2019OGBL reste dans l\u2019expectative"}]},{"@type":"WebSite","@id":"https:\/\/www.ogbl.lu\/de\/#website","url":"https:\/\/www.ogbl.lu\/de\/","name":"OGBL","description":"DIE GEWERKSCHAFT","publisher":{"@id":"https:\/\/www.ogbl.lu\/de\/#organization"},"potentialAction":[{"@type":"SearchAction","target":{"@type":"EntryPoint","urlTemplate":"https:\/\/www.ogbl.lu\/de\/?s={search_term_string}"},"query-input":"required name=search_term_string"}],"inLanguage":"de-DE"},{"@type":"Organization","@id":"https:\/\/www.ogbl.lu\/de\/#organization","name":"OGBL","url":"https:\/\/www.ogbl.lu\/de\/","logo":{"@type":"ImageObject","inLanguage":"de-DE","@id":"https:\/\/www.ogbl.lu\/de\/#\/schema\/logo\/image\/","url":"https:\/\/www.ogbl.lu\/wp-content\/uploads\/2024\/07\/LOGO_Red_FR-svg.png","contentUrl":"https:\/\/www.ogbl.lu\/wp-content\/uploads\/2024\/07\/LOGO_Red_FR-svg.png","width":369,"height":171,"caption":"OGBL"},"image":{"@id":"https:\/\/www.ogbl.lu\/de\/#\/schema\/logo\/image\/"}}]}},"_links":{"self":[{"href":"https:\/\/www.ogbl.lu\/de\/wp-json\/wp\/v2\/communiques\/2103"}],"collection":[{"href":"https:\/\/www.ogbl.lu\/de\/wp-json\/wp\/v2\/communiques"}],"about":[{"href":"https:\/\/www.ogbl.lu\/de\/wp-json\/wp\/v2\/types\/communiques"}],"author":[{"embeddable":true,"href":"https:\/\/www.ogbl.lu\/de\/wp-json\/wp\/v2\/users\/1"}],"version-history":[{"count":0,"href":"https:\/\/www.ogbl.lu\/de\/wp-json\/wp\/v2\/communiques\/2103\/revisions"}],"wp:featuredmedia":[{"embeddable":true,"href":"https:\/\/www.ogbl.lu\/de\/wp-json\/wp\/v2\/media\/4000"}],"wp:attachment":[{"href":"https:\/\/www.ogbl.lu\/de\/wp-json\/wp\/v2\/media?parent=2103"}],"wp:term":[{"taxonomy":"categorie_communiques","embeddable":true,"href":"https:\/\/www.ogbl.lu\/de\/wp-json\/wp\/v2\/categorie_communiques?post=2103"},{"taxonomy":"syndicat","embeddable":true,"href":"https:\/\/www.ogbl.lu\/de\/wp-json\/wp\/v2\/syndicat?post=2103"}],"curies":[{"name":"wp","href":"https:\/\/api.w.org\/{rel}","templated":true}]}}