{"id":2063,"date":"2016-07-01T11:50:57","date_gmt":"2016-07-01T09:50:57","guid":{"rendered":"https:\/\/www.ogbl.lu\/communiques\/un-congres-extraordinaire-pour-reformer-les-statuts-de-logbl"},"modified":"2023-06-30T09:54:21","modified_gmt":"2023-06-30T07:54:21","slug":"un-congres-extraordinaire-pour-reformer-les-statuts-de-logbl","status":"publish","type":"communiques","link":"https:\/\/www.ogbl.lu\/de\/communique\/un-congres-extraordinaire-pour-reformer-les-statuts-de-logbl\/","title":{"rendered":"Ein au\u00dferordentlicher Kongress, um die OGBL-Statuten zu reformieren"},"content":{"rendered":"<p><a href=\"https:\/\/www.ogbl.lu\/wp-content\/uploads\/communiques\/OGBL_Kongress_2014_vignette.jpg\"><img loading=\"lazy\" decoding=\"async\" class=\"alignleft size-full wp-image-22076\" src=\"https:\/\/www.ogbl.lu\/wp-content\/uploads\/communiques\/OGBL_Kongress_2014_vignette.jpg\" alt=\"OGBL_Kongress_2014_vignette\" width=\"150\" height=\"150\" \/><\/a>Am Samstag, dem 2. Juli findet ein au\u00dferordentlicher Kongress des OGBL im Plenarsaal (\u201eH\u00e9micycle\u201c) des Konferenzzentrums in Kirchberg statt. Etwa 400 effektive Delegierte, die s\u00e4mtliche OGBL-Strukturen vertreten, werden \u00fcber eine OGBL-Statutenreform befinden.<\/p>\n<p>Im Dezember 2014, beim letzten ordentlichen OGBL-Kongress, hatten die anwesenden Delegierten eine Resolution gutgehei\u00dfen, in der es hie\u00df, dass eine umfassende Reflexion \u00fcber die interne Organisation des Gewerkschaftsbundes durchgef\u00fchrt werde \u2013 seine St\u00e4rken und seine Schw\u00e4chen \u2013 mit dem Ziel seine Dynamik, in einer Welt, die st\u00e4ndig in Bewegung ist, wiederaufzuwerten und zu st\u00e4rken. Nach \u00fcber einem Jahr an Vorbereitungsarbeiten, gekennzeichnet durch angeregte interne Diskussionen, an denen s\u00e4mtliche Strukturen beteiligt waren, hat eine statutarische Kommission vor einigen Monaten einen Reformvorschlag formuliert, der am 2. Juli den effektiven Delegierten beim Kongress zur Abstimmung vorgelegt wird, dies mit dem Ziel, aus dem OGBL mehr denn je, die Gewerkschaft der Zukunft zu machen.<\/p>\n<p>Unter den gro\u00dfen Themen die w\u00e4hrend des Kongresses zur Debatte stehen werden befinden sich die Organisation der OGBL-Strukturen, die Berufssyndikate und ihre Tarifpolitik, die Finanzierung des OGBL und schlie\u00dflich die Rechte und Pflichten der Mitglieder.<\/p>\n<p>Dar\u00fcber hinaus wird der Kongress eine Resolution bez\u00fcglich der politischen Aktualit\u00e4t verabschieden.<\/p>\n<p>Wenn die Geschichte der freien Gewerkschaftsbewegung in Luxemburg, die in diesem Jahr ihr hundertstes Jubil\u00e4um feiert, und deren w\u00fcrdiger Erbe der OGBL ist, eine Geschichte gewerkschaftlicher K\u00e4mpfe ist, so ist sie auch eine Geschichte der st\u00e4ndigen Um\u00e4nderungen, um sich den neuen Gegebenheiten der Welt \u00a0anzupassen.<\/p>\n<p><b>Mitgeteilt vom OGBL<br \/>\nam 1. Juli 2016 <\/b><\/p>","protected":false},"author":1,"featured_media":4031,"template":"","categorie_communiques":[41],"syndicat":[],"acf":[],"yoast_head":"<!-- This site is optimized with the Yoast SEO plugin v23.1 - https:\/\/yoast.com\/wordpress\/plugins\/seo\/ -->\r\n<title>Ein au\u00dferordentlicher Kongress, um die OGBL-Statuten zu reformieren - OGBL<\/title>\r\n<meta name=\"robots\" content=\"index, follow, max-snippet:-1, max-image-preview:large, max-video-preview:-1\" \/>\r\n<link rel=\"canonical\" href=\"https:\/\/www.ogbl.lu\/communique\/un-congres-extraordinaire-pour-reformer-les-statuts-de-logbl\/\" \/>\r\n<meta property=\"og:locale\" content=\"de_DE\" \/>\r\n<meta property=\"og:type\" content=\"article\" \/>\r\n<meta property=\"og:title\" content=\"[:fr]Un Congr\u00e8s extraordinaire pour r\u00e9former les statuts de l\u2019OGBL[:de]Ein au\u00dferordentlicher Kongress, um die OGBL-Statuten zu reformieren[:en]Un Congr\u00e8s extraordinaire pour r\u00e9former les statuts de l\u2019OGBL[:] - OGBL\" \/>\r\n<meta property=\"og:description\" content=\"Am Samstag, dem 2. Juli findet ein au\u00dferordentlicher Kongress des OGBL im Plenarsaal (\u201eH\u00e9micycle\u201c) des Konferenzzentrums in Kirchberg statt. Etwa \u2026\" \/>\r\n<meta property=\"og:url\" content=\"https:\/\/www.ogbl.lu\/communique\/un-congres-extraordinaire-pour-reformer-les-statuts-de-logbl\/\" \/>\r\n<meta property=\"og:site_name\" content=\"OGBL\" \/>\r\n<meta property=\"article:modified_time\" content=\"2023-06-30T07:54:21+00:00\" \/>\r\n<meta property=\"og:image\" content=\"https:\/\/www.ogbl.lu\/wp-content\/uploads\/2016\/07\/OGBL_Kongress_2014_vignette.jpg\" \/>\r\n\t<meta property=\"og:image:width\" content=\"150\" \/>\r\n\t<meta property=\"og:image:height\" content=\"150\" \/>\r\n\t<meta property=\"og:image:type\" content=\"image\/jpeg\" \/>\r\n<meta name=\"twitter:card\" content=\"summary_large_image\" \/>\r\n<meta name=\"twitter:label1\" content=\"Est. reading time\" \/>\n\t<meta name=\"twitter:data1\" content=\"3 Minuten\" \/>\r\n<script type=\"application\/ld+json\" class=\"yoast-schema-graph\">{\"@context\":\"https:\/\/schema.org\",\"@graph\":[{\"@type\":\"WebPage\",\"@id\":\"https:\/\/www.ogbl.lu\/communique\/un-congres-extraordinaire-pour-reformer-les-statuts-de-logbl\/\",\"url\":\"https:\/\/www.ogbl.lu\/communique\/un-congres-extraordinaire-pour-reformer-les-statuts-de-logbl\/\",\"name\":\"[:fr]Un Congr\u00e8s extraordinaire pour r\u00e9former les statuts de l\u2019OGBL[:de]Ein au\u00dferordentlicher Kongress, um die OGBL-Statuten zu reformieren[:en]Un Congr\u00e8s extraordinaire pour r\u00e9former les statuts de l\u2019OGBL[:] - OGBL\",\"isPartOf\":{\"@id\":\"https:\/\/www.ogbl.lu\/de\/#website\"},\"primaryImageOfPage\":{\"@id\":\"https:\/\/www.ogbl.lu\/communique\/un-congres-extraordinaire-pour-reformer-les-statuts-de-logbl\/#primaryimage\"},\"image\":{\"@id\":\"https:\/\/www.ogbl.lu\/communique\/un-congres-extraordinaire-pour-reformer-les-statuts-de-logbl\/#primaryimage\"},\"thumbnailUrl\":\"https:\/\/www.ogbl.lu\/wp-content\/uploads\/2016\/07\/OGBL_Kongress_2014_vignette.jpg\",\"datePublished\":\"2016-07-01T09:50:57+00:00\",\"dateModified\":\"2023-06-30T07:54:21+00:00\",\"breadcrumb\":{\"@id\":\"https:\/\/www.ogbl.lu\/communique\/un-congres-extraordinaire-pour-reformer-les-statuts-de-logbl\/#breadcrumb\"},\"inLanguage\":\"de-DE\",\"potentialAction\":[{\"@type\":\"ReadAction\",\"target\":[\"https:\/\/www.ogbl.lu\/communique\/un-congres-extraordinaire-pour-reformer-les-statuts-de-logbl\/\"]}]},{\"@type\":\"ImageObject\",\"inLanguage\":\"de-DE\",\"@id\":\"https:\/\/www.ogbl.lu\/communique\/un-congres-extraordinaire-pour-reformer-les-statuts-de-logbl\/#primaryimage\",\"url\":\"https:\/\/www.ogbl.lu\/wp-content\/uploads\/2016\/07\/OGBL_Kongress_2014_vignette.jpg\",\"contentUrl\":\"https:\/\/www.ogbl.lu\/wp-content\/uploads\/2016\/07\/OGBL_Kongress_2014_vignette.jpg\",\"width\":150,\"height\":150},{\"@type\":\"BreadcrumbList\",\"@id\":\"https:\/\/www.ogbl.lu\/communique\/un-congres-extraordinaire-pour-reformer-les-statuts-de-logbl\/#breadcrumb\",\"itemListElement\":[{\"@type\":\"ListItem\",\"position\":1,\"name\":\"Home\",\"item\":\"https:\/\/www.ogbl.lu\/\"},{\"@type\":\"ListItem\",\"position\":2,\"name\":\"Un Congr\u00e8s extraordinaire pour r\u00e9former les statuts de l\u2019OGBL\"}]},{\"@type\":\"WebSite\",\"@id\":\"https:\/\/www.ogbl.lu\/de\/#website\",\"url\":\"https:\/\/www.ogbl.lu\/de\/\",\"name\":\"OGBL\",\"description\":\"DIE GEWERKSCHAFT\",\"publisher\":{\"@id\":\"https:\/\/www.ogbl.lu\/de\/#organization\"},\"potentialAction\":[{\"@type\":\"SearchAction\",\"target\":{\"@type\":\"EntryPoint\",\"urlTemplate\":\"https:\/\/www.ogbl.lu\/de\/?s={search_term_string}\"},\"query-input\":\"required name=search_term_string\"}],\"inLanguage\":\"de-DE\"},{\"@type\":\"Organization\",\"@id\":\"https:\/\/www.ogbl.lu\/de\/#organization\",\"name\":\"OGBL\",\"url\":\"https:\/\/www.ogbl.lu\/de\/\",\"logo\":{\"@type\":\"ImageObject\",\"inLanguage\":\"de-DE\",\"@id\":\"https:\/\/www.ogbl.lu\/de\/#\/schema\/logo\/image\/\",\"url\":\"https:\/\/www.ogbl.lu\/wp-content\/uploads\/2024\/07\/LOGO_Red_FR-svg.png\",\"contentUrl\":\"https:\/\/www.ogbl.lu\/wp-content\/uploads\/2024\/07\/LOGO_Red_FR-svg.png\",\"width\":369,\"height\":171,\"caption\":\"OGBL\"},\"image\":{\"@id\":\"https:\/\/www.ogbl.lu\/de\/#\/schema\/logo\/image\/\"}}]}<\/script>\r\n<!-- \/ Yoast SEO plugin. -->","yoast_head_json":{"title":"[:fr]Un Congr\u00e8s extraordinaire pour r\u00e9former les statuts de l\u2019OGBL[:de]Ein au\u00dferordentlicher Kongress, um die OGBL-Statuten zu reformieren[:en]Un Congr\u00e8s extraordinaire pour r\u00e9former les statuts de l\u2019OGBL[:] - OGBL","robots":{"index":"index","follow":"follow","max-snippet":"max-snippet:-1","max-image-preview":"max-image-preview:large","max-video-preview":"max-video-preview:-1"},"canonical":"https:\/\/www.ogbl.lu\/communique\/un-congres-extraordinaire-pour-reformer-les-statuts-de-logbl\/","og_locale":"de_DE","og_type":"article","og_title":"[:fr]Un Congr\u00e8s extraordinaire pour r\u00e9former les statuts de l\u2019OGBL[:de]Ein au\u00dferordentlicher Kongress, um die OGBL-Statuten zu reformieren[:en]Un Congr\u00e8s extraordinaire pour r\u00e9former les statuts de l\u2019OGBL[:] - OGBL","og_description":"Am Samstag, dem 2. Juli findet ein au\u00dferordentlicher Kongress des OGBL im Plenarsaal (\u201eH\u00e9micycle\u201c) des Konferenzzentrums in Kirchberg statt. Etwa \u2026","og_url":"https:\/\/www.ogbl.lu\/communique\/un-congres-extraordinaire-pour-reformer-les-statuts-de-logbl\/","og_site_name":"OGBL","article_modified_time":"2023-06-30T07:54:21+00:00","og_image":[{"width":150,"height":150,"url":"https:\/\/www.ogbl.lu\/wp-content\/uploads\/2016\/07\/OGBL_Kongress_2014_vignette.jpg","type":"image\/jpeg"}],"twitter_card":"summary_large_image","twitter_misc":{"Est. reading time":"3 Minuten"},"schema":{"@context":"https:\/\/schema.org","@graph":[{"@type":"WebPage","@id":"https:\/\/www.ogbl.lu\/communique\/un-congres-extraordinaire-pour-reformer-les-statuts-de-logbl\/","url":"https:\/\/www.ogbl.lu\/communique\/un-congres-extraordinaire-pour-reformer-les-statuts-de-logbl\/","name":"[:fr]Un Congr\u00e8s extraordinaire pour r\u00e9former les statuts de l\u2019OGBL[:de]Ein au\u00dferordentlicher Kongress, um die OGBL-Statuten zu reformieren[:en]Un Congr\u00e8s extraordinaire pour r\u00e9former les statuts de l\u2019OGBL[:] - OGBL","isPartOf":{"@id":"https:\/\/www.ogbl.lu\/de\/#website"},"primaryImageOfPage":{"@id":"https:\/\/www.ogbl.lu\/communique\/un-congres-extraordinaire-pour-reformer-les-statuts-de-logbl\/#primaryimage"},"image":{"@id":"https:\/\/www.ogbl.lu\/communique\/un-congres-extraordinaire-pour-reformer-les-statuts-de-logbl\/#primaryimage"},"thumbnailUrl":"https:\/\/www.ogbl.lu\/wp-content\/uploads\/2016\/07\/OGBL_Kongress_2014_vignette.jpg","datePublished":"2016-07-01T09:50:57+00:00","dateModified":"2023-06-30T07:54:21+00:00","breadcrumb":{"@id":"https:\/\/www.ogbl.lu\/communique\/un-congres-extraordinaire-pour-reformer-les-statuts-de-logbl\/#breadcrumb"},"inLanguage":"de-DE","potentialAction":[{"@type":"ReadAction","target":["https:\/\/www.ogbl.lu\/communique\/un-congres-extraordinaire-pour-reformer-les-statuts-de-logbl\/"]}]},{"@type":"ImageObject","inLanguage":"de-DE","@id":"https:\/\/www.ogbl.lu\/communique\/un-congres-extraordinaire-pour-reformer-les-statuts-de-logbl\/#primaryimage","url":"https:\/\/www.ogbl.lu\/wp-content\/uploads\/2016\/07\/OGBL_Kongress_2014_vignette.jpg","contentUrl":"https:\/\/www.ogbl.lu\/wp-content\/uploads\/2016\/07\/OGBL_Kongress_2014_vignette.jpg","width":150,"height":150},{"@type":"BreadcrumbList","@id":"https:\/\/www.ogbl.lu\/communique\/un-congres-extraordinaire-pour-reformer-les-statuts-de-logbl\/#breadcrumb","itemListElement":[{"@type":"ListItem","position":1,"name":"Home","item":"https:\/\/www.ogbl.lu\/"},{"@type":"ListItem","position":2,"name":"Un Congr\u00e8s extraordinaire pour r\u00e9former les statuts de l\u2019OGBL"}]},{"@type":"WebSite","@id":"https:\/\/www.ogbl.lu\/de\/#website","url":"https:\/\/www.ogbl.lu\/de\/","name":"OGBL","description":"DIE GEWERKSCHAFT","publisher":{"@id":"https:\/\/www.ogbl.lu\/de\/#organization"},"potentialAction":[{"@type":"SearchAction","target":{"@type":"EntryPoint","urlTemplate":"https:\/\/www.ogbl.lu\/de\/?s={search_term_string}"},"query-input":"required name=search_term_string"}],"inLanguage":"de-DE"},{"@type":"Organization","@id":"https:\/\/www.ogbl.lu\/de\/#organization","name":"OGBL","url":"https:\/\/www.ogbl.lu\/de\/","logo":{"@type":"ImageObject","inLanguage":"de-DE","@id":"https:\/\/www.ogbl.lu\/de\/#\/schema\/logo\/image\/","url":"https:\/\/www.ogbl.lu\/wp-content\/uploads\/2024\/07\/LOGO_Red_FR-svg.png","contentUrl":"https:\/\/www.ogbl.lu\/wp-content\/uploads\/2024\/07\/LOGO_Red_FR-svg.png","width":369,"height":171,"caption":"OGBL"},"image":{"@id":"https:\/\/www.ogbl.lu\/de\/#\/schema\/logo\/image\/"}}]}},"_links":{"self":[{"href":"https:\/\/www.ogbl.lu\/de\/wp-json\/wp\/v2\/communiques\/2063"}],"collection":[{"href":"https:\/\/www.ogbl.lu\/de\/wp-json\/wp\/v2\/communiques"}],"about":[{"href":"https:\/\/www.ogbl.lu\/de\/wp-json\/wp\/v2\/types\/communiques"}],"author":[{"embeddable":true,"href":"https:\/\/www.ogbl.lu\/de\/wp-json\/wp\/v2\/users\/1"}],"version-history":[{"count":0,"href":"https:\/\/www.ogbl.lu\/de\/wp-json\/wp\/v2\/communiques\/2063\/revisions"}],"wp:featuredmedia":[{"embeddable":true,"href":"https:\/\/www.ogbl.lu\/de\/wp-json\/wp\/v2\/media\/4031"}],"wp:attachment":[{"href":"https:\/\/www.ogbl.lu\/de\/wp-json\/wp\/v2\/media?parent=2063"}],"wp:term":[{"taxonomy":"categorie_communiques","embeddable":true,"href":"https:\/\/www.ogbl.lu\/de\/wp-json\/wp\/v2\/categorie_communiques?post=2063"},{"taxonomy":"syndicat","embeddable":true,"href":"https:\/\/www.ogbl.lu\/de\/wp-json\/wp\/v2\/syndicat?post=2063"}],"curies":[{"name":"wp","href":"https:\/\/api.w.org\/{rel}","templated":true}]}}