{"id":2012,"date":"2016-04-07T13:24:41","date_gmt":"2016-04-07T11:24:41","guid":{"rendered":"https:\/\/www.ogbl.lu\/communiques\/les-jeunes-de-logbl-solidaires-avec-les-manifestant-e-s-en-france-qui-luttent-contre-le-demontage-du-code-du-travail"},"modified":"2023-05-24T14:18:58","modified_gmt":"2023-05-24T12:18:58","slug":"les-jeunes-de-logbl-solidaires-avec-les-manifestant-e-s-en-france-qui-luttent-contre-le-demontage-du-code-du-travail","status":"publish","type":"communiques","link":"https:\/\/www.ogbl.lu\/de\/communique\/les-jeunes-de-logbl-solidaires-avec-les-manifestant-e-s-en-france-qui-luttent-contre-le-demontage-du-code-du-travail\/","title":{"rendered":"OGBL-Jugend solidarisch mit Demonstrant(inn)en in Frankreich, die gegen die Demontage des Arbeitsgesetzbuches k\u00e4mpfen"},"content":{"rendered":"<p><a href=\"https:\/\/www.ogbl.lu\/wp-content\/uploads\/communiques\/logo_jeunes_fr.gif\"><img loading=\"lazy\" decoding=\"async\" class=\"alignleft size-full wp-image-10900\" src=\"https:\/\/www.ogbl.lu\/wp-content\/uploads\/communiques\/logo_jeunes_fr.gif\" alt=\"logo_jeunes_fr\" width=\"250\" height=\"104\" \/><\/a>Die franz\u00f6sischen Gewerkschaften hatten s\u00e4mtliche Arbeitnehmer, angefangen bei denen die keine Arbeit haben, \u00fcber Studenten, Sch\u00fcler und Rentner, dazu aufgerufen, sich f\u00fcr den Streik zu mobilisieren und zahlreich an den Kundgebungen vom 31. M\u00e4rz teilzunehmen, bei denen es darum ging, das Gesetzesprojekt \u201eEl Khomri\u201c zur\u00fcckzuziehen.<br \/>\nAngesichts dieses neuen Angriffs, der von der Arbeitgeberschaft und der franz\u00f6sischen Regierung inszeniert wurde, und der sich gegen die kollektiven Garantien wendet, sagten hunderttausende von Demonstranten (unter ihnen zahlreiche junge Militanten) NEIN.<br \/>\nSie sagen NEIN zu diesen Reformen die die Forderungen des Patronats buchst\u00e4blich \u00fcbernehmen, und die zum Ziel eine immer gr\u00f6\u00dfere Flexibilit\u00e4t und soziale<br \/>\nUnsicherheit haben.<br \/>\nDieses Gesetzesprojekt ist gef\u00e4hrlich. Es wird das franz\u00f6sische Arbeitsgesetzbuch tief greifend ver\u00e4ndern. Es wird vor allem den Schutz gegen Entlassungen schw\u00e4chen, indem sie den Arbeitnehmer(inne)n eine hohe Flexibilit\u00e4t ohne jegliche Gegenleistung abverlangt. Dar\u00fcber hinaus wird die gewerkschaftliche Vertretung innerhalb der Betriebe geschw\u00e4cht.<br \/>\nDiese Bedrohungen bestehen auch in Luxemburg. Erinnern wir einfach nur an die Haltung der UEL im Rahmen des Dossiers \u00fcber die Arbeitszeit. Die UEL m\u00f6chte eine Reform aufzwingen, die eine immer gr\u00f6\u00dfere Flexibilit\u00e4t bei den Arbeitszeiten mit sich bringt, und das zum Nachteil der Arbeitnehmer(innen).<br \/>\nDer Kampf, den die Demonstant(inn)en in Frankreich f\u00fchren, betrifft uns auch in Luxemburg. Und die OGBL-Jugend sagt NEIN zum Gesetzesprojekt \u201eEl Khomri\u201c indem sie den franz\u00f6sischen Demonstrant(inn)en ihre volle Solidarit\u00e4t ausdr\u00fccken.<\/p>","protected":false},"author":1,"featured_media":4071,"template":"","categorie_communiques":[132],"syndicat":[120],"acf":[],"yoast_head":"<!-- This site is optimized with the Yoast SEO plugin v23.1 - https:\/\/yoast.com\/wordpress\/plugins\/seo\/ -->\r\n<title>OGBL-Jugend solidarisch mit Demonstrant(inn)en in Frankreich, die gegen die Demontage des Arbeitsgesetzbuches k\u00e4mpfen - OGBL<\/title>\r\n<meta name=\"robots\" content=\"index, follow, max-snippet:-1, max-image-preview:large, max-video-preview:-1\" \/>\r\n<link rel=\"canonical\" href=\"https:\/\/www.ogbl.lu\/communique\/les-jeunes-de-logbl-solidaires-avec-les-manifestant-e-s-en-france-qui-luttent-contre-le-demontage-du-code-du-travail\/\" \/>\r\n<meta property=\"og:locale\" content=\"de_DE\" \/>\r\n<meta property=\"og:type\" content=\"article\" \/>\r\n<meta property=\"og:title\" content=\"[:fr]Les jeunes de l\u2019OGBL solidaires avec les manifestant-e-s en France qui luttent contre le d\u00e9montage du code du travail[:de]OGBL-Jugend solidarisch mit Demonstrant(inn)en in Frankreich, die gegen die Demontage des Arbeitsgesetzbuches k\u00e4mpfen[:en]Les jeunes de l\u2019OGBL solidaires avec les manifestant-e-s en France qui luttent contre le d\u00e9montage du code du travail[:] - OGBL\" \/>\r\n<meta property=\"og:description\" content=\"Die franz\u00f6sischen Gewerkschaften hatten s\u00e4mtliche Arbeitnehmer, angefangen bei denen die keine Arbeit haben, \u00fcber Studenten, Sch\u00fcler und Rentner, dazu aufgerufen, \u2026\" \/>\r\n<meta property=\"og:url\" content=\"https:\/\/www.ogbl.lu\/communique\/les-jeunes-de-logbl-solidaires-avec-les-manifestant-e-s-en-france-qui-luttent-contre-le-demontage-du-code-du-travail\/\" \/>\r\n<meta property=\"og:site_name\" content=\"OGBL\" \/>\r\n<meta property=\"article:modified_time\" content=\"2023-05-24T12:18:58+00:00\" \/>\r\n<meta property=\"og:image\" content=\"https:\/\/www.ogbl.lu\/wp-content\/uploads\/2016\/04\/logo_jeunes_fr.gif\" \/>\r\n\t<meta property=\"og:image:width\" content=\"250\" \/>\r\n\t<meta property=\"og:image:height\" content=\"104\" \/>\r\n\t<meta property=\"og:image:type\" content=\"image\/gif\" \/>\r\n<meta name=\"twitter:card\" content=\"summary_large_image\" \/>\r\n<meta name=\"twitter:label1\" content=\"Est. reading time\" \/>\n\t<meta name=\"twitter:data1\" content=\"3 Minuten\" \/>\r\n<script type=\"application\/ld+json\" class=\"yoast-schema-graph\">{\"@context\":\"https:\/\/schema.org\",\"@graph\":[{\"@type\":\"WebPage\",\"@id\":\"https:\/\/www.ogbl.lu\/communique\/les-jeunes-de-logbl-solidaires-avec-les-manifestant-e-s-en-france-qui-luttent-contre-le-demontage-du-code-du-travail\/\",\"url\":\"https:\/\/www.ogbl.lu\/communique\/les-jeunes-de-logbl-solidaires-avec-les-manifestant-e-s-en-france-qui-luttent-contre-le-demontage-du-code-du-travail\/\",\"name\":\"[:fr]Les jeunes de l\u2019OGBL solidaires avec les manifestant-e-s en France qui luttent contre le d\u00e9montage du code du travail[:de]OGBL-Jugend solidarisch mit Demonstrant(inn)en in Frankreich, die gegen die Demontage des Arbeitsgesetzbuches k\u00e4mpfen[:en]Les jeunes de l\u2019OGBL solidaires avec les manifestant-e-s en France qui luttent contre le d\u00e9montage du code du travail[:] - OGBL\",\"isPartOf\":{\"@id\":\"https:\/\/www.ogbl.lu\/de\/#website\"},\"primaryImageOfPage\":{\"@id\":\"https:\/\/www.ogbl.lu\/communique\/les-jeunes-de-logbl-solidaires-avec-les-manifestant-e-s-en-france-qui-luttent-contre-le-demontage-du-code-du-travail\/#primaryimage\"},\"image\":{\"@id\":\"https:\/\/www.ogbl.lu\/communique\/les-jeunes-de-logbl-solidaires-avec-les-manifestant-e-s-en-france-qui-luttent-contre-le-demontage-du-code-du-travail\/#primaryimage\"},\"thumbnailUrl\":\"https:\/\/www.ogbl.lu\/wp-content\/uploads\/2016\/04\/logo_jeunes_fr.gif\",\"datePublished\":\"2016-04-07T11:24:41+00:00\",\"dateModified\":\"2023-05-24T12:18:58+00:00\",\"breadcrumb\":{\"@id\":\"https:\/\/www.ogbl.lu\/communique\/les-jeunes-de-logbl-solidaires-avec-les-manifestant-e-s-en-france-qui-luttent-contre-le-demontage-du-code-du-travail\/#breadcrumb\"},\"inLanguage\":\"de-DE\",\"potentialAction\":[{\"@type\":\"ReadAction\",\"target\":[\"https:\/\/www.ogbl.lu\/communique\/les-jeunes-de-logbl-solidaires-avec-les-manifestant-e-s-en-france-qui-luttent-contre-le-demontage-du-code-du-travail\/\"]}]},{\"@type\":\"ImageObject\",\"inLanguage\":\"de-DE\",\"@id\":\"https:\/\/www.ogbl.lu\/communique\/les-jeunes-de-logbl-solidaires-avec-les-manifestant-e-s-en-france-qui-luttent-contre-le-demontage-du-code-du-travail\/#primaryimage\",\"url\":\"https:\/\/www.ogbl.lu\/wp-content\/uploads\/2016\/04\/logo_jeunes_fr.gif\",\"contentUrl\":\"https:\/\/www.ogbl.lu\/wp-content\/uploads\/2016\/04\/logo_jeunes_fr.gif\",\"width\":250,\"height\":104},{\"@type\":\"BreadcrumbList\",\"@id\":\"https:\/\/www.ogbl.lu\/communique\/les-jeunes-de-logbl-solidaires-avec-les-manifestant-e-s-en-france-qui-luttent-contre-le-demontage-du-code-du-travail\/#breadcrumb\",\"itemListElement\":[{\"@type\":\"ListItem\",\"position\":1,\"name\":\"Home\",\"item\":\"https:\/\/www.ogbl.lu\/\"},{\"@type\":\"ListItem\",\"position\":2,\"name\":\"Les jeunes de l\u2019OGBL solidaires avec les manifestant-e-s en France qui luttent contre le d\u00e9montage du code du travail\"}]},{\"@type\":\"WebSite\",\"@id\":\"https:\/\/www.ogbl.lu\/de\/#website\",\"url\":\"https:\/\/www.ogbl.lu\/de\/\",\"name\":\"OGBL\",\"description\":\"DIE GEWERKSCHAFT\",\"publisher\":{\"@id\":\"https:\/\/www.ogbl.lu\/de\/#organization\"},\"potentialAction\":[{\"@type\":\"SearchAction\",\"target\":{\"@type\":\"EntryPoint\",\"urlTemplate\":\"https:\/\/www.ogbl.lu\/de\/?s={search_term_string}\"},\"query-input\":\"required name=search_term_string\"}],\"inLanguage\":\"de-DE\"},{\"@type\":\"Organization\",\"@id\":\"https:\/\/www.ogbl.lu\/de\/#organization\",\"name\":\"OGBL\",\"url\":\"https:\/\/www.ogbl.lu\/de\/\",\"logo\":{\"@type\":\"ImageObject\",\"inLanguage\":\"de-DE\",\"@id\":\"https:\/\/www.ogbl.lu\/de\/#\/schema\/logo\/image\/\",\"url\":\"https:\/\/www.ogbl.lu\/wp-content\/uploads\/2024\/07\/LOGO_Red_FR-svg.png\",\"contentUrl\":\"https:\/\/www.ogbl.lu\/wp-content\/uploads\/2024\/07\/LOGO_Red_FR-svg.png\",\"width\":369,\"height\":171,\"caption\":\"OGBL\"},\"image\":{\"@id\":\"https:\/\/www.ogbl.lu\/de\/#\/schema\/logo\/image\/\"}}]}<\/script>\r\n<!-- \/ Yoast SEO plugin. -->","yoast_head_json":{"title":"[:fr]Les jeunes de l\u2019OGBL solidaires avec les manifestant-e-s en France qui luttent contre le d\u00e9montage du code du travail[:de]OGBL-Jugend solidarisch mit Demonstrant(inn)en in Frankreich, die gegen die Demontage des Arbeitsgesetzbuches k\u00e4mpfen[:en]Les jeunes de l\u2019OGBL solidaires avec les manifestant-e-s en France qui luttent contre le d\u00e9montage du code du travail[:] - OGBL","robots":{"index":"index","follow":"follow","max-snippet":"max-snippet:-1","max-image-preview":"max-image-preview:large","max-video-preview":"max-video-preview:-1"},"canonical":"https:\/\/www.ogbl.lu\/communique\/les-jeunes-de-logbl-solidaires-avec-les-manifestant-e-s-en-france-qui-luttent-contre-le-demontage-du-code-du-travail\/","og_locale":"de_DE","og_type":"article","og_title":"[:fr]Les jeunes de l\u2019OGBL solidaires avec les manifestant-e-s en France qui luttent contre le d\u00e9montage du code du travail[:de]OGBL-Jugend solidarisch mit Demonstrant(inn)en in Frankreich, die gegen die Demontage des Arbeitsgesetzbuches k\u00e4mpfen[:en]Les jeunes de l\u2019OGBL solidaires avec les manifestant-e-s en France qui luttent contre le d\u00e9montage du code du travail[:] - OGBL","og_description":"Die franz\u00f6sischen Gewerkschaften hatten s\u00e4mtliche Arbeitnehmer, angefangen bei denen die keine Arbeit haben, \u00fcber Studenten, Sch\u00fcler und Rentner, dazu aufgerufen, \u2026","og_url":"https:\/\/www.ogbl.lu\/communique\/les-jeunes-de-logbl-solidaires-avec-les-manifestant-e-s-en-france-qui-luttent-contre-le-demontage-du-code-du-travail\/","og_site_name":"OGBL","article_modified_time":"2023-05-24T12:18:58+00:00","og_image":[{"width":250,"height":104,"url":"https:\/\/www.ogbl.lu\/wp-content\/uploads\/2016\/04\/logo_jeunes_fr.gif","type":"image\/gif"}],"twitter_card":"summary_large_image","twitter_misc":{"Est. reading time":"3 Minuten"},"schema":{"@context":"https:\/\/schema.org","@graph":[{"@type":"WebPage","@id":"https:\/\/www.ogbl.lu\/communique\/les-jeunes-de-logbl-solidaires-avec-les-manifestant-e-s-en-france-qui-luttent-contre-le-demontage-du-code-du-travail\/","url":"https:\/\/www.ogbl.lu\/communique\/les-jeunes-de-logbl-solidaires-avec-les-manifestant-e-s-en-france-qui-luttent-contre-le-demontage-du-code-du-travail\/","name":"[:fr]Les jeunes de l\u2019OGBL solidaires avec les manifestant-e-s en France qui luttent contre le d\u00e9montage du code du travail[:de]OGBL-Jugend solidarisch mit Demonstrant(inn)en in Frankreich, die gegen die Demontage des Arbeitsgesetzbuches k\u00e4mpfen[:en]Les jeunes de l\u2019OGBL solidaires avec les manifestant-e-s en France qui luttent contre le d\u00e9montage du code du travail[:] - OGBL","isPartOf":{"@id":"https:\/\/www.ogbl.lu\/de\/#website"},"primaryImageOfPage":{"@id":"https:\/\/www.ogbl.lu\/communique\/les-jeunes-de-logbl-solidaires-avec-les-manifestant-e-s-en-france-qui-luttent-contre-le-demontage-du-code-du-travail\/#primaryimage"},"image":{"@id":"https:\/\/www.ogbl.lu\/communique\/les-jeunes-de-logbl-solidaires-avec-les-manifestant-e-s-en-france-qui-luttent-contre-le-demontage-du-code-du-travail\/#primaryimage"},"thumbnailUrl":"https:\/\/www.ogbl.lu\/wp-content\/uploads\/2016\/04\/logo_jeunes_fr.gif","datePublished":"2016-04-07T11:24:41+00:00","dateModified":"2023-05-24T12:18:58+00:00","breadcrumb":{"@id":"https:\/\/www.ogbl.lu\/communique\/les-jeunes-de-logbl-solidaires-avec-les-manifestant-e-s-en-france-qui-luttent-contre-le-demontage-du-code-du-travail\/#breadcrumb"},"inLanguage":"de-DE","potentialAction":[{"@type":"ReadAction","target":["https:\/\/www.ogbl.lu\/communique\/les-jeunes-de-logbl-solidaires-avec-les-manifestant-e-s-en-france-qui-luttent-contre-le-demontage-du-code-du-travail\/"]}]},{"@type":"ImageObject","inLanguage":"de-DE","@id":"https:\/\/www.ogbl.lu\/communique\/les-jeunes-de-logbl-solidaires-avec-les-manifestant-e-s-en-france-qui-luttent-contre-le-demontage-du-code-du-travail\/#primaryimage","url":"https:\/\/www.ogbl.lu\/wp-content\/uploads\/2016\/04\/logo_jeunes_fr.gif","contentUrl":"https:\/\/www.ogbl.lu\/wp-content\/uploads\/2016\/04\/logo_jeunes_fr.gif","width":250,"height":104},{"@type":"BreadcrumbList","@id":"https:\/\/www.ogbl.lu\/communique\/les-jeunes-de-logbl-solidaires-avec-les-manifestant-e-s-en-france-qui-luttent-contre-le-demontage-du-code-du-travail\/#breadcrumb","itemListElement":[{"@type":"ListItem","position":1,"name":"Home","item":"https:\/\/www.ogbl.lu\/"},{"@type":"ListItem","position":2,"name":"Les jeunes de l\u2019OGBL solidaires avec les manifestant-e-s en France qui luttent contre le d\u00e9montage du code du travail"}]},{"@type":"WebSite","@id":"https:\/\/www.ogbl.lu\/de\/#website","url":"https:\/\/www.ogbl.lu\/de\/","name":"OGBL","description":"DIE GEWERKSCHAFT","publisher":{"@id":"https:\/\/www.ogbl.lu\/de\/#organization"},"potentialAction":[{"@type":"SearchAction","target":{"@type":"EntryPoint","urlTemplate":"https:\/\/www.ogbl.lu\/de\/?s={search_term_string}"},"query-input":"required name=search_term_string"}],"inLanguage":"de-DE"},{"@type":"Organization","@id":"https:\/\/www.ogbl.lu\/de\/#organization","name":"OGBL","url":"https:\/\/www.ogbl.lu\/de\/","logo":{"@type":"ImageObject","inLanguage":"de-DE","@id":"https:\/\/www.ogbl.lu\/de\/#\/schema\/logo\/image\/","url":"https:\/\/www.ogbl.lu\/wp-content\/uploads\/2024\/07\/LOGO_Red_FR-svg.png","contentUrl":"https:\/\/www.ogbl.lu\/wp-content\/uploads\/2024\/07\/LOGO_Red_FR-svg.png","width":369,"height":171,"caption":"OGBL"},"image":{"@id":"https:\/\/www.ogbl.lu\/de\/#\/schema\/logo\/image\/"}}]}},"_links":{"self":[{"href":"https:\/\/www.ogbl.lu\/de\/wp-json\/wp\/v2\/communiques\/2012"}],"collection":[{"href":"https:\/\/www.ogbl.lu\/de\/wp-json\/wp\/v2\/communiques"}],"about":[{"href":"https:\/\/www.ogbl.lu\/de\/wp-json\/wp\/v2\/types\/communiques"}],"author":[{"embeddable":true,"href":"https:\/\/www.ogbl.lu\/de\/wp-json\/wp\/v2\/users\/1"}],"version-history":[{"count":0,"href":"https:\/\/www.ogbl.lu\/de\/wp-json\/wp\/v2\/communiques\/2012\/revisions"}],"wp:featuredmedia":[{"embeddable":true,"href":"https:\/\/www.ogbl.lu\/de\/wp-json\/wp\/v2\/media\/4071"}],"wp:attachment":[{"href":"https:\/\/www.ogbl.lu\/de\/wp-json\/wp\/v2\/media?parent=2012"}],"wp:term":[{"taxonomy":"categorie_communiques","embeddable":true,"href":"https:\/\/www.ogbl.lu\/de\/wp-json\/wp\/v2\/categorie_communiques?post=2012"},{"taxonomy":"syndicat","embeddable":true,"href":"https:\/\/www.ogbl.lu\/de\/wp-json\/wp\/v2\/syndicat?post=2012"}],"curies":[{"name":"wp","href":"https:\/\/api.w.org\/{rel}","templated":true}]}}