{"id":1999,"date":"2016-03-08T10:26:34","date_gmt":"2016-03-08T09:26:34","guid":{"rendered":"https:\/\/www.ogbl.lu\/communiques\/briser-les-murs-de-verre-le-8-mars-journee-internationale-de-la-femme"},"modified":"2023-05-30T13:25:24","modified_gmt":"2023-05-30T11:25:24","slug":"briser-les-murs-de-verre-le-8-mars-journee-internationale-de-la-femme","status":"publish","type":"communiques","link":"https:\/\/www.ogbl.lu\/de\/communique\/briser-les-murs-de-verre-le-8-mars-journee-internationale-de-la-femme\/","title":{"rendered":"Glasw\u00e4nde zerbrechen! Der 8. M\u00e4rz \u2013 Internationaler Frauentag"},"content":{"rendered":"<p><a href=\"https:\/\/www.ogbl.lu\/wp-content\/uploads\/communiques\/break_the_glass_wall.jpg\" target=\"_blank\" rel=\"noopener\"><img decoding=\"async\" class=\"alignleft wp-image-21073\" style=\"border: 0px none;\" src=\"https:\/\/www.ogbl.lu\/wp-content\/uploads\/communiques\/break_the_glass_wall.jpg\" alt=\"break_the_glass_wall\" width=\"250\" \/><\/a>Bei Gelegenheit des Internationalen Frauentags, hat der Europ\u00e4ische Gewerkschaftsbund (EGB) die M\u00e4nner und Frauen darum gebeten, Glasw\u00e4nde, die sie in unterschiedlichen beruflichen T\u00e4tigkeiten trennen, zu zerbrechen, und so zu einer gr\u00f6\u00dferen Gleichberechtigung zwischen Mann und Frau auf dem Arbeitsmarkt zu gelangen.<\/p>\n<p>Die Frauen werden immer noch abgebremst<\/p>\n<p>&#8211; nicht nur von den Glasdecken, die sie bei ihrem hierarchischen Aufstieg hindern,<br \/>\n&#8211; sondern auch von den Glasw\u00e4nden, die sie in verschiedenen T\u00e4tigkeiten beschr\u00e4nken und sie aus anderen T\u00e4tigkeiten ausschlie\u00dfen.<\/p>\n<p>Die Zahlen sprechen Klartext:<\/p>\n<p>&#8211; 4% der Fahrer, der Bauarbeiter und der Mechaniker sind Frauen;<br \/>\n&#8211; 18 % der Ingenieure und Informatiker sind Frauen;<br \/>\n&#8211; 80 % des Lehrk\u00f6rpers und des Pflegepersonals sind Frauen;<br \/>\nEs arbeiten mehr Frauen als M\u00e4nner im Gastst\u00e4ttenbereich, im Reinigungsbereich, im Gesundheits- und Pflegebereich, im B\u00fcrobereich und als Kassierer;<br \/>\n&#8211; 4 % der Generaldirektoren der an der B\u00f6rse notierten Unternehmen sind Frauen, und nur 22% dieser sind Mitglied in Aufsichtsr\u00e4ten.<\/p>\n<p>Von 2005 bis 2010 hat sich die geschlechtsbedingte berufliche Absonderung quer durch Europa noch verschlimmert.<\/p>\n<p><i>\u201eWir m\u00fcssen die Glasw\u00e4nde durchbrechen. Die Frauen sind in weniger gut bezahlten Berufen als die \u00fcblichen Berufe der M\u00e4nner \u00fcberrepr\u00e4sentiert. Dies erkl\u00e4rt im Wesentlichen die 16% Gehaltsunterschied zwischen M\u00e4nnern und Frauen quer durch Europa. Es m\u00fcssen Anstrengungen unternommen werden, den Frauen die M\u00f6glichkeit zu geben, Zugang zu Besch\u00e4ftigungen zu haben, die vorwiegend f\u00fcr M\u00e4nner reserviert sind, und dann diese Besch\u00e4ftigungen zu behalten und dort Karriere zu machen. Ebenfalls m\u00fcssen die Lohn- und Arbeitsbedingungen in den Bereichen verbessert werden, die mehrheitlich von Frauen besetzt sind\u201c, <\/i>so Luca Visentini, Generalsekret\u00e4r des EGB<i>.<\/i><\/p>\n<p><i>\u201eKein einziges Land in Europa ist frei von geschlechtlich bedingter beruflicher Absonderung \u2013 Glasdecken und Glasw\u00e4nde trennen uns. Dies ist bedauernswert, sowohl f\u00fcr Frauen als auch f\u00fcr M\u00e4nner. Talente werden verschwendet, und das wahrlich in industriellen Ausma\u00dfen. Dieser geschlechtsbedingten beruflichen Absonderung ein Ende zu setzen muss eine der Priorit\u00e4ten einer europ\u00e4ischen Gleichberechtigungsstrategie zwischen Mann und Frau sein, die trotz der gewerkschaftlichen Aufrufe noch nicht konkret geworden ist\u201c, <\/i>so sprach Montserrat Mir, \u201eConfederal Secretary\u201c des EGB.<\/p>\n<p>&gt;&gt; <a href=\"https:\/\/www.ogbl.lu\/wp-content\/uploads\/communiques\/iwd_background_notes_-_fr.pdf\" target=\"_blank\" rel=\"noopener\">Basisinformationen: eine neue Methode, um die berufliche Absonderung zu verstehen (PDF auf Franz\u00f6sisch)<\/a><\/p>\n<p><b>Mitgeteilt am 8. M\u00e4rz 2016<\/b><\/p>\n<p><strong>\u00a0<\/strong><\/p>","protected":false},"author":1,"featured_media":4082,"template":"","categorie_communiques":[130,38],"syndicat":[114],"acf":[],"yoast_head":"<!-- This site is optimized with the Yoast SEO plugin v23.1 - https:\/\/yoast.com\/wordpress\/plugins\/seo\/ -->\r\n<title>Glasw\u00e4nde zerbrechen! Der 8. M\u00e4rz \u2013 Internationaler Frauentag - OGBL<\/title>\r\n<meta name=\"robots\" content=\"index, follow, max-snippet:-1, max-image-preview:large, max-video-preview:-1\" \/>\r\n<link rel=\"canonical\" href=\"https:\/\/www.ogbl.lu\/communique\/briser-les-murs-de-verre-le-8-mars-journee-internationale-de-la-femme\/\" \/>\r\n<meta property=\"og:locale\" content=\"de_DE\" \/>\r\n<meta property=\"og:type\" content=\"article\" \/>\r\n<meta property=\"og:title\" content=\"[:fr]Briser les murs de verre! Le 8 mars \u2013 Journ\u00e9e internationale de la femme[:de]Glasw\u00e4nde zerbrechen! Der 8. M\u00e4rz \u2013 Internationaler Frauentag[:en]Briser les murs de verre! Le 8 mars \u2013 Journ\u00e9e internationale de la femme[:] - OGBL\" \/>\r\n<meta property=\"og:description\" content=\"Bei Gelegenheit des Internationalen Frauentags, hat der Europ\u00e4ische Gewerkschaftsbund (EGB) die M\u00e4nner und Frauen darum gebeten, Glasw\u00e4nde, die sie in \u2026\" \/>\r\n<meta property=\"og:url\" content=\"https:\/\/www.ogbl.lu\/communique\/briser-les-murs-de-verre-le-8-mars-journee-internationale-de-la-femme\/\" \/>\r\n<meta property=\"og:site_name\" content=\"OGBL\" \/>\r\n<meta property=\"article:modified_time\" content=\"2023-05-30T11:25:24+00:00\" \/>\r\n<meta property=\"og:image\" content=\"https:\/\/www.ogbl.lu\/wp-content\/uploads\/2016\/03\/break_the_glass_wall.jpg\" \/>\r\n\t<meta property=\"og:image:width\" content=\"397\" \/>\r\n\t<meta property=\"og:image:height\" content=\"562\" \/>\r\n\t<meta property=\"og:image:type\" content=\"image\/jpeg\" \/>\r\n<meta name=\"twitter:card\" content=\"summary_large_image\" \/>\r\n<meta name=\"twitter:label1\" content=\"Est. reading time\" \/>\n\t<meta name=\"twitter:data1\" content=\"4 Minuten\" \/>\r\n<script type=\"application\/ld+json\" class=\"yoast-schema-graph\">{\"@context\":\"https:\/\/schema.org\",\"@graph\":[{\"@type\":\"WebPage\",\"@id\":\"https:\/\/www.ogbl.lu\/communique\/briser-les-murs-de-verre-le-8-mars-journee-internationale-de-la-femme\/\",\"url\":\"https:\/\/www.ogbl.lu\/communique\/briser-les-murs-de-verre-le-8-mars-journee-internationale-de-la-femme\/\",\"name\":\"[:fr]Briser les murs de verre! Le 8 mars \u2013 Journ\u00e9e internationale de la femme[:de]Glasw\u00e4nde zerbrechen! Der 8. M\u00e4rz \u2013 Internationaler Frauentag[:en]Briser les murs de verre! Le 8 mars \u2013 Journ\u00e9e internationale de la femme[:] - OGBL\",\"isPartOf\":{\"@id\":\"https:\/\/www.ogbl.lu\/de\/#website\"},\"primaryImageOfPage\":{\"@id\":\"https:\/\/www.ogbl.lu\/communique\/briser-les-murs-de-verre-le-8-mars-journee-internationale-de-la-femme\/#primaryimage\"},\"image\":{\"@id\":\"https:\/\/www.ogbl.lu\/communique\/briser-les-murs-de-verre-le-8-mars-journee-internationale-de-la-femme\/#primaryimage\"},\"thumbnailUrl\":\"https:\/\/www.ogbl.lu\/wp-content\/uploads\/2016\/03\/break_the_glass_wall.jpg\",\"datePublished\":\"2016-03-08T09:26:34+00:00\",\"dateModified\":\"2023-05-30T11:25:24+00:00\",\"breadcrumb\":{\"@id\":\"https:\/\/www.ogbl.lu\/communique\/briser-les-murs-de-verre-le-8-mars-journee-internationale-de-la-femme\/#breadcrumb\"},\"inLanguage\":\"de-DE\",\"potentialAction\":[{\"@type\":\"ReadAction\",\"target\":[\"https:\/\/www.ogbl.lu\/communique\/briser-les-murs-de-verre-le-8-mars-journee-internationale-de-la-femme\/\"]}]},{\"@type\":\"ImageObject\",\"inLanguage\":\"de-DE\",\"@id\":\"https:\/\/www.ogbl.lu\/communique\/briser-les-murs-de-verre-le-8-mars-journee-internationale-de-la-femme\/#primaryimage\",\"url\":\"https:\/\/www.ogbl.lu\/wp-content\/uploads\/2016\/03\/break_the_glass_wall.jpg\",\"contentUrl\":\"https:\/\/www.ogbl.lu\/wp-content\/uploads\/2016\/03\/break_the_glass_wall.jpg\",\"width\":397,\"height\":562},{\"@type\":\"BreadcrumbList\",\"@id\":\"https:\/\/www.ogbl.lu\/communique\/briser-les-murs-de-verre-le-8-mars-journee-internationale-de-la-femme\/#breadcrumb\",\"itemListElement\":[{\"@type\":\"ListItem\",\"position\":1,\"name\":\"Home\",\"item\":\"https:\/\/www.ogbl.lu\/\"},{\"@type\":\"ListItem\",\"position\":2,\"name\":\"Briser les murs de verre! Le 8 mars \u2013 Journ\u00e9e internationale de la femme\"}]},{\"@type\":\"WebSite\",\"@id\":\"https:\/\/www.ogbl.lu\/de\/#website\",\"url\":\"https:\/\/www.ogbl.lu\/de\/\",\"name\":\"OGBL\",\"description\":\"DIE GEWERKSCHAFT\",\"publisher\":{\"@id\":\"https:\/\/www.ogbl.lu\/de\/#organization\"},\"potentialAction\":[{\"@type\":\"SearchAction\",\"target\":{\"@type\":\"EntryPoint\",\"urlTemplate\":\"https:\/\/www.ogbl.lu\/de\/?s={search_term_string}\"},\"query-input\":\"required name=search_term_string\"}],\"inLanguage\":\"de-DE\"},{\"@type\":\"Organization\",\"@id\":\"https:\/\/www.ogbl.lu\/de\/#organization\",\"name\":\"OGBL\",\"url\":\"https:\/\/www.ogbl.lu\/de\/\",\"logo\":{\"@type\":\"ImageObject\",\"inLanguage\":\"de-DE\",\"@id\":\"https:\/\/www.ogbl.lu\/de\/#\/schema\/logo\/image\/\",\"url\":\"https:\/\/www.ogbl.lu\/wp-content\/uploads\/2024\/07\/LOGO_Red_FR-svg.png\",\"contentUrl\":\"https:\/\/www.ogbl.lu\/wp-content\/uploads\/2024\/07\/LOGO_Red_FR-svg.png\",\"width\":369,\"height\":171,\"caption\":\"OGBL\"},\"image\":{\"@id\":\"https:\/\/www.ogbl.lu\/de\/#\/schema\/logo\/image\/\"}}]}<\/script>\r\n<!-- \/ Yoast SEO plugin. -->","yoast_head_json":{"title":"[:fr]Briser les murs de verre! Le 8 mars \u2013 Journ\u00e9e internationale de la femme[:de]Glasw\u00e4nde zerbrechen! Der 8. M\u00e4rz \u2013 Internationaler Frauentag[:en]Briser les murs de verre! Le 8 mars \u2013 Journ\u00e9e internationale de la femme[:] - OGBL","robots":{"index":"index","follow":"follow","max-snippet":"max-snippet:-1","max-image-preview":"max-image-preview:large","max-video-preview":"max-video-preview:-1"},"canonical":"https:\/\/www.ogbl.lu\/communique\/briser-les-murs-de-verre-le-8-mars-journee-internationale-de-la-femme\/","og_locale":"de_DE","og_type":"article","og_title":"[:fr]Briser les murs de verre! Le 8 mars \u2013 Journ\u00e9e internationale de la femme[:de]Glasw\u00e4nde zerbrechen! Der 8. M\u00e4rz \u2013 Internationaler Frauentag[:en]Briser les murs de verre! Le 8 mars \u2013 Journ\u00e9e internationale de la femme[:] - OGBL","og_description":"Bei Gelegenheit des Internationalen Frauentags, hat der Europ\u00e4ische Gewerkschaftsbund (EGB) die M\u00e4nner und Frauen darum gebeten, Glasw\u00e4nde, die sie in \u2026","og_url":"https:\/\/www.ogbl.lu\/communique\/briser-les-murs-de-verre-le-8-mars-journee-internationale-de-la-femme\/","og_site_name":"OGBL","article_modified_time":"2023-05-30T11:25:24+00:00","og_image":[{"width":397,"height":562,"url":"https:\/\/www.ogbl.lu\/wp-content\/uploads\/2016\/03\/break_the_glass_wall.jpg","type":"image\/jpeg"}],"twitter_card":"summary_large_image","twitter_misc":{"Est. reading time":"4 Minuten"},"schema":{"@context":"https:\/\/schema.org","@graph":[{"@type":"WebPage","@id":"https:\/\/www.ogbl.lu\/communique\/briser-les-murs-de-verre-le-8-mars-journee-internationale-de-la-femme\/","url":"https:\/\/www.ogbl.lu\/communique\/briser-les-murs-de-verre-le-8-mars-journee-internationale-de-la-femme\/","name":"[:fr]Briser les murs de verre! Le 8 mars \u2013 Journ\u00e9e internationale de la femme[:de]Glasw\u00e4nde zerbrechen! Der 8. M\u00e4rz \u2013 Internationaler Frauentag[:en]Briser les murs de verre! Le 8 mars \u2013 Journ\u00e9e internationale de la femme[:] - OGBL","isPartOf":{"@id":"https:\/\/www.ogbl.lu\/de\/#website"},"primaryImageOfPage":{"@id":"https:\/\/www.ogbl.lu\/communique\/briser-les-murs-de-verre-le-8-mars-journee-internationale-de-la-femme\/#primaryimage"},"image":{"@id":"https:\/\/www.ogbl.lu\/communique\/briser-les-murs-de-verre-le-8-mars-journee-internationale-de-la-femme\/#primaryimage"},"thumbnailUrl":"https:\/\/www.ogbl.lu\/wp-content\/uploads\/2016\/03\/break_the_glass_wall.jpg","datePublished":"2016-03-08T09:26:34+00:00","dateModified":"2023-05-30T11:25:24+00:00","breadcrumb":{"@id":"https:\/\/www.ogbl.lu\/communique\/briser-les-murs-de-verre-le-8-mars-journee-internationale-de-la-femme\/#breadcrumb"},"inLanguage":"de-DE","potentialAction":[{"@type":"ReadAction","target":["https:\/\/www.ogbl.lu\/communique\/briser-les-murs-de-verre-le-8-mars-journee-internationale-de-la-femme\/"]}]},{"@type":"ImageObject","inLanguage":"de-DE","@id":"https:\/\/www.ogbl.lu\/communique\/briser-les-murs-de-verre-le-8-mars-journee-internationale-de-la-femme\/#primaryimage","url":"https:\/\/www.ogbl.lu\/wp-content\/uploads\/2016\/03\/break_the_glass_wall.jpg","contentUrl":"https:\/\/www.ogbl.lu\/wp-content\/uploads\/2016\/03\/break_the_glass_wall.jpg","width":397,"height":562},{"@type":"BreadcrumbList","@id":"https:\/\/www.ogbl.lu\/communique\/briser-les-murs-de-verre-le-8-mars-journee-internationale-de-la-femme\/#breadcrumb","itemListElement":[{"@type":"ListItem","position":1,"name":"Home","item":"https:\/\/www.ogbl.lu\/"},{"@type":"ListItem","position":2,"name":"Briser les murs de verre! Le 8 mars \u2013 Journ\u00e9e internationale de la femme"}]},{"@type":"WebSite","@id":"https:\/\/www.ogbl.lu\/de\/#website","url":"https:\/\/www.ogbl.lu\/de\/","name":"OGBL","description":"DIE GEWERKSCHAFT","publisher":{"@id":"https:\/\/www.ogbl.lu\/de\/#organization"},"potentialAction":[{"@type":"SearchAction","target":{"@type":"EntryPoint","urlTemplate":"https:\/\/www.ogbl.lu\/de\/?s={search_term_string}"},"query-input":"required name=search_term_string"}],"inLanguage":"de-DE"},{"@type":"Organization","@id":"https:\/\/www.ogbl.lu\/de\/#organization","name":"OGBL","url":"https:\/\/www.ogbl.lu\/de\/","logo":{"@type":"ImageObject","inLanguage":"de-DE","@id":"https:\/\/www.ogbl.lu\/de\/#\/schema\/logo\/image\/","url":"https:\/\/www.ogbl.lu\/wp-content\/uploads\/2024\/07\/LOGO_Red_FR-svg.png","contentUrl":"https:\/\/www.ogbl.lu\/wp-content\/uploads\/2024\/07\/LOGO_Red_FR-svg.png","width":369,"height":171,"caption":"OGBL"},"image":{"@id":"https:\/\/www.ogbl.lu\/de\/#\/schema\/logo\/image\/"}}]}},"_links":{"self":[{"href":"https:\/\/www.ogbl.lu\/de\/wp-json\/wp\/v2\/communiques\/1999"}],"collection":[{"href":"https:\/\/www.ogbl.lu\/de\/wp-json\/wp\/v2\/communiques"}],"about":[{"href":"https:\/\/www.ogbl.lu\/de\/wp-json\/wp\/v2\/types\/communiques"}],"author":[{"embeddable":true,"href":"https:\/\/www.ogbl.lu\/de\/wp-json\/wp\/v2\/users\/1"}],"version-history":[{"count":0,"href":"https:\/\/www.ogbl.lu\/de\/wp-json\/wp\/v2\/communiques\/1999\/revisions"}],"wp:featuredmedia":[{"embeddable":true,"href":"https:\/\/www.ogbl.lu\/de\/wp-json\/wp\/v2\/media\/4082"}],"wp:attachment":[{"href":"https:\/\/www.ogbl.lu\/de\/wp-json\/wp\/v2\/media?parent=1999"}],"wp:term":[{"taxonomy":"categorie_communiques","embeddable":true,"href":"https:\/\/www.ogbl.lu\/de\/wp-json\/wp\/v2\/categorie_communiques?post=1999"},{"taxonomy":"syndicat","embeddable":true,"href":"https:\/\/www.ogbl.lu\/de\/wp-json\/wp\/v2\/syndicat?post=1999"}],"curies":[{"name":"wp","href":"https:\/\/api.w.org\/{rel}","templated":true}]}}