{"id":1955,"date":"2015-11-30T11:46:08","date_gmt":"2015-11-30T10:46:08","guid":{"rendered":"https:\/\/www.ogbl.lu\/communiques\/premiere-mobilisation-a-dommeldange"},"modified":"2023-06-30T11:42:39","modified_gmt":"2023-06-30T09:42:39","slug":"premiere-mobilisation-a-dommeldange","status":"publish","type":"communiques","link":"https:\/\/www.ogbl.lu\/de\/communique\/premiere-mobilisation-a-dommeldange\/","title":{"rendered":"Erste Mobilisierung in Dommeldingen"},"content":{"rendered":"<p><center><iframe loading=\"lazy\" src=\"https:\/\/www.youtube.com\/embed\/Q4pupMYgXr0\" width=\"560\" height=\"315\" frameborder=\"0\" allowfullscreen=\"allowfullscreen\"><\/iframe><\/center>&nbsp;<\/p>\n<p>Die Kampagne \u201eE Sozialpak fir L\u00ebtzebuerg \u2013 Fir besser Aarbecht an e bessert Akommes\u201c kannte am vergangenen 26. November ihren ersten H\u00f6hepunkt. Zwei Wochen nach dem offiziellen Start der Kampagne, haben sich mehr als 1.000 Personalelegierte und lokale Vorstandsmitglieder des OGBL sich in Dommeldingen mobilisiert, um im Rahmen einer ersten bedeutenden Saalkundgebung, der Regierung eine klare Botschaft zu senden: es ist h\u00f6chste Zeit, der antisozialen Politik, die die vergangenen Jahre bestimmt hat, ein Ende zu setzen, und demnach einen anderen politischen Kurs einzuschlagen. Der OGBL fordert, dass Luxemburg den Weg des sozialen Fortschritts und der sozialen Gerechtigkeit wieder einschl\u00e4gt, und er wird seine Kampagne weiterf\u00fchren, bis er ein zufriedenstellendes Ergebnis erreicht hat.<\/p>\n<p>Dieser erste H\u00f6hepunkt der Kampagne liegt voll auf der Linie der Massenkundgebung, die an einem bestimmten 16. Mai 2009 zehntausende Menschen in den Stra\u00dfen der Stadt Luxemburg zusammengef\u00fchrt hatte, um gegen die Austerit\u00e4tspolitiken zu protestieren, die damals schon anfingen, sich abzuzeichnen. Austerit\u00e4tspolitiken die, wie es der OGBL-Pr\u00e4sident Andr\u00e9 Roeltgen w\u00e4hrend seiner Rede in Erinnerung gerufen hat, nicht lange auf sich warten lie\u00dfen, und von der CSV-LSAP-Regierung, die im gleichen Jahr im Juni aus den Wahlen hervorging, umgesetzt wurden. Und wenn es der OGBL es auch fertiggebracht hat, dank seiner Opposition es zu vermeiden, dass eine ganze Reihe von zus\u00e4tzlichen Austerit\u00e4tsma\u00dfnahmen w\u00e4hrend der vergangenen Legislaturperiode umgesetzt wurden, so war es jedoch nicht m\u00f6glich zu diesem Zeitpunkt einen endg\u00fcltigen Schlussstrich unter den Sozialabbau, der zu dieser Zeit eingesetzt hat, zu ziehen.<\/p>\n<h4><span style=\"color: #000000;\"><em>\u201eWann d\u00e9i nei Regierung DP\/LSAP\/Gr\u00e9ng vun der Bev\u00f6lkerung eppes net kritt huet, dann ass et den Optrag mat der Austerit\u00e9itspolitik a mam sozialen Ofbau weiderzefueren\u201c<\/em><\/span><\/h4>\n<p>Eine falsche Politik, die die DP\/LSAP\/Gr\u00e9ng-Regierung scheint weiterf\u00fchren zu wollen, so wie es das Paket der antisozialen Ma\u00dfnahmen vom vergangenen Jahr durchblicken l\u00e4sst. So wie es der OGBL-Pr\u00e4sident in Erinnerung gerufen hat, so ist sicherlich ein Auftrag, den die neue Regierung nicht von der\u00a0 Bev\u00f6lkerung bekommen hat, der mit der Austerit\u00e4tspolitik und dem Sozialabbau fortzufahren.<\/p>\n<p>Vergangenes Jahr musste die Regierung, unter dem Druck der Gewerkschaften, eine ganze Reihe von Ma\u00dfnahmen die sie durchziehen wollte, zur\u00fcckziehen. Leider muss aber festgestellt werden, dass die Bev\u00f6lkerung neue Angriffe \u00fcber sich ergehen lassen musste, und dass ihre Kaufkraft zur\u00fcckgegangen ist. Dazu kommt, dass das Abkommen, das mit den Gewerkschaften vereinbart wurde, noch nicht komplett umgesetzt wurde.<\/p>\n<p><a href=\"https:\/\/www.ogbl.lu\/wp-content\/uploads\/communiques\/manif_26_11_15_foule_1.jpg\" target=\"_blank\" rel=\"noopener\"><img decoding=\"async\" class=\"wp-image-20256 alignleft\" style=\"border: 0px none;\" src=\"https:\/\/www.ogbl.lu\/wp-content\/uploads\/communiques\/manif_26_11_15_foule_1.jpg\" alt=\"manif_26_11_15_foule_1\" width=\"250\" \/><\/a>Die Austerit\u00e4ts- und Sparpolitik hat gen\u00fcgend Sch\u00e4den in ganz Europa angerichtet, so wie es der OGBL-Pr\u00e4sident in Erinnerung gerufen hat. Er hat ebenfalls daran erinnert, dass diese Politik sich aus wirtschaftlicher Perspektive als total kontraproduktiv herausgestellt hat, und dass sie s\u00e4mtliche rechtsextremen und nationalistischen politischen Kr\u00e4fte f\u00f6rdert, die zurzeit gedeihen. Auch in Luxemburg haben die Ungleichheiten, die Arbeitslosigkeit, die Armut und die Pr\u00e4karisierung der Arbeitsbedingungen auf alarmierende Weise zugenommen.<\/p>\n<p>Mit dieser Politik muss Schluss sein. Es gibt \u00fcbrigens keine Ursache mehr, sie fortzuf\u00fchren. Unsere \u00f6ffentlichen Finanzen sind noch ges\u00fcnder als sie das im vergangenen Jahr waren, und das Wachstum ist wieder da. Nach den Krisenbelastungen fordert der OGBL Krisenentlastungen. Der OGBL-Pr\u00e4sident hat demnach die Regierung dazu aufgerufen, die notwendigen Korrekturen bez\u00fcglich seines Haushalts durchzuf\u00fchren, um es zu verhindern, dass die Leute weiterhin f\u00fcr eine Krise aufkommen m\u00fcssen, f\u00fcr die sie nicht verantwortlich sind und die auch noch vorbei ist. Was Luxemburg jetzt braucht, ist ein Paket von Sozialma\u00dfnahmen. \u201eFir eng besser Aarbecht an e bessert Akommes!\u201c<br \/>\nEin Sozialpaket, wovon der OGBL-Pr\u00e4sident in Dommeldingen vor den Anwesenden die Hauptanliegen, die es beinhaltet, hervorstrich, angefangen bei der Steuerfrage, die nat\u00fcrlich eine Ursache f\u00fcr die Verschlimmerung der Ungerechtigkeiten und des Kaufkraftverlusts in Luxemburg zu tun hat.<\/p>\n<h4><span style=\"color: #000000;\"><em>\u201eWann an engem vun de r\u00e4ichste L\u00e4nner vun der Welt iwwert 25% vun den Haushalter behaapten, datt si Geldproblemer hunn an et schw\u00e9ier hunn d\u00e9i zwee Enner zesummen-zekr\u00e9ien, dann huet dat Land e ganz grousse Problem\u201c<\/em><\/span><\/h4>\n<p>Die Steuergerechtigkeit befindet sich seit Ende der 90er-Jahre im Freifall. Eine bezeichnende Umverteilung der Steuerlast hat stattgefunden, auf Kosten der kleinen und mittleren Einkommen und zu Gunsten der Unternehmen und der Sozialschichten, die \u00fcber hohe bis sehr hohe Geh\u00e4lter verf\u00fcgen. Im Rahmen der von der Regierung angek\u00fcndigten gro\u00dfen Steuerreform, kann es also nur einen Schwerpunkt geben, so der OGBL-Pr\u00e4sident, und zwar: eine sp\u00fcrbare Steuererleichterung f\u00fcr die kleinen und mittleren Geh\u00e4lter und bedeutendere Inanspruchnahme der hohen Geh\u00e4lter und der Kapitaleinkommen. Was die Unternehmen betrifft, so w\u00e4re eine zus\u00e4tzliche Steuererleichterung zu diesem Zeitpunkt total absurd.<\/p>\n<p>Der zweite Hauptpunkt sind die Sozialleistungen. Wenn in einem der reichsten L\u00e4nder der Welt 25% der Haushalte erkl\u00e4ren, dass sie Schwierigkeiten haben am Ende des Monats \u00fcber die Runden zu kommen, bedeutet das, dass dieses Land ein sehr gro\u00dfes Problem hat. Die Antwort auf diese Ungerechtigkeit darf auf keinen Fall einen weiteres Abbau der Sozialleistungen sein, so wie die Regierung dies jedoch zurzeit vorsieht, und das ganz besonders im Bereich der Familienzulagen, so unterstrich der OGBL-Pr\u00e4sident. Die zuk\u00fcnftigen Familienleistungen, die von der Regierung vorgesehen sind, m\u00fcssen unbedingt aufgewertet werden. Und so wie die Regierung es versprochen hatte, muss sie einen regelm\u00e4\u00dfigen Anpassungsmechanismus an die Entwicklung des mittleren Lohns vorsehen, damit die Leistungen sich nach der allgemeinen Entwicklung der Lebenskosten richten und nicht immer wieder nach und nach mechanisch an Wert verlieren.<br \/>\nAndere OGBL-Forderung: die strukturelle Erh\u00f6hung des sozialen Mindestlohns in H\u00f6he von 10%. Die Menschen die f\u00fcr den Mindestlohn arbeiten haben auch ein recht auf Lohngerechtichkeit. Der OGBL-Pr\u00e4sident hat in diesem Zusammenhang daran erinnert, dass Luxemburg in Europa einen traurigen Rekord h\u00e4lt, und zwar den Rekord der Armut trotz Arbeit (\u201eworking poor\u201c), das hei\u00dft dass viele Menschen sich ganz nahe an der Armutsgrenze bewegen, obwohl sie eine Arbeit haben.<a href=\"https:\/\/www.ogbl.lu\/wp-content\/uploads\/communiques\/manif_26_11_15_foule_3.jpg\" target=\"_blank\" rel=\"noopener\"><img decoding=\"async\" class=\"wp-image-20258 alignleft\" style=\"border: 0px none;\" src=\"https:\/\/www.ogbl.lu\/wp-content\/uploads\/communiques\/manif_26_11_15_foule_3.jpg\" alt=\"manif_26_11_15_foule_3\" width=\"250\" \/><\/a><\/p>\n<p>Anderes Hauptanliegen des Sozialpakets: die Verteidigung des Modells auf dem die Pflegeversicherung aufbaut. Ein Modell, das sich bewiesen hat, das jedoch trotzdem zurzeit von der Regierung in Frage gestellt wird. Die direkte Konsequenz des alternativen Modells, f\u00fcr das die Regierung wirbt, w\u00e4re eine Verschlechterung der Qualit\u00e4t und der Dienstleistungen, die zurzeit von der Pflegeversicherung angeboten werden. Dieses Projekt ist f\u00fcr den OGBL total unannehmbar, so wie dies klar und deutlich vom Pr\u00e4sidenten best\u00e4tigt wurde.<\/p>\n<p>Der OGBL fordert ebenfalls eine Erhaltung der Arbeitspl\u00e4tze sowie einen guten Schutz gegen Entlassung und Arbeitslosigkeit. Um dies zu schaffen fordert der OGBL, dass der Schutz gegen Entlassungen verst\u00e4rkt wird, dass die Verhandlungsprozedur der Sozialpl\u00e4ne verbessert wird, dass das Gesetz \u00fcber den Arbeitserhaltungsplan reformiert wird, dass den Arbeitnehmern, deren Arbeitgeber Konkurs angemeldet hat mehr Rechte bekommen, und dass Letztere auch besser bezahlt werden.<\/p>\n<p>Letztes Hauptanliegen im Rahmen des Sozialpakets: eine Arbeitszeitorganisation die es endlich erm\u00f6glicht, Berufs- und Privatleben anst\u00e4ndig zu vereinbaren. So wie es der OGBL-Pr\u00e4sident unterstrichen hat, ist die Frage die sich hier stellt Folgende: wann, wie oft, wieviel Zeit und auf welche Art und Weise steht der Angestellte seinem Arbeitgeber zur Verf\u00fcgung? Und wer muss dar\u00fcber entscheiden? In diesem Zusammenhang setzt sich der OGBL f\u00fcr eine Neuorganisation der Arbeitszeit ein, die die Arbeitnehmer besser gegen\u00fcber den neuen Formen von Ausbeutung und Manipulierung sch\u00fctzt, und fordert, dass die \u00dcberstunden, so wie es sich geh\u00f6rt, wieder anerkannt und bezahlt werden. Dabei soll die Forderung nach der sechsten gesetzlichen Urlaubswoche nicht vergessen werden.<\/p>\n<h4><span style=\"color: #000000;\"><em>\u201eD\u2019Sch\u00e9ier vun der sozialer Ongerechtegkeet, d\u00e9i an der Kris opgaangen ass, muss duerch de soziale Fortschr\u00ebtt er\u00ebm zougemaach ginn. Wann n\u00ebt elo w\u00e9ini dann? A well mer d\u2019\u00c4entwert kenne, muss et elo sinn\u201c<\/em><\/span><\/h4>\n<p>Es ist jetzt h\u00f6chste Zeit, die Ungleichheiten wieder abzuschw\u00e4chen, die sich w\u00e4hrend der Krise verst\u00e4rkt haben. Es ist jetzt h\u00f6chste Zeit, den Sozialstaat zu st\u00e4rken, der viel w\u00e4hrend dieser ganzen Zeit gelitten hat. Wenn nicht jetzt, wann dann? Und weil der OGBL die Antwort dazu wei\u00df, wei\u00df er auch, dass dies ab sofort geschehen muss. Der soziale Fortschritt muss endlich zum politischen Hauptziel dieser Regierung werden.<\/p>\n<p>&gt;&gt; <a title=\"\u00abUn paquet social pour le Luxembourg\u00bb \u2013 Grande manifestation du 26 novembre\" href=\"https:\/\/www.ogbl.lu\/de\/communique\/un-paquet-social-pour-le-luxembourg-grande-manifestation-du-26-novembre\" target=\"_blank\" rel=\"noopener\">Rede von Andr\u00e9 Roeltgen w\u00e4hrend der Kundgebung<\/a><br \/>\n&gt;&gt; <a href=\"\/wp-content\/uploads\/2023\/06\/brochure_sozialpak_de.pdf\" target=\"_blank\" rel=\"noopener\">S\u00e4mtliche Details zur Kampagne<\/a><\/p>","protected":false},"author":1,"featured_media":4124,"template":"","categorie_communiques":[41],"syndicat":[],"acf":[],"yoast_head":"<!-- This site is optimized with the Yoast SEO plugin v23.1 - https:\/\/yoast.com\/wordpress\/plugins\/seo\/ -->\r\n<title>Erste Mobilisierung in Dommeldingen - OGBL<\/title>\r\n<meta name=\"robots\" content=\"index, follow, max-snippet:-1, max-image-preview:large, max-video-preview:-1\" \/>\r\n<link rel=\"canonical\" href=\"https:\/\/www.ogbl.lu\/communique\/premiere-mobilisation-a-dommeldange\/\" \/>\r\n<meta property=\"og:locale\" content=\"de_DE\" \/>\r\n<meta property=\"og:type\" content=\"article\" \/>\r\n<meta property=\"og:title\" content=\"[:fr]Premi\u00e8re mobilisation \u00e0 Dommeldange[:de]Erste Mobilisierung in Dommeldingen[:] - OGBL\" \/>\r\n<meta property=\"og:description\" content=\"&nbsp; Die Kampagne \u201eE Sozialpak fir L\u00ebtzebuerg \u2013 Fir besser Aarbecht an e bessert Akommes\u201c kannte am vergangenen 26. November \u2026\" \/>\r\n<meta property=\"og:url\" content=\"https:\/\/www.ogbl.lu\/communique\/premiere-mobilisation-a-dommeldange\/\" \/>\r\n<meta property=\"og:site_name\" content=\"OGBL\" \/>\r\n<meta property=\"article:modified_time\" content=\"2023-06-30T09:42:39+00:00\" \/>\r\n<meta property=\"og:image\" content=\"https:\/\/www.ogbl.lu\/wp-content\/uploads\/2015\/11\/manif_26_11_15_foule_1.jpg\" \/>\r\n\t<meta property=\"og:image:width\" content=\"600\" \/>\r\n\t<meta property=\"og:image:height\" content=\"399\" \/>\r\n\t<meta property=\"og:image:type\" content=\"image\/jpeg\" \/>\r\n<meta name=\"twitter:card\" content=\"summary_large_image\" \/>\r\n<meta name=\"twitter:label1\" content=\"Est. reading time\" \/>\n\t<meta name=\"twitter:data1\" content=\"15 Minuten\" \/>\r\n<script type=\"application\/ld+json\" class=\"yoast-schema-graph\">{\"@context\":\"https:\/\/schema.org\",\"@graph\":[{\"@type\":\"WebPage\",\"@id\":\"https:\/\/www.ogbl.lu\/communique\/premiere-mobilisation-a-dommeldange\/\",\"url\":\"https:\/\/www.ogbl.lu\/communique\/premiere-mobilisation-a-dommeldange\/\",\"name\":\"[:fr]Premi\u00e8re mobilisation \u00e0 Dommeldange[:de]Erste Mobilisierung in Dommeldingen[:] - OGBL\",\"isPartOf\":{\"@id\":\"https:\/\/www.ogbl.lu\/de\/#website\"},\"primaryImageOfPage\":{\"@id\":\"https:\/\/www.ogbl.lu\/communique\/premiere-mobilisation-a-dommeldange\/#primaryimage\"},\"image\":{\"@id\":\"https:\/\/www.ogbl.lu\/communique\/premiere-mobilisation-a-dommeldange\/#primaryimage\"},\"thumbnailUrl\":\"https:\/\/www.ogbl.lu\/wp-content\/uploads\/2015\/11\/manif_26_11_15_foule_1.jpg\",\"datePublished\":\"2015-11-30T10:46:08+00:00\",\"dateModified\":\"2023-06-30T09:42:39+00:00\",\"breadcrumb\":{\"@id\":\"https:\/\/www.ogbl.lu\/communique\/premiere-mobilisation-a-dommeldange\/#breadcrumb\"},\"inLanguage\":\"de-DE\",\"potentialAction\":[{\"@type\":\"ReadAction\",\"target\":[\"https:\/\/www.ogbl.lu\/communique\/premiere-mobilisation-a-dommeldange\/\"]}]},{\"@type\":\"ImageObject\",\"inLanguage\":\"de-DE\",\"@id\":\"https:\/\/www.ogbl.lu\/communique\/premiere-mobilisation-a-dommeldange\/#primaryimage\",\"url\":\"https:\/\/www.ogbl.lu\/wp-content\/uploads\/2015\/11\/manif_26_11_15_foule_1.jpg\",\"contentUrl\":\"https:\/\/www.ogbl.lu\/wp-content\/uploads\/2015\/11\/manif_26_11_15_foule_1.jpg\",\"width\":600,\"height\":399},{\"@type\":\"BreadcrumbList\",\"@id\":\"https:\/\/www.ogbl.lu\/communique\/premiere-mobilisation-a-dommeldange\/#breadcrumb\",\"itemListElement\":[{\"@type\":\"ListItem\",\"position\":1,\"name\":\"Home\",\"item\":\"https:\/\/www.ogbl.lu\/\"},{\"@type\":\"ListItem\",\"position\":2,\"name\":\"Premi\u00e8re mobilisation \u00e0 Dommeldange\"}]},{\"@type\":\"WebSite\",\"@id\":\"https:\/\/www.ogbl.lu\/de\/#website\",\"url\":\"https:\/\/www.ogbl.lu\/de\/\",\"name\":\"OGBL\",\"description\":\"DIE GEWERKSCHAFT\",\"publisher\":{\"@id\":\"https:\/\/www.ogbl.lu\/de\/#organization\"},\"potentialAction\":[{\"@type\":\"SearchAction\",\"target\":{\"@type\":\"EntryPoint\",\"urlTemplate\":\"https:\/\/www.ogbl.lu\/de\/?s={search_term_string}\"},\"query-input\":\"required name=search_term_string\"}],\"inLanguage\":\"de-DE\"},{\"@type\":\"Organization\",\"@id\":\"https:\/\/www.ogbl.lu\/de\/#organization\",\"name\":\"OGBL\",\"url\":\"https:\/\/www.ogbl.lu\/de\/\",\"logo\":{\"@type\":\"ImageObject\",\"inLanguage\":\"de-DE\",\"@id\":\"https:\/\/www.ogbl.lu\/de\/#\/schema\/logo\/image\/\",\"url\":\"https:\/\/www.ogbl.lu\/wp-content\/uploads\/2024\/07\/LOGO_Red_FR-svg.png\",\"contentUrl\":\"https:\/\/www.ogbl.lu\/wp-content\/uploads\/2024\/07\/LOGO_Red_FR-svg.png\",\"width\":369,\"height\":171,\"caption\":\"OGBL\"},\"image\":{\"@id\":\"https:\/\/www.ogbl.lu\/de\/#\/schema\/logo\/image\/\"}}]}<\/script>\r\n<!-- \/ Yoast SEO plugin. -->","yoast_head_json":{"title":"[:fr]Premi\u00e8re mobilisation \u00e0 Dommeldange[:de]Erste Mobilisierung in Dommeldingen[:] - OGBL","robots":{"index":"index","follow":"follow","max-snippet":"max-snippet:-1","max-image-preview":"max-image-preview:large","max-video-preview":"max-video-preview:-1"},"canonical":"https:\/\/www.ogbl.lu\/communique\/premiere-mobilisation-a-dommeldange\/","og_locale":"de_DE","og_type":"article","og_title":"[:fr]Premi\u00e8re mobilisation \u00e0 Dommeldange[:de]Erste Mobilisierung in Dommeldingen[:] - OGBL","og_description":"&nbsp; Die Kampagne \u201eE Sozialpak fir L\u00ebtzebuerg \u2013 Fir besser Aarbecht an e bessert Akommes\u201c kannte am vergangenen 26. November \u2026","og_url":"https:\/\/www.ogbl.lu\/communique\/premiere-mobilisation-a-dommeldange\/","og_site_name":"OGBL","article_modified_time":"2023-06-30T09:42:39+00:00","og_image":[{"width":600,"height":399,"url":"https:\/\/www.ogbl.lu\/wp-content\/uploads\/2015\/11\/manif_26_11_15_foule_1.jpg","type":"image\/jpeg"}],"twitter_card":"summary_large_image","twitter_misc":{"Est. reading time":"15 Minuten"},"schema":{"@context":"https:\/\/schema.org","@graph":[{"@type":"WebPage","@id":"https:\/\/www.ogbl.lu\/communique\/premiere-mobilisation-a-dommeldange\/","url":"https:\/\/www.ogbl.lu\/communique\/premiere-mobilisation-a-dommeldange\/","name":"[:fr]Premi\u00e8re mobilisation \u00e0 Dommeldange[:de]Erste Mobilisierung in Dommeldingen[:] - OGBL","isPartOf":{"@id":"https:\/\/www.ogbl.lu\/de\/#website"},"primaryImageOfPage":{"@id":"https:\/\/www.ogbl.lu\/communique\/premiere-mobilisation-a-dommeldange\/#primaryimage"},"image":{"@id":"https:\/\/www.ogbl.lu\/communique\/premiere-mobilisation-a-dommeldange\/#primaryimage"},"thumbnailUrl":"https:\/\/www.ogbl.lu\/wp-content\/uploads\/2015\/11\/manif_26_11_15_foule_1.jpg","datePublished":"2015-11-30T10:46:08+00:00","dateModified":"2023-06-30T09:42:39+00:00","breadcrumb":{"@id":"https:\/\/www.ogbl.lu\/communique\/premiere-mobilisation-a-dommeldange\/#breadcrumb"},"inLanguage":"de-DE","potentialAction":[{"@type":"ReadAction","target":["https:\/\/www.ogbl.lu\/communique\/premiere-mobilisation-a-dommeldange\/"]}]},{"@type":"ImageObject","inLanguage":"de-DE","@id":"https:\/\/www.ogbl.lu\/communique\/premiere-mobilisation-a-dommeldange\/#primaryimage","url":"https:\/\/www.ogbl.lu\/wp-content\/uploads\/2015\/11\/manif_26_11_15_foule_1.jpg","contentUrl":"https:\/\/www.ogbl.lu\/wp-content\/uploads\/2015\/11\/manif_26_11_15_foule_1.jpg","width":600,"height":399},{"@type":"BreadcrumbList","@id":"https:\/\/www.ogbl.lu\/communique\/premiere-mobilisation-a-dommeldange\/#breadcrumb","itemListElement":[{"@type":"ListItem","position":1,"name":"Home","item":"https:\/\/www.ogbl.lu\/"},{"@type":"ListItem","position":2,"name":"Premi\u00e8re mobilisation \u00e0 Dommeldange"}]},{"@type":"WebSite","@id":"https:\/\/www.ogbl.lu\/de\/#website","url":"https:\/\/www.ogbl.lu\/de\/","name":"OGBL","description":"DIE GEWERKSCHAFT","publisher":{"@id":"https:\/\/www.ogbl.lu\/de\/#organization"},"potentialAction":[{"@type":"SearchAction","target":{"@type":"EntryPoint","urlTemplate":"https:\/\/www.ogbl.lu\/de\/?s={search_term_string}"},"query-input":"required name=search_term_string"}],"inLanguage":"de-DE"},{"@type":"Organization","@id":"https:\/\/www.ogbl.lu\/de\/#organization","name":"OGBL","url":"https:\/\/www.ogbl.lu\/de\/","logo":{"@type":"ImageObject","inLanguage":"de-DE","@id":"https:\/\/www.ogbl.lu\/de\/#\/schema\/logo\/image\/","url":"https:\/\/www.ogbl.lu\/wp-content\/uploads\/2024\/07\/LOGO_Red_FR-svg.png","contentUrl":"https:\/\/www.ogbl.lu\/wp-content\/uploads\/2024\/07\/LOGO_Red_FR-svg.png","width":369,"height":171,"caption":"OGBL"},"image":{"@id":"https:\/\/www.ogbl.lu\/de\/#\/schema\/logo\/image\/"}}]}},"_links":{"self":[{"href":"https:\/\/www.ogbl.lu\/de\/wp-json\/wp\/v2\/communiques\/1955"}],"collection":[{"href":"https:\/\/www.ogbl.lu\/de\/wp-json\/wp\/v2\/communiques"}],"about":[{"href":"https:\/\/www.ogbl.lu\/de\/wp-json\/wp\/v2\/types\/communiques"}],"author":[{"embeddable":true,"href":"https:\/\/www.ogbl.lu\/de\/wp-json\/wp\/v2\/users\/1"}],"version-history":[{"count":0,"href":"https:\/\/www.ogbl.lu\/de\/wp-json\/wp\/v2\/communiques\/1955\/revisions"}],"wp:featuredmedia":[{"embeddable":true,"href":"https:\/\/www.ogbl.lu\/de\/wp-json\/wp\/v2\/media\/4124"}],"wp:attachment":[{"href":"https:\/\/www.ogbl.lu\/de\/wp-json\/wp\/v2\/media?parent=1955"}],"wp:term":[{"taxonomy":"categorie_communiques","embeddable":true,"href":"https:\/\/www.ogbl.lu\/de\/wp-json\/wp\/v2\/categorie_communiques?post=1955"},{"taxonomy":"syndicat","embeddable":true,"href":"https:\/\/www.ogbl.lu\/de\/wp-json\/wp\/v2\/syndicat?post=1955"}],"curies":[{"name":"wp","href":"https:\/\/api.w.org\/{rel}","templated":true}]}}