{"id":1954,"date":"2015-11-26T18:35:20","date_gmt":"2015-11-26T17:35:20","guid":{"rendered":"https:\/\/www.ogbl.lu\/communiques\/un-paquet-social-pour-le-luxembourg-grande-manifestation-du-26-novembre"},"modified":"2023-06-30T10:35:18","modified_gmt":"2023-06-30T08:35:18","slug":"un-paquet-social-pour-le-luxembourg-grande-manifestation-du-26-novembre","status":"publish","type":"communiques","link":"https:\/\/www.ogbl.lu\/de\/communique\/un-paquet-social-pour-le-luxembourg-grande-manifestation-du-26-novembre\/","title":{"rendered":"\u201eE Sozialpak fir L\u00ebtzebuerg\u201c &#8211; Grosskundgebung vom 26. November"},"content":{"rendered":"<p><\/p>\n<p style=\"text-align: center;\"><a href=\"https:\/\/www.ogbl.lu\/wp-content\/uploads\/communiques\/discours_1.jpg\" target=\"_blank\" rel=\"noopener\"><img decoding=\"async\" class=\"aligncenter wp-image-20222\" style=\"border: 0px none;\" src=\"https:\/\/www.ogbl.lu\/wp-content\/uploads\/communiques\/discours_1.jpg\" alt=\"discours_1\" width=\"500\" \/><\/a><\/p>\n<p>Ried vum Andr\u00e9 Roeltgen, President vum OGBL, gehalen, de 26. November 2015 zu Dummeldeng, bei Gelee\u00ebheet vun der grousser Manifestatioun am Kader vun der Kampagne \u201eE Sozialpak fir L\u00ebtzebuerg &#8211; Fir besser Aarbecht an e bessert Akommes\u201c<\/p>\n<hr \/>\n<p>Den 13. November huet eng Band vu Kriminellen 130 M\u00ebnschen zu Para\u00efs ermuerd. Een Dag virdrun huet si 43 M\u00ebnschen zu Beirut ermuerd. An den 31. Oktober ass et vermutlech och si gewiescht d\u00e9i 234 M\u00ebnschen iwwert dem Sinai \u00ebmbruet huet.<\/p>\n<p>D\u00e9i kriminell Energie huet hier politesch a gesellschaftlech Uersaache, m\u00e4 si ass duerch n\u00e4ischt ze legitim\u00e9iren oder z\u2019\u00ebntsch\u00ebllegen.<\/p>\n<p>Et si barbaresch Attacke g\u00e9int d\u2019M\u00ebnschlechkeet, g\u00e9int d\u00e9i Milliarde vu M\u00ebnschen d\u00e9i a Fridde liewe w\u00ebllen, d\u00e9i a Gesellschafte liewe w\u00ebllen, wou d\u2019M\u00ebnscherechter respekt\u00e9iert ginn a wou d\u2019demokratesch Rechter fir jidderee garant\u00e9iert sinn.<\/p>\n<p>D\u2019politescht Zil vun deem Terrorismus ass eis eegen an aner Gesellschaften ze destabilis\u00e9ieren. Mir solle provoz\u00e9iert ginn, mir solle manner demokratesch ginn, mir sollen eis auserneendivid\u00e9ieren an eis selwer zu Diskriminatiounen hir\u00e4isse loossen. An anere Wierder: mir sollen op hiert Spill agoen.<\/p>\n<p>An d\u00e9i Gefor ass ganz grouss.<\/p>\n<p>Besonnesch elo d\u00e4erfe mir n\u00ebmmen n\u00ebt vergiesse, wat nom 11. September 2001, no dem Uschlag op de World Trade Center zu NY lassgaangen ass.<\/p>\n<p>Afghanistan-Krich an duerno Irak-Krich. Mat enger halwer Millioun, wann n\u00ebt enger Millioun Doudegen.<\/p>\n<p>Kricher, d\u00e9i schnell gewonne goufen an duerno lues verluer gaange sinn.<\/p>\n<p>De sougenannten Islamesche Staat ass e Kand vun d\u00ebse Kricher.<\/p>\n<p>Haut w\u00e9i deemols w\u00e4ert e milit\u00e4resche Kr\u00e4izzug de Problem net l\u00e9isen, an och net deen, dee Marine Le Pen heescht.<\/p>\n<p>En demokratesche Staat muss sech k\u00ebnne g\u00e9int all Form vu Faschismus a fanateschem Terrorismus wieren. Dofier brauch ee S\u00e9cherheetskr\u00e4ften an ee muss och seng Opkl\u00e4rungsaarbecht maache k\u00ebnnen, fir pr\u00e4ventiv wierken ze k\u00ebnnen.<\/p>\n<p>M\u00e4 opgepasst: de Grat ass ganz schmuel bis zur Afrostellung vun de rechtsstaatlechen an demokratesche Prinzipien vun der Bewegungsfr\u00e4iheet, dem Schutz vun der Privatsph\u00e4r oder deem vun der Fr\u00e4iheet sech ze versammelen a sech z\u2019organis\u00e9iren oder deem vun der Pressefr\u00e4iheet.<\/p>\n<p>An d\u2019Fuerderunge vu verschiddene Politiker oder Parteie w\u00e9i ee mat de Fl\u00fcchtlingen an Asylbewerber \u00ebmgoe soll, ass och e ganzt gutt Beispill dofir, w\u00e9i schnell een op der falscher Schinn ka sinn.<\/p>\n<p>An et soll een och n\u00ebt vergiessen, datt bal jiddereen vun den Terroristen vu Para\u00efs, an dat wor schons beim Uschlag op de Charlie Hebdo de Fall, erwuesse Jugendlecher aus dem eegenen oder dem Nopeschland sinn.<\/p>\n<p>Et gouf e frans\u00e9ische Pr\u00ebsident, deen w\u00e9i en nach Inneminister wor, d\u2019Cit\u00e9 mam K\u00e4rcher propper maache wollt. Schw\u00e9ier sozial Problemer, w\u00e9i se an der Par\u00e4iser Banlieu bestinn, l\u00e9ist een net mam K\u00e4rcher, m\u00e4 mat enger fortschr\u00ebttlecher Sozial- an Integratiounspolitik.<\/p>\n<p>Als Gewerkschaftsbewegung hu mir eis Verantwortung ze huelen: fir de Fridden, fir de Schutz vun der Demokratie an de M\u00ebnscherechter. A mir d\u00e4erfen och n\u00ebt midd ginn an eisem wichtege Kampf g\u00e9int all Form vun Inegalit\u00e9it, vu sozialer Aarmut a Prekarisatioun, vu sozialer Ausgrenzung an Diskrimin\u00e9ierung.<\/p>\n<p>Ech bieden Iech opzestoen, an den Affer vum Terrorismus ze gedenken.<\/p>\n<p>***<\/p>\n<p><a href=\"https:\/\/www.ogbl.lu\/wp-content\/uploads\/communiques\/foule_2.jpg\"><img loading=\"lazy\" decoding=\"async\" class=\"aligncenter size-full wp-image-20225\" src=\"https:\/\/www.ogbl.lu\/wp-content\/uploads\/communiques\/foule_2.jpg\" alt=\"foule_2\" width=\"500\" height=\"375\" \/><\/a><\/p>\n<p>Kolleginnen a Kollegen,<\/p>\n<p>Eis Manifestatioun vun haut l\u00e4it voll a ganz an der Linn vun eiser grousser Manifestatioun vum 16. Mee 2009, d\u00e9i am Virfeld vun de Parlamentswale stattfond hat.<\/p>\n<p>Deemols sinn z\u00e9ngdausende Leit op d\u2019Strooss gaangen, well se genee gespuert hunn, wat op se g\u00e9if zoukommen. N\u00e4mlech datt prob\u00e9iert g\u00e9if ginn d\u00e9i kapitalistesch Finanz- a Wirtschaftskris op hierem Bockel auszedroen.<\/p>\n<p>Si hunn der kommender Regierung, d\u00e9i dann d\u2019Fortsetzung vun der Koalitioun vun CSV an LSAP sollt ginn, ze verstoe ginn, datt d\u00e9i schaffend Leit eng Austerit\u00e9itspolitik net matdroe g\u00e9ifen.<\/p>\n<p>D\u2019Regierung huet net gutt nogelauschtert an huet gemengt eng Politik vun der Austerit\u00e9it d\u00e9cid\u00e9iren ze mussen.<\/p>\n<p>Et wor de Finanzminister Luc Frieden, deen an der Tripartite vum 10. Abr\u00ebll 2010 den Austerit\u00e9itskatalog op den D\u00ebsch geluet huet.<\/p>\n<p>Den Index sollt duerch d\u2019Manipulatioun vum Wuerekuerf strukturell verschlechtert ginn, de steierlechen Abattement vun de Frais de d\u00e9placement sollt \u00ebm 50% gestrach ginn, d\u2019Allocation de Rentr\u00e9e scolaire sollt ofgeschaf ginn, den Ajustement vun de Pensioune sollt bis 2014 ausgesat ginn an nach villes aneschtes m\u00e9i.<\/p>\n<p>Den OGBL ass net op dat Spill agaangen an huet schaarf reag\u00e9iert. En huet den Aust\u00e9rit\u00e9itsplang direkt publik gemaach an e konsequent d\u00e9nonc\u00e9iert.<\/p>\n<p>De 27. Abr\u00ebll koum et dunn zum n\u00e4chsten Eclat, w\u00e9i de Premierminister Jean-Claude Juncker d\u2019Tripartite opfl\u00e9ie gelooss huet, nodeem d\u2019Gewerkschaften mat engem kategoreschen NEEN op seng Provokatioun vun der struktureller Verschlechterung vum Indexsystem \u2013 plafonn\u00e9ierten Index oder d\u2019Petrols- an d\u2019Benzinsprodukter aus dem Wuerekuerf \u2013 r\u00e9ag\u00e9iert haten.<\/p>\n<p>Fir d\u00e9i \u00e9ischte K\u00e9ier z\u00ebnter 1982 wor eng Tripartite gescheitert.<\/p>\n<p>An der Regierung selwer ass den H\u00e4r Juncker net weiderkomm, well m\u00ebttlerweil d\u00e9i aner Regierungspartei op engem kuerzfristeg aberuffenen ausseruerdentleche Kongress sech g\u00e9int eng strukturell Verschlechterung vum Index ausgeschwat hat.<\/p>\n<p>Dem OGBL ass et deemols duerch s\u00e4i politeschen Drock gelongen, eng ganz Rei vun Austerit\u00e9itsmoossnahmen ze verh\u00ebnneren oder ofzeschw\u00e4chen. Ofgeschw\u00e4cht beim Abattement vun de Frais de d\u00e9placement a verh\u00ebnnert bei der Allocation de Rentr\u00e9e scolaire, d\u00e9i bestoe bliwwen ass oder beim Ajustement vun de Pensiounen, deen net ausgesat ginn ass oder beim Index, deen net strukturell verschlechtert ginn ass.<\/p>\n<p>A mir hu w\u00e4hrend all deene Joere verh\u00ebnnert kritt, datt d\u2019Upassung vum gesetzleche Mindestloun un d\u00e9i allgemeng Loun- a Geh\u00e4lterentw\u00e9cklung a Fro gestallt ginn ass.<\/p>\n<p>M\u00e4 n\u00ebt all Sozialofbau konnt gestoppt ginn.<\/p>\n<p>Ech denken an \u00e9ischter Linn un dat ongeheierlecht Gesetz iwwert d\u2019Studenteboursen an dem parallelen Ofschafe vum Kannergeld a Kannerbonus mat all sengen Diskriminatiounen an \u00e9ischter Linn g\u00e9int eis Frontalierskollegen. E Gesetz, dat dank eiser Interventioun bei der Europ\u00e4escher Kommissioun duerch en Urteel vum Europ\u00e4esche Geriichtshaff duerno ofge\u00e4nnert ginn ass.<\/p>\n<p>Ech denken awer och un d\u00e9i zous\u00e4tzlech z\u00e4itlech Verschiebunge vun der Ausbezuelung vum Index, nodeems duerch den H\u00e4r Juncker Enn 2011 d\u2019Tripartite nach eng K\u00e9ier gescheitert ass. Ab deem Moment wor de sozialen Dialog quasi gestuerwen.<\/p>\n<p>An da wor nach d\u00e9i iwwerfl\u00ebsseg Verschlechterung vun de Pensiounen duerch d\u2019Pensiounsreform an d\u2019\u00c4ussetze vum Pensiounsajustement am Joer 2013.<\/p>\n<p>An net vergiess ass mat Bl\u00e9ck op d\u00e9i elo ugek\u00ebnnegt Steierreform och d\u2019D\u00e9cisioun vun der deemoleger Regierung, d\u2019Steiertabell bis 2014 net m\u00e9i un d\u2019Inflatiounsentw\u00e9cklung unzepassen.<\/p>\n<p>Enn 2013 ass d\u2019Austerit\u00e9itsregierung auserneegebrach.<\/p>\n<p>D\u2019Geheimd\u00e9ngschtaff\u00e4r wor \u00e9ischter d\u00e9i bekannten Dr\u00ebps vum Faass, als datt se d\u2019Uersaach fir d\u2019Scheitere vun der Regierung gewiescht w\u00e4r.<\/p>\n<p>Net n\u00ebmmen an dem Porte-monnaie vun den Haushalter hat d\u2019Austerit\u00e9itspolitik hir grouss Spueren hannerlooss. Si hat se och an de K\u00e4pp hannerlooss.<\/p>\n<p>An dat huet sech dann och dementspriechend an de Wahlkabinen ausgedr\u00e9ckt. Den OGBL selwer hat sech bekanntlech fir e Regierungswiessel ouni CSV ausgeschwat.<\/p>\n<p>Kolleginnen a Kollegen,<\/p>\n<p><a href=\"https:\/\/www.ogbl.lu\/wp-content\/uploads\/communiques\/discours_andre.jpg\" target=\"_blank\" rel=\"noopener\"><img loading=\"lazy\" decoding=\"async\" class=\"size-medium wp-image-20268 alignleft\" style=\"border: 0px none;\" src=\"https:\/\/www.ogbl.lu\/wp-content\/uploads\/communiques\/discours_andre-199x300.jpg\" alt=\"discours_andre\" width=\"199\" height=\"300\" \/><\/a>Wann d\u00e9i nei Regierung DP\/LSAP\/Gr\u00e9ng vun der Bev\u00f6lkerung eppes net kritt huet, dann ass et den Optrag mat der Austerit\u00e9itspolitik a mam sozialen Ofbau weiderzefueren.<\/p>\n<p>Vill Hoffnung ass op d\u00e9i nei Regierung gesat ginn.<\/p>\n<p>An et gouf och e ganz wichtege Schr\u00ebtt an d\u00e9i richteg Richtung.<\/p>\n<p>E Schr\u00ebtt, deen den OGBL net vergiess huet.<\/p>\n<p>Am Virsummer 2014 huet d\u00e9i nei Regierung d\u00e9cid\u00e9iert, datt bis un d\u2019Enn vun der Legislatur, also bis 2018, den Indexsystem er\u00ebm normal fonctionn\u00e9iere soll.<\/p>\n<p>An och wann d\u2019Inflatioun op engem historeschen D\u00e9ifpunkt ukomm wor an et och nach \u00ebmmer ass, ass dat fir eis eng ganz wichteg Entscheedung gewiescht.<\/p>\n<p>10 Joer laang hunn CSV\/LSAP Regierungen \u2013 mat dem Patronat am R\u00e9ck \u2013 prob\u00e9iert eisen Indexsystem strukturell ze verschlechteren.<\/p>\n<p>Dank der konsequenter Oppositioun a Resistenz vum OGBL ass hinnen dat net gelongen. An dodrop, Kolleginnen a Kollege, k\u00ebnne mer ganz stolz sinn.<\/p>\n<p>Ganz donkel Wolleken sinn dann allerd\u00e9ngs ab dem Oktober d\u2019lescht Joer opgezunn.<\/p>\n<p>W\u00e9i et zwee M\u00e9int m\u00e9i sp\u00e9it den OGBL op sengem Kongress an enger Dagesresolutioun nach eng K\u00e9ier festgestallt huet, hu weder d\u00e9i allgemeng gesond Situatioun vun den \u00ebffentleche Finanzen nach d\u2019wirtschaftlech Prognose fir L\u00ebtzebuerg et indiqu\u00e9iert, mat der Politik vum sozialen Ofbau an der Politik vum Spueren op K\u00e4schte vun der Kafkraaft vun der Bev\u00f6lkerung, weiderzefueren.<\/p>\n<p>De sougenannten Zukunftspak, an eise Kreesser besser bekannt \u00ebnnert dem Numm Spuerpak, ass d\u2019Fortsetzung vun der Austerit\u00e9itspolitik gewiescht.<\/p>\n<p>Si huet d\u2019Bev\u00f6lkerung neien iwwerfl\u00ebssege Belaaschtungen ausgesat.<\/p>\n<p>Den 20. November, virun engem Joer an enger Woch, hunn d\u00e9i national repr\u00e4sentativ Gewerkschaften hei am Hotel Alvisse der Regierung hire kategoreschen NEEN matgedeelt.<\/p>\n<p>\u00cbnnert deem Drock ass et zu Verhandlunge komm an den 28. November koum et zu engem b\u00e9ids\u00e4itegen Accord.<\/p>\n<p>Scho fr\u00e9i hat den OGBL seng Oppositioun g\u00e9int eng nei Form vu Steier ausgedr\u00e9ckt, d\u00e9i d\u2019Regierung \u201eSteier fir d\u2019Zukunft vun eise Kanner\u201c genannt huet.<\/p>\n<p>D\u2019Haushalter sollten eng nei Sozialsteier operluet kr\u00e9ie, fir staatlech Sozialleeschtungen ze finanz\u00e9ieren. Jiddereen hei am Sall ka sech liicht ausmolen, w\u00e9i d\u00e9i Steier, falls se agefouert gi wier, an Zukunft \u00ebmmer weider an d\u2019Luucht gesat gi wier.<\/p>\n<p>Et ass eis an deem Accord gelongen, dat ze verh\u00ebnneren. D\u00e9i Steier ass \u00ebmgewandelt ginn an d\u00e9i z\u00e4itbefrist 0,5%-Steier \u201ede r\u00e9\u00e9quilibrage budg\u00e9taire\u201c, immunis\u00e9iert an der H\u00e9icht vun engem Mindestloun. Mir bezuelen se z\u00ebnter dem Ufank vum Joer an den OGBL widderh\u00ebllt seng Fuerderung, datt d\u2019Regierung elo d\u00e9cid\u00e9iert se ab 2016 er\u00ebm ofzeschafen.<\/p>\n<p>An deem Accord ass et eis er\u00ebm eng K\u00e9ier gelongen, eng Rei Moossnahmen ze verh\u00ebnneren oder ofzeschw\u00e4chen.<\/p>\n<p>Net m\u00e9i awer och net manner.<\/p>\n<p>Fakt ass awer, datt d\u2019Haushalter er\u00ebm eng K\u00e9ier honnerte vu Milliounen un neie Belaaschtungen, w\u00e9i beispillsweis d\u00e9i 2% TVA Erh\u00e9ijung, ausgesat sinn, d\u00e9i zur weiderer Stagnatioun an esouguer zum R\u00e9ckgang vun der Kafkraaft gefouert hunn an nach weider f\u00e9iere w\u00e4erten.<\/p>\n<p>A Fakt ass och, datt bis haut e puer Punkten d\u00e9i d\u2019Regierung am Accord \u00ebnnerschriwwen huet nach \u00ebmmer net \u00ebmgesaat gi sinn. Ech kommen a menge weideren Ausf\u00e9ierungen op d\u00e9i Punkten nach zr\u00e9ck.<\/p>\n<p>Kolleginnen a Kollegen,<\/p>\n<p>D\u2019Spuer- an d\u2019Austerit\u00e9itspolitik huet an Europa e riesege Schued gemaach.<\/p>\n<p>Souwuel wirtschaftlech, w\u00e9i och sozial.<\/p>\n<p>6 Joer no dem Krisenausbroch ass d\u2019Wirtschaftsleeschtung vun Europa w\u00e4it \u00ebnnert deem wat se k\u00e9int sinn, et g\u00ebtt enorm Investitiounsdefiziter an Europa, d\u00e9i eis wirtschaftlech a sozial Zukunft schw\u00e9ier hypoth\u00e9k\u00e9ieren.<\/p>\n<p>An d\u2019Bannennofro leid nach \u00ebmmer \u00ebnnert de Kafkraaftverloschter, d\u00e9i an all de leschte Joer entstanen sinn.<\/p>\n<p>Sozial gesinn, sinn de Ch\u00f4mage, d\u2019Aarmut an d\u2019prek\u00e4r Aarbecht staark ugewuess.<\/p>\n<p>Insgesamt huet d\u2019Krisepolitik an Europa dozou gefouert, datt d\u2019Inegalit\u00e9ite weider zougeholl hunn.<\/p>\n<p>Et g\u00ebtt haut an Europa esou w\u00e9ineg Verdeelungsgerechtegkeet w\u00e9i nach nie.<\/p>\n<p>D\u00e9i politesch Konsequenzen dovu sinn och bekannt. Europa huet vill vu senger Ausstrahlungskraaft verluer, \u00ebmmer m\u00e9i Bierger hunn e Problem sech mat Europa z\u2019identifiz\u00e9iren.<\/p>\n<p>Nationalistesch bis rietsextrem politesch Kr\u00e4fte fannen e gudden N\u00e4hrbuedem fir hiert ideologescht G\u00ebft. Och hei zu L\u00ebtzebuerg.<\/p>\n<p>An och hei zu L\u00ebtzebuerg huet de Sozialofbau an d\u2019Kriselaaschten, d\u00e9i ees\u00e4iteg vun de schaffende Leit an n\u00ebt vum Kapital gedroe goufen, dozou gefouert, datt d\u2019Inegalit\u00e9iten, de Ch\u00f4mage, d\u2019Aarmut an Prekaris\u00e9ierung vun den Aarbechtsverh\u00e4ltnisser an engem alarm\u00e9ierenden Ausmooss zougeholl hunn.<\/p>\n<p>Kolleginnen a Kollegen,<\/p>\n<p>Mat d\u00e4r Politik muss elo definitiv Schluss sinn. Et g\u00ebtt absolut kee Grond m\u00e9i, d\u2019Bev\u00f6lkerung, d\u2019Haushalter, d\u00e9i schaffend Leit an hier Familljen, d\u2019Pension\u00e4ren nach weider enger Spuerpolitik, dem Sozialofbau an Akommesverloschter auszesetzen.<\/p>\n<p>D\u2019Politiker hunn d\u2019Enn vun der Kris proklam\u00e9iert.<\/p>\n<p>Eis \u00ebffentlech Finanze sinn d\u00ebst Joer nach m\u00e9i gesond w\u00e9i si et schonns d\u2019lescht Joer woren, trotz dem Ewechfale vun den TVA-Recetten aus dem elektroneschen Handel.<\/p>\n<p>An eis Wirtschaft wiisst, a wiisst a wiisst, + 4,1% am leschte Joer an d\u2019Pr\u00e9visioune fir 2015 an 2016 leie jeweils t\u00ebscht + 3 a 4%.<\/p>\n<p>Virun deem Hannergrond fuerdert den OGBL d\u2019Regierung op, direkt mat der Politik vun der Austerit\u00e9it opzehalen.<\/p>\n<p>Neen, dat geet net duer.<\/p>\n<p>No de Krisebelaaschtunge mussen elo d\u2019Krisenentlaaschtunge kommen!<\/p>\n<p>D\u2019Regierung muss elo d\u00e9i noutwendeg Korrekture virhuele, fir ze verh\u00ebnneren, datt d\u2019Leit weider fir eng Kris bezuelen, d\u00e9i eriwwer ass.<\/p>\n<p>Dofir \u201eE Sozialpak fir L\u00ebtzebuerg\u201c Fir besser Aarbecht an e bessert Akommes.<\/p>\n<p>Kolleginnen a Kollegen,<\/p>\n<p>Wa mir dovu schw\u00e4tzen, datt an all de leschte Joeren d\u2019Verdeelungssch\u00e9ier weider opgaangen ass, d\u2019sozial Inegalit\u00e9iten zougeholl hunn an d\u2019Kafkraaft stagn\u00e9iert oder esouguer zr\u00e9ckgaangen ass, dann huet dat vill mat de Steieren an der Steierlaascht ze dinn.<\/p>\n<p>Steiere sinn noutwendeg.<\/p>\n<p>Den OGBL ass fir e Staat dee finanzstaark ass.<\/p>\n<p>Well mir br\u00e4uchen e Staat deen iwwert genuch finanziell M\u00ebttele verf\u00fcgt, fir sengen \u00ebffentlechen Aufgaben nozekommen.<\/p>\n<p>Sozialleeschtungen a Sozialtransferten, gutt \u00ebffentlech D\u00e9ngschtleeschtungen, Bildungswiesen, Sozial- a Gesondheetswiesen, eng zukunftsorient\u00e9iert \u00ebffentlech Investitiouns- an Infrastrukturpolitik musse finanz\u00e9iert k\u00ebnne ginn.<\/p>\n<p>M\u00e4 grad esou noutwendeg ass Steiergerechtegkeet.<\/p>\n<p>Well do wou d\u2019Steiergerechtegkeet net exist\u00e9iert oder erofgeet, do sinn d\u2019sozial Inegalit\u00e9iten h\u00e9ich oder si ginn erop.<\/p>\n<p>A L\u00ebtzebuerg huet a Saache Steiergerechtegkeet s\u00e4in Triple AAA scho l\u00e4ngst verluer.<\/p>\n<p>Mir si m\u00ebttlerweil w\u00e4it ewech vun engem demokratesche Steiersystem, wou d\u2019Beitragsf\u00e4hegkeet vum Eenzelnen den Haaptcrit\u00e8re vun der Besteierungsh\u00e9icht ass.<\/p>\n<p>Eise Steiersystem ass an der Schieflag, en huet vill vu senger Kapazit\u00e9it verluer, fir fir m\u00e9i Verdeelungsgerechtegkeet ze suergen.<\/p>\n<p>A besonnesch d\u2019Krisejoeren hun d\u00e9i Situatioun weider versch\u00e4erft.<\/p>\n<p>An d\u00e9i grouss Verl\u00e9ierer sinn d\u00e9i \u00ebnnescht an d\u00e9i m\u00ebttel Akommesschichten.<\/p>\n<p>Hir Steierlaascht ass iwwerproportional ugewuess.<\/p>\n<p>Just dozou eng Zuel: Z\u00ebnter dem Joer 2000 ass d\u2019Gesamtlounmass hei zu L\u00ebtzebuerg \u00ebm 124% eropgaangen. D\u2019Lounsteier awer ass \u00ebm 174% eropgaangen.<\/p>\n<p>Ganz aneschtes ges\u00e4it et op der S\u00e4it vun de Betriber aus. Do sinn d\u2019Ben\u00e9ficer \u00ebm 57% m\u00e9i schnell an d\u2019Luucht gaange, w\u00e9i d\u2019Steieren, d\u00e9i s\u2019erabruecht hunn.<\/p>\n<p>An nieft der iwwerm\u00e9isseger Entw\u00e9cklung vun der direkter Besteierung vun eise L\u00e9in an de Pensioune sinn och d\u00e9i sozial ongerecht indirekt Steieren, ob Taxen oder TVA, weider eropgaangen.<\/p>\n<p>Den OGBL huet, wat d\u00e9i ugek\u00ebnnegt Steierreform ubelaangt, eng Haaptfuerderung un d\u2019Regierung: d\u00e9i niddreg an d\u00e9i m\u00ebttel Akommesschichte musse substantiell steierlech entlaascht ginn! Dat muss elo d\u2019Priorit\u00e9it sinn! Kolleginnen a Kollegen.<\/p>\n<p>D\u2019Austerit\u00e9itspolitik vum H\u00e4r Frieden huet 2010 dozou gefouert, datt d\u2019Steiertabell no 2009 net m\u00e9i un d\u2019Inflatioun ugepasst ginn ass. Dat sollt bis 2014 g\u00ebllen. D\u00e9i nei Regierung huet bis haut n\u00e4ischt dodru ge\u00e4nnert.<\/p>\n<p>Mir sinn duerch d\u00e9i Politik elo schonns \u00ebm 11,3% am Hannertreffen, an d\u2019n\u00e4chst Joer kommen d\u00e9i 2,5% vun der Indextranche nach dob\u00e4i.<\/p>\n<p>D\u00ebs sougenannte kal Progressioun vun der Steierlaascht, d\u00e9i duerch d\u2019Netupassung un d\u2019Inflatioun mechanesch provoz\u00e9iert g\u00ebtt, ass d\u2019Haaptuersaach dofir, datt de Mindestlounverd\u00e9nger haut bis zu 1000 \u20ac un direkte Steiere pro Joer bezillt.<\/p>\n<p>A w\u00e4r d\u2019Steiertabell un d\u2019Inflatioun ugepasst, da g\u00e9if och deen hei am Land, deen en Duerchschn\u00ebttsakommes huet, 1000 \u20ac am Joer manner bezuelen.<\/p>\n<p>Den OGBL erwaart sech vun der Regierung, datt se eng Upassung vun der Steiertabell un d\u2019Pr\u00e4isentw\u00e9cklung virh\u00ebllt an datt se fir d\u2019Zukunft e periodeschen Upassungsmechanismus vun der Steiertabell un d\u2019Inflatioun an d\u2019Steiergesetzgebung anzeschreiwe propos\u00e9iert.<\/p>\n<p>Een deen hei am Land de fakto op der Grenz vum Aarmutsrisiko l\u00e4it, muss fr\u00e4i vun direkte Steiere sinn. Dofir fuerdere mer, datt an der Steiertabell de sougenannten Nullsteierber\u00e4ich op de gesetzleche Mindestloun eropgesat g\u00ebtt.<\/p>\n<p>An datt d\u00e9i \u00ebnnescht an d\u00e9i m\u00ebttler Akommen net m\u00e9i esou staark vun der Steierprogressioun getraff ginn, fuerdert den OGBL, datt de sougenannte M\u00ebttelstandsbockel duerch en Auserneestrecke vun den eenzelne Steiertranchen ofgeflaacht g\u00ebtt.<\/p>\n<p>Eng weider Piste fir d\u00e9i \u00ebnnescht a m\u00ebttler Akommessen z\u2019entlaaschten, ass eng selektiv Upassung bei de sougenannten Abattement\u00ebn, D\u00e9ductiounen a Forfait\u00ebn duerch d\u00e9i ee seng Steierlaascht erofsetze kann.<\/p>\n<p>D\u00e9i meescht sinn z\u00ebnter den 90er-Joeren net m\u00e9i ugepasst ginn oder esouguer verschlechtert ginn, w\u00e9i et beispillsweis 2013 beim Forfait fir d\u2019Frais de d\u00e9placement pass\u00e9iert ass.<\/p>\n<p>An et ass och un der Z\u00e4it eng entspriechend Opw\u00e4ertung vum Cr\u00e9dit-salari\u00e9 an dem Cr\u00e9dit-pensionn\u00e9 virzehuelen, d\u00e9i och u W\u00e4ert verluer hunn.<\/p>\n<p>Den OGBL ass g\u00e9int d\u2019Erh\u00e9ijung an och g\u00e9int d\u2019Af\u00e9ierung vun neien indirekte Steieren. W\u00e9i mer et schonns um Beispill vun der TVA gesot hunn, indirekt Steiere sinn a bleiwe sozial ongerecht.<\/p>\n<p>An ech widderhuelen och hei nach eng K\u00e9ier: d\u00e9i iwwerfl\u00ebsseg z\u00e4itbefrist Steier fir de sougenannten \u201eR\u00e9\u00e9quilibrage vun de Staatsfinanzen\u201c, d\u20190,5%-Steier muss ersatzlos ewech, an dat net er\u00e9ischt 2017, m\u00e4 schonns ab 2016.<\/p>\n<p>Kolleginnen a Kollegen,<\/p>\n<p>Och wa mir opgrond vun der gesonder Situatioun vun de staatleche Finanzen d\u2019Iwwerzeechung hunn, datt Sputt do ass, esou muss een awer, wann ee substantiell Steiererliichterunge fuerdert sech d\u2019Fro stellen, wou d\u2019Steieren eropgesat k\u00ebnne ginn, fir de steierlechen Ausfall auszegl\u00e4ichen.<\/p>\n<p>Et stellt sech also och d\u2019Fro vun zous\u00e4tzleche Steierrecetten.<\/p>\n<p>An da si mer beim Finanzminister Gramegna senger R\u00e4ichesteier, d\u00e9i hie jo net well, m\u00e4 mir awer.<\/p>\n<p>R\u00e4ichesteier! Ee vum Finanzminister ideologesch intelligent gewielte Begr\u00ebff, well domat den Androck virget\u00e4uscht g\u00ebtt, et g\u00e9if sech dob\u00e4i em d\u2019Af\u00e9ierung vun enger extra neier Steier fir d\u00e9i R\u00e4ich handelen.<\/p>\n<p>A Wiirklechkeet handelt et sech dob\u00e4i em d\u00e9i normal Steiertabell, wou et dr\u00ebms geet, m\u00e9i Steiergerechtegkeet erb\u00e4izef\u00e9ieren, an deem d\u00e9i, d\u00e9i bis elo am Verglach zu deenen aneren steierlech gutt ewechkommen, n\u00e4mlech d\u00e9i h\u00e9ich a besonnesch d\u00e9i ganz h\u00e9ich Akommen, m\u00e9i staark besteiert solle ginn.<\/p>\n<p>An zwar duerch d\u2019Af\u00e9ierung vun zous\u00e4tzleche Steiertranchen.<\/p>\n<p>Dat ass eng ganz wichteg Fuerderung, d\u00e9i den OGBL sech vum Finanzminister net schlecht maache l\u00e9isst.<\/p>\n<p>Well n\u00ebmmen esou dem Prinzip vun der Beitragsf\u00e4hegkeet er\u00ebm m\u00e9i staark Rechnung gedroe ka ginn.<\/p>\n<p>Wann ee m\u00e9i Steiergerechtegkeet hei am Land w\u00ebll, da geet kee Wee do laanscht.<\/p>\n<p>An et geet och kee Wee laanscht eng m\u00e9i staark Besteierung vun de sougenannte Kapitalrevenu\u00ebn, d\u00e9i \u2013 an ech gebrauchen d\u2019Wuert haut den Owend n\u00ebmmen eng K\u00e9ier \u2013 skandal\u00e9is ze niddreg sinn par rapport zu der Besteierung vun de L\u00e9in an de Pensiounen.<\/p>\n<p>Hei hu mer et mat zum Deel extremen \u00cbnnerbesteierungen ze dinn, an d\u00e9i, d\u00e9i am meeschten dovu profit\u00e9iere, si bekanntlech d\u00e9i d\u00e9i vill Geld hunn, fir ze plac\u00e9iren.<\/p>\n<p>D\u2019Regierung ass opgefuerdert, bei de sougenannte Stock-options, bei den Dividenden aus Aktien, bei de Revenu\u00ebn aus aneren Zorten vu Wertpabeieren an Anlagen a bei de Spekulatiounsbeneficer d\u2019Besteierung eropzesetzen.<\/p>\n<p>Och dat ass eng Fro vu m\u00e9i Steiergerechtegkeet, Kolleginnen a Kollegen. An och d\u2019Diskussioun iwwert d\u2019R\u00ebmaf\u00e9iere vum Imp\u00f4t sur la fortune ass fir den OGBL net vum D\u00ebsch.<\/p>\n<p>Op d\u2019Solidarit\u00e9itssteier kann am Kampf g\u00e9int d\u2019Aarbechtslosegkeet a fir d\u2019\u00cbnnerst\u00ebtzung an d\u2019Indemnis\u00e9irung vun den Aarbechtslosen net verzicht ginn.<\/p>\n<p>Wou awer drop verzicht ka ginn, ass op d\u00e9i \u00ebmmer m\u00e9i ongerecht Opdeelung vun d\u00e4r Steierlaascht. Et g\u00ebtt net vill dovu geschwat. Bei Krisenufank wor et esou, datt d\u2019Betriber grad esou vill, a Milliounen Euro ausgedr\u00e9ckt, bezuelt hu w\u00e9i d\u2019Haushalter.<\/p>\n<p>D\u2019Verh\u00e4ltnis wor also 1 zu 1. Haut ass et esou, datt d\u2019Haushalter 3 mol esou vill bezuelen wei d\u2019Betriber.<\/p>\n<p>D\u2019Regierung ass opgefuerdert en neien Equiliber hierzestellen.<\/p>\n<p>D\u2019UEL huet an der \u00cbffentlechkeet vill medientr\u00e4chtegen Damp gemaach ronder\u00ebm hier sougenannt \u201eRekommandatioun\u201c fir m\u00e9i Demandeurs d\u2019emploi anzestellen. Wier et n\u00ebt un der Z\u00e4it, datt d\u2019UEL de Betriber rekommand\u00e9iert e m\u00e9i wesentleche B\u00e4itrag zum Finanzement vun der Aarbechtslosegkeet ze maachen?<\/p>\n<p>A wa mer scho bei der Betribsbesteierung sinn, dann ass festzestellen, datt si am Verlaf vun de leschte 15 Joer massiv erofgaangen ass.<\/p>\n<p>D\u2019Betriber droen am Verh\u00e4ltnis zu den Haushalter \u00ebmmer manner zu de Steierrecette bei.<\/p>\n<p>An Europa ass de fiskaleschen Dumping bei der Betribsbesteierung eng Katastroph fir d\u00e9i \u00ebffentlech Finanze vun alle L\u00e4nner. D\u2019Verscholdung an de Sozialofbau hu ganz vill mat deem fiskaleschen Dumping ze dinn.<\/p>\n<p>D\u00e9i Entw\u00e9cklung muss gesamteurop\u00e4esch gestoppt ginn an \u00ebmgek\u00e9iert ginn.<\/p>\n<p>Dofir ass e weidert Erofesetze vun der Betribsbesteierung hei zu L\u00ebtzebuerg duerch n\u00e4ischt ze rechtfertegen.<\/p>\n<p>Ob et elo d\u2019Etude vu PriceWaterhouse oder aner Analyse sinn:<\/p>\n<p>L\u00ebtzebuerg g\u00ebtt \u00ebmmer als ee fir d\u2019Betriber fiskalesch absolut attraktivt Land pr\u00e9sent\u00e9iert. Dat seet alles aus.<\/p>\n<p>Et ass un der Regierung d\u2019Spillraim ze sond\u00e9iere, wou d\u2019Betribsbesteierung eropgesat ka ginn. Och hei geet et dr\u00ebms net d\u00e9i falsch ze treffen, och hei geet et dr\u00ebms d\u00e9i Betriber ze f\u00f6rderen, d\u00e9i hir Gew\u00ebnner real an d\u2019wirtschaftlech Aktivit\u00e9it reinvest\u00e9ieren an d\u00e9i ze treffen d\u00e9i alles maache, fir d\u2019Profiter vun hieren Aktion\u00e4ren eropzesetzen an duerfier esou mann ew\u00e9i n\u00ebmme m\u00e9iglech Steiere w\u00eblle bezuelen.<\/p>\n<p>Kolleginnen a Kollegen,<\/p>\n<p>Wann an engem vun de r\u00e4ichste L\u00e4nner vun der Welt iwwert 25% vun den Haushalter behaapten, datt si Geldproblemer hunn an et schw\u00e9ier hunn d\u00e9i zwee Enner zesummenzekr\u00e9ien, dann huet dat Land e ganz grousse Problem.<\/p>\n<p>Net er\u00e9ischt z\u00ebnter der Kris, m\u00e4 nach m\u00e9i schl\u00ebmm no der Kris hunn d\u2019Inegalit\u00e9ite beim Akommes sech entw\u00e9ckelt, an et si besonnesch d\u00e9i \u00ebnnescht Akommesschichten d\u00e9i getraff sinn.<\/p>\n<p>16,4% vun de Leit woren zu L\u00ebtzebuerg am Joer 2014 dem Aarmutsrisiko ausgesat.<\/p>\n<p>Bei den Elengerz\u00e9ier l\u00e4it m\u00ebttlerweil no Sozialtransfert\u00ebn den Aarmutsrisiko bei 46% (1996: 27%), bei enger Koppel mat zwee Kanner bei 12,5% (7%) a bei dr\u00e4i oder m\u00e9i Kanner bei 27% (23%).<\/p>\n<p>D\u2019\u00c4entwert op d\u00ebs sozial Ongerechtegkeet kann net an engem weideren Ofb\u00e4u bei de staatleche Sozialleeschtunge leien.<\/p>\n<p>Z\u00ebnter Joeren mecht den OGBL drop opmierksam, datt d\u2019Familljenzoulage st\u00e4nneg u W\u00e4ert verluer hunn. Schon eleng de Fait, datt se net m\u00e9i index\u00e9iert gi sinn, huet dozou gefouert, datt d\u2019Kannergeld z\u00ebnter 2006, 20% u W\u00e4ert verluer huet, beim Kannerbonus sinn et m\u00ebttlerweil 16%. Och bei de Ch\u00e8ques-service sinn d\u2019Participatiounen an d\u2019Luucht gaangen.<\/p>\n<p>D\u2019Regierung huet souwuel d\u2019Allocation d\u2019\u00e9ducation w\u00e9i d\u2019Allocation de maternit\u00e9 ersatzlos ofgeschaf, obwuel se ganz genee vun eis an d\u2019Bild gesat ginn ass, datt vill Haushalter (iwwert 20%) matgetraff gi sinn, wou d\u00e9i zwee schaffe, m\u00e4 d\u00e9i opgrond vun hierem niddregen Akommes d\u00ebs Zoulage kritt hunn.<\/p>\n<p>D\u00ebse Sozialofbau ass fir d\u00ebs Kategorie vu Leit bis haut duerch n\u00e4ischt kompens\u00e9iert ginn.<\/p>\n<p>An dem aktuelle Gesetzesprojet iwwert d\u2019Familljenzoulage g\u00ebtt elo prob\u00e9iert nach eng drop ze setzen: fir d\u00e9i Familljen d\u00e9i no dem 1. Januar 2016 zwee, dr\u00e4i oder m\u00e9i Kanner kr\u00e9ien, soll d\u2019Kannergeld massiv gekierzt ginn.<\/p>\n<p>De Verloscht bei zwee Kanner w\u00e4ert 9% sinn (64\u20ac pro Mount, 773 \u20ac am Joer) a bei dr\u00e4i Kanner w\u00e4ert de Verloscht sech op 20% belafen (238 \u20ac pro Mount \/ 2860 \u20ac am Joer).<\/p>\n<p>Viraussiichtlech w\u00e4erten iwwer 50% Familljen, d\u00e9i an Zukunft Kanner kr\u00e9ie vun d\u00ebsem massive Sozialofbau betraff sinn.<\/p>\n<p>Den OGBL rifft d\u2019Regierung dr\u00e9nglechst op, de Montant vum Kannergeld w\u00e9i en elo am Gesetzesprojet virgesinn ass, substantiell z\u2019erh\u00e9ijen.<\/p>\n<p>Den OGBL streid net mat der Familljeministesch op en zweet oder en dr\u00ebtt Kand m\u00e9i Kannergeld soll kr\u00e9ien w\u00e9i dat \u00e9ischt, m\u00e4 e streid mat hir, well se hir eege Philosophie vum gl\u00e4iche Montant fir all Kand dozou m\u00ebssbr\u00e4ucht, fir Sozialofb\u00e4u beim Kannergeld insgesamt ze bedreiwen.<\/p>\n<p>D\u00e9i Differenz, d\u00e9i beim zweeten oder dr\u00ebtte Kand agespuert g\u00ebtt, muss geholl gi, fir d\u2019Kannergeld fir all Kand entspriechend ze erh\u00e9ijen. Egal op et sech \u00ebm dat \u00e9ischt, dat zweet oder dat dr\u00ebtt handelt.<\/p>\n<p>Esou en Amendement muss elo an de Gesetzesprojet eran.<\/p>\n<p>An en zweet Amendement wat elo era muss kommen, ass d\u2019Af\u00e9ierung vun engem Mechanismus, deen d\u2019Familljenzoulagen an Zukunft automatesch periodesch un d\u2019Entw\u00e9cklung vum Medianloun hei zu L\u00ebtzebuerg upasst, fir ze verh\u00ebnneren, datt se st\u00e4nneg nach weider u W\u00e4ert verl\u00e9ieren.<\/p>\n<p>D\u00ebs Mesure huet d\u2019Regierung am Accord vum 28. November 2014 mat de Gewerkschaften \u00ebnnerschriwwen. Si muss elo Wuert halen an den Accord respekt\u00e9ieren.<\/p>\n<p>A wat de Cong\u00e9 parental ubelaangt, esou hu mer elo endlech en Avant-projet virleien, bei deem och nach eng Rei Problemer aus der Welt geschafe musse ginn.<\/p>\n<p>Kolleginnen a Kollegen,<\/p>\n<p>L\u00ebtzebuerg huet d\u2019Sp\u00ebtzestellung an Europa bei de sougenannte \u201eworking poor\u201c, dat sinn d\u00e9i Leit d\u00e9i aarm sinn, obwuel se schaffen.<\/p>\n<p>Dat schock\u00e9iert, m\u00e4 et iwwerrascht eis net.<\/p>\n<p>Bei 1922 \u20ac brutto a 1632 \u20ac netto l\u00e4it deen, deen hei am Land 40 Stonnen an der Woch mam gesetzleche Mindestloun schafft, just iwwert dem Aarmutsrisiko.<\/p>\n<p>Dat ass d\u00e9i knallhaart sozial Realit\u00e9it, d\u00e9i fir Z\u00e9ngdausende vu Leit Dag fir Dag hirt Liewen ass.<\/p>\n<p>Virun e puer Joer huet den heitegen Direkter vun der Chambre de Commerce eng \u00f6konomesch onhaltbar a virun allem zud\u00e9ifst respektlos an erniddregend Ausso gemaach, w\u00e9i e behaapt huet, datt de gesetzleche Mindestloun \u00ebm 30% m\u00e9i h\u00e9ich wier, w\u00e9i dat wat dem Mindestlounverd\u00e9nger seng Produktivit\u00e9it wier.<\/p>\n<p>Hien ass elo vum Generalsekret\u00e4r vun der UEL getoppt ginn. An engem Interview am Quotidien huet hien zum aktuelle gesetzleche Mindestloun gemengt, datt eben net jiddereen den Usproch k\u00e9int hunn op 2 mol am Joer eng Woch Schivakanz an nach op eng Woch Ausrouen op der Ile Maurice.<\/p>\n<p>Leit, d\u00e9i esou e Verloscht hunn, beim Bewosstsein iwwert dat, wat ee sech mam gesetzleche Mindestloun hei zu L\u00ebtzebuerg leeschte kann, d\u00e9i sollen d\u2019Differenz vun hirer Pei zum gesetzleche Mindestloun enger gudder Saach iwwerweisen an da kucken, wat fir si da lass ass. Si sollen eis dann duerno verzielen, w\u00e9i hier Vakanz verlaf ass.<\/p>\n<p>Wou den 1. Januar d\u00ebst Joer an D\u00e4itschland de gesetzleche Mindestloun agefouert ginn ass, do huet d\u2019Patronat de Verloscht un Aarbechtsplaze virausgesot. De G\u00e9igendeel ass pass\u00e9iert.<\/p>\n<p>An och hei am Land deit n\u00e4ischt drops hin, datt eng Erh\u00e9ijung vum Mindestloun Aarbechtsplazen a Fro g\u00e9if stellen. Et ass esouguer opgrond vun der St\u00e4erkung vun der Kafkraaft mat engem Eropgo\u00eb bei den Aarbechtsplazen ze rechnen.<\/p>\n<p>Och deen, dee fir de gesetzleche Mindestloun schafft, huet Recht op Loungerechtegkeet.<\/p>\n<p>Den OGBL fuerdert vun der Regierung e Gesetz, dat de gesetzleche Mindestloun strukturell \u00ebm 10% eropsetzt. A wann der Regierung 10% an engem Coup ze vill sinn, da ka si et och progressiv iwwert e puer Etappe maachen.<\/p>\n<p>Kolleginnen a Kollegen,<\/p>\n<p>Nieft de Familljeleeschtungen ass och eng vun eisen \u00ebffentleche Sozialvers\u00e9cherungen an der Reformdiskussioun.<\/p>\n<p>D\u2019Fleegeversecherung.<\/p>\n<p>Mir ass et wichteg haut den Owend als OGBL nach eng K\u00e9ier festzestellen, datt d\u00e9i Vers\u00e9cherung, d\u00e9i Enn den 90er-Joeren agefouert gouf, eng gutt Vers\u00e9cherung ass.<\/p>\n<p>Si huet de fleegebed\u00fcrftege Leit vill Fleeg- an awer och Liewensqualit\u00e9it bruecht. Den OGBL rifft aus deem Grond d\u2019Regierung op, d\u00e9i aktuell Struktur vun der Vers\u00e9cherung net a Fro ze stellen.<\/p>\n<p>Mir br\u00e4uche keng Fleegevers\u00e9cherung, d\u00e9i no sougenannte Fleegeklassen oder Fleegestufe fonctionn\u00e9iert.<\/p>\n<p>Esou ee Modell br\u00e9ngt weder m\u00e9i Qualit\u00e9it, m\u00e9i Transparenz oder m\u00e9i Kontroll. Au contraire.<\/p>\n<p>Den OGBL w\u00e4ert och keng Leeschtungsverschlechterungen a Kaf huelen.<\/p>\n<p>Mir w\u00eblle keng Fleegevers\u00e9cherung d\u00e9i just nom Prinzip vu \u201ewarm, satt, sauber\u201c fonctionn\u00e9iert.<\/p>\n<p>Mir br\u00e4uchen eng Vers\u00e9cherung, d\u00e9i esou laang w\u00e9i n\u00ebmme m\u00e9iglech d\u2019Autonomie vum Fleegebed\u00fcrftege f\u00f6rdert an him dat beschte sozialt Liewe garant\u00e9iert, ob nach doheem oder schonns am station\u00e4re Ber\u00e4ich.<\/p>\n<p>D\u2019Ofs\u00e9cherung vun de Leeschtungen an hierer Qualit\u00e9it an och d\u00e9i staatlech finanziell Partizipatioun um mindestens selwechten Niveau w\u00e9i elo stinn am Accord vum 28. November.<\/p>\n<p>Grad esou w\u00e9i de Respekt vun de kollektivvertraglechen Aarbechts- a Lounbed\u00e9ngunge vum Personal. Dee steet och dran.<\/p>\n<p>Den OGBL ass bereed, an dat huet en a sengem Positiounspabeier dem Minister vun der S\u00e9curit\u00e9 sociale schonns matgedeelt, punktuell iwwert identifiz\u00e9iert Schwaachstellen ze diskut\u00e9ieren a gemeinsam L\u00e9isungen ze fannen.<\/p>\n<p>Fir eng Vers\u00e9cherung d\u00e9i nach besser ass w\u00e9i d\u00e9i, d\u00e9i elo scho gutt ass.<\/p>\n<p>Kolleginnen a Kollegen,<\/p>\n<p>Den OGBL fuerdert besser Aarbecht.<\/p>\n<p>E wichtegt Element dovun ass eng gutt Ofs\u00e9cherung vun der Aarbechtsplaz an ee gudde Schutz g\u00e9int Entloossung a virun Aarbechtslosegkeet.<\/p>\n<p>Et ass haut fir d\u2019Betriber vill ze vill einfach Leit aus wirtschaftleche Gr\u00ebnn z\u2019entloossen. Dat g\u00ebllt esouwuel fir d\u00e9i individuell Entloossung, w\u00e9i och fir d\u00e9i kollektiv Entloossung, besser bekannt \u00ebnnert dem Numm Sozialplang.<\/p>\n<p>De K\u00ebnnegungsschutz muss eropgesat ginn a bei de Sozialpl\u00e4ng muss et eng verbessert Verhandlungsprozedur ginn, d\u00e9i och d\u2019gewerkschaftlech Aktiounsm\u00e9iglechkeete st\u00e4erkt.<\/p>\n<p>Och d\u2019Gesetz iwwert de sougenannte Plan de Maintien dans l\u2019Emploi muss reform\u00e9iert ginn, fir datt et endlech deen Zweck erf\u00ebllt, fir dat et best\u00ebmmt wor, n\u00e4mlech scho fr\u00e9i proaktiv a pr\u00e4ventiv am Betrib wierken ze k\u00ebnne, fir d\u00e9i berufflech an d\u00e9i sozial Perspektive vun de Leit besser ofzes\u00e9cheren. An net w\u00e9i haut, wou er\u00e9ischt dann eppes pass\u00e9iert, wann d\u2019Lompe schonns gewalteg st\u00e9nken.<\/p>\n<p>L\u00e4ngst f\u00e4lleg ass och d\u2019Reform vun der Gesetzgebung am Fall vun der Faillite fir d\u2019Rechter an d\u2019Indemnit\u00e9ite fir d\u00e9i betraffe Salari\u00e9\u00ebn ze verbesseren.<\/p>\n<p>Besser Aarbecht ass och synomym mat Gesondheet a S\u00e9cherheet op der Aarbechtsplaz. An d\u00ebsem Kontext besteet z\u00ebnter laangem Handlungsbedarf fir eng Reform vun der M\u00e9decine du Travail.<\/p>\n<p>Kolleginnen a Kollegen,<\/p>\n<p>D\u2019Regierung w\u00ebll d\u2019Pr\u00e9retraite-solidarit\u00e9 ofschafen. E Schr\u00ebtt, dee mer \u00ebmmer kritis\u00e9iert hunn.<\/p>\n<p>Am Accord vum 28. November ass festgehale ginn, datt et dofir Kompensatioune misst ginn. Mir sinn effektiv bei der Pr\u00e9retraite am Fall vu Schicht- an Nuetsaarbecht weiderkomm, wat eis awer weiderhi feelt, ass d\u00e9i vun eis propos\u00e9iert Ausdehnung vun der Pr\u00e9retraite ob aner Situatioune vu besonnesch belaaschtenden Aarbechtsbed\u00e9ngungen.<\/p>\n<p>Esou laang w\u00e9i an d\u00ebser Saach kee Projet konkretis\u00e9iert g\u00ebtt, lehne mir de Projet de loi iwwert d\u2019Ofschafe vun der Pr\u00e9retraite solidarit\u00e9 of.<\/p>\n<p>Kolleginnen, Kollegen,<\/p>\n<p>Am Kader vun der Diskussioun vun der Pensiounsreform ass et eis schonns versprach ginn, ouni datt duerno eppes pass\u00e9iert ass.<\/p>\n<p>Dofir huet den OGBL drop gehalen, datt et am Accord vum 28. November festgehale ginn ass an agefouert muss ginn.<\/p>\n<p>N\u00e4mlech e gesetzlecht Recht fir all Salari\u00e9 op Deelz\u00e4itaarbecht kombin\u00e9iert mat enger Deelrent an zwar ab dem Datum, wou e pensiounsberechtegt ass.<\/p>\n<p>Esou h\u00e4tt jiddereen e gesetzlech garant\u00e9iert Recht fir schon deelweis, m\u00e9i lues aus dem Aarbechtsprozess erauszeklammen a gl\u00e4ichz\u00e4iteg vun enger Deelpensioun profit\u00e9ieren ze k\u00ebnnen. A fir ganz kloer ze sinn: dat Recht kann net vum Employeur verweigert ginn.<\/p>\n<p>An esou laang w\u00e9i een nach schafft, entw\u00e9ckele sech d\u2019Pensiounsusprech dynamesch weider. Et ass genuch Z\u00e4it verluer ginn, dat Gesetz muss elo gemaach ginn.<\/p>\n<p>Kolleginnen a Kollegen,<\/p>\n<p>Wann ee fir Loun schaffe geet, da verkeeft een un de Patron net n\u00ebmme seng Aarbecht, m\u00e4 et verkeeft een och seng Z\u00e4it. E gudden Deel vu senger Liewensz\u00e4it.<\/p>\n<p>D\u2019Patronat w\u00ebll d\u2019Aarbechtsz\u00e4it esou b\u00eblleg an esou laang w\u00e9i n\u00ebmme m\u00e9iglech an et w\u00ebll iwwert d\u2019Organisatioun vun den Aarbechtsz\u00e4iten eleng best\u00ebmme k\u00ebnnen.<\/p>\n<p>Als Gewerkschaft hu mir net n\u00ebmmen den Optraag fir de beschte Pr\u00e4is fir d\u2019Aarbecht ze verhandele, m\u00e4 mir hunn och den Optraag d\u00e9i maximal Aarbechtsz\u00e4itdauer ze limit\u00e9iren an eng Organisatioun vun der Aarbechtsz\u00e4it duerchzesetzen, d\u00e9i eise Leit d\u00e9i bescht m\u00e9iglech Gestaltung vun der Netaarbechtsz\u00e4it, also vun der Fr\u00e4iz\u00e4it an der Erhuelung garant\u00e9iert.<\/p>\n<p>A genee \u00ebm d\u00e9i Fro\u00eb \u201ew\u00e9ini, w\u00e9i oft, w\u00e9i laang a w\u00e9i een dem Betrib zur Verf\u00fcgung steet a ween doriwwer ze d\u00e9cid\u00e9ieren huet\u201c sinn den Hannergronn vun de Konfliktverhandlungen, d\u00e9i elo z\u00ebnter M\u00e9int t\u00ebscht dem OGBL, der UEL an der Regierung stattfannen.<\/p>\n<p>Et geet em d\u00e9i ganz wichteg Fro, w\u00e9i an d\u2019Zukunft hei zu L\u00ebtzebuerg d\u2019Aarbechtsz\u00e4iten organis\u00e9iert ginn.<\/p>\n<p>Firwat d\u00e9i schw\u00e9ier Konfrontatioun an d\u00e9i Blocagen? Den \u00e9ischte Grond ass deen, datt dat aktuellt Gesetz, dat sougenannte PAN-Gesetz aus den 90er-Joeren, e schlecht Gesetz ass. Den OGBL verlaangt, datt dat Gesetz vu Grond op ofge\u00e4nnert g\u00ebtt, well et de Salari\u00e9 a seng Aarbechtsz\u00e4iten absolut net proteg\u00e9iert a well et d\u2019Organisatioun vun den Aarbechtsz\u00e4ite schlecht oder esou guer iwwerhaapt net regelt. An domat muss Schluss sinn.<\/p>\n<p>Den zweete Grond ass deen, datt nei Entw\u00e9cklungen an der Aarbechtswelt zu neie Forme vun Aarbecht, an domat och zu neie Forme vun nei Aarbechtsz\u00e4ite f\u00e9ieren.<\/p>\n<p>D\u00e9i traditionnell Schichtaarbecht vun der Industrie bis zum Gesondheets- a Sozialwiesen g\u00ebtt et nach \u00ebmmer a w\u00e4ert och bis op weideres bestoe bleiwen. An et g\u00ebtt och nach d\u2019B\u00fcrosaarbecht zu de fixe Stonnen.<\/p>\n<p>M\u00e4 et g\u00ebtt awer och \u00ebmmer m\u00e9i variabel Aarbechtsz\u00e4iten. Niewend beispillsweis den Horaires mobilen a ville Serviceber\u00e4icher oder de verl\u00e4ngerten \u00d6ffnungsz\u00e4iten am Handel oder st\u00e4nnege Wiessele bei den Aarbechtsz\u00e4iten, ginn et \u00ebmmer m\u00e9i oft Aarbechtsz\u00e4iten, d\u00e9i nach vill m\u00e9i dilu\u00e9iert sinn a wou d\u2019Grenzen t\u00ebscht der Aarbechtsz\u00e4it an der N\u00ebt-Aarbechtsz\u00e4it \u00ebmmer m\u00e9i verschwomme ginn.<\/p>\n<p>Dor\u00ebnner sinn op der enger S\u00e4it esou Aarbechtssituatiounen ze verstoen, wou een eebest\u00ebmmten Aarbechtsoptraag huet a wou \u00ebmmer m\u00e9i Leit iwwert hir normal Aarbechtsz\u00e4it eraus a ganz oft onbezuelt schaffe, fir d\u2019Aarbecht iwwerhaapt gemeeschtert ze kr\u00e9ien.<\/p>\n<p>\u2018Digitalis\u00e9ierung an d\u2019Informatis\u00e9ierung am Verbond mat de moderne Kommunikatiounstechnologien hunn \u2018Tendenz \u00ebmmer m\u00e9i Deeler vun der Aarbecht, an domat vun der Aarbechtsz\u00e4it, vun der Aarbechtsplaz am S\u00ebnn vum Wuert \u201coutzesourcen\u201d, voll an d\u2019Privatliewen eran.<\/p>\n<p>Dor\u00ebnner falen d\u2019Bereedschaftsd\u00e9ngschter, dor\u00ebnner falen d\u00e9i Aarbechten, d\u00e9i Leit obeemol doheem maachen, dor\u00ebnner f\u00e4llt de lap top, tablett an den handy, iwwert d\u00e9i een zu all Moment erreecht a mat der Aarbecht konfront\u00e9iert ka ginn.<\/p>\n<p>Kolleginnen a Kollegen,<\/p>\n<p>N\u00ebt all, m\u00e4 vill vun neien a m\u00e9i variablen Aarbechtsz\u00e4itformen w\u00e4erten net ze stoppe sinn.<\/p>\n<p>M\u00e4 dat wat awer absolut gestoppt muss ginn, ass, datt d\u00e9i m\u00e9i variabel Aarbechtsz\u00e4itformen \u00ebmmer m\u00e9i d\u2019Aarbechtsz\u00e4itinteressen an och d\u2019Louninteresse vun de schaffende Leit a Fro stellen.<\/p>\n<p>D\u2019Instrument fir dat ze verh\u00ebnneren ass eng fortschr\u00ebttlech Aarbechtsz\u00e4itgesetzgebung, d\u00e9i de Salari\u00e9 besser g\u00e9int all nei Forme vun Ausbeutung a Friembest\u00ebmmung sch\u00fctzt a senger Fr\u00e4i- a Liewensz\u00e4it eng besser Qualit\u00e9it verschaaft.<\/p>\n<p>Dat ass d\u2019zentral Fuerderung vum OGBL.<\/p>\n<p>Mir brauchen och eng Aarbechtsz\u00e4itgesetzgebung, d\u00e9i d\u2019Kollektivvertragswiesen hei zu L\u00ebtzebuerg opw\u00e4ert. Well et ass de Kollektivvertrag, deen dat beschte M\u00ebttel ass, fir d\u2019Aarbechtsz\u00e4ite vum eenzelne Betrib bis zum Sekteur oder Gruppe vu Betriber gutt am Interessen vun de Salari\u00e9\u00ebn ze regelen.<\/p>\n<p>D\u00e9i aktuell PAN-Gesetzgebung huet Enn der 90-ger Joeren d\u2019Referenzperiod vun der Woch op de Mount eropgesat, ouni gl\u00e4ichz\u00e4iteg dofir ze suergen, datt d\u00e9i Flexibilis\u00e9ierung s\u00e9ri\u00e9is geregelt ginn ass.<\/p>\n<p>\u2018Definitioun wat eng Iwwerstonn ass a wat keng ass, ass am S\u00ebnn vum Wuert pervert\u00e9iert ginn, mam Resultat, datt haut vill Iwwerstonne gemaach ginn, d\u00e9i entweder guer net oder net korrekt bezuelt ginn.<\/p>\n<p>A wat d\u2019Organisatioun vun der Aarbechtsz\u00e4it ubelaangt, huet dat Gesetz, ob bei de POT\u2019en oder bei dem Horaire mobile nie fonctionn\u00e9iert.<\/p>\n<p>Profit\u00e9iert dovun huet just d\u2019Patronat, d\u2019Friembest\u00ebmmung vun der Aarbechtsz\u00e4it ass an d\u2019Luucht gaangen, d\u2019onbezuelten Aarbecht huet zougeholl, d\u2019Kontroll- an d\u2019Planbarkeet vun der Z\u00e4it ass fir de Salari\u00e9 erofgaangen, vu Matbest\u00ebmmung ganz ze schweigen.<\/p>\n<p>An et ass genee dee Modell, deen d\u2019Patronat elo net n\u00ebmme weider w\u00ebll hunn, nee et w\u00ebll d\u00e9i gesetzlech Aarbechtsz\u00e4iten nach weider negativ flexibilis\u00e9ieren.<\/p>\n<p>Dofir fuerdert d\u2019Patronat, datt d\u00e9i gesetzlech Referenzperiod, d\u00e9i ouni Kollektivvertrag m\u00e9iglech ass, vun engem op v\u00e9ier M\u00e9int eropgesat ka ginn.<\/p>\n<p>Dat ass fir den OGBL en \u201cno go\u201d.<\/p>\n<p>Variabel Aarbechtsz\u00e4ite br\u00e4uchen n\u00ebt manner Spillregele, si br\u00e4uchen der au contraire m\u00e9i.<\/p>\n<p>D\u2019Patronat d\u00e4erf n\u00ebt mat eisen Aarbechtsz\u00e4iten maache k\u00ebnne wat et w\u00ebll.<\/p>\n<p>D\u2019Aarbechtsz\u00e4iten d\u00e4erfen net zu enger extra Profitquell op dem Bockel vun de schaffenden Leit ginn.<\/p>\n<p>Den OGBL fuerdert, datt elo kloer Definitiounen a Prozeduren bei den Iwwerstonnen, de POT\u2019en, den Horaire mobilen an och bei Aarbechtssituatioune, w\u00e9i de Bereedschaftsd\u00e9ngscht agefouert ginn.<\/p>\n<p>Et muss zu m\u00e9i Matbest\u00ebmmung an et muss zu m\u00e9i Kontrollrechter fir d\u2019Salari\u00e9\u00eb kommen.<\/p>\n<p>Net n\u00ebmmen e Betrib muss plange k\u00ebnne, m\u00e4 och deen eenzelnen dee schafft huet e Recht drop, datt e seng Z\u00e4it uerdentlech plange kann.<\/p>\n<p>D\u2019Regierung muss endlech verstoen, datt eng besser Harmonis\u00e9ierung t\u00ebscht Aarbechtsliewen a Liewen, op dat elo fir d\u2019Erhuelung, fir d\u2019Fr\u00e4iz\u00e4it an d\u2019Kultur, fir d\u2019Famill an d\u2019Erz\u00e9iung vun de Kanner ass, sech ebe just net eleng op d\u2019Recht fir de Cong\u00e9 parental oder op de Cong\u00e9 pour raisons familiales limit\u00e9iert.<\/p>\n<p>D\u2019Fuerderung fir eng besser Harmonis\u00e9ierung a fir eng besser Aarbechtsqualit\u00e9it bezitt sich op dat ganzt Aarbechtsliewen.<\/p>\n<p>D\u2019Regierung muss awer och elo endlech verstoen, datt e Patronat eng weider Verschlechterung vum Aarbechtsgesetz an d\u2019Verl\u00e4ngerung vun de Referenzperioden fuerdert, fir dat wichtegst gewerkschaftlecht Instrument zur Gestaltung vun der Aarbechtsz\u00e4it, n\u00e4mlech d\u2019Kollektivvertr\u00e4g ze schw\u00e4chen. D\u2019Patronat w\u00ebll d\u2019Kr\u00e4fteverh\u00e4ltnisser an de Betriber zu senge Gonschte ver\u00e4nneren.<\/p>\n<p>All Verschlechterung vun der gesetzlecher Aarbechtsz\u00e4it bedeit zugl\u00e4ich en negativen Drock g\u00e9int eis Kollektivvertr\u00e4g an erschw\u00e9iert d\u2019Af\u00e9ierung vun neien Kollektivvertr\u00e4g.<\/p>\n<p>W\u00e9i \u00ebmgedr\u00e9int all Verbesserung vum Gesetz gl\u00e4ichz\u00e4iteg och e positiven Impakt op eis Kollektivvertr\u00e4g huet.<\/p>\n<p>Dofir haut eise ganz kloere Message un d\u2019Regierung: Bekennt iech zu engem staarke Kollektivvertragswiesen hei zu L\u00ebtzebuerg. W\u00e4ert et op a verh\u00ebnnert all Ofw\u00e4ertung. Dat ass de Wee, fir de L\u00ebtzebuerger Modell er\u00ebm ze st\u00e4erken. Dat ass de Wee, fir de sozialen Dialog hei zu L\u00ebtzebuerg er\u00ebm m\u00e9i staark ze maachen.<\/p>\n<p>An zulescht muss d\u2019Regierung endlech verstoen, datt eng weider Entw\u00e9cklung vun der Produktivit\u00e9it hei am Land ganz vill, nieft der beruflecher Qualifikatioun, vun der Motivatioun, der gudder Erhuelung an der Gesondheet vun de Salari\u00e9\u00ebn ofh\u00e4nkt.<\/p>\n<p>Positiv Aarbechtsz\u00e4iten, d\u00e9i d\u2019Z\u00e4itinteressen an Z\u00e4itbed\u00fcrfnisser vun de Besch\u00e4ftegten respekt\u00e9iere sinn onverzichtbar.<\/p>\n<p>An dozou geh\u00e9iert och d\u2019Gesamtdauer vun der Aarbechtsz\u00e4it.<\/p>\n<p>Et ass net m\u00e9i akzeptabel, datt an Europa nach just a Rum\u00e4nien d\u00e9i durchschn\u00ebttlech Wochenaarbechtsz\u00e4it m\u00e9i h\u00e9ich ass w\u00e9i bei eis.<\/p>\n<p>An engem Land, wou d\u2019Produktivit\u00e9it an d\u2019Aarbechtsintensit\u00e9it Weltsp\u00ebtz ass, ass et net l\u00e4nger ze toler\u00e9iere, datt d\u00e9i duerchschn\u00ebttlech Wochenaarbechtsz\u00e4it bei ronn 41 Stonne l\u00e4it.<\/p>\n<p>D\u00e9i sechst gesetzlech Uerlaubswoch, d\u00e9i den OGBL fuerdert, ass keng Fuerderung vun engem anere St\u00e4r.<\/p>\n<p>Si ass eng Noutwendegkeet fir hei am Land besser Aarbecht, besser Liewensqualit\u00e9it an eng besser Gesondheet erbeizef\u00e9ieren.<\/p>\n<p>D\u2019Regierung huet eng richteg D\u00e9cisioun geholl. N\u00e4mlech d\u00e9i d\u2019PAN-Gesetz, wat elo zum 31. Dezember ausgelaf w\u00e4r, n\u00ebmmen \u00ebm ee Joer ze verl\u00e4ngeren.<\/p>\n<p>Doduerch hunn d\u2019Verhandlungen neie Spillraum kritt, fir elo en uerdentlecht neit a fortschr\u00ebttlecht Aarbechtsgesetz op d\u2019Schinn ze br\u00e9ngen.<\/p>\n<p>An et muss och gewosst sinn, datt esou Gesetz, dat noutwendegt Fundament ass, fir aner wichteg Diskussiounen am Kader vum sougenannten Dialog interprofessionnell f\u00e9ieren ze k\u00ebnnen, n\u00e4mlech d\u00e9i iwwert \u2018Deelz\u00e4itaarbecht an iwwert d\u00e9i sougenannte Comptes-Epargne-Temps.<\/p>\n<p>Kolleginnen a Kollegen,<\/p>\n<p>Et ass elo un d\u00ebser Regierung dofir ze suergen, datt de Sozialstaat, dee w\u00e4hrend der Krisis e Stack erofgesaat ginn ass elo er\u00ebm ee Stack eropgefuer g\u00ebtt. Do wou e virun der Krisis wuar.<\/p>\n<p>Et ass elo un d\u00ebser Regierung, d\u00e9i sozial Inegalit\u00e9ite, d\u00e9i w\u00e4hrend der Kris m\u00e9i grouss gi sinn, er\u00ebm m\u00e9i kleng ze maachen.<\/p>\n<p>D\u2019Sch\u00e9ier vun der sozialer Ongerechtegkeet, d\u00e9i an der Kris opgaangen ass, muss duerch de soziale Fortschr\u00ebtt er\u00ebm zougemaach ginn.<\/p>\n<p>Wann n\u00ebt elo w\u00e9ini dann? A well mer d\u2019\u00c4entwert kenne, muss et elo sinn.<\/p>\n<p>Et ass un d\u00ebser Regierung an n\u00ebt er\u00e9ischt un der n\u00e4chster, fir d\u00e9i sozial Sortie de crise ze maachen. An dat heescht: de soziale Fortschr\u00ebtt muss endlech zum priorit\u00e4ren Zil vun der Politik vun d\u00ebser Regierung ginn!<\/p>\n<p>Dofir \u201cE Sozialpak fir L\u00ebtzebuerg\u201d Fir besser Aarbecht an e bessert Akommes.<\/p>\n<p>Dofir hu mer eis haut mobilis\u00e9iert, an dofir w\u00e4ert den OGBL weider mobilis\u00e9ieren. Fir d\u2019Zukunft vun de schaffende Leit, fir dr soziale Fortschr\u00ebtt hei zu L\u00ebtzebuerg.<\/p>\n<p>Merci, datt der komm sidd. Mir gesinn eis er\u00ebm.<\/p>\n<p><a href=\"https:\/\/www.ogbl.lu\/wp-content\/uploads\/communiques\/foule_1.jpg\"><img loading=\"lazy\" decoding=\"async\" class=\"aligncenter size-full wp-image-20226\" src=\"https:\/\/www.ogbl.lu\/wp-content\/uploads\/communiques\/foule_1.jpg\" alt=\"foule_1\" width=\"500\" height=\"375\" \/><\/a><\/p>","protected":false},"author":1,"featured_media":4125,"template":"","categorie_communiques":[41],"syndicat":[],"acf":[],"yoast_head":"<!-- This site is optimized with the Yoast SEO plugin v23.1 - https:\/\/yoast.com\/wordpress\/plugins\/seo\/ -->\r\n<title>\u201eE Sozialpak fir L\u00ebtzebuerg\u201c - Grosskundgebung vom 26. November - OGBL<\/title>\r\n<meta name=\"robots\" content=\"index, follow, max-snippet:-1, max-image-preview:large, max-video-preview:-1\" \/>\r\n<link rel=\"canonical\" href=\"https:\/\/www.ogbl.lu\/communique\/un-paquet-social-pour-le-luxembourg-grande-manifestation-du-26-novembre\/\" \/>\r\n<meta property=\"og:locale\" content=\"de_DE\" \/>\r\n<meta property=\"og:type\" content=\"article\" \/>\r\n<meta property=\"og:title\" content=\"[:fr]\u00abUn paquet social pour le Luxembourg\u00bb - Grande manifestation du 26 novembre[:de]\u201eE Sozialpak fir L\u00ebtzebuerg\u201c - Grosskundgebung vom 26. November[:en]\u00abUn paquet social pour le Luxembourg\u00bb - Grande manifestation du 26 novembre[:] - OGBL\" \/>\r\n<meta property=\"og:description\" content=\"Ried vum Andr\u00e9 Roeltgen, President vum OGBL, gehalen, de 26. November 2015 zu Dummeldeng, bei Gelee\u00ebheet vun der grousser Manifestatioun \u2026\" \/>\r\n<meta property=\"og:url\" content=\"https:\/\/www.ogbl.lu\/communique\/un-paquet-social-pour-le-luxembourg-grande-manifestation-du-26-novembre\/\" \/>\r\n<meta property=\"og:site_name\" content=\"OGBL\" \/>\r\n<meta property=\"article:modified_time\" content=\"2023-06-30T08:35:18+00:00\" \/>\r\n<meta property=\"og:image\" content=\"https:\/\/www.ogbl.lu\/wp-content\/uploads\/2015\/11\/discours_1.jpg\" \/>\r\n\t<meta property=\"og:image:width\" content=\"600\" \/>\r\n\t<meta property=\"og:image:height\" content=\"450\" \/>\r\n\t<meta property=\"og:image:type\" content=\"image\/jpeg\" \/>\r\n<meta name=\"twitter:card\" content=\"summary_large_image\" \/>\r\n<meta name=\"twitter:label1\" content=\"Est. reading time\" \/>\n\t<meta name=\"twitter:data1\" content=\"72 Minuten\" \/>\r\n<script type=\"application\/ld+json\" class=\"yoast-schema-graph\">{\"@context\":\"https:\/\/schema.org\",\"@graph\":[{\"@type\":\"WebPage\",\"@id\":\"https:\/\/www.ogbl.lu\/communique\/un-paquet-social-pour-le-luxembourg-grande-manifestation-du-26-novembre\/\",\"url\":\"https:\/\/www.ogbl.lu\/communique\/un-paquet-social-pour-le-luxembourg-grande-manifestation-du-26-novembre\/\",\"name\":\"[:fr]\u00abUn paquet social pour le Luxembourg\u00bb - Grande manifestation du 26 novembre[:de]\u201eE Sozialpak fir L\u00ebtzebuerg\u201c - Grosskundgebung vom 26. November[:en]\u00abUn paquet social pour le Luxembourg\u00bb - Grande manifestation du 26 novembre[:] - OGBL\",\"isPartOf\":{\"@id\":\"https:\/\/www.ogbl.lu\/de\/#website\"},\"primaryImageOfPage\":{\"@id\":\"https:\/\/www.ogbl.lu\/communique\/un-paquet-social-pour-le-luxembourg-grande-manifestation-du-26-novembre\/#primaryimage\"},\"image\":{\"@id\":\"https:\/\/www.ogbl.lu\/communique\/un-paquet-social-pour-le-luxembourg-grande-manifestation-du-26-novembre\/#primaryimage\"},\"thumbnailUrl\":\"https:\/\/www.ogbl.lu\/wp-content\/uploads\/2015\/11\/discours_1.jpg\",\"datePublished\":\"2015-11-26T17:35:20+00:00\",\"dateModified\":\"2023-06-30T08:35:18+00:00\",\"breadcrumb\":{\"@id\":\"https:\/\/www.ogbl.lu\/communique\/un-paquet-social-pour-le-luxembourg-grande-manifestation-du-26-novembre\/#breadcrumb\"},\"inLanguage\":\"de-DE\",\"potentialAction\":[{\"@type\":\"ReadAction\",\"target\":[\"https:\/\/www.ogbl.lu\/communique\/un-paquet-social-pour-le-luxembourg-grande-manifestation-du-26-novembre\/\"]}]},{\"@type\":\"ImageObject\",\"inLanguage\":\"de-DE\",\"@id\":\"https:\/\/www.ogbl.lu\/communique\/un-paquet-social-pour-le-luxembourg-grande-manifestation-du-26-novembre\/#primaryimage\",\"url\":\"https:\/\/www.ogbl.lu\/wp-content\/uploads\/2015\/11\/discours_1.jpg\",\"contentUrl\":\"https:\/\/www.ogbl.lu\/wp-content\/uploads\/2015\/11\/discours_1.jpg\",\"width\":600,\"height\":450},{\"@type\":\"BreadcrumbList\",\"@id\":\"https:\/\/www.ogbl.lu\/communique\/un-paquet-social-pour-le-luxembourg-grande-manifestation-du-26-novembre\/#breadcrumb\",\"itemListElement\":[{\"@type\":\"ListItem\",\"position\":1,\"name\":\"Home\",\"item\":\"https:\/\/www.ogbl.lu\/\"},{\"@type\":\"ListItem\",\"position\":2,\"name\":\"\u00abUn paquet social pour le Luxembourg\u00bb &#8211; Grande manifestation du 26 novembre\"}]},{\"@type\":\"WebSite\",\"@id\":\"https:\/\/www.ogbl.lu\/de\/#website\",\"url\":\"https:\/\/www.ogbl.lu\/de\/\",\"name\":\"OGBL\",\"description\":\"DIE GEWERKSCHAFT\",\"publisher\":{\"@id\":\"https:\/\/www.ogbl.lu\/de\/#organization\"},\"potentialAction\":[{\"@type\":\"SearchAction\",\"target\":{\"@type\":\"EntryPoint\",\"urlTemplate\":\"https:\/\/www.ogbl.lu\/de\/?s={search_term_string}\"},\"query-input\":\"required name=search_term_string\"}],\"inLanguage\":\"de-DE\"},{\"@type\":\"Organization\",\"@id\":\"https:\/\/www.ogbl.lu\/de\/#organization\",\"name\":\"OGBL\",\"url\":\"https:\/\/www.ogbl.lu\/de\/\",\"logo\":{\"@type\":\"ImageObject\",\"inLanguage\":\"de-DE\",\"@id\":\"https:\/\/www.ogbl.lu\/de\/#\/schema\/logo\/image\/\",\"url\":\"https:\/\/www.ogbl.lu\/wp-content\/uploads\/2024\/07\/LOGO_Red_FR-svg.png\",\"contentUrl\":\"https:\/\/www.ogbl.lu\/wp-content\/uploads\/2024\/07\/LOGO_Red_FR-svg.png\",\"width\":369,\"height\":171,\"caption\":\"OGBL\"},\"image\":{\"@id\":\"https:\/\/www.ogbl.lu\/de\/#\/schema\/logo\/image\/\"}}]}<\/script>\r\n<!-- \/ Yoast SEO plugin. -->","yoast_head_json":{"title":"[:fr]\u00abUn paquet social pour le Luxembourg\u00bb - Grande manifestation du 26 novembre[:de]\u201eE Sozialpak fir L\u00ebtzebuerg\u201c - Grosskundgebung vom 26. November[:en]\u00abUn paquet social pour le Luxembourg\u00bb - Grande manifestation du 26 novembre[:] - OGBL","robots":{"index":"index","follow":"follow","max-snippet":"max-snippet:-1","max-image-preview":"max-image-preview:large","max-video-preview":"max-video-preview:-1"},"canonical":"https:\/\/www.ogbl.lu\/communique\/un-paquet-social-pour-le-luxembourg-grande-manifestation-du-26-novembre\/","og_locale":"de_DE","og_type":"article","og_title":"[:fr]\u00abUn paquet social pour le Luxembourg\u00bb - Grande manifestation du 26 novembre[:de]\u201eE Sozialpak fir L\u00ebtzebuerg\u201c - Grosskundgebung vom 26. November[:en]\u00abUn paquet social pour le Luxembourg\u00bb - Grande manifestation du 26 novembre[:] - OGBL","og_description":"Ried vum Andr\u00e9 Roeltgen, President vum OGBL, gehalen, de 26. November 2015 zu Dummeldeng, bei Gelee\u00ebheet vun der grousser Manifestatioun \u2026","og_url":"https:\/\/www.ogbl.lu\/communique\/un-paquet-social-pour-le-luxembourg-grande-manifestation-du-26-novembre\/","og_site_name":"OGBL","article_modified_time":"2023-06-30T08:35:18+00:00","og_image":[{"width":600,"height":450,"url":"https:\/\/www.ogbl.lu\/wp-content\/uploads\/2015\/11\/discours_1.jpg","type":"image\/jpeg"}],"twitter_card":"summary_large_image","twitter_misc":{"Est. reading time":"72 Minuten"},"schema":{"@context":"https:\/\/schema.org","@graph":[{"@type":"WebPage","@id":"https:\/\/www.ogbl.lu\/communique\/un-paquet-social-pour-le-luxembourg-grande-manifestation-du-26-novembre\/","url":"https:\/\/www.ogbl.lu\/communique\/un-paquet-social-pour-le-luxembourg-grande-manifestation-du-26-novembre\/","name":"[:fr]\u00abUn paquet social pour le Luxembourg\u00bb - Grande manifestation du 26 novembre[:de]\u201eE Sozialpak fir L\u00ebtzebuerg\u201c - Grosskundgebung vom 26. November[:en]\u00abUn paquet social pour le Luxembourg\u00bb - Grande manifestation du 26 novembre[:] - OGBL","isPartOf":{"@id":"https:\/\/www.ogbl.lu\/de\/#website"},"primaryImageOfPage":{"@id":"https:\/\/www.ogbl.lu\/communique\/un-paquet-social-pour-le-luxembourg-grande-manifestation-du-26-novembre\/#primaryimage"},"image":{"@id":"https:\/\/www.ogbl.lu\/communique\/un-paquet-social-pour-le-luxembourg-grande-manifestation-du-26-novembre\/#primaryimage"},"thumbnailUrl":"https:\/\/www.ogbl.lu\/wp-content\/uploads\/2015\/11\/discours_1.jpg","datePublished":"2015-11-26T17:35:20+00:00","dateModified":"2023-06-30T08:35:18+00:00","breadcrumb":{"@id":"https:\/\/www.ogbl.lu\/communique\/un-paquet-social-pour-le-luxembourg-grande-manifestation-du-26-novembre\/#breadcrumb"},"inLanguage":"de-DE","potentialAction":[{"@type":"ReadAction","target":["https:\/\/www.ogbl.lu\/communique\/un-paquet-social-pour-le-luxembourg-grande-manifestation-du-26-novembre\/"]}]},{"@type":"ImageObject","inLanguage":"de-DE","@id":"https:\/\/www.ogbl.lu\/communique\/un-paquet-social-pour-le-luxembourg-grande-manifestation-du-26-novembre\/#primaryimage","url":"https:\/\/www.ogbl.lu\/wp-content\/uploads\/2015\/11\/discours_1.jpg","contentUrl":"https:\/\/www.ogbl.lu\/wp-content\/uploads\/2015\/11\/discours_1.jpg","width":600,"height":450},{"@type":"BreadcrumbList","@id":"https:\/\/www.ogbl.lu\/communique\/un-paquet-social-pour-le-luxembourg-grande-manifestation-du-26-novembre\/#breadcrumb","itemListElement":[{"@type":"ListItem","position":1,"name":"Home","item":"https:\/\/www.ogbl.lu\/"},{"@type":"ListItem","position":2,"name":"\u00abUn paquet social pour le Luxembourg\u00bb &#8211; Grande manifestation du 26 novembre"}]},{"@type":"WebSite","@id":"https:\/\/www.ogbl.lu\/de\/#website","url":"https:\/\/www.ogbl.lu\/de\/","name":"OGBL","description":"DIE GEWERKSCHAFT","publisher":{"@id":"https:\/\/www.ogbl.lu\/de\/#organization"},"potentialAction":[{"@type":"SearchAction","target":{"@type":"EntryPoint","urlTemplate":"https:\/\/www.ogbl.lu\/de\/?s={search_term_string}"},"query-input":"required name=search_term_string"}],"inLanguage":"de-DE"},{"@type":"Organization","@id":"https:\/\/www.ogbl.lu\/de\/#organization","name":"OGBL","url":"https:\/\/www.ogbl.lu\/de\/","logo":{"@type":"ImageObject","inLanguage":"de-DE","@id":"https:\/\/www.ogbl.lu\/de\/#\/schema\/logo\/image\/","url":"https:\/\/www.ogbl.lu\/wp-content\/uploads\/2024\/07\/LOGO_Red_FR-svg.png","contentUrl":"https:\/\/www.ogbl.lu\/wp-content\/uploads\/2024\/07\/LOGO_Red_FR-svg.png","width":369,"height":171,"caption":"OGBL"},"image":{"@id":"https:\/\/www.ogbl.lu\/de\/#\/schema\/logo\/image\/"}}]}},"_links":{"self":[{"href":"https:\/\/www.ogbl.lu\/de\/wp-json\/wp\/v2\/communiques\/1954"}],"collection":[{"href":"https:\/\/www.ogbl.lu\/de\/wp-json\/wp\/v2\/communiques"}],"about":[{"href":"https:\/\/www.ogbl.lu\/de\/wp-json\/wp\/v2\/types\/communiques"}],"author":[{"embeddable":true,"href":"https:\/\/www.ogbl.lu\/de\/wp-json\/wp\/v2\/users\/1"}],"version-history":[{"count":0,"href":"https:\/\/www.ogbl.lu\/de\/wp-json\/wp\/v2\/communiques\/1954\/revisions"}],"wp:featuredmedia":[{"embeddable":true,"href":"https:\/\/www.ogbl.lu\/de\/wp-json\/wp\/v2\/media\/4125"}],"wp:attachment":[{"href":"https:\/\/www.ogbl.lu\/de\/wp-json\/wp\/v2\/media?parent=1954"}],"wp:term":[{"taxonomy":"categorie_communiques","embeddable":true,"href":"https:\/\/www.ogbl.lu\/de\/wp-json\/wp\/v2\/categorie_communiques?post=1954"},{"taxonomy":"syndicat","embeddable":true,"href":"https:\/\/www.ogbl.lu\/de\/wp-json\/wp\/v2\/syndicat?post=1954"}],"curies":[{"name":"wp","href":"https:\/\/api.w.org\/{rel}","templated":true}]}}