{"id":1944,"date":"2015-11-13T11:15:19","date_gmt":"2015-11-13T10:15:19","guid":{"rendered":"https:\/\/www.ogbl.lu\/communiques\/cinq-questions-a-catherine-molitor-la-nouvelle-vice-presidente-de-logbl-jeunes"},"modified":"2023-05-24T14:20:41","modified_gmt":"2023-05-24T12:20:41","slug":"cinq-questions-a-catherine-molitor-la-nouvelle-vice-presidente-de-logbl-jeunes","status":"publish","type":"communiques","link":"https:\/\/www.ogbl.lu\/de\/communique\/cinq-questions-a-catherine-molitor-la-nouvelle-vice-presidente-de-logbl-jeunes\/","title":{"rendered":"F\u00fcnf Fragen an Catherine Molitor, die neue Vizepr\u00e4sidentin der OGBL-Jugend"},"content":{"rendered":"<p><a href=\"https:\/\/www.ogbl.lu\/wp-content\/uploads\/communiques\/catherine_molitor.jpg\"><img loading=\"lazy\" decoding=\"async\" class=\"alignleft size-full wp-image-20081\" src=\"https:\/\/www.ogbl.lu\/wp-content\/uploads\/communiques\/catherine_molitor.jpg\" alt=\"catherine_molitor\" width=\"150\" height=\"150\" \/><\/a>\u201eDer Praktikant darf keine regul\u00e4re Arbeitsstelle ersetzen und somit zu einer billigen Arbeitskraft werden.\u201c<\/p>\n<p><span style=\"color: #000000;\"><em>Aktuell: Catherine Molitor, Du bist ein Mensch der gerne aktiv ist. Was bedeutet f\u00fcr Dich ein Engagement?<\/em><\/span><\/p>\n<p><span style=\"color: #ff0000;\">Catherine Molitor:<\/span> <span style=\"color: #000066;\">Von Haus aus wurde uns vorgelebt, dass eine Gemeinschaft nur durch soziale Verantwortung und durch ein Miteinander funktionieren kann. Engagement bedeutet f\u00fcr mich, zum Beispiel eine Position zu beziehen, und diese nicht bei der kleinsten Schwierigkeit aufzugeben. Schon in meiner Jugend habe ich im Sport und bei den \u201eGuiden\u201c freiwillig Verantwortungen \u00fcbernommen. Seit 2013 bin ich in der Personaldelegation vom CHEM und kurze Zeit sp\u00e4ter, wurde ich Mitglied in der Jugendgewerkschaft. Au\u00dferdem bin ich im Vorstand der \u201eAssociation nationale des Victimes de la Route\u201c.<\/span><\/p>\n<p><span style=\"color: #000000;\"><em>Aktuell: Warum lohnt es sich als junger Mensch Mitglied beim OGBL zu sein?<\/em><\/span><\/p>\n<p><span style=\"color: #ff0000;\">Catherine Molitor:<\/span> <span style=\"color: #000066;\">F\u00fcr junge Menschen, die ins Berufsleben einsteigen, sei es in einer Ausbildung oder nach dem Studium, ist es wichtig zu verstehen, dass fr\u00fchere Generationen Rechte und Arbeitsbedingungen erk\u00e4mpft und beeinflusst haben. An uns liegt es nun diese Errungenschaften zu verteidigen und gegebenenfalls zu verbessern.<\/span><\/p>\n<p><span style=\"color: #000000;\"><em>Aktuell: Welche Themen liegen Dir besonders am Herzen?<\/em><\/span><\/p>\n<p><span style=\"color: #ff0000;\">Catherine Molitor:<\/span><span style=\"color: #000066;\"> Die Gesundheits- und Familienpolitik liegen mir besonders am Herzen, da ich ja beruflich im Gesundheitssektor t\u00e4tig bin. Weiter interessiere ich mich f\u00fcr die Schul- und Ausbildungspolitik. Ich finde zum Beispiel, dass au\u00dferschulische Praktika qualitativ hochwertige Lerninhalte und angemessene Arbeitsbedingungen bieten m\u00fcssen, und kein billiger Ersatz f\u00fcr regul\u00e4re Arbeitspl\u00e4tze sein d\u00fcrfen.<\/span><\/p>\n<p><span style=\"color: #000000;\"><em>Aktuell: Was sind denn genau die Probleme, auf die junge Menschen in einem Praktikum sto\u00dfen?<\/em><\/span><\/p>\n<p><span style=\"color: #ff0000;\">Catherine Molitor:<\/span> <span style=\"color: #000066;\">Praktika, die w\u00e4hrend der Schulausbildung absolviert werden m\u00fcssen, sind reglementiert, die jedoch, die au\u00dferschulisch stattfinden, sind es nicht. Diese sind nicht bis in die Einzelheiten gesetzlich bestimmt. Es gibt Praktika, die \u00fcber mehrere Monate laufen und es ist dem Arbeitgeber \u00fcberlassen, ob der Praktikant eine finanzielle Entsch\u00e4digung bekommt oder nicht. Es werden auch weiter keine Beitr\u00e4ge in die Sozialkassen einbezahlt, so dass der Praktikant nicht sozial abgesichert ist. Wenn man w\u00e4hrend seines Praktikums erkrankt, hat man eben Pech. Aber vor allem kann der Arbeitgeber den Praktikanten jederzeit ohne Angaben von irgendeinem Motiv vor die T\u00fcr setzen!<\/span><\/p>\n<p><span style=\"color: #000000;\"><em>Aktuell: In Eurem Jugendkomitee habt Ihr eine Stellungnahme ausgearbeitet. Welche Forderungen stellt die OGBL-Jugend?<\/em><\/span><\/p>\n<p><span style=\"color: #ff0000;\">Catherine Molitor:<\/span> <span style=\"color: #000066;\">Wir haben neun Forderungen aufgestellt, die in unseren Augen unabdingbar sind, um die Rechte eines Praktikanten zu st\u00e4rken. Ein Praktikum muss ein p\u00e4dagogisches Ziel haben. Der Praktikant darf keine regul\u00e4re Arbeitsstelle ersetzen und somit zu einer billigen Arbeitskraft werden. Wir fordern, dass es einen Vertrag zwischen Arbeitgeber und Praktikant geben muss. Eine qualifizierte Referenzperson muss den Praktikanten bei seiner T\u00e4tigkeit unterst\u00fctzen und begleiten. Nach Be-endigung des Praktikums sollen erlernte Kompetenzen und Qualifikationen bescheinigt werden. Es ist wichtig, dass der Praktikant eine finanzielle Entsch\u00e4digung erh\u00e4lt und sozial abgesichert ist. Die Praktika d\u00fcrfen nicht l\u00e4nger als drei Monate dauern. Nach Abschluss einer Ausbildung brauchen junge Menschen eine feste Arbeitsstelle und kein unbezahltes Praktikum. Und junge Berufsanf\u00e4nger m\u00fcssen gezielter \u00fcber ihre Rechte aufgekl\u00e4rt und informiert werden.<\/span><\/p>\n<p>&nbsp;<\/p>","protected":false},"author":1,"featured_media":4132,"template":"","categorie_communiques":[132],"syndicat":[120],"acf":[],"yoast_head":"<!-- This site is optimized with the Yoast SEO plugin v23.1 - https:\/\/yoast.com\/wordpress\/plugins\/seo\/ -->\r\n<title>F\u00fcnf Fragen an Catherine Molitor, die neue Vizepr\u00e4sidentin der OGBL-Jugend - OGBL<\/title>\r\n<meta name=\"robots\" content=\"index, follow, max-snippet:-1, max-image-preview:large, max-video-preview:-1\" \/>\r\n<link rel=\"canonical\" href=\"https:\/\/www.ogbl.lu\/communique\/cinq-questions-a-catherine-molitor-la-nouvelle-vice-presidente-de-logbl-jeunes\/\" \/>\r\n<meta property=\"og:locale\" content=\"de_DE\" \/>\r\n<meta property=\"og:type\" content=\"article\" \/>\r\n<meta property=\"og:title\" content=\"[:fr]Cinq questions \u00e0 Catherine Molitor, la nouvelle vice-pr\u00e9sidente de l\u2019OGBL-Jeunes[:de]F\u00fcnf Fragen an Catherine Molitor, die neue Vizepr\u00e4sidentin der OGBL-Jugend[:en]Cinq questions \u00e0 Catherine Molitor, la nouvelle vice-pr\u00e9sidente de l\u2019OGBL-Jeunes[:] - OGBL\" \/>\r\n<meta property=\"og:description\" content=\"\u201eDer Praktikant darf keine regul\u00e4re Arbeitsstelle ersetzen und somit zu einer billigen Arbeitskraft werden.\u201c Aktuell: Catherine Molitor, Du bist ein \u2026\" \/>\r\n<meta property=\"og:url\" content=\"https:\/\/www.ogbl.lu\/communique\/cinq-questions-a-catherine-molitor-la-nouvelle-vice-presidente-de-logbl-jeunes\/\" \/>\r\n<meta property=\"og:site_name\" content=\"OGBL\" \/>\r\n<meta property=\"article:modified_time\" content=\"2023-05-24T12:20:41+00:00\" \/>\r\n<meta property=\"og:image\" content=\"https:\/\/www.ogbl.lu\/wp-content\/uploads\/2015\/11\/catherine_molitor.jpg\" \/>\r\n\t<meta property=\"og:image:width\" content=\"150\" \/>\r\n\t<meta property=\"og:image:height\" content=\"150\" \/>\r\n\t<meta property=\"og:image:type\" content=\"image\/jpeg\" \/>\r\n<meta name=\"twitter:card\" content=\"summary_large_image\" \/>\r\n<meta name=\"twitter:label1\" content=\"Est. reading time\" \/>\n\t<meta name=\"twitter:data1\" content=\"6 Minuten\" \/>\r\n<script type=\"application\/ld+json\" class=\"yoast-schema-graph\">{\"@context\":\"https:\/\/schema.org\",\"@graph\":[{\"@type\":\"WebPage\",\"@id\":\"https:\/\/www.ogbl.lu\/communique\/cinq-questions-a-catherine-molitor-la-nouvelle-vice-presidente-de-logbl-jeunes\/\",\"url\":\"https:\/\/www.ogbl.lu\/communique\/cinq-questions-a-catherine-molitor-la-nouvelle-vice-presidente-de-logbl-jeunes\/\",\"name\":\"[:fr]Cinq questions \u00e0 Catherine Molitor, la nouvelle vice-pr\u00e9sidente de l\u2019OGBL-Jeunes[:de]F\u00fcnf Fragen an Catherine Molitor, die neue Vizepr\u00e4sidentin der OGBL-Jugend[:en]Cinq questions \u00e0 Catherine Molitor, la nouvelle vice-pr\u00e9sidente de l\u2019OGBL-Jeunes[:] - OGBL\",\"isPartOf\":{\"@id\":\"https:\/\/www.ogbl.lu\/de\/#website\"},\"primaryImageOfPage\":{\"@id\":\"https:\/\/www.ogbl.lu\/communique\/cinq-questions-a-catherine-molitor-la-nouvelle-vice-presidente-de-logbl-jeunes\/#primaryimage\"},\"image\":{\"@id\":\"https:\/\/www.ogbl.lu\/communique\/cinq-questions-a-catherine-molitor-la-nouvelle-vice-presidente-de-logbl-jeunes\/#primaryimage\"},\"thumbnailUrl\":\"https:\/\/www.ogbl.lu\/wp-content\/uploads\/2015\/11\/catherine_molitor.jpg\",\"datePublished\":\"2015-11-13T10:15:19+00:00\",\"dateModified\":\"2023-05-24T12:20:41+00:00\",\"breadcrumb\":{\"@id\":\"https:\/\/www.ogbl.lu\/communique\/cinq-questions-a-catherine-molitor-la-nouvelle-vice-presidente-de-logbl-jeunes\/#breadcrumb\"},\"inLanguage\":\"de-DE\",\"potentialAction\":[{\"@type\":\"ReadAction\",\"target\":[\"https:\/\/www.ogbl.lu\/communique\/cinq-questions-a-catherine-molitor-la-nouvelle-vice-presidente-de-logbl-jeunes\/\"]}]},{\"@type\":\"ImageObject\",\"inLanguage\":\"de-DE\",\"@id\":\"https:\/\/www.ogbl.lu\/communique\/cinq-questions-a-catherine-molitor-la-nouvelle-vice-presidente-de-logbl-jeunes\/#primaryimage\",\"url\":\"https:\/\/www.ogbl.lu\/wp-content\/uploads\/2015\/11\/catherine_molitor.jpg\",\"contentUrl\":\"https:\/\/www.ogbl.lu\/wp-content\/uploads\/2015\/11\/catherine_molitor.jpg\",\"width\":150,\"height\":150},{\"@type\":\"BreadcrumbList\",\"@id\":\"https:\/\/www.ogbl.lu\/communique\/cinq-questions-a-catherine-molitor-la-nouvelle-vice-presidente-de-logbl-jeunes\/#breadcrumb\",\"itemListElement\":[{\"@type\":\"ListItem\",\"position\":1,\"name\":\"Home\",\"item\":\"https:\/\/www.ogbl.lu\/\"},{\"@type\":\"ListItem\",\"position\":2,\"name\":\"Cinq questions \u00e0 Catherine Molitor, la nouvelle vice-pr\u00e9sidente de l\u2019OGBL-Jeunes\"}]},{\"@type\":\"WebSite\",\"@id\":\"https:\/\/www.ogbl.lu\/de\/#website\",\"url\":\"https:\/\/www.ogbl.lu\/de\/\",\"name\":\"OGBL\",\"description\":\"DIE GEWERKSCHAFT\",\"publisher\":{\"@id\":\"https:\/\/www.ogbl.lu\/de\/#organization\"},\"potentialAction\":[{\"@type\":\"SearchAction\",\"target\":{\"@type\":\"EntryPoint\",\"urlTemplate\":\"https:\/\/www.ogbl.lu\/de\/?s={search_term_string}\"},\"query-input\":\"required name=search_term_string\"}],\"inLanguage\":\"de-DE\"},{\"@type\":\"Organization\",\"@id\":\"https:\/\/www.ogbl.lu\/de\/#organization\",\"name\":\"OGBL\",\"url\":\"https:\/\/www.ogbl.lu\/de\/\",\"logo\":{\"@type\":\"ImageObject\",\"inLanguage\":\"de-DE\",\"@id\":\"https:\/\/www.ogbl.lu\/de\/#\/schema\/logo\/image\/\",\"url\":\"https:\/\/www.ogbl.lu\/wp-content\/uploads\/2024\/07\/LOGO_Red_FR-svg.png\",\"contentUrl\":\"https:\/\/www.ogbl.lu\/wp-content\/uploads\/2024\/07\/LOGO_Red_FR-svg.png\",\"width\":369,\"height\":171,\"caption\":\"OGBL\"},\"image\":{\"@id\":\"https:\/\/www.ogbl.lu\/de\/#\/schema\/logo\/image\/\"}}]}<\/script>\r\n<!-- \/ Yoast SEO plugin. -->","yoast_head_json":{"title":"[:fr]Cinq questions \u00e0 Catherine Molitor, la nouvelle vice-pr\u00e9sidente de l\u2019OGBL-Jeunes[:de]F\u00fcnf Fragen an Catherine Molitor, die neue Vizepr\u00e4sidentin der OGBL-Jugend[:en]Cinq questions \u00e0 Catherine Molitor, la nouvelle vice-pr\u00e9sidente de l\u2019OGBL-Jeunes[:] - OGBL","robots":{"index":"index","follow":"follow","max-snippet":"max-snippet:-1","max-image-preview":"max-image-preview:large","max-video-preview":"max-video-preview:-1"},"canonical":"https:\/\/www.ogbl.lu\/communique\/cinq-questions-a-catherine-molitor-la-nouvelle-vice-presidente-de-logbl-jeunes\/","og_locale":"de_DE","og_type":"article","og_title":"[:fr]Cinq questions \u00e0 Catherine Molitor, la nouvelle vice-pr\u00e9sidente de l\u2019OGBL-Jeunes[:de]F\u00fcnf Fragen an Catherine Molitor, die neue Vizepr\u00e4sidentin der OGBL-Jugend[:en]Cinq questions \u00e0 Catherine Molitor, la nouvelle vice-pr\u00e9sidente de l\u2019OGBL-Jeunes[:] - OGBL","og_description":"\u201eDer Praktikant darf keine regul\u00e4re Arbeitsstelle ersetzen und somit zu einer billigen Arbeitskraft werden.\u201c Aktuell: Catherine Molitor, Du bist ein \u2026","og_url":"https:\/\/www.ogbl.lu\/communique\/cinq-questions-a-catherine-molitor-la-nouvelle-vice-presidente-de-logbl-jeunes\/","og_site_name":"OGBL","article_modified_time":"2023-05-24T12:20:41+00:00","og_image":[{"width":150,"height":150,"url":"https:\/\/www.ogbl.lu\/wp-content\/uploads\/2015\/11\/catherine_molitor.jpg","type":"image\/jpeg"}],"twitter_card":"summary_large_image","twitter_misc":{"Est. reading time":"6 Minuten"},"schema":{"@context":"https:\/\/schema.org","@graph":[{"@type":"WebPage","@id":"https:\/\/www.ogbl.lu\/communique\/cinq-questions-a-catherine-molitor-la-nouvelle-vice-presidente-de-logbl-jeunes\/","url":"https:\/\/www.ogbl.lu\/communique\/cinq-questions-a-catherine-molitor-la-nouvelle-vice-presidente-de-logbl-jeunes\/","name":"[:fr]Cinq questions \u00e0 Catherine Molitor, la nouvelle vice-pr\u00e9sidente de l\u2019OGBL-Jeunes[:de]F\u00fcnf Fragen an Catherine Molitor, die neue Vizepr\u00e4sidentin der OGBL-Jugend[:en]Cinq questions \u00e0 Catherine Molitor, la nouvelle vice-pr\u00e9sidente de l\u2019OGBL-Jeunes[:] - OGBL","isPartOf":{"@id":"https:\/\/www.ogbl.lu\/de\/#website"},"primaryImageOfPage":{"@id":"https:\/\/www.ogbl.lu\/communique\/cinq-questions-a-catherine-molitor-la-nouvelle-vice-presidente-de-logbl-jeunes\/#primaryimage"},"image":{"@id":"https:\/\/www.ogbl.lu\/communique\/cinq-questions-a-catherine-molitor-la-nouvelle-vice-presidente-de-logbl-jeunes\/#primaryimage"},"thumbnailUrl":"https:\/\/www.ogbl.lu\/wp-content\/uploads\/2015\/11\/catherine_molitor.jpg","datePublished":"2015-11-13T10:15:19+00:00","dateModified":"2023-05-24T12:20:41+00:00","breadcrumb":{"@id":"https:\/\/www.ogbl.lu\/communique\/cinq-questions-a-catherine-molitor-la-nouvelle-vice-presidente-de-logbl-jeunes\/#breadcrumb"},"inLanguage":"de-DE","potentialAction":[{"@type":"ReadAction","target":["https:\/\/www.ogbl.lu\/communique\/cinq-questions-a-catherine-molitor-la-nouvelle-vice-presidente-de-logbl-jeunes\/"]}]},{"@type":"ImageObject","inLanguage":"de-DE","@id":"https:\/\/www.ogbl.lu\/communique\/cinq-questions-a-catherine-molitor-la-nouvelle-vice-presidente-de-logbl-jeunes\/#primaryimage","url":"https:\/\/www.ogbl.lu\/wp-content\/uploads\/2015\/11\/catherine_molitor.jpg","contentUrl":"https:\/\/www.ogbl.lu\/wp-content\/uploads\/2015\/11\/catherine_molitor.jpg","width":150,"height":150},{"@type":"BreadcrumbList","@id":"https:\/\/www.ogbl.lu\/communique\/cinq-questions-a-catherine-molitor-la-nouvelle-vice-presidente-de-logbl-jeunes\/#breadcrumb","itemListElement":[{"@type":"ListItem","position":1,"name":"Home","item":"https:\/\/www.ogbl.lu\/"},{"@type":"ListItem","position":2,"name":"Cinq questions \u00e0 Catherine Molitor, la nouvelle vice-pr\u00e9sidente de l\u2019OGBL-Jeunes"}]},{"@type":"WebSite","@id":"https:\/\/www.ogbl.lu\/de\/#website","url":"https:\/\/www.ogbl.lu\/de\/","name":"OGBL","description":"DIE GEWERKSCHAFT","publisher":{"@id":"https:\/\/www.ogbl.lu\/de\/#organization"},"potentialAction":[{"@type":"SearchAction","target":{"@type":"EntryPoint","urlTemplate":"https:\/\/www.ogbl.lu\/de\/?s={search_term_string}"},"query-input":"required name=search_term_string"}],"inLanguage":"de-DE"},{"@type":"Organization","@id":"https:\/\/www.ogbl.lu\/de\/#organization","name":"OGBL","url":"https:\/\/www.ogbl.lu\/de\/","logo":{"@type":"ImageObject","inLanguage":"de-DE","@id":"https:\/\/www.ogbl.lu\/de\/#\/schema\/logo\/image\/","url":"https:\/\/www.ogbl.lu\/wp-content\/uploads\/2024\/07\/LOGO_Red_FR-svg.png","contentUrl":"https:\/\/www.ogbl.lu\/wp-content\/uploads\/2024\/07\/LOGO_Red_FR-svg.png","width":369,"height":171,"caption":"OGBL"},"image":{"@id":"https:\/\/www.ogbl.lu\/de\/#\/schema\/logo\/image\/"}}]}},"_links":{"self":[{"href":"https:\/\/www.ogbl.lu\/de\/wp-json\/wp\/v2\/communiques\/1944"}],"collection":[{"href":"https:\/\/www.ogbl.lu\/de\/wp-json\/wp\/v2\/communiques"}],"about":[{"href":"https:\/\/www.ogbl.lu\/de\/wp-json\/wp\/v2\/types\/communiques"}],"author":[{"embeddable":true,"href":"https:\/\/www.ogbl.lu\/de\/wp-json\/wp\/v2\/users\/1"}],"version-history":[{"count":0,"href":"https:\/\/www.ogbl.lu\/de\/wp-json\/wp\/v2\/communiques\/1944\/revisions"}],"wp:featuredmedia":[{"embeddable":true,"href":"https:\/\/www.ogbl.lu\/de\/wp-json\/wp\/v2\/media\/4132"}],"wp:attachment":[{"href":"https:\/\/www.ogbl.lu\/de\/wp-json\/wp\/v2\/media?parent=1944"}],"wp:term":[{"taxonomy":"categorie_communiques","embeddable":true,"href":"https:\/\/www.ogbl.lu\/de\/wp-json\/wp\/v2\/categorie_communiques?post=1944"},{"taxonomy":"syndicat","embeddable":true,"href":"https:\/\/www.ogbl.lu\/de\/wp-json\/wp\/v2\/syndicat?post=1944"}],"curies":[{"name":"wp","href":"https:\/\/api.w.org\/{rel}","templated":true}]}}