{"id":1901,"date":"2015-07-20T10:58:04","date_gmt":"2015-07-20T08:58:04","guid":{"rendered":"https:\/\/www.ogbl.lu\/communiques\/preretraite-la-reforme-doit-prendre-en-compte-la-penibilite-du-travail"},"modified":"2023-06-30T11:55:34","modified_gmt":"2023-06-30T09:55:34","slug":"preretraite-la-reforme-doit-prendre-en-compte-la-penibilite-du-travail","status":"publish","type":"communiques","link":"https:\/\/www.ogbl.lu\/de\/communique\/preretraite-la-reforme-doit-prendre-en-compte-la-penibilite-du-travail\/","title":{"rendered":"Vorruhestand (\u201epr\u00e9retraite\u201c): Die Reform muss die Beschwerlichkeit der Arbeit ber\u00fccksichtigen"},"content":{"rendered":"<p><img loading=\"lazy\" decoding=\"async\" class=\"size-full wp-image-16728 alignleft\" src=\"https:\/\/www.ogbl.lu\/wp-content\/uploads\/communiques\/travailleurs.jpg\" alt=\"travailleurs\" width=\"150\" height=\"150\" \/>Mit einer gewissen Best\u00fcrzung hat der OGBL zur Kenntnis genommen, dass der Regierungsrat w\u00e4hrend seiner Sitzung vom 9. Juli 2015 einem Gesetzesprojekt zugestimmt hat, das den Solidarit\u00e4tsvorruhestand im Alter von 57 Jahren abschafft, und das obwohl die Diskussionen \u00fcber die Fragen zum Vorruhestand insgesamt, immer noch im \u201eComit\u00e9 permanent du travail et de l\u2019emploi (CPTE \/ Permanenter Arbeits- und Besch\u00e4ftigungsausschuss)\u201c nicht beendet sind.<\/p>\n<p>Zuerst m\u00f6chte der OGBL daran erinnern, dass der Beschluss der Regierung, den Vorruhestand abzuschaffen, voll und ganz der \u00e4u\u00dferst anfechtbaren Europapolitik nachkommt, die das Ziel verfolgt, das Rentenalter nach hinten zu verschieben. Eine Ma\u00dfnahme, die ohne entsprechende Gegenleistung keine Zustimmung vom OGBL bekommen kann.<\/p>\n<p>Der OGBL weist mit Nachdruck darauf hin, dass die Regierung sich gegen\u00fcber den national repr\u00e4sentativen Gewerkschaften verpflichtet hat (Abkommen vom 28. November 2014), den Solidarit\u00e4tsvorruhestand erst dann abzuschaffen, wenn man sich mit den Sozialpartnern \u00fcber s\u00e4mtliche Punkte bez\u00fcglich des Vorruhestands einig ist. Jedoch ist insbesondere die Frage des Vorruhestands wegen Schichtarbeit im CPTE noch lange nicht gekl\u00e4rt, und das ganz besonders, wenn es um die notwendige Neudefinierung der Nachtarbeit und der beschwerlichen Arbeit geht.<\/p>\n<p>In der Tat sind die Diskussionen \u00fcber den Vorruhestand, die die beschwerliche Arbeit st\u00e4rker einbezieht, und die f\u00fcr den OGBL von gr\u00f6\u00dfter Bedeutung sind, immer noch nicht abgeschlossen. In diesem Zusammenhang erinnert der OGBL ebenfalls daran, dass die Regierung immer noch kein Modell vorgeschlagen hat, bei dem man ein Teilzeitruhestand mit einer Teilzeitarbeit kombinieren kann.<\/p>\n<p>Dar\u00fcber hinaus erinnert der OGBL mit Nachdruck daran, dass die Verschlechterungen, die durch die Rentenreform von 2013 f\u00fcr die Arbeitnehmer die eine beschwerliche Arbeit verrichten, entstanden sind, immer noch nicht kompensiert wurden. Der OGBL wiederholt abermals, dass all diese Themen, die oben angesprochen wurden, eine Einheit darstellen. Demnach m\u00fcssen sie vor der Abschaffung des Solidarit\u00e4tsvorruhestands ber\u00fccksichtigt und umgesetzt werden.<\/p>\n<p><b>Mitgeteilt vom OGBL<br \/>\nam 20. Juli 2015<\/b><\/p>","protected":false},"author":1,"featured_media":4172,"template":"","categorie_communiques":[41],"syndicat":[],"acf":[],"yoast_head":"<!-- This site is optimized with the Yoast SEO plugin v23.1 - https:\/\/yoast.com\/wordpress\/plugins\/seo\/ -->\r\n<title>Vorruhestand (\u201epr\u00e9retraite\u201c): Die Reform muss die Beschwerlichkeit der Arbeit ber\u00fccksichtigen - OGBL<\/title>\r\n<meta name=\"robots\" content=\"index, follow, max-snippet:-1, max-image-preview:large, max-video-preview:-1\" \/>\r\n<link rel=\"canonical\" href=\"https:\/\/www.ogbl.lu\/communique\/preretraite-la-reforme-doit-prendre-en-compte-la-penibilite-du-travail\/\" \/>\r\n<meta property=\"og:locale\" content=\"de_DE\" \/>\r\n<meta property=\"og:type\" content=\"article\" \/>\r\n<meta property=\"og:title\" content=\"[:fr]Pr\u00e9retraite: la r\u00e9forme doit prendre en compte la p\u00e9nibilit\u00e9 du travail[:de]Vorruhestand (\u201epr\u00e9retraite\u201c): Die Reform muss die Beschwerlichkeit der Arbeit ber\u00fccksichtigen[:] - OGBL\" \/>\r\n<meta property=\"og:description\" content=\"Mit einer gewissen Best\u00fcrzung hat der OGBL zur Kenntnis genommen, dass der Regierungsrat w\u00e4hrend seiner Sitzung vom 9. Juli 2015 \u2026\" \/>\r\n<meta property=\"og:url\" content=\"https:\/\/www.ogbl.lu\/communique\/preretraite-la-reforme-doit-prendre-en-compte-la-penibilite-du-travail\/\" \/>\r\n<meta property=\"og:site_name\" content=\"OGBL\" \/>\r\n<meta property=\"article:modified_time\" content=\"2023-06-30T09:55:34+00:00\" \/>\r\n<meta property=\"og:image\" content=\"https:\/\/www.ogbl.lu\/wp-content\/uploads\/2015\/07\/travailleurs.jpg\" \/>\r\n\t<meta property=\"og:image:width\" content=\"150\" \/>\r\n\t<meta property=\"og:image:height\" content=\"150\" \/>\r\n\t<meta property=\"og:image:type\" content=\"image\/jpeg\" \/>\r\n<meta name=\"twitter:card\" content=\"summary_large_image\" \/>\r\n<meta name=\"twitter:label1\" content=\"Est. reading time\" \/>\n\t<meta name=\"twitter:data1\" content=\"3 Minuten\" \/>\r\n<script type=\"application\/ld+json\" class=\"yoast-schema-graph\">{\"@context\":\"https:\/\/schema.org\",\"@graph\":[{\"@type\":\"WebPage\",\"@id\":\"https:\/\/www.ogbl.lu\/communique\/preretraite-la-reforme-doit-prendre-en-compte-la-penibilite-du-travail\/\",\"url\":\"https:\/\/www.ogbl.lu\/communique\/preretraite-la-reforme-doit-prendre-en-compte-la-penibilite-du-travail\/\",\"name\":\"[:fr]Pr\u00e9retraite: la r\u00e9forme doit prendre en compte la p\u00e9nibilit\u00e9 du travail[:de]Vorruhestand (\u201epr\u00e9retraite\u201c): Die Reform muss die Beschwerlichkeit der Arbeit ber\u00fccksichtigen[:] - OGBL\",\"isPartOf\":{\"@id\":\"https:\/\/www.ogbl.lu\/de\/#website\"},\"primaryImageOfPage\":{\"@id\":\"https:\/\/www.ogbl.lu\/communique\/preretraite-la-reforme-doit-prendre-en-compte-la-penibilite-du-travail\/#primaryimage\"},\"image\":{\"@id\":\"https:\/\/www.ogbl.lu\/communique\/preretraite-la-reforme-doit-prendre-en-compte-la-penibilite-du-travail\/#primaryimage\"},\"thumbnailUrl\":\"https:\/\/www.ogbl.lu\/wp-content\/uploads\/2015\/07\/travailleurs.jpg\",\"datePublished\":\"2015-07-20T08:58:04+00:00\",\"dateModified\":\"2023-06-30T09:55:34+00:00\",\"breadcrumb\":{\"@id\":\"https:\/\/www.ogbl.lu\/communique\/preretraite-la-reforme-doit-prendre-en-compte-la-penibilite-du-travail\/#breadcrumb\"},\"inLanguage\":\"de-DE\",\"potentialAction\":[{\"@type\":\"ReadAction\",\"target\":[\"https:\/\/www.ogbl.lu\/communique\/preretraite-la-reforme-doit-prendre-en-compte-la-penibilite-du-travail\/\"]}]},{\"@type\":\"ImageObject\",\"inLanguage\":\"de-DE\",\"@id\":\"https:\/\/www.ogbl.lu\/communique\/preretraite-la-reforme-doit-prendre-en-compte-la-penibilite-du-travail\/#primaryimage\",\"url\":\"https:\/\/www.ogbl.lu\/wp-content\/uploads\/2015\/07\/travailleurs.jpg\",\"contentUrl\":\"https:\/\/www.ogbl.lu\/wp-content\/uploads\/2015\/07\/travailleurs.jpg\",\"width\":150,\"height\":150},{\"@type\":\"BreadcrumbList\",\"@id\":\"https:\/\/www.ogbl.lu\/communique\/preretraite-la-reforme-doit-prendre-en-compte-la-penibilite-du-travail\/#breadcrumb\",\"itemListElement\":[{\"@type\":\"ListItem\",\"position\":1,\"name\":\"Home\",\"item\":\"https:\/\/www.ogbl.lu\/\"},{\"@type\":\"ListItem\",\"position\":2,\"name\":\"Pr\u00e9retraite: la r\u00e9forme doit prendre en compte la p\u00e9nibilit\u00e9 du travail\"}]},{\"@type\":\"WebSite\",\"@id\":\"https:\/\/www.ogbl.lu\/de\/#website\",\"url\":\"https:\/\/www.ogbl.lu\/de\/\",\"name\":\"OGBL\",\"description\":\"DIE GEWERKSCHAFT\",\"publisher\":{\"@id\":\"https:\/\/www.ogbl.lu\/de\/#organization\"},\"potentialAction\":[{\"@type\":\"SearchAction\",\"target\":{\"@type\":\"EntryPoint\",\"urlTemplate\":\"https:\/\/www.ogbl.lu\/de\/?s={search_term_string}\"},\"query-input\":\"required name=search_term_string\"}],\"inLanguage\":\"de-DE\"},{\"@type\":\"Organization\",\"@id\":\"https:\/\/www.ogbl.lu\/de\/#organization\",\"name\":\"OGBL\",\"url\":\"https:\/\/www.ogbl.lu\/de\/\",\"logo\":{\"@type\":\"ImageObject\",\"inLanguage\":\"de-DE\",\"@id\":\"https:\/\/www.ogbl.lu\/de\/#\/schema\/logo\/image\/\",\"url\":\"https:\/\/www.ogbl.lu\/wp-content\/uploads\/2024\/07\/LOGO_Red_FR-svg.png\",\"contentUrl\":\"https:\/\/www.ogbl.lu\/wp-content\/uploads\/2024\/07\/LOGO_Red_FR-svg.png\",\"width\":369,\"height\":171,\"caption\":\"OGBL\"},\"image\":{\"@id\":\"https:\/\/www.ogbl.lu\/de\/#\/schema\/logo\/image\/\"}}]}<\/script>\r\n<!-- \/ Yoast SEO plugin. -->","yoast_head_json":{"title":"[:fr]Pr\u00e9retraite: la r\u00e9forme doit prendre en compte la p\u00e9nibilit\u00e9 du travail[:de]Vorruhestand (\u201epr\u00e9retraite\u201c): Die Reform muss die Beschwerlichkeit der Arbeit ber\u00fccksichtigen[:] - OGBL","robots":{"index":"index","follow":"follow","max-snippet":"max-snippet:-1","max-image-preview":"max-image-preview:large","max-video-preview":"max-video-preview:-1"},"canonical":"https:\/\/www.ogbl.lu\/communique\/preretraite-la-reforme-doit-prendre-en-compte-la-penibilite-du-travail\/","og_locale":"de_DE","og_type":"article","og_title":"[:fr]Pr\u00e9retraite: la r\u00e9forme doit prendre en compte la p\u00e9nibilit\u00e9 du travail[:de]Vorruhestand (\u201epr\u00e9retraite\u201c): Die Reform muss die Beschwerlichkeit der Arbeit ber\u00fccksichtigen[:] - OGBL","og_description":"Mit einer gewissen Best\u00fcrzung hat der OGBL zur Kenntnis genommen, dass der Regierungsrat w\u00e4hrend seiner Sitzung vom 9. Juli 2015 \u2026","og_url":"https:\/\/www.ogbl.lu\/communique\/preretraite-la-reforme-doit-prendre-en-compte-la-penibilite-du-travail\/","og_site_name":"OGBL","article_modified_time":"2023-06-30T09:55:34+00:00","og_image":[{"width":150,"height":150,"url":"https:\/\/www.ogbl.lu\/wp-content\/uploads\/2015\/07\/travailleurs.jpg","type":"image\/jpeg"}],"twitter_card":"summary_large_image","twitter_misc":{"Est. reading time":"3 Minuten"},"schema":{"@context":"https:\/\/schema.org","@graph":[{"@type":"WebPage","@id":"https:\/\/www.ogbl.lu\/communique\/preretraite-la-reforme-doit-prendre-en-compte-la-penibilite-du-travail\/","url":"https:\/\/www.ogbl.lu\/communique\/preretraite-la-reforme-doit-prendre-en-compte-la-penibilite-du-travail\/","name":"[:fr]Pr\u00e9retraite: la r\u00e9forme doit prendre en compte la p\u00e9nibilit\u00e9 du travail[:de]Vorruhestand (\u201epr\u00e9retraite\u201c): Die Reform muss die Beschwerlichkeit der Arbeit ber\u00fccksichtigen[:] - OGBL","isPartOf":{"@id":"https:\/\/www.ogbl.lu\/de\/#website"},"primaryImageOfPage":{"@id":"https:\/\/www.ogbl.lu\/communique\/preretraite-la-reforme-doit-prendre-en-compte-la-penibilite-du-travail\/#primaryimage"},"image":{"@id":"https:\/\/www.ogbl.lu\/communique\/preretraite-la-reforme-doit-prendre-en-compte-la-penibilite-du-travail\/#primaryimage"},"thumbnailUrl":"https:\/\/www.ogbl.lu\/wp-content\/uploads\/2015\/07\/travailleurs.jpg","datePublished":"2015-07-20T08:58:04+00:00","dateModified":"2023-06-30T09:55:34+00:00","breadcrumb":{"@id":"https:\/\/www.ogbl.lu\/communique\/preretraite-la-reforme-doit-prendre-en-compte-la-penibilite-du-travail\/#breadcrumb"},"inLanguage":"de-DE","potentialAction":[{"@type":"ReadAction","target":["https:\/\/www.ogbl.lu\/communique\/preretraite-la-reforme-doit-prendre-en-compte-la-penibilite-du-travail\/"]}]},{"@type":"ImageObject","inLanguage":"de-DE","@id":"https:\/\/www.ogbl.lu\/communique\/preretraite-la-reforme-doit-prendre-en-compte-la-penibilite-du-travail\/#primaryimage","url":"https:\/\/www.ogbl.lu\/wp-content\/uploads\/2015\/07\/travailleurs.jpg","contentUrl":"https:\/\/www.ogbl.lu\/wp-content\/uploads\/2015\/07\/travailleurs.jpg","width":150,"height":150},{"@type":"BreadcrumbList","@id":"https:\/\/www.ogbl.lu\/communique\/preretraite-la-reforme-doit-prendre-en-compte-la-penibilite-du-travail\/#breadcrumb","itemListElement":[{"@type":"ListItem","position":1,"name":"Home","item":"https:\/\/www.ogbl.lu\/"},{"@type":"ListItem","position":2,"name":"Pr\u00e9retraite: la r\u00e9forme doit prendre en compte la p\u00e9nibilit\u00e9 du travail"}]},{"@type":"WebSite","@id":"https:\/\/www.ogbl.lu\/de\/#website","url":"https:\/\/www.ogbl.lu\/de\/","name":"OGBL","description":"DIE GEWERKSCHAFT","publisher":{"@id":"https:\/\/www.ogbl.lu\/de\/#organization"},"potentialAction":[{"@type":"SearchAction","target":{"@type":"EntryPoint","urlTemplate":"https:\/\/www.ogbl.lu\/de\/?s={search_term_string}"},"query-input":"required name=search_term_string"}],"inLanguage":"de-DE"},{"@type":"Organization","@id":"https:\/\/www.ogbl.lu\/de\/#organization","name":"OGBL","url":"https:\/\/www.ogbl.lu\/de\/","logo":{"@type":"ImageObject","inLanguage":"de-DE","@id":"https:\/\/www.ogbl.lu\/de\/#\/schema\/logo\/image\/","url":"https:\/\/www.ogbl.lu\/wp-content\/uploads\/2024\/07\/LOGO_Red_FR-svg.png","contentUrl":"https:\/\/www.ogbl.lu\/wp-content\/uploads\/2024\/07\/LOGO_Red_FR-svg.png","width":369,"height":171,"caption":"OGBL"},"image":{"@id":"https:\/\/www.ogbl.lu\/de\/#\/schema\/logo\/image\/"}}]}},"_links":{"self":[{"href":"https:\/\/www.ogbl.lu\/de\/wp-json\/wp\/v2\/communiques\/1901"}],"collection":[{"href":"https:\/\/www.ogbl.lu\/de\/wp-json\/wp\/v2\/communiques"}],"about":[{"href":"https:\/\/www.ogbl.lu\/de\/wp-json\/wp\/v2\/types\/communiques"}],"author":[{"embeddable":true,"href":"https:\/\/www.ogbl.lu\/de\/wp-json\/wp\/v2\/users\/1"}],"version-history":[{"count":0,"href":"https:\/\/www.ogbl.lu\/de\/wp-json\/wp\/v2\/communiques\/1901\/revisions"}],"wp:featuredmedia":[{"embeddable":true,"href":"https:\/\/www.ogbl.lu\/de\/wp-json\/wp\/v2\/media\/4172"}],"wp:attachment":[{"href":"https:\/\/www.ogbl.lu\/de\/wp-json\/wp\/v2\/media?parent=1901"}],"wp:term":[{"taxonomy":"categorie_communiques","embeddable":true,"href":"https:\/\/www.ogbl.lu\/de\/wp-json\/wp\/v2\/categorie_communiques?post=1901"},{"taxonomy":"syndicat","embeddable":true,"href":"https:\/\/www.ogbl.lu\/de\/wp-json\/wp\/v2\/syndicat?post=1901"}],"curies":[{"name":"wp","href":"https:\/\/api.w.org\/{rel}","templated":true}]}}