{"id":1889,"date":"2015-07-15T11:24:46","date_gmt":"2015-07-15T09:24:46","guid":{"rendered":"https:\/\/www.ogbl.lu\/communiques\/utiliser-la-presidence-luxembourgeoise-pour-soutenir-et-developper-la-dimension-sociale-de-lunion-europeenne"},"modified":"2023-05-23T19:44:12","modified_gmt":"2023-05-23T17:44:12","slug":"utiliser-la-presidence-luxembourgeoise-pour-soutenir-et-developper-la-dimension-sociale-de-lunion-europeenne","status":"publish","type":"communiques","link":"https:\/\/www.ogbl.lu\/de\/communique\/utiliser-la-presidence-luxembourgeoise-pour-soutenir-et-developper-la-dimension-sociale-de-lunion-europeenne\/","title":{"rendered":"Die Luxemburger Ratspr\u00e4sidentschaft muss dazu genutzt werden, die soziale Dimension der Europ\u00e4ischen Union zu unterst\u00fctzen und auszubauen"},"content":{"rendered":"<p><\/p>\n<p style=\"text-align: left;\"><a href=\"https:\/\/www.ogbl.lu\/wp-content\/uploads\/communiques\/comite_national_juillet_2015.jpg\"><img loading=\"lazy\" decoding=\"async\" class=\" wp-image-19193 alignleft\" alt=\"comite_national_juillet_2015\" src=\"https:\/\/www.ogbl.lu\/wp-content\/uploads\/communiques\/comite_national_juillet_2015.jpg\" width=\"331\" height=\"219\" \/><\/a>Zum Zeitpunkt, an dem Luxemburg f\u00fcr sechs Monate die Ratspr\u00e4sidentschaft in der Europ\u00e4ischen Union \u00fcbernimmt, muss daran erinnert werden, dass die europ\u00e4ische Wirtschaft, trotz des leichten aber fragilen Konjunkturaufschwungs, mit im \u00dcbrigen unterschiedlichen Auspr\u00e4gungen in den verschiedenen L\u00e4ndern, immer noch unterhalb ihrer Leistungsf\u00e4higkeit l\u00e4uft und \u00f6ffentliche wie private Investitionen fehlen. Die Europ\u00e4ische Union ist in die desastr\u00f6se Verwaltung der f\u00e4lschlich als Schuldenkrise bezeichneten Krise verstrickt (die tats\u00e4chlich eine Konsequenz der seit 2010-2011 umgesetzten Austerit\u00e4tspolitik ist, die mit der Weiterf\u00fchrung einer Politik von Privatisierung, Liberalisierung und Deregulierung, d.h. den ber\u00fchmt-ber\u00fcchtigten \u201eStrukturreformen\u201c, verkn\u00fcpft wurde), und hat keine Antwort auf die Umweltkrise parat, die die Zukunft der k\u00fcnftigen Generationen bedroht. Die Europ\u00e4ische Union steckt weiterhin in einer tiefen sozialen Krise mit einer unannehmbar hohen Arbeitslosigkeit, einer Verschlechterung der Arbeitsbedingungen, einer stagnierenden, f\u00fcr viele Arbeitnehmer und Rentner sogar r\u00fcckl\u00e4ufigen, Kaufkraft, sowie einem generellen Anstieg von Ungleichheit und Armutsrisiko fest.<\/p>\n<p>Das Fehlen einer glaubw\u00fcrdigen politischen Antwort auf diese verschiedenen Krisen hat, vor allem bei den sozial schw\u00e4cheren Schichten unserer Gesellschaften, eine ablehnende Haltung gegen\u00fcber dem europ\u00e4ischen Projekt hervorgerufen. Eine politische Krise, eine Krise, die die Grundlagen der Demokratie in unseren L\u00e4ndern ber\u00fchrt, zeichnet sich am Horizont ab.<\/p>\n<p>Angesichts dieser Situation ist der OGBL, gemeinsam mit der europ\u00e4ischen Gewerkschaftsbewegung, der Meinung, dass ein Kurswechsel n\u00f6tig ist.<br \/>\nDie Austerit\u00e4tspolitik muss aufgegeben werden. Stattdessen muss eine Wirtschafts- und Haushaltspolitik in den Vordergrund gestellt werden, die private und \u00f6ffentliche Investitionen wieder ankurbelt, insbesondere in die gr\u00fcne Wirtschaft, in Forschung und Entwicklung, sowie in unsere Infrastrukturen.<\/p>\n<p>Um aus dem wirtschaftlichen Stillstand herauszukommen, um die ansteigende Ungleichheit zu mindern, ist es notwendig die L\u00f6hne zu erh\u00f6hen, die steuerlichen Ungleichheiten zu verringern, die kollektiven Rechte und die Gewerkschaften zu unterst\u00fctzen und die Tarif-verhandlungen zu st\u00e4rken.<\/p>\n<p>Die Besch\u00e4ftigungspolitik in Europa sollte den Schwerpunkt auf die Schaffung von qualitativ hochwertigen Arbeitspl\u00e4tzen, die Ablehnung der Prekarit\u00e4t, sowie den Kampf gegen Sozialdumping legen. Es muss wieder an eine Sozialpolitik in Europa angekn\u00fcpft werden, die darauf abzielt, Arbeitsbedingungen zu verbessern, damit die Arbeitnehmer gesund bleiben und Invalidit\u00e4t vermieden wird, an eine Politik, die einen besseren und flexibleren \u00dcbergang vom Berufsleben in die Rente f\u00f6rdert. Es muss wieder eine Politik gef\u00fchrt werden, die die Vereinbarkeit von Beruf und Familie verbessert, den individuellen und kollektiven Zugang zur Weiterbildung ausbaut, die ein wirkliches Recht auf berufliche Weiterbildung schafft. Dies w\u00fcrde auch erm\u00f6glichen, die Besch\u00e4ftigungsquote zu erh\u00f6hen. In Verbindung mit der Schaffung von Arbeitspl\u00e4tzen und dem Kampf gegen Arbeitslosigkeit durch eine Politik des Besch\u00e4ftigungserhalts und des Schutzes vor Entlassungen, w\u00fcrde eine solche Herangehensweise es erm\u00f6glichen, unsere Systeme der sozialen Sicherheit, die einen wesentlichen Beitrag zur Entwicklung unserer Gesellschaft leisten, zu st\u00e4rken.<\/p>\n<p>Eine solche Orientierung der europ\u00e4ischen Politik, die wieder in Richtung des sozialen Fortschritts gehen w\u00fcrde, die eine Harmonisierung nach oben unterst\u00fctzt und Investitionen in unsere Infrastrukturen f\u00f6rdert, sowie eine Industriepolitik, die sozialverantwortliche und umweltvertr\u00e4gliche industrielle T\u00e4tigkeiten im Bereich der Spitzentechnologien und der Innovation f\u00f6rdert und sch\u00fctzt, w\u00e4re ein wesentlicher Beitrag dazu, dass die B\u00fcrger wieder Vertrauen in das europ\u00e4ische Projekt gewinnen.<br \/>\nIn diesem Sinn fordert der OGBL die Luxemburger Regierung dazu auf, w\u00e4hrend ihrer europ\u00e4ischen Pr\u00e4sidentschaft s\u00e4mtliche Initiativen zu unterst\u00fctzten, die in eine solche Richtung gehen. Die Unterst\u00fctzung des strukturierten europ\u00e4ischen Sozialdialogs, die Unterst\u00fctzung der branchenspezifischen und -\u00fcbergreifenden Verhandlungen auf europ\u00e4ischer Ebene, die Einhaltung der ausgehandelten Vereinbarungen, der Erhalt der<br \/>\nnationalen und europ\u00e4ischen Gewerkschaftsvertretungen in allen europ\u00e4ischen Gremien, Programmen und Agenturen, die die T\u00e4tigkeitsbereiche der Gewerkschaften betreffen, ist von entscheidender Bedeutung.<\/p>\n<p>Der OGBL erinnert ebenfalls an die Kritiken der europ\u00e4ischen Gewerkschaftsbewegung an dem sogenannten REFIT-Programm und an dem Kommissionsdokument \u201eBessere Rechtssetzung\u201c, das unter dem falschen Vorwand der B\u00fcrokratiebek\u00e4mpfung riskiert, dazu benutzt zu werden, Verordnungen in den Bereichen Umweltschutz, sowie Gesundheit und Sicherheit am Arbeitsplatz auszuhebeln und eine Politik der zwei Geschwindigkeiten zu Ungunsten der Arbeitnehmer in den kleinen und mittleren Unternehmen einzuf\u00fchren.<\/p>\n<p>Der OGBL erinnert schlie\u00dflich an seine Kritik gegen\u00fcber den laufenden Verhandlungen von Freihandels- und Investorenschutzvertr\u00e4gen (CETA, TTIP, TiSA).<\/p>\n<p>Ohne das politische Gewicht der luxemburgischen Ratspr\u00e4sidentschaft und die ihr zur Verf\u00fcgung stehenden Mittel zu \u00fcbersch\u00e4tzen, ist der Nationalvorstand des OGBL nichtsdestotrotz der Meinung, dass eine Herangehensweise, die sich auf die hier zusammenfassend entwickelten Orientierungen st\u00fctzen w\u00fcrde, dazu beitragen k\u00f6nnte, die Europ\u00e4ische Union aus der gegenw\u00e4rtigen Schieflage zu befreien.<\/p>","protected":false},"author":1,"featured_media":4182,"template":"","categorie_communiques":[38,41],"syndicat":[],"acf":[],"yoast_head":"<!-- This site is optimized with the Yoast SEO plugin v23.1 - https:\/\/yoast.com\/wordpress\/plugins\/seo\/ -->\r\n<title>Die Luxemburger Ratspr\u00e4sidentschaft muss dazu genutzt werden, die soziale Dimension der Europ\u00e4ischen Union zu unterst\u00fctzen und auszubauen - OGBL<\/title>\r\n<meta name=\"robots\" content=\"index, follow, max-snippet:-1, max-image-preview:large, max-video-preview:-1\" \/>\r\n<link rel=\"canonical\" href=\"https:\/\/www.ogbl.lu\/communique\/utiliser-la-presidence-luxembourgeoise-pour-soutenir-et-developper-la-dimension-sociale-de-lunion-europeenne\/\" \/>\r\n<meta property=\"og:locale\" content=\"de_DE\" \/>\r\n<meta property=\"og:type\" content=\"article\" \/>\r\n<meta property=\"og:title\" content=\"[:fr]Utiliser la pr\u00e9sidence luxembourgeoise pour soutenir et d\u00e9velopper la dimension sociale de l\u2019Union europ\u00e9enne[:de]Die Luxemburger Ratspr\u00e4sidentschaft muss dazu genutzt werden, die soziale Dimension der Europ\u00e4ischen Union zu unterst\u00fctzen und auszubauen[:] - OGBL\" \/>\r\n<meta property=\"og:description\" content=\"Zum Zeitpunkt, an dem Luxemburg f\u00fcr sechs Monate die Ratspr\u00e4sidentschaft in der Europ\u00e4ischen Union \u00fcbernimmt, muss daran erinnert werden, dass \u2026\" \/>\r\n<meta property=\"og:url\" content=\"https:\/\/www.ogbl.lu\/communique\/utiliser-la-presidence-luxembourgeoise-pour-soutenir-et-developper-la-dimension-sociale-de-lunion-europeenne\/\" \/>\r\n<meta property=\"og:site_name\" content=\"OGBL\" \/>\r\n<meta property=\"article:modified_time\" content=\"2023-05-23T17:44:12+00:00\" \/>\r\n<meta property=\"og:image\" content=\"https:\/\/www.ogbl.lu\/wp-content\/uploads\/2015\/07\/comite_national_juillet_2015.jpg\" \/>\r\n\t<meta property=\"og:image:width\" content=\"652\" \/>\r\n\t<meta property=\"og:image:height\" content=\"433\" \/>\r\n\t<meta property=\"og:image:type\" content=\"image\/jpeg\" \/>\r\n<meta name=\"twitter:card\" content=\"summary_large_image\" \/>\r\n<meta name=\"twitter:label1\" content=\"Est. reading time\" \/>\n\t<meta name=\"twitter:data1\" content=\"8 Minuten\" \/>\r\n<script type=\"application\/ld+json\" class=\"yoast-schema-graph\">{\"@context\":\"https:\/\/schema.org\",\"@graph\":[{\"@type\":\"WebPage\",\"@id\":\"https:\/\/www.ogbl.lu\/communique\/utiliser-la-presidence-luxembourgeoise-pour-soutenir-et-developper-la-dimension-sociale-de-lunion-europeenne\/\",\"url\":\"https:\/\/www.ogbl.lu\/communique\/utiliser-la-presidence-luxembourgeoise-pour-soutenir-et-developper-la-dimension-sociale-de-lunion-europeenne\/\",\"name\":\"[:fr]Utiliser la pr\u00e9sidence luxembourgeoise pour soutenir et d\u00e9velopper la dimension sociale de l\u2019Union europ\u00e9enne[:de]Die Luxemburger Ratspr\u00e4sidentschaft muss dazu genutzt werden, die soziale Dimension der Europ\u00e4ischen Union zu unterst\u00fctzen und auszubauen[:] - OGBL\",\"isPartOf\":{\"@id\":\"https:\/\/www.ogbl.lu\/de\/#website\"},\"primaryImageOfPage\":{\"@id\":\"https:\/\/www.ogbl.lu\/communique\/utiliser-la-presidence-luxembourgeoise-pour-soutenir-et-developper-la-dimension-sociale-de-lunion-europeenne\/#primaryimage\"},\"image\":{\"@id\":\"https:\/\/www.ogbl.lu\/communique\/utiliser-la-presidence-luxembourgeoise-pour-soutenir-et-developper-la-dimension-sociale-de-lunion-europeenne\/#primaryimage\"},\"thumbnailUrl\":\"https:\/\/www.ogbl.lu\/wp-content\/uploads\/2015\/07\/comite_national_juillet_2015.jpg\",\"datePublished\":\"2015-07-15T09:24:46+00:00\",\"dateModified\":\"2023-05-23T17:44:12+00:00\",\"breadcrumb\":{\"@id\":\"https:\/\/www.ogbl.lu\/communique\/utiliser-la-presidence-luxembourgeoise-pour-soutenir-et-developper-la-dimension-sociale-de-lunion-europeenne\/#breadcrumb\"},\"inLanguage\":\"de-DE\",\"potentialAction\":[{\"@type\":\"ReadAction\",\"target\":[\"https:\/\/www.ogbl.lu\/communique\/utiliser-la-presidence-luxembourgeoise-pour-soutenir-et-developper-la-dimension-sociale-de-lunion-europeenne\/\"]}]},{\"@type\":\"ImageObject\",\"inLanguage\":\"de-DE\",\"@id\":\"https:\/\/www.ogbl.lu\/communique\/utiliser-la-presidence-luxembourgeoise-pour-soutenir-et-developper-la-dimension-sociale-de-lunion-europeenne\/#primaryimage\",\"url\":\"https:\/\/www.ogbl.lu\/wp-content\/uploads\/2015\/07\/comite_national_juillet_2015.jpg\",\"contentUrl\":\"https:\/\/www.ogbl.lu\/wp-content\/uploads\/2015\/07\/comite_national_juillet_2015.jpg\",\"width\":652,\"height\":433},{\"@type\":\"BreadcrumbList\",\"@id\":\"https:\/\/www.ogbl.lu\/communique\/utiliser-la-presidence-luxembourgeoise-pour-soutenir-et-developper-la-dimension-sociale-de-lunion-europeenne\/#breadcrumb\",\"itemListElement\":[{\"@type\":\"ListItem\",\"position\":1,\"name\":\"Home\",\"item\":\"https:\/\/www.ogbl.lu\/\"},{\"@type\":\"ListItem\",\"position\":2,\"name\":\"Utiliser la pr\u00e9sidence luxembourgeoise pour soutenir et d\u00e9velopper la dimension sociale de l\u2019Union europ\u00e9enne\"}]},{\"@type\":\"WebSite\",\"@id\":\"https:\/\/www.ogbl.lu\/de\/#website\",\"url\":\"https:\/\/www.ogbl.lu\/de\/\",\"name\":\"OGBL\",\"description\":\"DIE GEWERKSCHAFT\",\"publisher\":{\"@id\":\"https:\/\/www.ogbl.lu\/de\/#organization\"},\"potentialAction\":[{\"@type\":\"SearchAction\",\"target\":{\"@type\":\"EntryPoint\",\"urlTemplate\":\"https:\/\/www.ogbl.lu\/de\/?s={search_term_string}\"},\"query-input\":\"required name=search_term_string\"}],\"inLanguage\":\"de-DE\"},{\"@type\":\"Organization\",\"@id\":\"https:\/\/www.ogbl.lu\/de\/#organization\",\"name\":\"OGBL\",\"url\":\"https:\/\/www.ogbl.lu\/de\/\",\"logo\":{\"@type\":\"ImageObject\",\"inLanguage\":\"de-DE\",\"@id\":\"https:\/\/www.ogbl.lu\/de\/#\/schema\/logo\/image\/\",\"url\":\"https:\/\/www.ogbl.lu\/wp-content\/uploads\/2024\/07\/LOGO_Red_FR-svg.png\",\"contentUrl\":\"https:\/\/www.ogbl.lu\/wp-content\/uploads\/2024\/07\/LOGO_Red_FR-svg.png\",\"width\":369,\"height\":171,\"caption\":\"OGBL\"},\"image\":{\"@id\":\"https:\/\/www.ogbl.lu\/de\/#\/schema\/logo\/image\/\"}}]}<\/script>\r\n<!-- \/ Yoast SEO plugin. -->","yoast_head_json":{"title":"[:fr]Utiliser la pr\u00e9sidence luxembourgeoise pour soutenir et d\u00e9velopper la dimension sociale de l\u2019Union europ\u00e9enne[:de]Die Luxemburger Ratspr\u00e4sidentschaft muss dazu genutzt werden, die soziale Dimension der Europ\u00e4ischen Union zu unterst\u00fctzen und auszubauen[:] - OGBL","robots":{"index":"index","follow":"follow","max-snippet":"max-snippet:-1","max-image-preview":"max-image-preview:large","max-video-preview":"max-video-preview:-1"},"canonical":"https:\/\/www.ogbl.lu\/communique\/utiliser-la-presidence-luxembourgeoise-pour-soutenir-et-developper-la-dimension-sociale-de-lunion-europeenne\/","og_locale":"de_DE","og_type":"article","og_title":"[:fr]Utiliser la pr\u00e9sidence luxembourgeoise pour soutenir et d\u00e9velopper la dimension sociale de l\u2019Union europ\u00e9enne[:de]Die Luxemburger Ratspr\u00e4sidentschaft muss dazu genutzt werden, die soziale Dimension der Europ\u00e4ischen Union zu unterst\u00fctzen und auszubauen[:] - OGBL","og_description":"Zum Zeitpunkt, an dem Luxemburg f\u00fcr sechs Monate die Ratspr\u00e4sidentschaft in der Europ\u00e4ischen Union \u00fcbernimmt, muss daran erinnert werden, dass \u2026","og_url":"https:\/\/www.ogbl.lu\/communique\/utiliser-la-presidence-luxembourgeoise-pour-soutenir-et-developper-la-dimension-sociale-de-lunion-europeenne\/","og_site_name":"OGBL","article_modified_time":"2023-05-23T17:44:12+00:00","og_image":[{"width":652,"height":433,"url":"https:\/\/www.ogbl.lu\/wp-content\/uploads\/2015\/07\/comite_national_juillet_2015.jpg","type":"image\/jpeg"}],"twitter_card":"summary_large_image","twitter_misc":{"Est. reading time":"8 Minuten"},"schema":{"@context":"https:\/\/schema.org","@graph":[{"@type":"WebPage","@id":"https:\/\/www.ogbl.lu\/communique\/utiliser-la-presidence-luxembourgeoise-pour-soutenir-et-developper-la-dimension-sociale-de-lunion-europeenne\/","url":"https:\/\/www.ogbl.lu\/communique\/utiliser-la-presidence-luxembourgeoise-pour-soutenir-et-developper-la-dimension-sociale-de-lunion-europeenne\/","name":"[:fr]Utiliser la pr\u00e9sidence luxembourgeoise pour soutenir et d\u00e9velopper la dimension sociale de l\u2019Union europ\u00e9enne[:de]Die Luxemburger Ratspr\u00e4sidentschaft muss dazu genutzt werden, die soziale Dimension der Europ\u00e4ischen Union zu unterst\u00fctzen und auszubauen[:] - OGBL","isPartOf":{"@id":"https:\/\/www.ogbl.lu\/de\/#website"},"primaryImageOfPage":{"@id":"https:\/\/www.ogbl.lu\/communique\/utiliser-la-presidence-luxembourgeoise-pour-soutenir-et-developper-la-dimension-sociale-de-lunion-europeenne\/#primaryimage"},"image":{"@id":"https:\/\/www.ogbl.lu\/communique\/utiliser-la-presidence-luxembourgeoise-pour-soutenir-et-developper-la-dimension-sociale-de-lunion-europeenne\/#primaryimage"},"thumbnailUrl":"https:\/\/www.ogbl.lu\/wp-content\/uploads\/2015\/07\/comite_national_juillet_2015.jpg","datePublished":"2015-07-15T09:24:46+00:00","dateModified":"2023-05-23T17:44:12+00:00","breadcrumb":{"@id":"https:\/\/www.ogbl.lu\/communique\/utiliser-la-presidence-luxembourgeoise-pour-soutenir-et-developper-la-dimension-sociale-de-lunion-europeenne\/#breadcrumb"},"inLanguage":"de-DE","potentialAction":[{"@type":"ReadAction","target":["https:\/\/www.ogbl.lu\/communique\/utiliser-la-presidence-luxembourgeoise-pour-soutenir-et-developper-la-dimension-sociale-de-lunion-europeenne\/"]}]},{"@type":"ImageObject","inLanguage":"de-DE","@id":"https:\/\/www.ogbl.lu\/communique\/utiliser-la-presidence-luxembourgeoise-pour-soutenir-et-developper-la-dimension-sociale-de-lunion-europeenne\/#primaryimage","url":"https:\/\/www.ogbl.lu\/wp-content\/uploads\/2015\/07\/comite_national_juillet_2015.jpg","contentUrl":"https:\/\/www.ogbl.lu\/wp-content\/uploads\/2015\/07\/comite_national_juillet_2015.jpg","width":652,"height":433},{"@type":"BreadcrumbList","@id":"https:\/\/www.ogbl.lu\/communique\/utiliser-la-presidence-luxembourgeoise-pour-soutenir-et-developper-la-dimension-sociale-de-lunion-europeenne\/#breadcrumb","itemListElement":[{"@type":"ListItem","position":1,"name":"Home","item":"https:\/\/www.ogbl.lu\/"},{"@type":"ListItem","position":2,"name":"Utiliser la pr\u00e9sidence luxembourgeoise pour soutenir et d\u00e9velopper la dimension sociale de l\u2019Union europ\u00e9enne"}]},{"@type":"WebSite","@id":"https:\/\/www.ogbl.lu\/de\/#website","url":"https:\/\/www.ogbl.lu\/de\/","name":"OGBL","description":"DIE GEWERKSCHAFT","publisher":{"@id":"https:\/\/www.ogbl.lu\/de\/#organization"},"potentialAction":[{"@type":"SearchAction","target":{"@type":"EntryPoint","urlTemplate":"https:\/\/www.ogbl.lu\/de\/?s={search_term_string}"},"query-input":"required name=search_term_string"}],"inLanguage":"de-DE"},{"@type":"Organization","@id":"https:\/\/www.ogbl.lu\/de\/#organization","name":"OGBL","url":"https:\/\/www.ogbl.lu\/de\/","logo":{"@type":"ImageObject","inLanguage":"de-DE","@id":"https:\/\/www.ogbl.lu\/de\/#\/schema\/logo\/image\/","url":"https:\/\/www.ogbl.lu\/wp-content\/uploads\/2024\/07\/LOGO_Red_FR-svg.png","contentUrl":"https:\/\/www.ogbl.lu\/wp-content\/uploads\/2024\/07\/LOGO_Red_FR-svg.png","width":369,"height":171,"caption":"OGBL"},"image":{"@id":"https:\/\/www.ogbl.lu\/de\/#\/schema\/logo\/image\/"}}]}},"_links":{"self":[{"href":"https:\/\/www.ogbl.lu\/de\/wp-json\/wp\/v2\/communiques\/1889"}],"collection":[{"href":"https:\/\/www.ogbl.lu\/de\/wp-json\/wp\/v2\/communiques"}],"about":[{"href":"https:\/\/www.ogbl.lu\/de\/wp-json\/wp\/v2\/types\/communiques"}],"author":[{"embeddable":true,"href":"https:\/\/www.ogbl.lu\/de\/wp-json\/wp\/v2\/users\/1"}],"version-history":[{"count":0,"href":"https:\/\/www.ogbl.lu\/de\/wp-json\/wp\/v2\/communiques\/1889\/revisions"}],"wp:featuredmedia":[{"embeddable":true,"href":"https:\/\/www.ogbl.lu\/de\/wp-json\/wp\/v2\/media\/4182"}],"wp:attachment":[{"href":"https:\/\/www.ogbl.lu\/de\/wp-json\/wp\/v2\/media?parent=1889"}],"wp:term":[{"taxonomy":"categorie_communiques","embeddable":true,"href":"https:\/\/www.ogbl.lu\/de\/wp-json\/wp\/v2\/categorie_communiques?post=1889"},{"taxonomy":"syndicat","embeddable":true,"href":"https:\/\/www.ogbl.lu\/de\/wp-json\/wp\/v2\/syndicat?post=1889"}],"curies":[{"name":"wp","href":"https:\/\/api.w.org\/{rel}","templated":true}]}}