{"id":1879,"date":"2015-06-12T11:56:24","date_gmt":"2015-06-12T09:56:24","guid":{"rendered":"https:\/\/www.ogbl.lu\/communiques\/les-salaries-defilent-massivement-dans-la-rue-pour-denoncer-lattitude-irresponsable-de-leur-direction"},"modified":"2023-06-15T12:08:41","modified_gmt":"2023-06-15T10:08:41","slug":"les-salaries-defilent-massivement-dans-la-rue-pour-denoncer-lattitude-irresponsable-de-leur-direction","status":"publish","type":"communiques","link":"https:\/\/www.ogbl.lu\/de\/communique\/les-salaries-defilent-massivement-dans-la-rue-pour-denoncer-lattitude-irresponsable-de-leur-direction\/","title":{"rendered":"Die Arbeitnehmer gehen zahlreich auf die Stra\u00dfe, um die unverantwortliche Haltung der Direktion anzuprangern"},"content":{"rendered":"<p><a href=\"https:\/\/www.ogbl.lu\/wp-content\/uploads\/communiques\/Hellef_Doheem_11_juin_2015_3.jpg\"><img loading=\"lazy\" decoding=\"async\" class=\"wp-image-18930 alignleft\" src=\"https:\/\/www.ogbl.lu\/wp-content\/uploads\/communiques\/Hellef_Doheem_11_juin_2015_3.jpg\" alt=\"Hellef_Doheem_11_juin_2015_3\" width=\"268\" height=\"150\" \/><\/a>Das Personal von H\u00ebllef Doheem ist am 11. Juni 2015 massiv auf die Stra\u00dfe gegangen und ist bis zum Sitz der Stiftung in Luxemburg-Belair marschiert, um gegen den Willen der Direktion zu protestieren, einen Entlassungsplan in die Wege zu leiten, laut dem 90 Arbeitnehmer betroffen sein sollen. Zum zweiten Mal in weniger als einer Woche haben die Arbeitnehmer von H\u00ebllef Doheem also mobil gemacht, um die unverantwortliche Haltung ihrer Direktion anzuprangern.<\/p>\n<p>F\u00fcr den OGBL, der die Gespr\u00e4che mit der Direktion im Laufe der vergangenen Woche abgebrochen hat, weil letztere einen wahren Sozialdialog ablehnt, ist es schlicht unannehmbar, dass Arbeitnehmer bei H\u00ebllef Doheem oder irgendeinem anderen Pflegedienstleister in diesem Sektor entlassen werden, da, erinnern wir daran, es sich hier um einen Sektor handelt, der mit \u00f6ffentlichen Geldern finanziert wird. Der OGBL fordert demnach die Direktion dazu auf, alle Zahlen vorzulegen und ihre Verantwortung zu \u00fcbernehmen, betreffend der schlechten Betriebsf\u00fchrung, die einzig und alleine f\u00fcr die finanziellen Schwierigkeiten verantwortlich ist, mit denen der Betrieb zurzeit zu k\u00e4mpfen hat.<\/p>\n<p><a href=\"https:\/\/www.ogbl.lu\/wp-content\/uploads\/communiques\/Hellef_Doheem_11_juin_2015_1.jpg\"><img loading=\"lazy\" decoding=\"async\" class=\"alignleft wp-image-18927\" src=\"https:\/\/www.ogbl.lu\/wp-content\/uploads\/communiques\/Hellef_Doheem_11_juin_2015_1.jpg\" alt=\"Hellef_Doheem_11_juin_2015_1\" width=\"268\" height=\"151\" \/><\/a>Der OGBL erkl\u00e4rt sich dazu bereit, die Gespr\u00e4che mit der Direktion wieder aufzunehmen, sobald diese die M\u00f6glichkeit eines Sozialplans ausschlie\u00dft. Bis dahin wird der OGBL die gewerkschaftlichen Aktionen mehrfach wiederholen, bis dass die Direktion von H\u00ebllef Doheem dazu bereit ist, an den Verhandlungstisch zur\u00fcckzukehren.<\/p>\n<p>&nbsp;<\/p>\n<p>&nbsp;<\/p>\n<div id=\"stcpDiv\">Auch zu sehen unter :<\/div>\n<div>&#8211; <a href=\"https:\/\/www.ogbl.lu\/communique\/ogbl-bricht-verhandlungen-zum-sozialplan-bei-steftung-hellef-doheem-ab-grose-protestdemonstration-am-donnerstag\" target=\"_blank\" rel=\"noopener\">OGBL bricht Verhandlungen zum Sozialplan bei St\u00ebftung H\u00ebllef Doheem ab: Gro\u00dfe Protestdemonstration am Donnerstag<\/a> 9. Juni 2015<\/div>\n<div>&#8211; <a href=\"https:\/\/www.ogbl.lu\/communique\/die-ogbl-pensioniertenabteilung-bekundet-dem-personal-der-stiftung-hellef-doheem-ihre-solidaritat-und-unterstutzt-die-gewerkschaftliche-aktion-am-kommenden-donnerstag-dem-11-juni-2015\" target=\"_blank\" rel=\"noopener\">Die OGBL-Pensioniertenabteilung bekundet dem Personal der Stiftung H\u00ebllef Doheem ihre Solidarit\u00e4t und unterst\u00fctzt die gewerkschaftliche Aktion am kommenden Donnerstag, dem 11. Juni 2015<\/a> 9. Juni 2015<\/div>\n<div>&#8211; <a href=\"https:\/\/www.ogbl.lu\/communique\/manifestation-de-protestation-jeudi-le-11-juin-2015-a-16-heures\" target=\"_blank\" rel=\"noopener\">Protest-Demonstration : Donnerstag den 11. Juni 2015 um 16 Uhr<\/a> 5. Juni 2015<\/div>\n<div>&#8211; <a href=\"https:\/\/www.ogbl.lu\/communique\/les-salaries-defilent-massivement-dans-la-rue-pour-denoncer-lattitude-irresponsable-de-leur-direction\" target=\"_blank\" rel=\"noopener\">Die Arbeitnehmer mobilisieren sich massiv gegen den Willen der Direktion, zu entlassen<\/a> 5. Juni 2015<\/div>\n<div>&#8211; <a href=\"https:\/\/www.ogbl.lu\/communique\/logbl-naccepte-aucun-licenciement-a-la-steftung-hellef-doheem\" target=\"_blank\" rel=\"noopener\">OGBL akzeptiert keine Entlassungen bei St\u00ebftung H\u00ebllef Doheem<\/a> 29. Mai 2015<\/div>\n<p>&nbsp;<\/p>","protected":false},"author":1,"featured_media":4195,"template":"","categorie_communiques":[51],"syndicat":[75],"acf":[],"yoast_head":"<!-- This site is optimized with the Yoast SEO plugin v23.1 - https:\/\/yoast.com\/wordpress\/plugins\/seo\/ -->\r\n<title>Die Arbeitnehmer gehen zahlreich auf die Stra\u00dfe, um die unverantwortliche Haltung der Direktion anzuprangern - OGBL<\/title>\r\n<meta name=\"robots\" content=\"index, follow, max-snippet:-1, max-image-preview:large, max-video-preview:-1\" \/>\r\n<link rel=\"canonical\" href=\"https:\/\/www.ogbl.lu\/communique\/les-salaries-defilent-massivement-dans-la-rue-pour-denoncer-lattitude-irresponsable-de-leur-direction\/\" \/>\r\n<meta property=\"og:locale\" content=\"de_DE\" \/>\r\n<meta property=\"og:type\" content=\"article\" \/>\r\n<meta property=\"og:title\" content=\"[:fr]Les salari\u00e9s d\u00e9filent massivement dans la rue pour d\u00e9noncer l\u2019attitude irresponsable de leur direction[:de]Die Arbeitnehmer gehen zahlreich auf die Stra\u00dfe, um die unverantwortliche Haltung der Direktion anzuprangern[:en]Les salari\u00e9s d\u00e9filent massivement dans la rue pour d\u00e9noncer l\u2019attitude irresponsable de leur direction[:] - OGBL\" \/>\r\n<meta property=\"og:description\" content=\"Das Personal von H\u00ebllef Doheem ist am 11. Juni 2015 massiv auf die Stra\u00dfe gegangen und ist bis zum Sitz \u2026\" \/>\r\n<meta property=\"og:url\" content=\"https:\/\/www.ogbl.lu\/communique\/les-salaries-defilent-massivement-dans-la-rue-pour-denoncer-lattitude-irresponsable-de-leur-direction\/\" \/>\r\n<meta property=\"og:site_name\" content=\"OGBL\" \/>\r\n<meta property=\"article:modified_time\" content=\"2023-06-15T10:08:41+00:00\" \/>\r\n<meta property=\"og:image\" content=\"https:\/\/www.ogbl.lu\/wp-content\/uploads\/2015\/06\/Hellef_Doheem_11_juin_2015_3.jpg\" \/>\r\n\t<meta property=\"og:image:width\" content=\"600\" \/>\r\n\t<meta property=\"og:image:height\" content=\"337\" \/>\r\n\t<meta property=\"og:image:type\" content=\"image\/jpeg\" \/>\r\n<meta name=\"twitter:card\" content=\"summary_large_image\" \/>\r\n<meta name=\"twitter:label1\" content=\"Est. reading time\" \/>\n\t<meta name=\"twitter:data1\" content=\"3 Minuten\" \/>\r\n<script type=\"application\/ld+json\" class=\"yoast-schema-graph\">{\"@context\":\"https:\/\/schema.org\",\"@graph\":[{\"@type\":\"WebPage\",\"@id\":\"https:\/\/www.ogbl.lu\/communique\/les-salaries-defilent-massivement-dans-la-rue-pour-denoncer-lattitude-irresponsable-de-leur-direction\/\",\"url\":\"https:\/\/www.ogbl.lu\/communique\/les-salaries-defilent-massivement-dans-la-rue-pour-denoncer-lattitude-irresponsable-de-leur-direction\/\",\"name\":\"[:fr]Les salari\u00e9s d\u00e9filent massivement dans la rue pour d\u00e9noncer l\u2019attitude irresponsable de leur direction[:de]Die Arbeitnehmer gehen zahlreich auf die Stra\u00dfe, um die unverantwortliche Haltung der Direktion anzuprangern[:en]Les salari\u00e9s d\u00e9filent massivement dans la rue pour d\u00e9noncer l\u2019attitude irresponsable de leur direction[:] - OGBL\",\"isPartOf\":{\"@id\":\"https:\/\/www.ogbl.lu\/de\/#website\"},\"primaryImageOfPage\":{\"@id\":\"https:\/\/www.ogbl.lu\/communique\/les-salaries-defilent-massivement-dans-la-rue-pour-denoncer-lattitude-irresponsable-de-leur-direction\/#primaryimage\"},\"image\":{\"@id\":\"https:\/\/www.ogbl.lu\/communique\/les-salaries-defilent-massivement-dans-la-rue-pour-denoncer-lattitude-irresponsable-de-leur-direction\/#primaryimage\"},\"thumbnailUrl\":\"https:\/\/www.ogbl.lu\/wp-content\/uploads\/2015\/06\/Hellef_Doheem_11_juin_2015_3.jpg\",\"datePublished\":\"2015-06-12T09:56:24+00:00\",\"dateModified\":\"2023-06-15T10:08:41+00:00\",\"breadcrumb\":{\"@id\":\"https:\/\/www.ogbl.lu\/communique\/les-salaries-defilent-massivement-dans-la-rue-pour-denoncer-lattitude-irresponsable-de-leur-direction\/#breadcrumb\"},\"inLanguage\":\"de-DE\",\"potentialAction\":[{\"@type\":\"ReadAction\",\"target\":[\"https:\/\/www.ogbl.lu\/communique\/les-salaries-defilent-massivement-dans-la-rue-pour-denoncer-lattitude-irresponsable-de-leur-direction\/\"]}]},{\"@type\":\"ImageObject\",\"inLanguage\":\"de-DE\",\"@id\":\"https:\/\/www.ogbl.lu\/communique\/les-salaries-defilent-massivement-dans-la-rue-pour-denoncer-lattitude-irresponsable-de-leur-direction\/#primaryimage\",\"url\":\"https:\/\/www.ogbl.lu\/wp-content\/uploads\/2015\/06\/Hellef_Doheem_11_juin_2015_3.jpg\",\"contentUrl\":\"https:\/\/www.ogbl.lu\/wp-content\/uploads\/2015\/06\/Hellef_Doheem_11_juin_2015_3.jpg\",\"width\":600,\"height\":337},{\"@type\":\"BreadcrumbList\",\"@id\":\"https:\/\/www.ogbl.lu\/communique\/les-salaries-defilent-massivement-dans-la-rue-pour-denoncer-lattitude-irresponsable-de-leur-direction\/#breadcrumb\",\"itemListElement\":[{\"@type\":\"ListItem\",\"position\":1,\"name\":\"Home\",\"item\":\"https:\/\/www.ogbl.lu\/\"},{\"@type\":\"ListItem\",\"position\":2,\"name\":\"Les salari\u00e9s d\u00e9filent massivement dans la rue pour d\u00e9noncer l\u2019attitude irresponsable de leur direction\"}]},{\"@type\":\"WebSite\",\"@id\":\"https:\/\/www.ogbl.lu\/de\/#website\",\"url\":\"https:\/\/www.ogbl.lu\/de\/\",\"name\":\"OGBL\",\"description\":\"DIE GEWERKSCHAFT\",\"publisher\":{\"@id\":\"https:\/\/www.ogbl.lu\/de\/#organization\"},\"potentialAction\":[{\"@type\":\"SearchAction\",\"target\":{\"@type\":\"EntryPoint\",\"urlTemplate\":\"https:\/\/www.ogbl.lu\/de\/?s={search_term_string}\"},\"query-input\":\"required name=search_term_string\"}],\"inLanguage\":\"de-DE\"},{\"@type\":\"Organization\",\"@id\":\"https:\/\/www.ogbl.lu\/de\/#organization\",\"name\":\"OGBL\",\"url\":\"https:\/\/www.ogbl.lu\/de\/\",\"logo\":{\"@type\":\"ImageObject\",\"inLanguage\":\"de-DE\",\"@id\":\"https:\/\/www.ogbl.lu\/de\/#\/schema\/logo\/image\/\",\"url\":\"https:\/\/www.ogbl.lu\/wp-content\/uploads\/2024\/07\/LOGO_Red_FR-svg.png\",\"contentUrl\":\"https:\/\/www.ogbl.lu\/wp-content\/uploads\/2024\/07\/LOGO_Red_FR-svg.png\",\"width\":369,\"height\":171,\"caption\":\"OGBL\"},\"image\":{\"@id\":\"https:\/\/www.ogbl.lu\/de\/#\/schema\/logo\/image\/\"}}]}<\/script>\r\n<!-- \/ Yoast SEO plugin. -->","yoast_head_json":{"title":"[:fr]Les salari\u00e9s d\u00e9filent massivement dans la rue pour d\u00e9noncer l\u2019attitude irresponsable de leur direction[:de]Die Arbeitnehmer gehen zahlreich auf die Stra\u00dfe, um die unverantwortliche Haltung der Direktion anzuprangern[:en]Les salari\u00e9s d\u00e9filent massivement dans la rue pour d\u00e9noncer l\u2019attitude irresponsable de leur direction[:] - OGBL","robots":{"index":"index","follow":"follow","max-snippet":"max-snippet:-1","max-image-preview":"max-image-preview:large","max-video-preview":"max-video-preview:-1"},"canonical":"https:\/\/www.ogbl.lu\/communique\/les-salaries-defilent-massivement-dans-la-rue-pour-denoncer-lattitude-irresponsable-de-leur-direction\/","og_locale":"de_DE","og_type":"article","og_title":"[:fr]Les salari\u00e9s d\u00e9filent massivement dans la rue pour d\u00e9noncer l\u2019attitude irresponsable de leur direction[:de]Die Arbeitnehmer gehen zahlreich auf die Stra\u00dfe, um die unverantwortliche Haltung der Direktion anzuprangern[:en]Les salari\u00e9s d\u00e9filent massivement dans la rue pour d\u00e9noncer l\u2019attitude irresponsable de leur direction[:] - OGBL","og_description":"Das Personal von H\u00ebllef Doheem ist am 11. Juni 2015 massiv auf die Stra\u00dfe gegangen und ist bis zum Sitz \u2026","og_url":"https:\/\/www.ogbl.lu\/communique\/les-salaries-defilent-massivement-dans-la-rue-pour-denoncer-lattitude-irresponsable-de-leur-direction\/","og_site_name":"OGBL","article_modified_time":"2023-06-15T10:08:41+00:00","og_image":[{"width":600,"height":337,"url":"https:\/\/www.ogbl.lu\/wp-content\/uploads\/2015\/06\/Hellef_Doheem_11_juin_2015_3.jpg","type":"image\/jpeg"}],"twitter_card":"summary_large_image","twitter_misc":{"Est. reading time":"3 Minuten"},"schema":{"@context":"https:\/\/schema.org","@graph":[{"@type":"WebPage","@id":"https:\/\/www.ogbl.lu\/communique\/les-salaries-defilent-massivement-dans-la-rue-pour-denoncer-lattitude-irresponsable-de-leur-direction\/","url":"https:\/\/www.ogbl.lu\/communique\/les-salaries-defilent-massivement-dans-la-rue-pour-denoncer-lattitude-irresponsable-de-leur-direction\/","name":"[:fr]Les salari\u00e9s d\u00e9filent massivement dans la rue pour d\u00e9noncer l\u2019attitude irresponsable de leur direction[:de]Die Arbeitnehmer gehen zahlreich auf die Stra\u00dfe, um die unverantwortliche Haltung der Direktion anzuprangern[:en]Les salari\u00e9s d\u00e9filent massivement dans la rue pour d\u00e9noncer l\u2019attitude irresponsable de leur direction[:] - OGBL","isPartOf":{"@id":"https:\/\/www.ogbl.lu\/de\/#website"},"primaryImageOfPage":{"@id":"https:\/\/www.ogbl.lu\/communique\/les-salaries-defilent-massivement-dans-la-rue-pour-denoncer-lattitude-irresponsable-de-leur-direction\/#primaryimage"},"image":{"@id":"https:\/\/www.ogbl.lu\/communique\/les-salaries-defilent-massivement-dans-la-rue-pour-denoncer-lattitude-irresponsable-de-leur-direction\/#primaryimage"},"thumbnailUrl":"https:\/\/www.ogbl.lu\/wp-content\/uploads\/2015\/06\/Hellef_Doheem_11_juin_2015_3.jpg","datePublished":"2015-06-12T09:56:24+00:00","dateModified":"2023-06-15T10:08:41+00:00","breadcrumb":{"@id":"https:\/\/www.ogbl.lu\/communique\/les-salaries-defilent-massivement-dans-la-rue-pour-denoncer-lattitude-irresponsable-de-leur-direction\/#breadcrumb"},"inLanguage":"de-DE","potentialAction":[{"@type":"ReadAction","target":["https:\/\/www.ogbl.lu\/communique\/les-salaries-defilent-massivement-dans-la-rue-pour-denoncer-lattitude-irresponsable-de-leur-direction\/"]}]},{"@type":"ImageObject","inLanguage":"de-DE","@id":"https:\/\/www.ogbl.lu\/communique\/les-salaries-defilent-massivement-dans-la-rue-pour-denoncer-lattitude-irresponsable-de-leur-direction\/#primaryimage","url":"https:\/\/www.ogbl.lu\/wp-content\/uploads\/2015\/06\/Hellef_Doheem_11_juin_2015_3.jpg","contentUrl":"https:\/\/www.ogbl.lu\/wp-content\/uploads\/2015\/06\/Hellef_Doheem_11_juin_2015_3.jpg","width":600,"height":337},{"@type":"BreadcrumbList","@id":"https:\/\/www.ogbl.lu\/communique\/les-salaries-defilent-massivement-dans-la-rue-pour-denoncer-lattitude-irresponsable-de-leur-direction\/#breadcrumb","itemListElement":[{"@type":"ListItem","position":1,"name":"Home","item":"https:\/\/www.ogbl.lu\/"},{"@type":"ListItem","position":2,"name":"Les salari\u00e9s d\u00e9filent massivement dans la rue pour d\u00e9noncer l\u2019attitude irresponsable de leur direction"}]},{"@type":"WebSite","@id":"https:\/\/www.ogbl.lu\/de\/#website","url":"https:\/\/www.ogbl.lu\/de\/","name":"OGBL","description":"DIE GEWERKSCHAFT","publisher":{"@id":"https:\/\/www.ogbl.lu\/de\/#organization"},"potentialAction":[{"@type":"SearchAction","target":{"@type":"EntryPoint","urlTemplate":"https:\/\/www.ogbl.lu\/de\/?s={search_term_string}"},"query-input":"required name=search_term_string"}],"inLanguage":"de-DE"},{"@type":"Organization","@id":"https:\/\/www.ogbl.lu\/de\/#organization","name":"OGBL","url":"https:\/\/www.ogbl.lu\/de\/","logo":{"@type":"ImageObject","inLanguage":"de-DE","@id":"https:\/\/www.ogbl.lu\/de\/#\/schema\/logo\/image\/","url":"https:\/\/www.ogbl.lu\/wp-content\/uploads\/2024\/07\/LOGO_Red_FR-svg.png","contentUrl":"https:\/\/www.ogbl.lu\/wp-content\/uploads\/2024\/07\/LOGO_Red_FR-svg.png","width":369,"height":171,"caption":"OGBL"},"image":{"@id":"https:\/\/www.ogbl.lu\/de\/#\/schema\/logo\/image\/"}}]}},"_links":{"self":[{"href":"https:\/\/www.ogbl.lu\/de\/wp-json\/wp\/v2\/communiques\/1879"}],"collection":[{"href":"https:\/\/www.ogbl.lu\/de\/wp-json\/wp\/v2\/communiques"}],"about":[{"href":"https:\/\/www.ogbl.lu\/de\/wp-json\/wp\/v2\/types\/communiques"}],"author":[{"embeddable":true,"href":"https:\/\/www.ogbl.lu\/de\/wp-json\/wp\/v2\/users\/1"}],"version-history":[{"count":0,"href":"https:\/\/www.ogbl.lu\/de\/wp-json\/wp\/v2\/communiques\/1879\/revisions"}],"wp:featuredmedia":[{"embeddable":true,"href":"https:\/\/www.ogbl.lu\/de\/wp-json\/wp\/v2\/media\/4195"}],"wp:attachment":[{"href":"https:\/\/www.ogbl.lu\/de\/wp-json\/wp\/v2\/media?parent=1879"}],"wp:term":[{"taxonomy":"categorie_communiques","embeddable":true,"href":"https:\/\/www.ogbl.lu\/de\/wp-json\/wp\/v2\/categorie_communiques?post=1879"},{"taxonomy":"syndicat","embeddable":true,"href":"https:\/\/www.ogbl.lu\/de\/wp-json\/wp\/v2\/syndicat?post=1879"}],"curies":[{"name":"wp","href":"https:\/\/api.w.org\/{rel}","templated":true}]}}