{"id":1855,"date":"2015-04-14T14:21:13","date_gmt":"2015-04-14T12:21:13","guid":{"rendered":"https:\/\/www.ogbl.lu\/communiques\/des-recommandations-bruxelloises-peu-recommandables"},"modified":"2023-05-31T09:25:10","modified_gmt":"2023-05-31T07:25:10","slug":"des-recommandations-bruxelloises-peu-recommandables","status":"publish","type":"communiques","link":"https:\/\/www.ogbl.lu\/de\/communique\/des-recommandations-bruxelloises-peu-recommandables\/","title":{"rendered":"Nicht sehr empfehlenswerte Empfehlungen"},"content":{"rendered":"<p><\/p>\n<p style=\"text-align: left;\"><a href=\"https:\/\/www.ogbl.lu\/wp-content\/uploads\/communiques\/semestre_europeen_2.jpg\"><img loading=\"lazy\" decoding=\"async\" class=\"aligncenter size-full wp-image-18445\" src=\"https:\/\/www.ogbl.lu\/wp-content\/uploads\/communiques\/semestre_europeen_2.jpg\" alt=\"semestre_europeen_2\" width=\"352\" height=\"139\" \/><\/a><\/p>\n<p style=\"text-align: left;\">Die national repr\u00e4sentativen Gewerkschaften, die Regierung und die UEL haben sich am 30. M\u00e4rz 2015 zum zweiten Mal zu einem Gedankenaustausch im Rahmen des Europ\u00e4ischen Semesters getroffen. Zur Erinnerung, das Europ\u00e4ische Semester ist das Hauptinstr ument zur Koordinierung und \u00dcberwachung der Wirtschafts- und Strukturpolitik sowie der Haushalts- und Sozial-politik, mit dem Ziel, dass die Nationalpolitik eines jeden Mitgliedstaates dazu beitr\u00e4gt, dass die gemeinsamen Ziele im Rahmen der Europ\u00e4ischen Union und der Wirtschafts- und W\u00e4hrungsunion erreicht werden. Dieses zweite konsultative Treffen stand unter der Schirmherrschaft des Wirtschafts- und Sozialrates (WSR).<\/p>\n<p>Die Regierung hat hier ihre Hauptpriorit\u00e4ten vorgestellt, und hat dabei unterstrichen, dass die luxemburgische Wirtschaft in relativ guter Verfassung ist, auch wenn noch Herausforderungen bleiben (nicht gen\u00fcgend Investitionen im Bereich R&amp;D, Zunahme der Armut und des sozialen Ausschlusses). Im Rahmen der Besch\u00e4ftigung befinde sich Luxemburg, wenn man der Regierung Glauben schenkt, auf dem richtigen Weg. Anschlie\u00dfend hat die Regierung die f\u00fcnf Empfehlungen kommentiert, die sie bekommen hat, und hat darauf bestanden ihre Bilanz zu verteidigen und hat sich teilweise gegen die Analyse der Europ\u00e4ischen Kommission gewehrt, insbesondere wenn es darum geht, \u201edie Ausgaben zu reduzieren, die im Zusammenhang mit dem \u00c4lterwerden stehen\u201c sowie die Empfehlung, \u201edie Lohnbildungsweise zu \u00fcberarbeiten\u201c. (Index)<\/p>\n<p>Ihrerseits hat die UEL, so wie sie es gewohnt ist, die Analyse der Europ\u00e4ischen Kommission \u00fcber die Situation in Luxemburg gelobt, mit der Auffassung, dass man diese ernst nehmen sollte.<\/p>\n<p><img loading=\"lazy\" decoding=\"async\" class=\"aligncenter\" src=\"https:\/\/www.ogbl.lu\/wp-content\/uploads\/communiques\/semestre_europeen_1.jpg\" alt=\"semestre_europeen_1\" width=\"352\" height=\"179\" \/><br \/>\nDie Gewerkschaften, angef\u00fchrt vom OGBL haben ihrerseits mit Nachdruck unterstrichen, weit entfernt von den Empfehlungen, die Luxemburg jedes Jahr von Br\u00fcssel bekommt, dass das Hauptanliegen heute der Kampf gegen die Arbeitslosigkeit sein m\u00fcsste, die Qualit\u00e4t der Arbeit und die Arbeitserhaltung, sowie der Kampf gegen die Ungerechtigkeiten. Die Wiederbelebung der Investitionen d\u00fcrfte ihrerseits in Zukunft zur goldenen Regel werden, und zwar so, dass die Investitionen zuk\u00fcnftig nicht mehr zum Defizit hinzugerechnet werden. Die Gewerkschaften haben es einmal mehr nicht verpasst, die sogenannte \u201eVerschlechterung der Wettbewerbsf\u00e4higkeit bei den Kosten\u201c in Luxemburg zu kritisieren, die von der Europ\u00e4ischen Kommission, auf Grund eines falschen Indikators, vorgeschoben wird (die nominalen Lohnkosten). Laut Gewerkschaften m\u00fcssen die L\u00f6hne nicht als Kosten f\u00fcr die Unternehmen berechnet werden, sondern vielmehr als Kaufkraft, die den Arbeitnehmern gegeben wird, damit sie die Binnennachfrage ankurbeln k\u00f6nnen.<br \/>\nW\u00e4hrend die Gewerkschaften die Unstimmigkeit der Regierung gegen\u00fcber dem Willen der Europ\u00e4ischen Kommission die Lohnindexierung abzuschaffen begr\u00fc\u00dfen, haben sie jedoch klargestellt, dass es nicht nur wegen der aktuell niedrigen Inflation sei, so wie die Regierung es habe durchblicken lassen, dass man diesen Mechanismus nicht antasten soll, sondern weil dieses Instrument zum Teil garant f\u00fcr den sozialen Frieden im Land ist.<br \/>\nDie gewerkschaftliche Front hat ebenfalls ihre Missbilligung der Analyse der Europ\u00e4ischen Kommission zum Ausdruck gebracht, nach der die \u00f6ffentlichen Finanzen langfristig nicht mehr tragbar w\u00e4ren, insbesondere wegen einer sogenannten impliziten Schuld, die an die Finanzierung der zuk\u00fcnftigen Renten gebunden ist. Die Gewerkschaften haben so daran erinnern m\u00fcssen, dass das Rentensystem auf einem Verteilungssystem fu\u00dft (die Arbeitnehmer von heute finanzieren die Renten von heute), und nicht auf einem kapitalgedeckten System (nach dem die Arbeitnehmer von heute die Renten von morgen finanzieren).<\/p>\n<p>Schlie\u00dflich haben die Gewerkschaften ebenfalls die Steuerfragen aufgeworfen, einerseits, indem sie sich heftig gegen die von der Europ\u00e4ischen Kommission vorgeschlagene Idee wehren, die indirekte Steuerbelastung zu erh\u00f6hen (sozial ungerecht), andrerseits, indem sie ihr Staunen dar\u00fcber ausdr\u00fccken, dass diese selbe Kommission nirgends von der Zweckm\u00e4\u00dfigkeit spricht, die Betriebssteuern zu erh\u00f6hen.<\/p>","protected":false},"author":1,"featured_media":4214,"template":"","categorie_communiques":[38,41],"syndicat":[],"acf":[],"yoast_head":"<!-- This site is optimized with the Yoast SEO plugin v23.1 - https:\/\/yoast.com\/wordpress\/plugins\/seo\/ -->\r\n<title>Nicht sehr empfehlenswerte Empfehlungen - OGBL<\/title>\r\n<meta name=\"robots\" content=\"index, follow, max-snippet:-1, max-image-preview:large, max-video-preview:-1\" \/>\r\n<link rel=\"canonical\" href=\"https:\/\/www.ogbl.lu\/communique\/des-recommandations-bruxelloises-peu-recommandables\/\" \/>\r\n<meta property=\"og:locale\" content=\"de_DE\" \/>\r\n<meta property=\"og:type\" content=\"article\" \/>\r\n<meta property=\"og:title\" content=\"[:fr]Des recommandations bruxelloises peu recommandables[:de]Nicht sehr empfehlenswerte Empfehlungen[:en]Des recommandations bruxelloises peu recommandables[:] - OGBL\" \/>\r\n<meta property=\"og:description\" content=\"Die national repr\u00e4sentativen Gewerkschaften, die Regierung und die UEL haben sich am 30. M\u00e4rz 2015 zum zweiten Mal zu einem \u2026\" \/>\r\n<meta property=\"og:url\" content=\"https:\/\/www.ogbl.lu\/communique\/des-recommandations-bruxelloises-peu-recommandables\/\" \/>\r\n<meta property=\"og:site_name\" content=\"OGBL\" \/>\r\n<meta property=\"article:modified_time\" content=\"2023-05-31T07:25:10+00:00\" \/>\r\n<meta property=\"og:image\" content=\"https:\/\/www.ogbl.lu\/wp-content\/uploads\/2015\/04\/semestre_europeen_2.jpg\" \/>\r\n\t<meta property=\"og:image:width\" content=\"352\" \/>\r\n\t<meta property=\"og:image:height\" content=\"139\" \/>\r\n\t<meta property=\"og:image:type\" content=\"image\/jpeg\" \/>\r\n<meta name=\"twitter:card\" content=\"summary_large_image\" \/>\r\n<meta name=\"twitter:label1\" content=\"Est. reading time\" \/>\n\t<meta name=\"twitter:data1\" content=\"7 Minuten\" \/>\r\n<script type=\"application\/ld+json\" class=\"yoast-schema-graph\">{\"@context\":\"https:\/\/schema.org\",\"@graph\":[{\"@type\":\"WebPage\",\"@id\":\"https:\/\/www.ogbl.lu\/communique\/des-recommandations-bruxelloises-peu-recommandables\/\",\"url\":\"https:\/\/www.ogbl.lu\/communique\/des-recommandations-bruxelloises-peu-recommandables\/\",\"name\":\"[:fr]Des recommandations bruxelloises peu recommandables[:de]Nicht sehr empfehlenswerte Empfehlungen[:en]Des recommandations bruxelloises peu recommandables[:] - OGBL\",\"isPartOf\":{\"@id\":\"https:\/\/www.ogbl.lu\/de\/#website\"},\"primaryImageOfPage\":{\"@id\":\"https:\/\/www.ogbl.lu\/communique\/des-recommandations-bruxelloises-peu-recommandables\/#primaryimage\"},\"image\":{\"@id\":\"https:\/\/www.ogbl.lu\/communique\/des-recommandations-bruxelloises-peu-recommandables\/#primaryimage\"},\"thumbnailUrl\":\"https:\/\/www.ogbl.lu\/wp-content\/uploads\/2015\/04\/semestre_europeen_2.jpg\",\"datePublished\":\"2015-04-14T12:21:13+00:00\",\"dateModified\":\"2023-05-31T07:25:10+00:00\",\"breadcrumb\":{\"@id\":\"https:\/\/www.ogbl.lu\/communique\/des-recommandations-bruxelloises-peu-recommandables\/#breadcrumb\"},\"inLanguage\":\"de-DE\",\"potentialAction\":[{\"@type\":\"ReadAction\",\"target\":[\"https:\/\/www.ogbl.lu\/communique\/des-recommandations-bruxelloises-peu-recommandables\/\"]}]},{\"@type\":\"ImageObject\",\"inLanguage\":\"de-DE\",\"@id\":\"https:\/\/www.ogbl.lu\/communique\/des-recommandations-bruxelloises-peu-recommandables\/#primaryimage\",\"url\":\"https:\/\/www.ogbl.lu\/wp-content\/uploads\/2015\/04\/semestre_europeen_2.jpg\",\"contentUrl\":\"https:\/\/www.ogbl.lu\/wp-content\/uploads\/2015\/04\/semestre_europeen_2.jpg\",\"width\":352,\"height\":139},{\"@type\":\"BreadcrumbList\",\"@id\":\"https:\/\/www.ogbl.lu\/communique\/des-recommandations-bruxelloises-peu-recommandables\/#breadcrumb\",\"itemListElement\":[{\"@type\":\"ListItem\",\"position\":1,\"name\":\"Home\",\"item\":\"https:\/\/www.ogbl.lu\/\"},{\"@type\":\"ListItem\",\"position\":2,\"name\":\"Des recommandations bruxelloises peu recommandables\"}]},{\"@type\":\"WebSite\",\"@id\":\"https:\/\/www.ogbl.lu\/de\/#website\",\"url\":\"https:\/\/www.ogbl.lu\/de\/\",\"name\":\"OGBL\",\"description\":\"DIE GEWERKSCHAFT\",\"publisher\":{\"@id\":\"https:\/\/www.ogbl.lu\/de\/#organization\"},\"potentialAction\":[{\"@type\":\"SearchAction\",\"target\":{\"@type\":\"EntryPoint\",\"urlTemplate\":\"https:\/\/www.ogbl.lu\/de\/?s={search_term_string}\"},\"query-input\":\"required name=search_term_string\"}],\"inLanguage\":\"de-DE\"},{\"@type\":\"Organization\",\"@id\":\"https:\/\/www.ogbl.lu\/de\/#organization\",\"name\":\"OGBL\",\"url\":\"https:\/\/www.ogbl.lu\/de\/\",\"logo\":{\"@type\":\"ImageObject\",\"inLanguage\":\"de-DE\",\"@id\":\"https:\/\/www.ogbl.lu\/de\/#\/schema\/logo\/image\/\",\"url\":\"https:\/\/www.ogbl.lu\/wp-content\/uploads\/2024\/07\/LOGO_Red_FR-svg.png\",\"contentUrl\":\"https:\/\/www.ogbl.lu\/wp-content\/uploads\/2024\/07\/LOGO_Red_FR-svg.png\",\"width\":369,\"height\":171,\"caption\":\"OGBL\"},\"image\":{\"@id\":\"https:\/\/www.ogbl.lu\/de\/#\/schema\/logo\/image\/\"}}]}<\/script>\r\n<!-- \/ Yoast SEO plugin. -->","yoast_head_json":{"title":"[:fr]Des recommandations bruxelloises peu recommandables[:de]Nicht sehr empfehlenswerte Empfehlungen[:en]Des recommandations bruxelloises peu recommandables[:] - OGBL","robots":{"index":"index","follow":"follow","max-snippet":"max-snippet:-1","max-image-preview":"max-image-preview:large","max-video-preview":"max-video-preview:-1"},"canonical":"https:\/\/www.ogbl.lu\/communique\/des-recommandations-bruxelloises-peu-recommandables\/","og_locale":"de_DE","og_type":"article","og_title":"[:fr]Des recommandations bruxelloises peu recommandables[:de]Nicht sehr empfehlenswerte Empfehlungen[:en]Des recommandations bruxelloises peu recommandables[:] - OGBL","og_description":"Die national repr\u00e4sentativen Gewerkschaften, die Regierung und die UEL haben sich am 30. M\u00e4rz 2015 zum zweiten Mal zu einem \u2026","og_url":"https:\/\/www.ogbl.lu\/communique\/des-recommandations-bruxelloises-peu-recommandables\/","og_site_name":"OGBL","article_modified_time":"2023-05-31T07:25:10+00:00","og_image":[{"width":352,"height":139,"url":"https:\/\/www.ogbl.lu\/wp-content\/uploads\/2015\/04\/semestre_europeen_2.jpg","type":"image\/jpeg"}],"twitter_card":"summary_large_image","twitter_misc":{"Est. reading time":"7 Minuten"},"schema":{"@context":"https:\/\/schema.org","@graph":[{"@type":"WebPage","@id":"https:\/\/www.ogbl.lu\/communique\/des-recommandations-bruxelloises-peu-recommandables\/","url":"https:\/\/www.ogbl.lu\/communique\/des-recommandations-bruxelloises-peu-recommandables\/","name":"[:fr]Des recommandations bruxelloises peu recommandables[:de]Nicht sehr empfehlenswerte Empfehlungen[:en]Des recommandations bruxelloises peu recommandables[:] - OGBL","isPartOf":{"@id":"https:\/\/www.ogbl.lu\/de\/#website"},"primaryImageOfPage":{"@id":"https:\/\/www.ogbl.lu\/communique\/des-recommandations-bruxelloises-peu-recommandables\/#primaryimage"},"image":{"@id":"https:\/\/www.ogbl.lu\/communique\/des-recommandations-bruxelloises-peu-recommandables\/#primaryimage"},"thumbnailUrl":"https:\/\/www.ogbl.lu\/wp-content\/uploads\/2015\/04\/semestre_europeen_2.jpg","datePublished":"2015-04-14T12:21:13+00:00","dateModified":"2023-05-31T07:25:10+00:00","breadcrumb":{"@id":"https:\/\/www.ogbl.lu\/communique\/des-recommandations-bruxelloises-peu-recommandables\/#breadcrumb"},"inLanguage":"de-DE","potentialAction":[{"@type":"ReadAction","target":["https:\/\/www.ogbl.lu\/communique\/des-recommandations-bruxelloises-peu-recommandables\/"]}]},{"@type":"ImageObject","inLanguage":"de-DE","@id":"https:\/\/www.ogbl.lu\/communique\/des-recommandations-bruxelloises-peu-recommandables\/#primaryimage","url":"https:\/\/www.ogbl.lu\/wp-content\/uploads\/2015\/04\/semestre_europeen_2.jpg","contentUrl":"https:\/\/www.ogbl.lu\/wp-content\/uploads\/2015\/04\/semestre_europeen_2.jpg","width":352,"height":139},{"@type":"BreadcrumbList","@id":"https:\/\/www.ogbl.lu\/communique\/des-recommandations-bruxelloises-peu-recommandables\/#breadcrumb","itemListElement":[{"@type":"ListItem","position":1,"name":"Home","item":"https:\/\/www.ogbl.lu\/"},{"@type":"ListItem","position":2,"name":"Des recommandations bruxelloises peu recommandables"}]},{"@type":"WebSite","@id":"https:\/\/www.ogbl.lu\/de\/#website","url":"https:\/\/www.ogbl.lu\/de\/","name":"OGBL","description":"DIE GEWERKSCHAFT","publisher":{"@id":"https:\/\/www.ogbl.lu\/de\/#organization"},"potentialAction":[{"@type":"SearchAction","target":{"@type":"EntryPoint","urlTemplate":"https:\/\/www.ogbl.lu\/de\/?s={search_term_string}"},"query-input":"required name=search_term_string"}],"inLanguage":"de-DE"},{"@type":"Organization","@id":"https:\/\/www.ogbl.lu\/de\/#organization","name":"OGBL","url":"https:\/\/www.ogbl.lu\/de\/","logo":{"@type":"ImageObject","inLanguage":"de-DE","@id":"https:\/\/www.ogbl.lu\/de\/#\/schema\/logo\/image\/","url":"https:\/\/www.ogbl.lu\/wp-content\/uploads\/2024\/07\/LOGO_Red_FR-svg.png","contentUrl":"https:\/\/www.ogbl.lu\/wp-content\/uploads\/2024\/07\/LOGO_Red_FR-svg.png","width":369,"height":171,"caption":"OGBL"},"image":{"@id":"https:\/\/www.ogbl.lu\/de\/#\/schema\/logo\/image\/"}}]}},"_links":{"self":[{"href":"https:\/\/www.ogbl.lu\/de\/wp-json\/wp\/v2\/communiques\/1855"}],"collection":[{"href":"https:\/\/www.ogbl.lu\/de\/wp-json\/wp\/v2\/communiques"}],"about":[{"href":"https:\/\/www.ogbl.lu\/de\/wp-json\/wp\/v2\/types\/communiques"}],"author":[{"embeddable":true,"href":"https:\/\/www.ogbl.lu\/de\/wp-json\/wp\/v2\/users\/1"}],"version-history":[{"count":0,"href":"https:\/\/www.ogbl.lu\/de\/wp-json\/wp\/v2\/communiques\/1855\/revisions"}],"wp:featuredmedia":[{"embeddable":true,"href":"https:\/\/www.ogbl.lu\/de\/wp-json\/wp\/v2\/media\/4214"}],"wp:attachment":[{"href":"https:\/\/www.ogbl.lu\/de\/wp-json\/wp\/v2\/media?parent=1855"}],"wp:term":[{"taxonomy":"categorie_communiques","embeddable":true,"href":"https:\/\/www.ogbl.lu\/de\/wp-json\/wp\/v2\/categorie_communiques?post=1855"},{"taxonomy":"syndicat","embeddable":true,"href":"https:\/\/www.ogbl.lu\/de\/wp-json\/wp\/v2\/syndicat?post=1855"}],"curies":[{"name":"wp","href":"https:\/\/api.w.org\/{rel}","templated":true}]}}