{"id":1835,"date":"2015-02-27T12:57:14","date_gmt":"2015-02-27T11:57:14","guid":{"rendered":"https:\/\/www.ogbl.lu\/communiques\/lamenagement-du-conge-parental-se-dessine"},"modified":"2023-06-30T12:42:15","modified_gmt":"2023-06-30T10:42:15","slug":"lamenagement-du-conge-parental-se-dessine","status":"publish","type":"communiques","link":"https:\/\/www.ogbl.lu\/de\/communique\/lamenagement-du-conge-parental-se-dessine\/","title":{"rendered":"Die Ausgestaltung des Elternurlaubs zeichnet sich ab"},"content":{"rendered":"<p>Eine OGBL-Delegation, angef\u00fchrt von ihrem Pr\u00e4sidenten Andr\u00e9 Roeltgen, wurde k\u00fcrzlich von der Familien- und Integrationsministerin Corinne Cahen empfangen, um \u00fcber eine zuk\u00fcnftige Reform des Elternurlaubs zu diskutieren.<\/p>\n<p>Die Ministerin hat abermals das best\u00e4tigt, wof\u00fcr sich die Regierung am vergangenen 28. November gegen\u00fcber den Gewerkschaften verpflichtet hat, und zwar das Elternurlaubsgeld aufzuwerten, auf das Niveau des nicht-qualifizierten sozialen Mindestlohns. Es handelt sich hierbei um eine langj\u00e4hrige Forderung des OGBL.<\/p>\n<p>Die Ministerin hat dar\u00fcber hinaus angek\u00fcndigt, dass die Regierung es vorhat, die Modalit\u00e4ten bez\u00fcglich des Antrags auf Elternurlaub zu lockern. <a href=\"https:\/\/www.ogbl.lu\/wp-content\/uploads\/communiques\/conges_parental.jpg\"><img loading=\"lazy\" decoding=\"async\" class=\"alignleft\" src=\"https:\/\/www.ogbl.lu\/wp-content\/uploads\/communiques\/conges_parental.jpg\" alt=\"conges_parental\" width=\"264\" height=\"169\" \/><\/a>Erstens m\u00f6chte die Regierung, gleichzeitig zur jetzigen Regelung, eine zweite Regelung einf\u00fchren, die sowohl f\u00fcr den ersten als auch f\u00fcr den zweiten Elternurlaub g\u00fcltig ist. Dessen Dauer soll auf vier Monate reduziert werden (anstatt der sechs Monate, die es zurzeit sind), wobei die M\u00f6glichkeit bestehen soll, sich f\u00fcr einen Ganztags- oder Halbtagselternurlaub zu entscheiden. Die Gesamtentsch\u00e4digung bliebe bei beiden Regelungen gleichwertig (sechsmal den sozialen Mindestlohn), was jedoch eine Erh\u00f6hung der Monatsentsch\u00e4digung im Falle der zweiten Regelung mit sich bringen w\u00fcrde, da die Gesamtentsch\u00e4digung sich auf vier und nicht mehr auf sechs Monate verteilen w\u00fcrde. Die Wahl zwischen diesen beiden Regelungen w\u00fcrde dem betroffenen Elternteil \u00fcberlassen.<\/p>\n<p>Der OGBL stimmte diesem Vorschlag zu. Er hat jedoch unterstrichen, dass die Elternurlaubsentsch\u00e4digung allgemeing\u00fcltig bleiben muss, und keinesfalls an das Gehalt des betroffenen Elternteils gebunden sein oder dementsprechend nach oben begrenzt sein darf.<\/p>\n<p>Die Regierung will au\u00dferdem noch zus\u00e4tzlich die Regelungen bez\u00fcglich des Antrags auf Elternurlaub, der nicht sofort nach dem Mutterschaftsurlaub genommen wird, lockern. Um dies zu tun, m\u00f6chte die Regierung in Zukunft den Betroffenen Eltern die M\u00f6glichkeit geben, den Elternurlaub aufzuteilen. Diese Aufteilung kann bis zu einem Tag pro Woche gehen, jedoch muss die diesbez\u00fcgliche Regelung in dem Fall mit dem Arbeitgeber abgestimmt werden.<\/p>\n<p>Der OGBL hat diesem zweiten Vorschlag ebenfalls zugestimmt, hat jedoch dabei unterstrichen, dass die gesetzliche Vorkehrung daf\u00fcr sorgen muss, dass der Schutz des Arbeitsplatzes und der Arbeitsbedingungen f\u00fcr die Arbeitnehmer, die sich f\u00fcr eine solche Aufteilung ihres Elternurlaubs entscheiden, gew\u00e4hrleistet ist. Der OGBL hat ebenfalls bei der Ministerin auf die Pflicht bestanden, die erhalten bleiben muss, dass man einen Elternurlaub in seiner Vollst\u00e4ndigkeit nehmen muss (vier oder sechs Monate je nach Regelung), um ihn vor jeglicher Gefahr der Denaturierung zu bewahren. Der Elternurlaub ist ein Arbeitnehmerrecht, und so m\u00fcssen d<a href=\"https:\/\/www.ogbl.lu\/wp-content\/uploads\/communiques\/reunion_Cahen_19_02_15.jpg\"><img loading=\"lazy\" decoding=\"async\" class=\"alignleft\" src=\"https:\/\/www.ogbl.lu\/wp-content\/uploads\/communiques\/reunion_Cahen_19_02_15.jpg\" alt=\"reunion_Cahen_19_02_15\" width=\"289\" height=\"193\" \/><\/a>ie gesetzlichen Mittel geschaffen werden, dieses Recht zu sch\u00fctzen.<\/p>\n<p>Der OGBL hat sich dar\u00fcber hinaus daf\u00fcr ausgesprochen, das Recht auf Elternurlaub auszudehnen, bis das Kind des betroffenen Elternteils das Alter von zw\u00f6lf Jahren erreicht hat (zurzeit f\u00fcnf Jahre). Der OGBL ist auch daf\u00fcr, dass das Recht auf Elternurlaub ebenfalls auf die Arbeitnehmer ausgedehnt wird, die weniger als 20 Stunden pro Woche arbeiten und die demnach zurzeit nicht \u00fcber dieses Recht verf\u00fcgen.<\/p>\n<p>Die Reform des Elternurlaubs wird Teil der Gespr\u00e4che mit Regierung und UEL vom kommenden 3. M\u00e4rz, im Rahmen einer Sitzung sein, die beim permanenten Arbeits- und Besch\u00e4ftigungsausschuss (Comit\u00e9 permanent du travail et de l\u2019emploi) CPTE stattfinden wird.<\/p>\n<p><b>Mitgeteilt vom OGBL am 27. Februar 2015<\/b><\/p>","protected":false},"author":1,"featured_media":4231,"template":"","categorie_communiques":[41],"syndicat":[],"acf":[],"yoast_head":"<!-- This site is optimized with the Yoast SEO plugin v23.1 - https:\/\/yoast.com\/wordpress\/plugins\/seo\/ -->\r\n<title>Die Ausgestaltung des Elternurlaubs zeichnet sich ab - OGBL<\/title>\r\n<meta name=\"robots\" content=\"index, follow, max-snippet:-1, max-image-preview:large, max-video-preview:-1\" \/>\r\n<link rel=\"canonical\" href=\"https:\/\/www.ogbl.lu\/communique\/lamenagement-du-conge-parental-se-dessine\/\" \/>\r\n<meta property=\"og:locale\" content=\"de_DE\" \/>\r\n<meta property=\"og:type\" content=\"article\" \/>\r\n<meta property=\"og:title\" content=\"[:fr]L\u2019am\u00e9nagement du cong\u00e9 parental se dessine[:de]Die Ausgestaltung des Elternurlaubs zeichnet sich ab[:] - OGBL\" \/>\r\n<meta property=\"og:description\" content=\"Eine OGBL-Delegation, angef\u00fchrt von ihrem Pr\u00e4sidenten Andr\u00e9 Roeltgen, wurde k\u00fcrzlich von der Familien- und Integrationsministerin Corinne Cahen empfangen, um \u00fcber \u2026\" \/>\r\n<meta property=\"og:url\" content=\"https:\/\/www.ogbl.lu\/communique\/lamenagement-du-conge-parental-se-dessine\/\" \/>\r\n<meta property=\"og:site_name\" content=\"OGBL\" \/>\r\n<meta property=\"article:modified_time\" content=\"2023-06-30T10:42:15+00:00\" \/>\r\n<meta property=\"og:image\" content=\"https:\/\/www.ogbl.lu\/wp-content\/uploads\/2015\/02\/conges_parental.jpg\" \/>\r\n\t<meta property=\"og:image:width\" content=\"591\" \/>\r\n\t<meta property=\"og:image:height\" content=\"379\" \/>\r\n\t<meta property=\"og:image:type\" content=\"image\/jpeg\" \/>\r\n<meta name=\"twitter:card\" content=\"summary_large_image\" \/>\r\n<meta name=\"twitter:label1\" content=\"Est. reading time\" \/>\n\t<meta name=\"twitter:data1\" content=\"6 Minuten\" \/>\r\n<script type=\"application\/ld+json\" class=\"yoast-schema-graph\">{\"@context\":\"https:\/\/schema.org\",\"@graph\":[{\"@type\":\"WebPage\",\"@id\":\"https:\/\/www.ogbl.lu\/communique\/lamenagement-du-conge-parental-se-dessine\/\",\"url\":\"https:\/\/www.ogbl.lu\/communique\/lamenagement-du-conge-parental-se-dessine\/\",\"name\":\"[:fr]L\u2019am\u00e9nagement du cong\u00e9 parental se dessine[:de]Die Ausgestaltung des Elternurlaubs zeichnet sich ab[:] - OGBL\",\"isPartOf\":{\"@id\":\"https:\/\/www.ogbl.lu\/de\/#website\"},\"primaryImageOfPage\":{\"@id\":\"https:\/\/www.ogbl.lu\/communique\/lamenagement-du-conge-parental-se-dessine\/#primaryimage\"},\"image\":{\"@id\":\"https:\/\/www.ogbl.lu\/communique\/lamenagement-du-conge-parental-se-dessine\/#primaryimage\"},\"thumbnailUrl\":\"https:\/\/www.ogbl.lu\/wp-content\/uploads\/2015\/02\/conges_parental.jpg\",\"datePublished\":\"2015-02-27T11:57:14+00:00\",\"dateModified\":\"2023-06-30T10:42:15+00:00\",\"breadcrumb\":{\"@id\":\"https:\/\/www.ogbl.lu\/communique\/lamenagement-du-conge-parental-se-dessine\/#breadcrumb\"},\"inLanguage\":\"de-DE\",\"potentialAction\":[{\"@type\":\"ReadAction\",\"target\":[\"https:\/\/www.ogbl.lu\/communique\/lamenagement-du-conge-parental-se-dessine\/\"]}]},{\"@type\":\"ImageObject\",\"inLanguage\":\"de-DE\",\"@id\":\"https:\/\/www.ogbl.lu\/communique\/lamenagement-du-conge-parental-se-dessine\/#primaryimage\",\"url\":\"https:\/\/www.ogbl.lu\/wp-content\/uploads\/2015\/02\/conges_parental.jpg\",\"contentUrl\":\"https:\/\/www.ogbl.lu\/wp-content\/uploads\/2015\/02\/conges_parental.jpg\",\"width\":591,\"height\":379},{\"@type\":\"BreadcrumbList\",\"@id\":\"https:\/\/www.ogbl.lu\/communique\/lamenagement-du-conge-parental-se-dessine\/#breadcrumb\",\"itemListElement\":[{\"@type\":\"ListItem\",\"position\":1,\"name\":\"Home\",\"item\":\"https:\/\/www.ogbl.lu\/\"},{\"@type\":\"ListItem\",\"position\":2,\"name\":\"L\u2019am\u00e9nagement du cong\u00e9 parental se dessine\"}]},{\"@type\":\"WebSite\",\"@id\":\"https:\/\/www.ogbl.lu\/de\/#website\",\"url\":\"https:\/\/www.ogbl.lu\/de\/\",\"name\":\"OGBL\",\"description\":\"DIE GEWERKSCHAFT\",\"publisher\":{\"@id\":\"https:\/\/www.ogbl.lu\/de\/#organization\"},\"potentialAction\":[{\"@type\":\"SearchAction\",\"target\":{\"@type\":\"EntryPoint\",\"urlTemplate\":\"https:\/\/www.ogbl.lu\/de\/?s={search_term_string}\"},\"query-input\":\"required name=search_term_string\"}],\"inLanguage\":\"de-DE\"},{\"@type\":\"Organization\",\"@id\":\"https:\/\/www.ogbl.lu\/de\/#organization\",\"name\":\"OGBL\",\"url\":\"https:\/\/www.ogbl.lu\/de\/\",\"logo\":{\"@type\":\"ImageObject\",\"inLanguage\":\"de-DE\",\"@id\":\"https:\/\/www.ogbl.lu\/de\/#\/schema\/logo\/image\/\",\"url\":\"https:\/\/www.ogbl.lu\/wp-content\/uploads\/2024\/07\/LOGO_Red_FR-svg.png\",\"contentUrl\":\"https:\/\/www.ogbl.lu\/wp-content\/uploads\/2024\/07\/LOGO_Red_FR-svg.png\",\"width\":369,\"height\":171,\"caption\":\"OGBL\"},\"image\":{\"@id\":\"https:\/\/www.ogbl.lu\/de\/#\/schema\/logo\/image\/\"}}]}<\/script>\r\n<!-- \/ Yoast SEO plugin. -->","yoast_head_json":{"title":"[:fr]L\u2019am\u00e9nagement du cong\u00e9 parental se dessine[:de]Die Ausgestaltung des Elternurlaubs zeichnet sich ab[:] - OGBL","robots":{"index":"index","follow":"follow","max-snippet":"max-snippet:-1","max-image-preview":"max-image-preview:large","max-video-preview":"max-video-preview:-1"},"canonical":"https:\/\/www.ogbl.lu\/communique\/lamenagement-du-conge-parental-se-dessine\/","og_locale":"de_DE","og_type":"article","og_title":"[:fr]L\u2019am\u00e9nagement du cong\u00e9 parental se dessine[:de]Die Ausgestaltung des Elternurlaubs zeichnet sich ab[:] - OGBL","og_description":"Eine OGBL-Delegation, angef\u00fchrt von ihrem Pr\u00e4sidenten Andr\u00e9 Roeltgen, wurde k\u00fcrzlich von der Familien- und Integrationsministerin Corinne Cahen empfangen, um \u00fcber \u2026","og_url":"https:\/\/www.ogbl.lu\/communique\/lamenagement-du-conge-parental-se-dessine\/","og_site_name":"OGBL","article_modified_time":"2023-06-30T10:42:15+00:00","og_image":[{"width":591,"height":379,"url":"https:\/\/www.ogbl.lu\/wp-content\/uploads\/2015\/02\/conges_parental.jpg","type":"image\/jpeg"}],"twitter_card":"summary_large_image","twitter_misc":{"Est. reading time":"6 Minuten"},"schema":{"@context":"https:\/\/schema.org","@graph":[{"@type":"WebPage","@id":"https:\/\/www.ogbl.lu\/communique\/lamenagement-du-conge-parental-se-dessine\/","url":"https:\/\/www.ogbl.lu\/communique\/lamenagement-du-conge-parental-se-dessine\/","name":"[:fr]L\u2019am\u00e9nagement du cong\u00e9 parental se dessine[:de]Die Ausgestaltung des Elternurlaubs zeichnet sich ab[:] - OGBL","isPartOf":{"@id":"https:\/\/www.ogbl.lu\/de\/#website"},"primaryImageOfPage":{"@id":"https:\/\/www.ogbl.lu\/communique\/lamenagement-du-conge-parental-se-dessine\/#primaryimage"},"image":{"@id":"https:\/\/www.ogbl.lu\/communique\/lamenagement-du-conge-parental-se-dessine\/#primaryimage"},"thumbnailUrl":"https:\/\/www.ogbl.lu\/wp-content\/uploads\/2015\/02\/conges_parental.jpg","datePublished":"2015-02-27T11:57:14+00:00","dateModified":"2023-06-30T10:42:15+00:00","breadcrumb":{"@id":"https:\/\/www.ogbl.lu\/communique\/lamenagement-du-conge-parental-se-dessine\/#breadcrumb"},"inLanguage":"de-DE","potentialAction":[{"@type":"ReadAction","target":["https:\/\/www.ogbl.lu\/communique\/lamenagement-du-conge-parental-se-dessine\/"]}]},{"@type":"ImageObject","inLanguage":"de-DE","@id":"https:\/\/www.ogbl.lu\/communique\/lamenagement-du-conge-parental-se-dessine\/#primaryimage","url":"https:\/\/www.ogbl.lu\/wp-content\/uploads\/2015\/02\/conges_parental.jpg","contentUrl":"https:\/\/www.ogbl.lu\/wp-content\/uploads\/2015\/02\/conges_parental.jpg","width":591,"height":379},{"@type":"BreadcrumbList","@id":"https:\/\/www.ogbl.lu\/communique\/lamenagement-du-conge-parental-se-dessine\/#breadcrumb","itemListElement":[{"@type":"ListItem","position":1,"name":"Home","item":"https:\/\/www.ogbl.lu\/"},{"@type":"ListItem","position":2,"name":"L\u2019am\u00e9nagement du cong\u00e9 parental se dessine"}]},{"@type":"WebSite","@id":"https:\/\/www.ogbl.lu\/de\/#website","url":"https:\/\/www.ogbl.lu\/de\/","name":"OGBL","description":"DIE GEWERKSCHAFT","publisher":{"@id":"https:\/\/www.ogbl.lu\/de\/#organization"},"potentialAction":[{"@type":"SearchAction","target":{"@type":"EntryPoint","urlTemplate":"https:\/\/www.ogbl.lu\/de\/?s={search_term_string}"},"query-input":"required name=search_term_string"}],"inLanguage":"de-DE"},{"@type":"Organization","@id":"https:\/\/www.ogbl.lu\/de\/#organization","name":"OGBL","url":"https:\/\/www.ogbl.lu\/de\/","logo":{"@type":"ImageObject","inLanguage":"de-DE","@id":"https:\/\/www.ogbl.lu\/de\/#\/schema\/logo\/image\/","url":"https:\/\/www.ogbl.lu\/wp-content\/uploads\/2024\/07\/LOGO_Red_FR-svg.png","contentUrl":"https:\/\/www.ogbl.lu\/wp-content\/uploads\/2024\/07\/LOGO_Red_FR-svg.png","width":369,"height":171,"caption":"OGBL"},"image":{"@id":"https:\/\/www.ogbl.lu\/de\/#\/schema\/logo\/image\/"}}]}},"_links":{"self":[{"href":"https:\/\/www.ogbl.lu\/de\/wp-json\/wp\/v2\/communiques\/1835"}],"collection":[{"href":"https:\/\/www.ogbl.lu\/de\/wp-json\/wp\/v2\/communiques"}],"about":[{"href":"https:\/\/www.ogbl.lu\/de\/wp-json\/wp\/v2\/types\/communiques"}],"author":[{"embeddable":true,"href":"https:\/\/www.ogbl.lu\/de\/wp-json\/wp\/v2\/users\/1"}],"version-history":[{"count":0,"href":"https:\/\/www.ogbl.lu\/de\/wp-json\/wp\/v2\/communiques\/1835\/revisions"}],"wp:featuredmedia":[{"embeddable":true,"href":"https:\/\/www.ogbl.lu\/de\/wp-json\/wp\/v2\/media\/4231"}],"wp:attachment":[{"href":"https:\/\/www.ogbl.lu\/de\/wp-json\/wp\/v2\/media?parent=1835"}],"wp:term":[{"taxonomy":"categorie_communiques","embeddable":true,"href":"https:\/\/www.ogbl.lu\/de\/wp-json\/wp\/v2\/categorie_communiques?post=1835"},{"taxonomy":"syndicat","embeddable":true,"href":"https:\/\/www.ogbl.lu\/de\/wp-json\/wp\/v2\/syndicat?post=1835"}],"curies":[{"name":"wp","href":"https:\/\/api.w.org\/{rel}","templated":true}]}}