{"id":1830,"date":"2015-02-16T16:37:28","date_gmt":"2015-02-16T15:37:28","guid":{"rendered":"https:\/\/www.ogbl.lu\/communiques\/lintersyndicale-met-laccent-sur-la-qualite-scolaire"},"modified":"2023-05-23T19:44:12","modified_gmt":"2023-05-23T17:44:12","slug":"lintersyndicale-met-laccent-sur-la-qualite-scolaire","status":"publish","type":"communiques","link":"https:\/\/www.ogbl.lu\/de\/communique\/lintersyndicale-met-laccent-sur-la-qualite-scolaire\/","title":{"rendered":"Schulqualit\u00e4t, wichtigster Punkt f\u00fcr die Gewerkschaftszusammenschluss"},"content":{"rendered":"<p><img loading=\"lazy\" decoding=\"async\" class=\"size-full wp-image-11240 alignleft\" alt=\"logo_sew_vignette\" src=\"https:\/\/www.ogbl.lu\/wp-content\/uploads\/communiques\/logo_sew_vignette.gif\" width=\"150\" height=\"150\" \/>Die drei Gewerkschaften APESS, F\u00c9DUSE\/Ens.-CGFP und SEW\/OGBL, in einem Gewerkschaftszusammenschluss vereint, haben sich am 12. Februar 2015 mit dem Minister Meisch und seinen Beratern f\u00fcr ein erstes Schlichtungstreffen unter der Leitung von Marianne Harles, Pr\u00e4sidentin der Schlichtungskommission, getroffen.<\/p>\n<p>Die Gewerkschaftszusammenschluss teilte unmissverst\u00e4ndlich mit:<\/p>\n<p>&#8211; Dass sie keine erneute Verschlechterung der Arbeitsbedingungen des Lehrpersonals akzeptieren w\u00fcrde, nach den Zugest\u00e4ndnissen, die schon bei den Abkommen von 2007 gemacht wurden.<br \/>\n&#8211; Dass das Lehrpersonal schon an den kollektiven Anstrengungen teilnimmt, um die Staatsfinanzen zu sanieren, und zwar sowohl als B\u00fcrger als auch als Staatsbeamte, und dass jede weitere Ma\u00dfnahme, die ausschlie\u00dflich das Lehrpersonal betrifft, als Diskriminierung ihm gegen\u00fcber anzusehen sei.<br \/>\n&#8211; Dass die Diskussion \u00fcber m\u00f6gliche Ma\u00dfnahmen im Rahmen des Nationalen Bildungssystems das gesamte System betreffen muss und nicht ausschlie\u00dflich die Aufgabe des Lehrpersonals.<\/p>\n<p>Im Nachhinein wurden einige Wege eingeschlagen, die unter anderem eine Qualit\u00e4tsverbesserung des Unterrichts im Visier hat und eine Senkung der Misserfolge in den verschiedenen Schulzweigen herbeif\u00fchren soll.<\/p>\n<p>Minister Meisch hat erkl\u00e4rt, dass er konkretere Vorschl\u00e4ge ausarbeiten will, und dass er diesbez\u00fcglich zus\u00e4tzliche Informationen an die Gewerkschaftszusammenschluss weitergeben will, und zwar vor dem n\u00e4chsten Schlichtungstreffen, das am Donnerstag, dem 5. M\u00e4rz 2015 stattfinden wird.<\/p>\n<p>In Erwartung der zuk\u00fcnftigen Diskussionen hat Minister Meisch ebenfalls angek\u00fcndigt, dass kein Gesetzestext, bei dem es um die Ma\u00dfnahme 118 geht, vorgelegt wird, solange die Schlichtungsprozedur im Gange ist.<\/p>\n<p>Die Gewerkschaftszusammenschluss appelliert ihrerseits an alle Lehrkr\u00e4fte der Sekundar- und der Technischen Sekundarschulen, keine Protestaktionen zu starten, solange die Schlichtungsprozedur in einem konstruktiven Klima abl\u00e4uft.<\/p>\n<p>Bevor es zu einem Abkommen mit dem MENJE kommt, so l\u00e4sst es die Gewerkschaftszusammenschluss jetzt schon wissen, wird sie die ausgehandelten Punkte der Zustimmung des Lehrk\u00f6rpers vorlegen, und zwar auf eine transparente und demokratische Art und Weise.<\/p>\n<p><b>Mitgeteilt von SEW\/OGBL am<\/b><b> 16. Februar 2015<\/b><b><\/b><\/p>","protected":false},"author":1,"featured_media":4236,"template":"","categorie_communiques":[49],"syndicat":[77],"acf":[],"yoast_head":"<!-- This site is optimized with the Yoast SEO plugin v23.1 - https:\/\/yoast.com\/wordpress\/plugins\/seo\/ -->\r\n<title>Schulqualit\u00e4t, wichtigster Punkt f\u00fcr die Gewerkschaftszusammenschluss - OGBL<\/title>\r\n<meta name=\"robots\" content=\"index, follow, max-snippet:-1, max-image-preview:large, max-video-preview:-1\" \/>\r\n<link rel=\"canonical\" href=\"https:\/\/www.ogbl.lu\/communique\/lintersyndicale-met-laccent-sur-la-qualite-scolaire\/\" \/>\r\n<meta property=\"og:locale\" content=\"de_DE\" \/>\r\n<meta property=\"og:type\" content=\"article\" \/>\r\n<meta property=\"og:title\" content=\"[:fr]L\u2019Intersyndicale met l\u2019accent sur la qualit\u00e9 scolaire[:de]Schulqualit\u00e4t, wichtigster Punkt f\u00fcr die Gewerkschaftszusammenschluss[:] - OGBL\" \/>\r\n<meta property=\"og:description\" content=\"Die drei Gewerkschaften APESS, F\u00c9DUSE\/Ens.-CGFP und SEW\/OGBL, in einem Gewerkschaftszusammenschluss vereint, haben sich am 12. Februar 2015 mit dem Minister \u2026\" \/>\r\n<meta property=\"og:url\" content=\"https:\/\/www.ogbl.lu\/communique\/lintersyndicale-met-laccent-sur-la-qualite-scolaire\/\" \/>\r\n<meta property=\"og:site_name\" content=\"OGBL\" \/>\r\n<meta property=\"article:modified_time\" content=\"2023-05-23T17:44:12+00:00\" \/>\r\n<meta property=\"og:image\" content=\"https:\/\/www.ogbl.lu\/wp-content\/uploads\/2015\/02\/logo_sew_vignette.gif\" \/>\r\n\t<meta property=\"og:image:width\" content=\"150\" \/>\r\n\t<meta property=\"og:image:height\" content=\"150\" \/>\r\n\t<meta property=\"og:image:type\" content=\"image\/gif\" \/>\r\n<meta name=\"twitter:card\" content=\"summary_large_image\" \/>\r\n<meta name=\"twitter:label1\" content=\"Est. reading time\" \/>\n\t<meta name=\"twitter:data1\" content=\"3 Minuten\" \/>\r\n<script type=\"application\/ld+json\" class=\"yoast-schema-graph\">{\"@context\":\"https:\/\/schema.org\",\"@graph\":[{\"@type\":\"WebPage\",\"@id\":\"https:\/\/www.ogbl.lu\/communique\/lintersyndicale-met-laccent-sur-la-qualite-scolaire\/\",\"url\":\"https:\/\/www.ogbl.lu\/communique\/lintersyndicale-met-laccent-sur-la-qualite-scolaire\/\",\"name\":\"[:fr]L\u2019Intersyndicale met l\u2019accent sur la qualit\u00e9 scolaire[:de]Schulqualit\u00e4t, wichtigster Punkt f\u00fcr die Gewerkschaftszusammenschluss[:] - OGBL\",\"isPartOf\":{\"@id\":\"https:\/\/www.ogbl.lu\/de\/#website\"},\"primaryImageOfPage\":{\"@id\":\"https:\/\/www.ogbl.lu\/communique\/lintersyndicale-met-laccent-sur-la-qualite-scolaire\/#primaryimage\"},\"image\":{\"@id\":\"https:\/\/www.ogbl.lu\/communique\/lintersyndicale-met-laccent-sur-la-qualite-scolaire\/#primaryimage\"},\"thumbnailUrl\":\"https:\/\/www.ogbl.lu\/wp-content\/uploads\/2015\/02\/logo_sew_vignette.gif\",\"datePublished\":\"2015-02-16T15:37:28+00:00\",\"dateModified\":\"2023-05-23T17:44:12+00:00\",\"breadcrumb\":{\"@id\":\"https:\/\/www.ogbl.lu\/communique\/lintersyndicale-met-laccent-sur-la-qualite-scolaire\/#breadcrumb\"},\"inLanguage\":\"de-DE\",\"potentialAction\":[{\"@type\":\"ReadAction\",\"target\":[\"https:\/\/www.ogbl.lu\/communique\/lintersyndicale-met-laccent-sur-la-qualite-scolaire\/\"]}]},{\"@type\":\"ImageObject\",\"inLanguage\":\"de-DE\",\"@id\":\"https:\/\/www.ogbl.lu\/communique\/lintersyndicale-met-laccent-sur-la-qualite-scolaire\/#primaryimage\",\"url\":\"https:\/\/www.ogbl.lu\/wp-content\/uploads\/2015\/02\/logo_sew_vignette.gif\",\"contentUrl\":\"https:\/\/www.ogbl.lu\/wp-content\/uploads\/2015\/02\/logo_sew_vignette.gif\",\"width\":150,\"height\":150},{\"@type\":\"BreadcrumbList\",\"@id\":\"https:\/\/www.ogbl.lu\/communique\/lintersyndicale-met-laccent-sur-la-qualite-scolaire\/#breadcrumb\",\"itemListElement\":[{\"@type\":\"ListItem\",\"position\":1,\"name\":\"Home\",\"item\":\"https:\/\/www.ogbl.lu\/\"},{\"@type\":\"ListItem\",\"position\":2,\"name\":\"L\u2019Intersyndicale met l\u2019accent sur la qualit\u00e9 scolaire\"}]},{\"@type\":\"WebSite\",\"@id\":\"https:\/\/www.ogbl.lu\/de\/#website\",\"url\":\"https:\/\/www.ogbl.lu\/de\/\",\"name\":\"OGBL\",\"description\":\"DIE GEWERKSCHAFT\",\"publisher\":{\"@id\":\"https:\/\/www.ogbl.lu\/de\/#organization\"},\"potentialAction\":[{\"@type\":\"SearchAction\",\"target\":{\"@type\":\"EntryPoint\",\"urlTemplate\":\"https:\/\/www.ogbl.lu\/de\/?s={search_term_string}\"},\"query-input\":\"required name=search_term_string\"}],\"inLanguage\":\"de-DE\"},{\"@type\":\"Organization\",\"@id\":\"https:\/\/www.ogbl.lu\/de\/#organization\",\"name\":\"OGBL\",\"url\":\"https:\/\/www.ogbl.lu\/de\/\",\"logo\":{\"@type\":\"ImageObject\",\"inLanguage\":\"de-DE\",\"@id\":\"https:\/\/www.ogbl.lu\/de\/#\/schema\/logo\/image\/\",\"url\":\"https:\/\/www.ogbl.lu\/wp-content\/uploads\/2024\/07\/LOGO_Red_FR-svg.png\",\"contentUrl\":\"https:\/\/www.ogbl.lu\/wp-content\/uploads\/2024\/07\/LOGO_Red_FR-svg.png\",\"width\":369,\"height\":171,\"caption\":\"OGBL\"},\"image\":{\"@id\":\"https:\/\/www.ogbl.lu\/de\/#\/schema\/logo\/image\/\"}}]}<\/script>\r\n<!-- \/ Yoast SEO plugin. -->","yoast_head_json":{"title":"[:fr]L\u2019Intersyndicale met l\u2019accent sur la qualit\u00e9 scolaire[:de]Schulqualit\u00e4t, wichtigster Punkt f\u00fcr die Gewerkschaftszusammenschluss[:] - OGBL","robots":{"index":"index","follow":"follow","max-snippet":"max-snippet:-1","max-image-preview":"max-image-preview:large","max-video-preview":"max-video-preview:-1"},"canonical":"https:\/\/www.ogbl.lu\/communique\/lintersyndicale-met-laccent-sur-la-qualite-scolaire\/","og_locale":"de_DE","og_type":"article","og_title":"[:fr]L\u2019Intersyndicale met l\u2019accent sur la qualit\u00e9 scolaire[:de]Schulqualit\u00e4t, wichtigster Punkt f\u00fcr die Gewerkschaftszusammenschluss[:] - OGBL","og_description":"Die drei Gewerkschaften APESS, F\u00c9DUSE\/Ens.-CGFP und SEW\/OGBL, in einem Gewerkschaftszusammenschluss vereint, haben sich am 12. Februar 2015 mit dem Minister \u2026","og_url":"https:\/\/www.ogbl.lu\/communique\/lintersyndicale-met-laccent-sur-la-qualite-scolaire\/","og_site_name":"OGBL","article_modified_time":"2023-05-23T17:44:12+00:00","og_image":[{"width":150,"height":150,"url":"https:\/\/www.ogbl.lu\/wp-content\/uploads\/2015\/02\/logo_sew_vignette.gif","type":"image\/gif"}],"twitter_card":"summary_large_image","twitter_misc":{"Est. reading time":"3 Minuten"},"schema":{"@context":"https:\/\/schema.org","@graph":[{"@type":"WebPage","@id":"https:\/\/www.ogbl.lu\/communique\/lintersyndicale-met-laccent-sur-la-qualite-scolaire\/","url":"https:\/\/www.ogbl.lu\/communique\/lintersyndicale-met-laccent-sur-la-qualite-scolaire\/","name":"[:fr]L\u2019Intersyndicale met l\u2019accent sur la qualit\u00e9 scolaire[:de]Schulqualit\u00e4t, wichtigster Punkt f\u00fcr die Gewerkschaftszusammenschluss[:] - OGBL","isPartOf":{"@id":"https:\/\/www.ogbl.lu\/de\/#website"},"primaryImageOfPage":{"@id":"https:\/\/www.ogbl.lu\/communique\/lintersyndicale-met-laccent-sur-la-qualite-scolaire\/#primaryimage"},"image":{"@id":"https:\/\/www.ogbl.lu\/communique\/lintersyndicale-met-laccent-sur-la-qualite-scolaire\/#primaryimage"},"thumbnailUrl":"https:\/\/www.ogbl.lu\/wp-content\/uploads\/2015\/02\/logo_sew_vignette.gif","datePublished":"2015-02-16T15:37:28+00:00","dateModified":"2023-05-23T17:44:12+00:00","breadcrumb":{"@id":"https:\/\/www.ogbl.lu\/communique\/lintersyndicale-met-laccent-sur-la-qualite-scolaire\/#breadcrumb"},"inLanguage":"de-DE","potentialAction":[{"@type":"ReadAction","target":["https:\/\/www.ogbl.lu\/communique\/lintersyndicale-met-laccent-sur-la-qualite-scolaire\/"]}]},{"@type":"ImageObject","inLanguage":"de-DE","@id":"https:\/\/www.ogbl.lu\/communique\/lintersyndicale-met-laccent-sur-la-qualite-scolaire\/#primaryimage","url":"https:\/\/www.ogbl.lu\/wp-content\/uploads\/2015\/02\/logo_sew_vignette.gif","contentUrl":"https:\/\/www.ogbl.lu\/wp-content\/uploads\/2015\/02\/logo_sew_vignette.gif","width":150,"height":150},{"@type":"BreadcrumbList","@id":"https:\/\/www.ogbl.lu\/communique\/lintersyndicale-met-laccent-sur-la-qualite-scolaire\/#breadcrumb","itemListElement":[{"@type":"ListItem","position":1,"name":"Home","item":"https:\/\/www.ogbl.lu\/"},{"@type":"ListItem","position":2,"name":"L\u2019Intersyndicale met l\u2019accent sur la qualit\u00e9 scolaire"}]},{"@type":"WebSite","@id":"https:\/\/www.ogbl.lu\/de\/#website","url":"https:\/\/www.ogbl.lu\/de\/","name":"OGBL","description":"DIE GEWERKSCHAFT","publisher":{"@id":"https:\/\/www.ogbl.lu\/de\/#organization"},"potentialAction":[{"@type":"SearchAction","target":{"@type":"EntryPoint","urlTemplate":"https:\/\/www.ogbl.lu\/de\/?s={search_term_string}"},"query-input":"required name=search_term_string"}],"inLanguage":"de-DE"},{"@type":"Organization","@id":"https:\/\/www.ogbl.lu\/de\/#organization","name":"OGBL","url":"https:\/\/www.ogbl.lu\/de\/","logo":{"@type":"ImageObject","inLanguage":"de-DE","@id":"https:\/\/www.ogbl.lu\/de\/#\/schema\/logo\/image\/","url":"https:\/\/www.ogbl.lu\/wp-content\/uploads\/2024\/07\/LOGO_Red_FR-svg.png","contentUrl":"https:\/\/www.ogbl.lu\/wp-content\/uploads\/2024\/07\/LOGO_Red_FR-svg.png","width":369,"height":171,"caption":"OGBL"},"image":{"@id":"https:\/\/www.ogbl.lu\/de\/#\/schema\/logo\/image\/"}}]}},"_links":{"self":[{"href":"https:\/\/www.ogbl.lu\/de\/wp-json\/wp\/v2\/communiques\/1830"}],"collection":[{"href":"https:\/\/www.ogbl.lu\/de\/wp-json\/wp\/v2\/communiques"}],"about":[{"href":"https:\/\/www.ogbl.lu\/de\/wp-json\/wp\/v2\/types\/communiques"}],"author":[{"embeddable":true,"href":"https:\/\/www.ogbl.lu\/de\/wp-json\/wp\/v2\/users\/1"}],"version-history":[{"count":0,"href":"https:\/\/www.ogbl.lu\/de\/wp-json\/wp\/v2\/communiques\/1830\/revisions"}],"wp:featuredmedia":[{"embeddable":true,"href":"https:\/\/www.ogbl.lu\/de\/wp-json\/wp\/v2\/media\/4236"}],"wp:attachment":[{"href":"https:\/\/www.ogbl.lu\/de\/wp-json\/wp\/v2\/media?parent=1830"}],"wp:term":[{"taxonomy":"categorie_communiques","embeddable":true,"href":"https:\/\/www.ogbl.lu\/de\/wp-json\/wp\/v2\/categorie_communiques?post=1830"},{"taxonomy":"syndicat","embeddable":true,"href":"https:\/\/www.ogbl.lu\/de\/wp-json\/wp\/v2\/syndicat?post=1830"}],"curies":[{"name":"wp","href":"https:\/\/api.w.org\/{rel}","templated":true}]}}