{"id":1794,"date":"2014-11-25T15:22:33","date_gmt":"2014-11-25T14:22:33","guid":{"rendered":"https:\/\/www.ogbl.lu\/communiques\/logbl-met-le-gouvernement-en-garde"},"modified":"2023-06-30T12:50:20","modified_gmt":"2023-06-30T10:50:20","slug":"logbl-met-le-gouvernement-en-garde","status":"publish","type":"communiques","link":"https:\/\/www.ogbl.lu\/de\/communique\/logbl-met-le-gouvernement-en-garde\/","title":{"rendered":"Der OGBL mahnt die Regierung"},"content":{"rendered":"<p><a href=\"https:\/\/www.ogbl.lu\/wp-content\/uploads\/communiques\/com_nat_18_11_14_discours.jpg\"><img loading=\"lazy\" decoding=\"async\" class=\"alignleft size-full wp-image-17032\" src=\"https:\/\/www.ogbl.lu\/wp-content\/uploads\/communiques\/com_nat_18_11_14_discours.jpg\" alt=\"com_nat_18_11_14_discours\" width=\"300\" height=\"220\" \/><\/a>Bei seiner Sitzung vom 18. November 2014, hat der Nationalvorstand des OGBL unter anderem die wirtschaftliche und soziale Lage des Landes, die Vorlage des Staatshaushalts f\u00fcr 2015 sowie das Gesetzesprojekt der Regierung zur mehrj\u00e4hrigen Programmierung und auch ihr Gesetzesprojekt zur Umsetzung der Sparma\u00dfnahmen analysiert. Schlie\u00dflich hat der Nationalvorstand auch noch die Vorbereitungsarbeiten f\u00fcr den OGBL-Kongress, der am kommenden 5. und 6. Dezember stattfinden wird, abgeschlossen.<\/p>\n<p>Der Nationalvorstand hat abermals auf die falsche Analyse der Regierung \u00fcber die Staatsfinanzen, die eigentlich noch in einem guten Zustand sind, hingewiesen. Interessant ist festzustellen, dass die Regierung selbst zugibt, dass bei \u201eunver\u00e4nderter Politik\u201f (d.h. ohne irgendeine Ma\u00dfnahme zu ergreifen) der Staatshaushalt bis 2018 von selbst wieder ins Gleichgewicht k\u00e4me, und das, trotz des Verlusts, ab 2015, der Einnahmen aus der Mehrwertsteuer des elektronischen Handels. Die Zahlenrealit\u00e4t steht hier in starkem Kontrast zum Katastrophenszenario, das die Regierung vorgibt.<\/p>\n<p>Was dieses von der Regierung angek\u00fcndigte Ma\u00dfnahmenpaket betrifft, das f\u00e4lschlicherweise \u201eZukunftspaket\u201f genannt wurde, so stellt der OGBL-Nationalvorstand fest, dass es sich um ein reines Sparpaket handelt, das die Kaufkraft der Haushalte verschlechtern wird, das der Qualit\u00e4t der Sozialversicherungsleistungen sowie dem Besch\u00e4ftigungs- und Arbeitslosenschut schaden wird. Ein Austerit\u00e4tspaket, das dar\u00fcberhinaus wirtschaftlich auch noch total falsch ist, wie es auch das Statec hervorhebt. Der Kaufkraftverlust, den das Paket mit sich bringt, wir direkten Einfluss auf die Binnennachfrage haben und also auch auf das Wachstum des Landes.<\/p>\n<p>Der Nationalvorstand bedauert au\u00dferdem, dass dieses Austerit\u00e4tspaket, von dem zahlreiche Ma\u00dfnahmen absolut unklar bleiben, nur wenig transparent ist, obwohl die Ersparnisse, die sie dem Staat erm\u00f6glichen sollen, schon genau beziffert sind. Der Nationalvorstand bedauert auch den sozial sehr unausgeglichenen Charakter dieses Pakets, wovon mehr als 70% die Arbeitnehmer und Rentner direkt betreffen.<\/p>\n<p><img loading=\"lazy\" decoding=\"async\" class=\"alignright\" src=\"https:\/\/www.ogbl.lu\/wp-content\/uploads\/communiques\/com_nat_18_11_14_vue_porte.jpg\" alt=\"com_nat_18_11_14_vue_porte\" width=\"300\" height=\"212\" \/>Der OGBL-Nationalvorstand wehrt sich heftigst gegen dieses von der Regierung angek\u00fcndigte Paket und bem\u00e4ngelt gleichzeitig die von ihr angewandte Methode. Dar\u00fcber hinaus beklagt der Nationalvorstand sich \u00fcber einen totalen Mangel an Sozialdialog, der sich keinesfalls auf blo\u00dfe Informationssitzungen beschr\u00e4nken sollte. In diesem Zusammenhang hat der Nationalvorstand dazu gemahnt, den Sozialdialog wieder aufzunehmen. Geschehe das nicht, so sagt sich der Nationalvorstand dazu bereit auf s\u00e4mtliche ihm zur Verf\u00fcgung stehenden gewerkschaftlichen Mittel zur\u00fcckzugreifen, ohne dabei massive Mobilisierung in den kommenden Monaten auszuschlie\u00dfen.<\/p>\n<p><strong>Quadripartite oder die Politik der vollendeten Tatsachen<\/strong><\/p>\n<p>Der OGBL-Nationalvorstand hat au\u00dferdem die Quadripartite-Sitzung vom 22. Oktober 2014 zur Kenntnis genommen. Was die finanzielle Situation der Krankenversicherung betrifft, so stellt diese sich als stabil und positiv heraus. Der Nationalvorstand begr\u00fc\u00dft, dass der \u00dcberschuss zurzeit beiseite gelegt wird, um die zuk\u00fcnftigen Schulden zur\u00fcckzuzahlen, die die CNS gegen\u00fcber ihren ausl\u00e4ndischen Partner-Instanzen im Rahmen der grenz\u00fcberschreitenden Pflege hat. Jedoch fragt sich der OGBL-Nationalvorstand, ob es sich als notwendig erweist, minimale finanzielle Reserven anzulegen, um f\u00fcr zuk\u00fcnftige Ausgaben der Krankenversicherung vorzusorgen.<\/p>\n<p>Was die globale Summe betrifft, die dem Krankenhaussektor zusteht, so prangert der OGBL-Nationalvorstand den einseitigen Entschluss der Regierung an, die Summe herabzusetzen. Eine Summe, die dar\u00fcber hinaus die Aufwertung der Karrieren nicht ber\u00fccksichtigt (wie sie im Arbeitskollektivvertrag FHL festgeschrieben steht).<\/p>\n<p><img loading=\"lazy\" decoding=\"async\" class=\"alignleft\" src=\"https:\/\/www.ogbl.lu\/wp-content\/uploads\/communiques\/com_nat_18_11_14_salle.jpg\" alt=\"com_nat_18_11_14_salle\" width=\"300\" height=\"200\" \/>Der Nationalvorstand stellt anschlie\u00dfend fest, dass ab 2015 die staatlichen Zuweisungen bez\u00fcgilch der Mutterschaftsausgaben (20 Millionen Euro) nicht ausreichen werden, um die voraussichtlichen Kosten (30 Millionen Euro) zu decken, und kann deswegen nur beunruhigt sein.<\/p>\n<p>Von den 29 \u201eZukunftspak\u201f-Ma\u00dfnahmen, die das Gesundheitsministerium betreffen, sind bisher 17 noch nicht beziffert, wie es die Ministerin selbst w\u00e4hrend der Sitzung der Quadripartite best\u00e4tigt hat. Der OGBL-Nationalvorstand begr\u00fc\u00dft den von der Ministerin bekundeten Willen, in Zukunft mit den Sozialpartnern dar\u00fcber zu sprechen, bedauert jedoch, dass im Vorfeld, w\u00e4hrend der Ausarbeitung der Ma\u00dfnahmen, keine Diskussion \u00fcber deren Gesamtheit stattfand.<\/p>\n<p>Bez\u00fcglich des Spitalplans, so wunderte sich der Nationalvorstand, dass der OGBL in letzter Minute eingreifen musste, damit dieser bei der Quadripartitesitzung zur Sprache kommt, und nicht nur, wie das urspr\u00fcnglich vorgesehen war, einfach auf der Tagesordnung vorgestellt wurde. Er wundert sich ebenfalls, dass bez\u00fcglich der Kompetenzzentren, die Verantwortlichen der FHL und der Krankenhauseinrichtungen nicht weiter von der Regierung miteinbezogen wurden.<\/p>\n<p>Allgemein gesehen stellt der OGBL-Nationalvorstand fest, dass trotz des guten Willens der Regierung w\u00e4hrend der Quadripartite-Sitzungen, die Sozialpartner sich immer noch mit der Politik der vollendeten Tatsachen konfrontiert sehen.<\/p>\n<p><b>Mitgeteilt vom OGBL<br \/>\nam 25. November 2014<\/b><\/p>","protected":false},"author":1,"featured_media":4268,"template":"","categorie_communiques":[41],"syndicat":[],"acf":[],"yoast_head":"<!-- This site is optimized with the Yoast SEO plugin v23.1 - https:\/\/yoast.com\/wordpress\/plugins\/seo\/ -->\r\n<title>Der OGBL mahnt die Regierung - OGBL<\/title>\r\n<meta name=\"robots\" content=\"index, follow, max-snippet:-1, max-image-preview:large, max-video-preview:-1\" \/>\r\n<link rel=\"canonical\" href=\"https:\/\/www.ogbl.lu\/communique\/logbl-met-le-gouvernement-en-garde\/\" \/>\r\n<meta property=\"og:locale\" content=\"de_DE\" \/>\r\n<meta property=\"og:type\" content=\"article\" \/>\r\n<meta property=\"og:title\" content=\"[:fr]L\u2019OGBL met le gouvernement en garde[:de]Der OGBL mahnt die Regierung[:en]L\u2019OGBL met le gouvernement en garde[:] - OGBL\" \/>\r\n<meta property=\"og:description\" content=\"Bei seiner Sitzung vom 18. November 2014, hat der Nationalvorstand des OGBL unter anderem die wirtschaftliche und soziale Lage des \u2026\" \/>\r\n<meta property=\"og:url\" content=\"https:\/\/www.ogbl.lu\/communique\/logbl-met-le-gouvernement-en-garde\/\" \/>\r\n<meta property=\"og:site_name\" content=\"OGBL\" \/>\r\n<meta property=\"article:modified_time\" content=\"2023-06-30T10:50:20+00:00\" \/>\r\n<meta property=\"og:image\" content=\"https:\/\/www.ogbl.lu\/wp-content\/uploads\/2014\/11\/com_nat_18_11_14_discours.jpg\" \/>\r\n\t<meta property=\"og:image:width\" content=\"300\" \/>\r\n\t<meta property=\"og:image:height\" content=\"220\" \/>\r\n\t<meta property=\"og:image:type\" content=\"image\/jpeg\" \/>\r\n<meta name=\"twitter:card\" content=\"summary_large_image\" \/>\r\n<meta name=\"twitter:label1\" content=\"Est. reading time\" \/>\n\t<meta name=\"twitter:data1\" content=\"8 Minuten\" \/>\r\n<script type=\"application\/ld+json\" class=\"yoast-schema-graph\">{\"@context\":\"https:\/\/schema.org\",\"@graph\":[{\"@type\":\"WebPage\",\"@id\":\"https:\/\/www.ogbl.lu\/communique\/logbl-met-le-gouvernement-en-garde\/\",\"url\":\"https:\/\/www.ogbl.lu\/communique\/logbl-met-le-gouvernement-en-garde\/\",\"name\":\"[:fr]L\u2019OGBL met le gouvernement en garde[:de]Der OGBL mahnt die Regierung[:en]L\u2019OGBL met le gouvernement en garde[:] - OGBL\",\"isPartOf\":{\"@id\":\"https:\/\/www.ogbl.lu\/de\/#website\"},\"primaryImageOfPage\":{\"@id\":\"https:\/\/www.ogbl.lu\/communique\/logbl-met-le-gouvernement-en-garde\/#primaryimage\"},\"image\":{\"@id\":\"https:\/\/www.ogbl.lu\/communique\/logbl-met-le-gouvernement-en-garde\/#primaryimage\"},\"thumbnailUrl\":\"https:\/\/www.ogbl.lu\/wp-content\/uploads\/2014\/11\/com_nat_18_11_14_discours.jpg\",\"datePublished\":\"2014-11-25T14:22:33+00:00\",\"dateModified\":\"2023-06-30T10:50:20+00:00\",\"breadcrumb\":{\"@id\":\"https:\/\/www.ogbl.lu\/communique\/logbl-met-le-gouvernement-en-garde\/#breadcrumb\"},\"inLanguage\":\"de-DE\",\"potentialAction\":[{\"@type\":\"ReadAction\",\"target\":[\"https:\/\/www.ogbl.lu\/communique\/logbl-met-le-gouvernement-en-garde\/\"]}]},{\"@type\":\"ImageObject\",\"inLanguage\":\"de-DE\",\"@id\":\"https:\/\/www.ogbl.lu\/communique\/logbl-met-le-gouvernement-en-garde\/#primaryimage\",\"url\":\"https:\/\/www.ogbl.lu\/wp-content\/uploads\/2014\/11\/com_nat_18_11_14_discours.jpg\",\"contentUrl\":\"https:\/\/www.ogbl.lu\/wp-content\/uploads\/2014\/11\/com_nat_18_11_14_discours.jpg\",\"width\":300,\"height\":220},{\"@type\":\"BreadcrumbList\",\"@id\":\"https:\/\/www.ogbl.lu\/communique\/logbl-met-le-gouvernement-en-garde\/#breadcrumb\",\"itemListElement\":[{\"@type\":\"ListItem\",\"position\":1,\"name\":\"Home\",\"item\":\"https:\/\/www.ogbl.lu\/\"},{\"@type\":\"ListItem\",\"position\":2,\"name\":\"L\u2019OGBL met le gouvernement en garde\"}]},{\"@type\":\"WebSite\",\"@id\":\"https:\/\/www.ogbl.lu\/de\/#website\",\"url\":\"https:\/\/www.ogbl.lu\/de\/\",\"name\":\"OGBL\",\"description\":\"DIE GEWERKSCHAFT\",\"publisher\":{\"@id\":\"https:\/\/www.ogbl.lu\/de\/#organization\"},\"potentialAction\":[{\"@type\":\"SearchAction\",\"target\":{\"@type\":\"EntryPoint\",\"urlTemplate\":\"https:\/\/www.ogbl.lu\/de\/?s={search_term_string}\"},\"query-input\":\"required name=search_term_string\"}],\"inLanguage\":\"de-DE\"},{\"@type\":\"Organization\",\"@id\":\"https:\/\/www.ogbl.lu\/de\/#organization\",\"name\":\"OGBL\",\"url\":\"https:\/\/www.ogbl.lu\/de\/\",\"logo\":{\"@type\":\"ImageObject\",\"inLanguage\":\"de-DE\",\"@id\":\"https:\/\/www.ogbl.lu\/de\/#\/schema\/logo\/image\/\",\"url\":\"https:\/\/www.ogbl.lu\/wp-content\/uploads\/2024\/07\/LOGO_Red_FR-svg.png\",\"contentUrl\":\"https:\/\/www.ogbl.lu\/wp-content\/uploads\/2024\/07\/LOGO_Red_FR-svg.png\",\"width\":369,\"height\":171,\"caption\":\"OGBL\"},\"image\":{\"@id\":\"https:\/\/www.ogbl.lu\/de\/#\/schema\/logo\/image\/\"}}]}<\/script>\r\n<!-- \/ Yoast SEO plugin. -->","yoast_head_json":{"title":"[:fr]L\u2019OGBL met le gouvernement en garde[:de]Der OGBL mahnt die Regierung[:en]L\u2019OGBL met le gouvernement en garde[:] - OGBL","robots":{"index":"index","follow":"follow","max-snippet":"max-snippet:-1","max-image-preview":"max-image-preview:large","max-video-preview":"max-video-preview:-1"},"canonical":"https:\/\/www.ogbl.lu\/communique\/logbl-met-le-gouvernement-en-garde\/","og_locale":"de_DE","og_type":"article","og_title":"[:fr]L\u2019OGBL met le gouvernement en garde[:de]Der OGBL mahnt die Regierung[:en]L\u2019OGBL met le gouvernement en garde[:] - OGBL","og_description":"Bei seiner Sitzung vom 18. November 2014, hat der Nationalvorstand des OGBL unter anderem die wirtschaftliche und soziale Lage des \u2026","og_url":"https:\/\/www.ogbl.lu\/communique\/logbl-met-le-gouvernement-en-garde\/","og_site_name":"OGBL","article_modified_time":"2023-06-30T10:50:20+00:00","og_image":[{"width":300,"height":220,"url":"https:\/\/www.ogbl.lu\/wp-content\/uploads\/2014\/11\/com_nat_18_11_14_discours.jpg","type":"image\/jpeg"}],"twitter_card":"summary_large_image","twitter_misc":{"Est. reading time":"8 Minuten"},"schema":{"@context":"https:\/\/schema.org","@graph":[{"@type":"WebPage","@id":"https:\/\/www.ogbl.lu\/communique\/logbl-met-le-gouvernement-en-garde\/","url":"https:\/\/www.ogbl.lu\/communique\/logbl-met-le-gouvernement-en-garde\/","name":"[:fr]L\u2019OGBL met le gouvernement en garde[:de]Der OGBL mahnt die Regierung[:en]L\u2019OGBL met le gouvernement en garde[:] - OGBL","isPartOf":{"@id":"https:\/\/www.ogbl.lu\/de\/#website"},"primaryImageOfPage":{"@id":"https:\/\/www.ogbl.lu\/communique\/logbl-met-le-gouvernement-en-garde\/#primaryimage"},"image":{"@id":"https:\/\/www.ogbl.lu\/communique\/logbl-met-le-gouvernement-en-garde\/#primaryimage"},"thumbnailUrl":"https:\/\/www.ogbl.lu\/wp-content\/uploads\/2014\/11\/com_nat_18_11_14_discours.jpg","datePublished":"2014-11-25T14:22:33+00:00","dateModified":"2023-06-30T10:50:20+00:00","breadcrumb":{"@id":"https:\/\/www.ogbl.lu\/communique\/logbl-met-le-gouvernement-en-garde\/#breadcrumb"},"inLanguage":"de-DE","potentialAction":[{"@type":"ReadAction","target":["https:\/\/www.ogbl.lu\/communique\/logbl-met-le-gouvernement-en-garde\/"]}]},{"@type":"ImageObject","inLanguage":"de-DE","@id":"https:\/\/www.ogbl.lu\/communique\/logbl-met-le-gouvernement-en-garde\/#primaryimage","url":"https:\/\/www.ogbl.lu\/wp-content\/uploads\/2014\/11\/com_nat_18_11_14_discours.jpg","contentUrl":"https:\/\/www.ogbl.lu\/wp-content\/uploads\/2014\/11\/com_nat_18_11_14_discours.jpg","width":300,"height":220},{"@type":"BreadcrumbList","@id":"https:\/\/www.ogbl.lu\/communique\/logbl-met-le-gouvernement-en-garde\/#breadcrumb","itemListElement":[{"@type":"ListItem","position":1,"name":"Home","item":"https:\/\/www.ogbl.lu\/"},{"@type":"ListItem","position":2,"name":"L\u2019OGBL met le gouvernement en garde"}]},{"@type":"WebSite","@id":"https:\/\/www.ogbl.lu\/de\/#website","url":"https:\/\/www.ogbl.lu\/de\/","name":"OGBL","description":"DIE GEWERKSCHAFT","publisher":{"@id":"https:\/\/www.ogbl.lu\/de\/#organization"},"potentialAction":[{"@type":"SearchAction","target":{"@type":"EntryPoint","urlTemplate":"https:\/\/www.ogbl.lu\/de\/?s={search_term_string}"},"query-input":"required name=search_term_string"}],"inLanguage":"de-DE"},{"@type":"Organization","@id":"https:\/\/www.ogbl.lu\/de\/#organization","name":"OGBL","url":"https:\/\/www.ogbl.lu\/de\/","logo":{"@type":"ImageObject","inLanguage":"de-DE","@id":"https:\/\/www.ogbl.lu\/de\/#\/schema\/logo\/image\/","url":"https:\/\/www.ogbl.lu\/wp-content\/uploads\/2024\/07\/LOGO_Red_FR-svg.png","contentUrl":"https:\/\/www.ogbl.lu\/wp-content\/uploads\/2024\/07\/LOGO_Red_FR-svg.png","width":369,"height":171,"caption":"OGBL"},"image":{"@id":"https:\/\/www.ogbl.lu\/de\/#\/schema\/logo\/image\/"}}]}},"_links":{"self":[{"href":"https:\/\/www.ogbl.lu\/de\/wp-json\/wp\/v2\/communiques\/1794"}],"collection":[{"href":"https:\/\/www.ogbl.lu\/de\/wp-json\/wp\/v2\/communiques"}],"about":[{"href":"https:\/\/www.ogbl.lu\/de\/wp-json\/wp\/v2\/types\/communiques"}],"author":[{"embeddable":true,"href":"https:\/\/www.ogbl.lu\/de\/wp-json\/wp\/v2\/users\/1"}],"version-history":[{"count":0,"href":"https:\/\/www.ogbl.lu\/de\/wp-json\/wp\/v2\/communiques\/1794\/revisions"}],"wp:featuredmedia":[{"embeddable":true,"href":"https:\/\/www.ogbl.lu\/de\/wp-json\/wp\/v2\/media\/4268"}],"wp:attachment":[{"href":"https:\/\/www.ogbl.lu\/de\/wp-json\/wp\/v2\/media?parent=1794"}],"wp:term":[{"taxonomy":"categorie_communiques","embeddable":true,"href":"https:\/\/www.ogbl.lu\/de\/wp-json\/wp\/v2\/categorie_communiques?post=1794"},{"taxonomy":"syndicat","embeddable":true,"href":"https:\/\/www.ogbl.lu\/de\/wp-json\/wp\/v2\/syndicat?post=1794"}],"curies":[{"name":"wp","href":"https:\/\/api.w.org\/{rel}","templated":true}]}}