{"id":1791,"date":"2014-11-21T14:18:53","date_gmt":"2014-11-21T13:18:53","guid":{"rendered":"https:\/\/www.ogbl.lu\/communiques\/les-syndicats-unis-contre-le-paquet-dausterite"},"modified":"2023-06-30T12:55:13","modified_gmt":"2023-06-30T10:55:13","slug":"les-syndicats-unis-contre-le-paquet-dausterite","status":"publish","type":"communiques","link":"https:\/\/www.ogbl.lu\/de\/communique\/les-syndicats-unis-contre-le-paquet-dausterite\/","title":{"rendered":"Das Austerit\u00e4tspaket: die Gewerkschaften sind sich einig"},"content":{"rendered":"<p><img loading=\"lazy\" decoding=\"async\" class=\"aligncenter size-full wp-image-16969\" src=\"https:\/\/www.ogbl.lu\/wp-content\/uploads\/communiques\/20141120_if_syndicats_7.jpg\" alt=\"20141120_if_syndicats_7\" width=\"400\" height=\"291\" \/><\/p>\n<p>Nachdem sie eine breite \u00dcbereinstimmung in ihrer Analyse des von der Regierung angek\u00fcndigten Austerit\u00e4tspakets festgestellt hatten, und nachdem sie die negativen Folgen f\u00fcr die Kaufkraft der Arbeitnehmer, der Privat- und Staatsbeamten sowie der Rentenempf\u00e4nger unterstrichen hatten und dar\u00fcber hinaus den antisozialen Charakter der Mehrheit dieser Ma\u00dfnahmen und auch den fehlenden Sozialdialog hervorgehoben hatten, haben OGBL, LCGB und CGFP ihre Verantwortlichen und Mandatstr\u00e4ger am Donnerstag, dem 20. November, im Rahmen einer gemeinsamen Konferenz zusammengebracht.<\/p>\n<p><center><a href=\"https:\/\/www.ogbl.lu\/wp-content\/uploads\/communiques\/20141120_if_syndicats_10_big.jpg\" target=\"_blank\" rel=\"noopener\"><img loading=\"lazy\" decoding=\"async\" src=\"https:\/\/www.ogbl.lu\/wp-content\/uploads\/communiques\/20141120_if_syndicats_10.jpg\" alt=\"20141120_if_syndicats_10\" width=\"190\" height=\"128\" \/><\/a>\u00a0\u00a0\u00a0\u00a0\u00a0\u00a0<a href=\"https:\/\/www.ogbl.lu\/wp-content\/uploads\/communiques\/20141120_if_syndicats_81_big.jpg\" target=\"_blank\" rel=\"noopener\"><img loading=\"lazy\" decoding=\"async\" src=\"https:\/\/www.ogbl.lu\/wp-content\/uploads\/communiques\/20141120_if_syndicats_81.jpg\" alt=\"20141120_if_syndicats_81\" width=\"190\" height=\"128\" \/><\/a>\u00a0\u00a0\u00a0\u00a0\u00a0\u00a0<a href=\"https:\/\/www.ogbl.lu\/wp-content\/uploads\/communiques\/20141120_if_syndicats_9_big.jpg\" target=\"_blank\" rel=\"noopener\"><img loading=\"lazy\" decoding=\"async\" src=\"https:\/\/www.ogbl.lu\/wp-content\/uploads\/communiques\/20141120_if_syndicats_9.jpg\" alt=\"20141120_if_syndicats_9\" width=\"190\" height=\"128\" \/><\/a><\/center>&nbsp;<\/p>\n<p><a href=\"https:\/\/www.ogbl.lu\/wp-content\/uploads\/communiques\/Resolution_20_11_14_DE.pdf\" target=\"_blank\" rel=\"noopener\">&gt;&gt; Bei dieser Konferenz verabschiedete Resolution (PDF)<\/a><\/p>\n<p><a title=\"Discours de Jean-Claude Reding lors de la conf\u00e9rence commune des comit\u00e9s de la CGFP, de l\u2019OGBL et du LCGB du 20.11.2014\" href=\"https:\/\/www.ogbl.lu\/wp-content\/uploads\/2014\/11\/Discours-de-Jean-Claude-Reding-lors-de-la-conference-commune-des-comites-de-la-CGFP-de-lOGBL-et-du-LCGB-du-20.11.2014-OGBL.pdf\" target=\"_blank\" rel=\"noopener\">&gt;&gt; Ansprache von Jean-Claude Reding, Pr\u00e4sident des OGBL (auf Luxemburgisch) (PDF)<\/a><\/p>\n<p><img loading=\"lazy\" decoding=\"async\" class=\"aligncenter size-full wp-image-16980\" src=\"https:\/\/www.ogbl.lu\/wp-content\/uploads\/communiques\/20141120_if_syndicats_11.jpg\" alt=\"20141120_if_syndicats_11\" width=\"400\" height=\"291\" \/><\/p>","protected":false},"author":1,"featured_media":4270,"template":"","categorie_communiques":[41],"syndicat":[],"acf":[],"yoast_head":"<!-- This site is optimized with the Yoast SEO plugin v23.1 - https:\/\/yoast.com\/wordpress\/plugins\/seo\/ -->\r\n<title>Das Austerit\u00e4tspaket: die Gewerkschaften sind sich einig - OGBL<\/title>\r\n<meta name=\"robots\" content=\"index, follow, max-snippet:-1, max-image-preview:large, max-video-preview:-1\" \/>\r\n<link rel=\"canonical\" href=\"https:\/\/www.ogbl.lu\/communique\/les-syndicats-unis-contre-le-paquet-dausterite\/\" \/>\r\n<meta property=\"og:locale\" content=\"de_DE\" \/>\r\n<meta property=\"og:type\" content=\"article\" \/>\r\n<meta property=\"og:title\" content=\"[:fr]Les syndicats unis contre le paquet d\u2019aust\u00e9rit\u00e9[:de]Das Austerit\u00e4tspaket: die Gewerkschaften sind sich einig[:en]Les syndicats unis contre le paquet d\u2019aust\u00e9rit\u00e9[:] - OGBL\" \/>\r\n<meta property=\"og:description\" content=\"Nachdem sie eine breite \u00dcbereinstimmung in ihrer Analyse des von der Regierung angek\u00fcndigten Austerit\u00e4tspakets festgestellt hatten, und nachdem sie die \u2026\" \/>\r\n<meta property=\"og:url\" content=\"https:\/\/www.ogbl.lu\/communique\/les-syndicats-unis-contre-le-paquet-dausterite\/\" \/>\r\n<meta property=\"og:site_name\" content=\"OGBL\" \/>\r\n<meta property=\"article:modified_time\" content=\"2023-06-30T10:55:13+00:00\" \/>\r\n<meta property=\"og:image\" content=\"https:\/\/www.ogbl.lu\/wp-content\/uploads\/2014\/11\/20141120_if_syndicats_7.jpg\" \/>\r\n\t<meta property=\"og:image:width\" content=\"400\" \/>\r\n\t<meta property=\"og:image:height\" content=\"291\" \/>\r\n\t<meta property=\"og:image:type\" content=\"image\/jpeg\" \/>\r\n<meta name=\"twitter:card\" content=\"summary_large_image\" \/>\r\n<meta name=\"twitter:label1\" content=\"Est. reading time\" \/>\n\t<meta name=\"twitter:data1\" content=\"1 Minute\" \/>\r\n<script type=\"application\/ld+json\" class=\"yoast-schema-graph\">{\"@context\":\"https:\/\/schema.org\",\"@graph\":[{\"@type\":\"WebPage\",\"@id\":\"https:\/\/www.ogbl.lu\/communique\/les-syndicats-unis-contre-le-paquet-dausterite\/\",\"url\":\"https:\/\/www.ogbl.lu\/communique\/les-syndicats-unis-contre-le-paquet-dausterite\/\",\"name\":\"[:fr]Les syndicats unis contre le paquet d\u2019aust\u00e9rit\u00e9[:de]Das Austerit\u00e4tspaket: die Gewerkschaften sind sich einig[:en]Les syndicats unis contre le paquet d\u2019aust\u00e9rit\u00e9[:] - OGBL\",\"isPartOf\":{\"@id\":\"https:\/\/www.ogbl.lu\/de\/#website\"},\"primaryImageOfPage\":{\"@id\":\"https:\/\/www.ogbl.lu\/communique\/les-syndicats-unis-contre-le-paquet-dausterite\/#primaryimage\"},\"image\":{\"@id\":\"https:\/\/www.ogbl.lu\/communique\/les-syndicats-unis-contre-le-paquet-dausterite\/#primaryimage\"},\"thumbnailUrl\":\"https:\/\/www.ogbl.lu\/wp-content\/uploads\/2014\/11\/20141120_if_syndicats_7.jpg\",\"datePublished\":\"2014-11-21T13:18:53+00:00\",\"dateModified\":\"2023-06-30T10:55:13+00:00\",\"breadcrumb\":{\"@id\":\"https:\/\/www.ogbl.lu\/communique\/les-syndicats-unis-contre-le-paquet-dausterite\/#breadcrumb\"},\"inLanguage\":\"de-DE\",\"potentialAction\":[{\"@type\":\"ReadAction\",\"target\":[\"https:\/\/www.ogbl.lu\/communique\/les-syndicats-unis-contre-le-paquet-dausterite\/\"]}]},{\"@type\":\"ImageObject\",\"inLanguage\":\"de-DE\",\"@id\":\"https:\/\/www.ogbl.lu\/communique\/les-syndicats-unis-contre-le-paquet-dausterite\/#primaryimage\",\"url\":\"https:\/\/www.ogbl.lu\/wp-content\/uploads\/2014\/11\/20141120_if_syndicats_7.jpg\",\"contentUrl\":\"https:\/\/www.ogbl.lu\/wp-content\/uploads\/2014\/11\/20141120_if_syndicats_7.jpg\",\"width\":400,\"height\":291},{\"@type\":\"BreadcrumbList\",\"@id\":\"https:\/\/www.ogbl.lu\/communique\/les-syndicats-unis-contre-le-paquet-dausterite\/#breadcrumb\",\"itemListElement\":[{\"@type\":\"ListItem\",\"position\":1,\"name\":\"Home\",\"item\":\"https:\/\/www.ogbl.lu\/\"},{\"@type\":\"ListItem\",\"position\":2,\"name\":\"Les syndicats unis contre le paquet d\u2019aust\u00e9rit\u00e9\"}]},{\"@type\":\"WebSite\",\"@id\":\"https:\/\/www.ogbl.lu\/de\/#website\",\"url\":\"https:\/\/www.ogbl.lu\/de\/\",\"name\":\"OGBL\",\"description\":\"DIE GEWERKSCHAFT\",\"publisher\":{\"@id\":\"https:\/\/www.ogbl.lu\/de\/#organization\"},\"potentialAction\":[{\"@type\":\"SearchAction\",\"target\":{\"@type\":\"EntryPoint\",\"urlTemplate\":\"https:\/\/www.ogbl.lu\/de\/?s={search_term_string}\"},\"query-input\":\"required name=search_term_string\"}],\"inLanguage\":\"de-DE\"},{\"@type\":\"Organization\",\"@id\":\"https:\/\/www.ogbl.lu\/de\/#organization\",\"name\":\"OGBL\",\"url\":\"https:\/\/www.ogbl.lu\/de\/\",\"logo\":{\"@type\":\"ImageObject\",\"inLanguage\":\"de-DE\",\"@id\":\"https:\/\/www.ogbl.lu\/de\/#\/schema\/logo\/image\/\",\"url\":\"https:\/\/www.ogbl.lu\/wp-content\/uploads\/2024\/07\/LOGO_Red_FR-svg.png\",\"contentUrl\":\"https:\/\/www.ogbl.lu\/wp-content\/uploads\/2024\/07\/LOGO_Red_FR-svg.png\",\"width\":369,\"height\":171,\"caption\":\"OGBL\"},\"image\":{\"@id\":\"https:\/\/www.ogbl.lu\/de\/#\/schema\/logo\/image\/\"}}]}<\/script>\r\n<!-- \/ Yoast SEO plugin. -->","yoast_head_json":{"title":"[:fr]Les syndicats unis contre le paquet d\u2019aust\u00e9rit\u00e9[:de]Das Austerit\u00e4tspaket: die Gewerkschaften sind sich einig[:en]Les syndicats unis contre le paquet d\u2019aust\u00e9rit\u00e9[:] - OGBL","robots":{"index":"index","follow":"follow","max-snippet":"max-snippet:-1","max-image-preview":"max-image-preview:large","max-video-preview":"max-video-preview:-1"},"canonical":"https:\/\/www.ogbl.lu\/communique\/les-syndicats-unis-contre-le-paquet-dausterite\/","og_locale":"de_DE","og_type":"article","og_title":"[:fr]Les syndicats unis contre le paquet d\u2019aust\u00e9rit\u00e9[:de]Das Austerit\u00e4tspaket: die Gewerkschaften sind sich einig[:en]Les syndicats unis contre le paquet d\u2019aust\u00e9rit\u00e9[:] - OGBL","og_description":"Nachdem sie eine breite \u00dcbereinstimmung in ihrer Analyse des von der Regierung angek\u00fcndigten Austerit\u00e4tspakets festgestellt hatten, und nachdem sie die \u2026","og_url":"https:\/\/www.ogbl.lu\/communique\/les-syndicats-unis-contre-le-paquet-dausterite\/","og_site_name":"OGBL","article_modified_time":"2023-06-30T10:55:13+00:00","og_image":[{"width":400,"height":291,"url":"https:\/\/www.ogbl.lu\/wp-content\/uploads\/2014\/11\/20141120_if_syndicats_7.jpg","type":"image\/jpeg"}],"twitter_card":"summary_large_image","twitter_misc":{"Est. reading time":"1 Minute"},"schema":{"@context":"https:\/\/schema.org","@graph":[{"@type":"WebPage","@id":"https:\/\/www.ogbl.lu\/communique\/les-syndicats-unis-contre-le-paquet-dausterite\/","url":"https:\/\/www.ogbl.lu\/communique\/les-syndicats-unis-contre-le-paquet-dausterite\/","name":"[:fr]Les syndicats unis contre le paquet d\u2019aust\u00e9rit\u00e9[:de]Das Austerit\u00e4tspaket: die Gewerkschaften sind sich einig[:en]Les syndicats unis contre le paquet d\u2019aust\u00e9rit\u00e9[:] - OGBL","isPartOf":{"@id":"https:\/\/www.ogbl.lu\/de\/#website"},"primaryImageOfPage":{"@id":"https:\/\/www.ogbl.lu\/communique\/les-syndicats-unis-contre-le-paquet-dausterite\/#primaryimage"},"image":{"@id":"https:\/\/www.ogbl.lu\/communique\/les-syndicats-unis-contre-le-paquet-dausterite\/#primaryimage"},"thumbnailUrl":"https:\/\/www.ogbl.lu\/wp-content\/uploads\/2014\/11\/20141120_if_syndicats_7.jpg","datePublished":"2014-11-21T13:18:53+00:00","dateModified":"2023-06-30T10:55:13+00:00","breadcrumb":{"@id":"https:\/\/www.ogbl.lu\/communique\/les-syndicats-unis-contre-le-paquet-dausterite\/#breadcrumb"},"inLanguage":"de-DE","potentialAction":[{"@type":"ReadAction","target":["https:\/\/www.ogbl.lu\/communique\/les-syndicats-unis-contre-le-paquet-dausterite\/"]}]},{"@type":"ImageObject","inLanguage":"de-DE","@id":"https:\/\/www.ogbl.lu\/communique\/les-syndicats-unis-contre-le-paquet-dausterite\/#primaryimage","url":"https:\/\/www.ogbl.lu\/wp-content\/uploads\/2014\/11\/20141120_if_syndicats_7.jpg","contentUrl":"https:\/\/www.ogbl.lu\/wp-content\/uploads\/2014\/11\/20141120_if_syndicats_7.jpg","width":400,"height":291},{"@type":"BreadcrumbList","@id":"https:\/\/www.ogbl.lu\/communique\/les-syndicats-unis-contre-le-paquet-dausterite\/#breadcrumb","itemListElement":[{"@type":"ListItem","position":1,"name":"Home","item":"https:\/\/www.ogbl.lu\/"},{"@type":"ListItem","position":2,"name":"Les syndicats unis contre le paquet d\u2019aust\u00e9rit\u00e9"}]},{"@type":"WebSite","@id":"https:\/\/www.ogbl.lu\/de\/#website","url":"https:\/\/www.ogbl.lu\/de\/","name":"OGBL","description":"DIE GEWERKSCHAFT","publisher":{"@id":"https:\/\/www.ogbl.lu\/de\/#organization"},"potentialAction":[{"@type":"SearchAction","target":{"@type":"EntryPoint","urlTemplate":"https:\/\/www.ogbl.lu\/de\/?s={search_term_string}"},"query-input":"required name=search_term_string"}],"inLanguage":"de-DE"},{"@type":"Organization","@id":"https:\/\/www.ogbl.lu\/de\/#organization","name":"OGBL","url":"https:\/\/www.ogbl.lu\/de\/","logo":{"@type":"ImageObject","inLanguage":"de-DE","@id":"https:\/\/www.ogbl.lu\/de\/#\/schema\/logo\/image\/","url":"https:\/\/www.ogbl.lu\/wp-content\/uploads\/2024\/07\/LOGO_Red_FR-svg.png","contentUrl":"https:\/\/www.ogbl.lu\/wp-content\/uploads\/2024\/07\/LOGO_Red_FR-svg.png","width":369,"height":171,"caption":"OGBL"},"image":{"@id":"https:\/\/www.ogbl.lu\/de\/#\/schema\/logo\/image\/"}}]}},"_links":{"self":[{"href":"https:\/\/www.ogbl.lu\/de\/wp-json\/wp\/v2\/communiques\/1791"}],"collection":[{"href":"https:\/\/www.ogbl.lu\/de\/wp-json\/wp\/v2\/communiques"}],"about":[{"href":"https:\/\/www.ogbl.lu\/de\/wp-json\/wp\/v2\/types\/communiques"}],"author":[{"embeddable":true,"href":"https:\/\/www.ogbl.lu\/de\/wp-json\/wp\/v2\/users\/1"}],"version-history":[{"count":0,"href":"https:\/\/www.ogbl.lu\/de\/wp-json\/wp\/v2\/communiques\/1791\/revisions"}],"wp:featuredmedia":[{"embeddable":true,"href":"https:\/\/www.ogbl.lu\/de\/wp-json\/wp\/v2\/media\/4270"}],"wp:attachment":[{"href":"https:\/\/www.ogbl.lu\/de\/wp-json\/wp\/v2\/media?parent=1791"}],"wp:term":[{"taxonomy":"categorie_communiques","embeddable":true,"href":"https:\/\/www.ogbl.lu\/de\/wp-json\/wp\/v2\/categorie_communiques?post=1791"},{"taxonomy":"syndicat","embeddable":true,"href":"https:\/\/www.ogbl.lu\/de\/wp-json\/wp\/v2\/syndicat?post=1791"}],"curies":[{"name":"wp","href":"https:\/\/api.w.org\/{rel}","templated":true}]}}