{"id":16819,"date":"2023-09-15T10:46:47","date_gmt":"2023-09-15T08:46:47","guid":{"rendered":"https:\/\/www.ogbl.lu\/?post_type=communiques&#038;p=16819"},"modified":"2023-11-17T19:30:16","modified_gmt":"2023-11-17T18:30:16","slug":"les-salaries-determines-a-100-face-aux-manoeuvres-honteuses-de-la-direction-generale","status":"publish","type":"communiques","link":"https:\/\/www.ogbl.lu\/de\/communique\/les-salaries-determines-a-100-face-aux-manoeuvres-honteuses-de-la-direction-generale\/","title":{"rendered":"Angesichts der sch\u00e4ndlichen Man\u00f6ver der Generaldirektion sind die Besch\u00e4ftigten zu 100 % entschlossen"},"content":{"rendered":"<p><iframe loading=\"lazy\" title=\"YouTube video player\" src=\"https:\/\/www.youtube.com\/embed\/j8m08zqDtgs?si=UtRnof_rl9m2SPsT\" width=\"560\" height=\"315\" frameborder=\"0\" allowfullscreen=\"allowfullscreen\"><\/iframe>Der Streik, der am 14. September 2023 bei Cargolux begonnen hat, wird in die Geschichte der luxemburgischen Luftfahrt eingehen. Die Besch\u00e4ftigten sind entschlossen und vereint gegen\u00fcber einer Generaldirektion, die in der \u00d6ffentlichkeit Polemiken s\u00e4t.<\/p>\n<p>Die Gewerkschaften begl\u00fcckw\u00fcnschen alle Streikenden zu ihrer Ausdauer und Standhaftigkeit im Kampf um die Erneuerung des Kollektivvertrags. Der erste Streiktag war ein voller Erfolg: Alle Mechaniker streikten und alle Flugzeuge blieben am Boden. Der finanzielle Schaden f\u00fcr das Unternehmen wird dementsprechend gro\u00df sein, wenn die Unternehmensleitung die Gewerkschaften nicht bald wieder an den Verhandlungstisch holt.<\/p>\n<p>Eines ist sicher: Die Gewerkschaften und das Personal von Cargolux sind geeint und entschlossen und werden so lange streiken, bis alle gewerkschaftlichen Forderungen durchgesetzt sind und ein umfassender Kollektivvertrag unterzeichnet wurde.<\/p>\n<p>Die Besch\u00e4ftigten von Cargolux und die Gewerkschaften sind fassungslos \u00fcber die Polemik, die der Generaldirektor in den Medien sch\u00fcrt, indem er vertrauliche Informationen wie die H\u00f6he der Gewinnbeteiligung oder die Geh\u00e4lter der Besch\u00e4ftigten nach Belieben ver\u00f6ffentlicht.<\/p>\n<p>Dies ist eine sch\u00e4ndliche Taktik, die schlicht und einfach darauf abzielt, das Personal von Cargolux und seine legitimen Forderungen zu verunglimpfen, indem in der \u00d6ffentlichkeit Sozialneid gesch\u00fcrt wird!<\/p>\n<p>Solche Man\u00f6ver sind eines Generaldirektors unw\u00fcrdig, und man muss sich fragen, ob der Generaldirektor tats\u00e4chlich \u00fcber die notwendigen Qualit\u00e4ten verf\u00fcgt, um das Unternehmen Cargolux zu f\u00fchren. Seine Reaktion auf den aktuellen Arbeitskonflikt zeigt deutlich, dass dies nicht der Fall zu sein scheint.<\/p>\n<p><strong>Mitgeteilt von OGBL und LCGB,<\/strong><br \/>\n<strong>den 15. September 2023<\/strong><\/p>","protected":false},"author":4,"featured_media":16820,"template":"","categorie_communiques":[44],"syndicat":[68],"acf":[],"yoast_head":"<!-- This site is optimized with the Yoast SEO plugin v23.1 - https:\/\/yoast.com\/wordpress\/plugins\/seo\/ -->\r\n<title>Angesichts der sch\u00e4ndlichen Man\u00f6ver der Generaldirektion sind die Besch\u00e4ftigten zu 100 % entschlossen - OGBL<\/title>\r\n<meta name=\"robots\" content=\"index, follow, max-snippet:-1, max-image-preview:large, max-video-preview:-1\" \/>\r\n<link rel=\"canonical\" href=\"https:\/\/www.ogbl.lu\/communique\/les-salaries-determines-a-100-face-aux-manoeuvres-honteuses-de-la-direction-generale\/\" \/>\r\n<meta property=\"og:locale\" content=\"de_DE\" \/>\r\n<meta property=\"og:type\" content=\"article\" \/>\r\n<meta property=\"og:title\" content=\"[:fr]Les salari\u00e9s d\u00e9termin\u00e9s \u00e0 100 % face aux man\u0153uvres honteuses de la direction g\u00e9n\u00e9rale[:de]Angesichts der sch\u00e4ndlichen Man\u00f6ver der Generaldirektion sind die Besch\u00e4ftigten zu 100 % entschlossen[:en]Employees 100% determined in the face of shameful management maneuvers[:] - OGBL\" \/>\r\n<meta property=\"og:description\" content=\"Der Streik, der am 14. September 2023 bei Cargolux begonnen hat, wird in die Geschichte der luxemburgischen Luftfahrt eingehen. Die \u2026\" \/>\r\n<meta property=\"og:url\" content=\"https:\/\/www.ogbl.lu\/communique\/les-salaries-determines-a-100-face-aux-manoeuvres-honteuses-de-la-direction-generale\/\" \/>\r\n<meta property=\"og:site_name\" content=\"OGBL\" \/>\r\n<meta property=\"article:modified_time\" content=\"2023-11-17T18:30:16+00:00\" \/>\r\n<meta property=\"og:image\" content=\"https:\/\/www.ogbl.lu\/wp-content\/uploads\/2023\/09\/cargolux_greve_14092023-scaled.jpg\" \/>\r\n\t<meta property=\"og:image:width\" content=\"2560\" \/>\r\n\t<meta property=\"og:image:height\" content=\"1920\" \/>\r\n\t<meta property=\"og:image:type\" content=\"image\/jpeg\" \/>\r\n<meta name=\"twitter:card\" content=\"summary_large_image\" \/>\r\n<meta name=\"twitter:label1\" content=\"Est. reading time\" \/>\n\t<meta name=\"twitter:data1\" content=\"4 Minuten\" \/>\r\n<script type=\"application\/ld+json\" class=\"yoast-schema-graph\">{\"@context\":\"https:\/\/schema.org\",\"@graph\":[{\"@type\":\"WebPage\",\"@id\":\"https:\/\/www.ogbl.lu\/communique\/les-salaries-determines-a-100-face-aux-manoeuvres-honteuses-de-la-direction-generale\/\",\"url\":\"https:\/\/www.ogbl.lu\/communique\/les-salaries-determines-a-100-face-aux-manoeuvres-honteuses-de-la-direction-generale\/\",\"name\":\"[:fr]Les salari\u00e9s d\u00e9termin\u00e9s \u00e0 100 % face aux man\u0153uvres honteuses de la direction g\u00e9n\u00e9rale[:de]Angesichts der sch\u00e4ndlichen Man\u00f6ver der Generaldirektion sind die Besch\u00e4ftigten zu 100 % entschlossen[:en]Employees 100% determined in the face of shameful management maneuvers[:] - OGBL\",\"isPartOf\":{\"@id\":\"https:\/\/www.ogbl.lu\/de\/#website\"},\"primaryImageOfPage\":{\"@id\":\"https:\/\/www.ogbl.lu\/communique\/les-salaries-determines-a-100-face-aux-manoeuvres-honteuses-de-la-direction-generale\/#primaryimage\"},\"image\":{\"@id\":\"https:\/\/www.ogbl.lu\/communique\/les-salaries-determines-a-100-face-aux-manoeuvres-honteuses-de-la-direction-generale\/#primaryimage\"},\"thumbnailUrl\":\"https:\/\/www.ogbl.lu\/wp-content\/uploads\/2023\/09\/cargolux_greve_14092023-scaled.jpg\",\"datePublished\":\"2023-09-15T08:46:47+00:00\",\"dateModified\":\"2023-11-17T18:30:16+00:00\",\"breadcrumb\":{\"@id\":\"https:\/\/www.ogbl.lu\/communique\/les-salaries-determines-a-100-face-aux-manoeuvres-honteuses-de-la-direction-generale\/#breadcrumb\"},\"inLanguage\":\"de-DE\",\"potentialAction\":[{\"@type\":\"ReadAction\",\"target\":[\"https:\/\/www.ogbl.lu\/communique\/les-salaries-determines-a-100-face-aux-manoeuvres-honteuses-de-la-direction-generale\/\"]}]},{\"@type\":\"ImageObject\",\"inLanguage\":\"de-DE\",\"@id\":\"https:\/\/www.ogbl.lu\/communique\/les-salaries-determines-a-100-face-aux-manoeuvres-honteuses-de-la-direction-generale\/#primaryimage\",\"url\":\"https:\/\/www.ogbl.lu\/wp-content\/uploads\/2023\/09\/cargolux_greve_14092023-scaled.jpg\",\"contentUrl\":\"https:\/\/www.ogbl.lu\/wp-content\/uploads\/2023\/09\/cargolux_greve_14092023-scaled.jpg\",\"width\":2560,\"height\":1920},{\"@type\":\"BreadcrumbList\",\"@id\":\"https:\/\/www.ogbl.lu\/communique\/les-salaries-determines-a-100-face-aux-manoeuvres-honteuses-de-la-direction-generale\/#breadcrumb\",\"itemListElement\":[{\"@type\":\"ListItem\",\"position\":1,\"name\":\"Home\",\"item\":\"https:\/\/www.ogbl.lu\/\"},{\"@type\":\"ListItem\",\"position\":2,\"name\":\"Les salari\u00e9s d\u00e9termin\u00e9s \u00e0 100 % face aux man\u0153uvres honteuses de la direction g\u00e9n\u00e9rale\"}]},{\"@type\":\"WebSite\",\"@id\":\"https:\/\/www.ogbl.lu\/de\/#website\",\"url\":\"https:\/\/www.ogbl.lu\/de\/\",\"name\":\"OGBL\",\"description\":\"DIE GEWERKSCHAFT\",\"publisher\":{\"@id\":\"https:\/\/www.ogbl.lu\/de\/#organization\"},\"potentialAction\":[{\"@type\":\"SearchAction\",\"target\":{\"@type\":\"EntryPoint\",\"urlTemplate\":\"https:\/\/www.ogbl.lu\/de\/?s={search_term_string}\"},\"query-input\":\"required name=search_term_string\"}],\"inLanguage\":\"de-DE\"},{\"@type\":\"Organization\",\"@id\":\"https:\/\/www.ogbl.lu\/de\/#organization\",\"name\":\"OGBL\",\"url\":\"https:\/\/www.ogbl.lu\/de\/\",\"logo\":{\"@type\":\"ImageObject\",\"inLanguage\":\"de-DE\",\"@id\":\"https:\/\/www.ogbl.lu\/de\/#\/schema\/logo\/image\/\",\"url\":\"https:\/\/www.ogbl.lu\/wp-content\/uploads\/2024\/07\/LOGO_Red_FR-svg.png\",\"contentUrl\":\"https:\/\/www.ogbl.lu\/wp-content\/uploads\/2024\/07\/LOGO_Red_FR-svg.png\",\"width\":369,\"height\":171,\"caption\":\"OGBL\"},\"image\":{\"@id\":\"https:\/\/www.ogbl.lu\/de\/#\/schema\/logo\/image\/\"}}]}<\/script>\r\n<!-- \/ Yoast SEO plugin. -->","yoast_head_json":{"title":"[:fr]Les salari\u00e9s d\u00e9termin\u00e9s \u00e0 100 % face aux man\u0153uvres honteuses de la direction g\u00e9n\u00e9rale[:de]Angesichts der sch\u00e4ndlichen Man\u00f6ver der Generaldirektion sind die Besch\u00e4ftigten zu 100 % entschlossen[:en]Employees 100% determined in the face of shameful management maneuvers[:] - OGBL","robots":{"index":"index","follow":"follow","max-snippet":"max-snippet:-1","max-image-preview":"max-image-preview:large","max-video-preview":"max-video-preview:-1"},"canonical":"https:\/\/www.ogbl.lu\/communique\/les-salaries-determines-a-100-face-aux-manoeuvres-honteuses-de-la-direction-generale\/","og_locale":"de_DE","og_type":"article","og_title":"[:fr]Les salari\u00e9s d\u00e9termin\u00e9s \u00e0 100 % face aux man\u0153uvres honteuses de la direction g\u00e9n\u00e9rale[:de]Angesichts der sch\u00e4ndlichen Man\u00f6ver der Generaldirektion sind die Besch\u00e4ftigten zu 100 % entschlossen[:en]Employees 100% determined in the face of shameful management maneuvers[:] - OGBL","og_description":"Der Streik, der am 14. September 2023 bei Cargolux begonnen hat, wird in die Geschichte der luxemburgischen Luftfahrt eingehen. Die \u2026","og_url":"https:\/\/www.ogbl.lu\/communique\/les-salaries-determines-a-100-face-aux-manoeuvres-honteuses-de-la-direction-generale\/","og_site_name":"OGBL","article_modified_time":"2023-11-17T18:30:16+00:00","og_image":[{"width":2560,"height":1920,"url":"https:\/\/www.ogbl.lu\/wp-content\/uploads\/2023\/09\/cargolux_greve_14092023-scaled.jpg","type":"image\/jpeg"}],"twitter_card":"summary_large_image","twitter_misc":{"Est. reading time":"4 Minuten"},"schema":{"@context":"https:\/\/schema.org","@graph":[{"@type":"WebPage","@id":"https:\/\/www.ogbl.lu\/communique\/les-salaries-determines-a-100-face-aux-manoeuvres-honteuses-de-la-direction-generale\/","url":"https:\/\/www.ogbl.lu\/communique\/les-salaries-determines-a-100-face-aux-manoeuvres-honteuses-de-la-direction-generale\/","name":"[:fr]Les salari\u00e9s d\u00e9termin\u00e9s \u00e0 100 % face aux man\u0153uvres honteuses de la direction g\u00e9n\u00e9rale[:de]Angesichts der sch\u00e4ndlichen Man\u00f6ver der Generaldirektion sind die Besch\u00e4ftigten zu 100 % entschlossen[:en]Employees 100% determined in the face of shameful management maneuvers[:] - OGBL","isPartOf":{"@id":"https:\/\/www.ogbl.lu\/de\/#website"},"primaryImageOfPage":{"@id":"https:\/\/www.ogbl.lu\/communique\/les-salaries-determines-a-100-face-aux-manoeuvres-honteuses-de-la-direction-generale\/#primaryimage"},"image":{"@id":"https:\/\/www.ogbl.lu\/communique\/les-salaries-determines-a-100-face-aux-manoeuvres-honteuses-de-la-direction-generale\/#primaryimage"},"thumbnailUrl":"https:\/\/www.ogbl.lu\/wp-content\/uploads\/2023\/09\/cargolux_greve_14092023-scaled.jpg","datePublished":"2023-09-15T08:46:47+00:00","dateModified":"2023-11-17T18:30:16+00:00","breadcrumb":{"@id":"https:\/\/www.ogbl.lu\/communique\/les-salaries-determines-a-100-face-aux-manoeuvres-honteuses-de-la-direction-generale\/#breadcrumb"},"inLanguage":"de-DE","potentialAction":[{"@type":"ReadAction","target":["https:\/\/www.ogbl.lu\/communique\/les-salaries-determines-a-100-face-aux-manoeuvres-honteuses-de-la-direction-generale\/"]}]},{"@type":"ImageObject","inLanguage":"de-DE","@id":"https:\/\/www.ogbl.lu\/communique\/les-salaries-determines-a-100-face-aux-manoeuvres-honteuses-de-la-direction-generale\/#primaryimage","url":"https:\/\/www.ogbl.lu\/wp-content\/uploads\/2023\/09\/cargolux_greve_14092023-scaled.jpg","contentUrl":"https:\/\/www.ogbl.lu\/wp-content\/uploads\/2023\/09\/cargolux_greve_14092023-scaled.jpg","width":2560,"height":1920},{"@type":"BreadcrumbList","@id":"https:\/\/www.ogbl.lu\/communique\/les-salaries-determines-a-100-face-aux-manoeuvres-honteuses-de-la-direction-generale\/#breadcrumb","itemListElement":[{"@type":"ListItem","position":1,"name":"Home","item":"https:\/\/www.ogbl.lu\/"},{"@type":"ListItem","position":2,"name":"Les salari\u00e9s d\u00e9termin\u00e9s \u00e0 100 % face aux man\u0153uvres honteuses de la direction g\u00e9n\u00e9rale"}]},{"@type":"WebSite","@id":"https:\/\/www.ogbl.lu\/de\/#website","url":"https:\/\/www.ogbl.lu\/de\/","name":"OGBL","description":"DIE GEWERKSCHAFT","publisher":{"@id":"https:\/\/www.ogbl.lu\/de\/#organization"},"potentialAction":[{"@type":"SearchAction","target":{"@type":"EntryPoint","urlTemplate":"https:\/\/www.ogbl.lu\/de\/?s={search_term_string}"},"query-input":"required name=search_term_string"}],"inLanguage":"de-DE"},{"@type":"Organization","@id":"https:\/\/www.ogbl.lu\/de\/#organization","name":"OGBL","url":"https:\/\/www.ogbl.lu\/de\/","logo":{"@type":"ImageObject","inLanguage":"de-DE","@id":"https:\/\/www.ogbl.lu\/de\/#\/schema\/logo\/image\/","url":"https:\/\/www.ogbl.lu\/wp-content\/uploads\/2024\/07\/LOGO_Red_FR-svg.png","contentUrl":"https:\/\/www.ogbl.lu\/wp-content\/uploads\/2024\/07\/LOGO_Red_FR-svg.png","width":369,"height":171,"caption":"OGBL"},"image":{"@id":"https:\/\/www.ogbl.lu\/de\/#\/schema\/logo\/image\/"}}]}},"_links":{"self":[{"href":"https:\/\/www.ogbl.lu\/de\/wp-json\/wp\/v2\/communiques\/16819"}],"collection":[{"href":"https:\/\/www.ogbl.lu\/de\/wp-json\/wp\/v2\/communiques"}],"about":[{"href":"https:\/\/www.ogbl.lu\/de\/wp-json\/wp\/v2\/types\/communiques"}],"author":[{"embeddable":true,"href":"https:\/\/www.ogbl.lu\/de\/wp-json\/wp\/v2\/users\/4"}],"version-history":[{"count":0,"href":"https:\/\/www.ogbl.lu\/de\/wp-json\/wp\/v2\/communiques\/16819\/revisions"}],"wp:featuredmedia":[{"embeddable":true,"href":"https:\/\/www.ogbl.lu\/de\/wp-json\/wp\/v2\/media\/16820"}],"wp:attachment":[{"href":"https:\/\/www.ogbl.lu\/de\/wp-json\/wp\/v2\/media?parent=16819"}],"wp:term":[{"taxonomy":"categorie_communiques","embeddable":true,"href":"https:\/\/www.ogbl.lu\/de\/wp-json\/wp\/v2\/categorie_communiques?post=16819"},{"taxonomy":"syndicat","embeddable":true,"href":"https:\/\/www.ogbl.lu\/de\/wp-json\/wp\/v2\/syndicat?post=16819"}],"curies":[{"name":"wp","href":"https:\/\/api.w.org\/{rel}","templated":true}]}}