{"id":1675,"date":"2014-03-31T10:57:48","date_gmt":"2014-03-31T08:57:48","guid":{"rendered":"https:\/\/www.ogbl.lu\/communiques\/ogbl-jeunes-represente-lors-du-hearing-jeunes-et-emploi-a-la-chambre-des-deputes-le-27-mars-2014"},"modified":"2023-06-30T13:48:13","modified_gmt":"2023-06-30T11:48:13","slug":"ogbl-jeunes-represente-lors-du-hearing-jeunes-et-emploi-a-la-chambre-des-deputes-le-27-mars-2014","status":"publish","type":"communiques","link":"https:\/\/www.ogbl.lu\/de\/communique\/ogbl-jeunes-represente-lors-du-hearing-jeunes-et-emploi-a-la-chambre-des-deputes-le-27-mars-2014\/","title":{"rendered":"OGBL-Jugend bei einem Hearing \u201eJugend und Arbeit\u201c am 27. M\u00e4rz 2014 in der Abgeordnetenkammer vertreten"},"content":{"rendered":"<p>Im Rahmen ihrer Kampagne \u201eJugend und Arbeit\u201c hatte die \u201eConf\u00e9rence g\u00e9n\u00e9rale de la Jeunesse du Luxembourg\u201c (CGJL) am 27. M\u00e4rz 2014 zu einem \u201eHearing\u201c in die Abgeordnetenkammer eingeladen bei dessen Gelegenheit die Jugendorganisationen ihre Meinung \u00e4u\u00dfern konnten. Auf die Pr\u00e4sentierung folgte eine Diskussion mit den anwesenden Politikern. OGBL-Jugend war vertreten durch Stefano Araujo, der unterstrich, dass viele Jugendliche arbeitslos sind oder \u00fcber unsichere Arbeiten verf\u00fcgen (Zeitbegrenzte Arbeitsvertr\u00e4ge\/CDD, nicht bezahlte Praktika, Interimsvertr\u00e4ge), und dass der OGBL in diesem Zusammenhang die Verl\u00e4ngerung der CDDs unter dem Deckmantel ablehnt, dass dies eine Antwort auf die Besonderheiten des Arbeitsmarkts ist. Eine solche Verl\u00e4ngerung verschlimmert nur diese Unsicherheit und wird keinen positiven Einfluss auf die Jungendarbeit haben. Die Arbeitsunsicherheit ist umso beunruhigender, da sie negative Konsequenzen auf die soziale Eingliederung hat.<\/p>","protected":false},"author":1,"featured_media":0,"template":"","categorie_communiques":[132,41],"syndicat":[120],"acf":[],"yoast_head":"<!-- This site is optimized with the Yoast SEO plugin v23.1 - https:\/\/yoast.com\/wordpress\/plugins\/seo\/ -->\r\n<title>OGBL-Jugend bei einem Hearing \u201eJugend und Arbeit\u201c am 27. M\u00e4rz 2014 in der Abgeordnetenkammer vertreten    - OGBL<\/title>\r\n<meta name=\"robots\" content=\"index, follow, max-snippet:-1, max-image-preview:large, max-video-preview:-1\" \/>\r\n<link rel=\"canonical\" href=\"https:\/\/www.ogbl.lu\/communique\/ogbl-jeunes-represente-lors-du-hearing-jeunes-et-emploi-a-la-chambre-des-deputes-le-27-mars-2014\/\" \/>\r\n<meta property=\"og:locale\" content=\"de_DE\" \/>\r\n<meta property=\"og:type\" content=\"article\" \/>\r\n<meta property=\"og:title\" content=\"[:fr]OGBL-Jeunes repr\u00e9sent\u00e9 lors du hearing &quot;jeunes et emploi&quot; \u00e0 la Chambre des D\u00e9put\u00e9s le 27 mars 2014[:de]OGBL-Jugend bei einem Hearing \u201eJugend und Arbeit\u201c am 27. M\u00e4rz 2014 in der Abgeordnetenkammer vertreten   [:en]OGBL-Jeunes repr\u00e9sent\u00e9 lors du hearing &quot;jeunes et emploi&quot; \u00e0 la Chambre des D\u00e9put\u00e9s le 27 mars 2014[:] - OGBL\" \/>\r\n<meta property=\"og:description\" content=\"Im Rahmen ihrer Kampagne \u201eJugend und Arbeit\u201c hatte die \u201eConf\u00e9rence g\u00e9n\u00e9rale de la Jeunesse du Luxembourg\u201c (CGJL) am 27. M\u00e4rz \u2026\" \/>\r\n<meta property=\"og:url\" content=\"https:\/\/www.ogbl.lu\/communique\/ogbl-jeunes-represente-lors-du-hearing-jeunes-et-emploi-a-la-chambre-des-deputes-le-27-mars-2014\/\" \/>\r\n<meta property=\"og:site_name\" content=\"OGBL\" \/>\r\n<meta property=\"article:modified_time\" content=\"2023-06-30T11:48:13+00:00\" \/>\r\n<meta name=\"twitter:card\" content=\"summary_large_image\" \/>\r\n<meta name=\"twitter:label1\" content=\"Est. reading time\" \/>\n\t<meta name=\"twitter:data1\" content=\"2 Minuten\" \/>\r\n<script type=\"application\/ld+json\" class=\"yoast-schema-graph\">{\"@context\":\"https:\/\/schema.org\",\"@graph\":[{\"@type\":\"WebPage\",\"@id\":\"https:\/\/www.ogbl.lu\/communique\/ogbl-jeunes-represente-lors-du-hearing-jeunes-et-emploi-a-la-chambre-des-deputes-le-27-mars-2014\/\",\"url\":\"https:\/\/www.ogbl.lu\/communique\/ogbl-jeunes-represente-lors-du-hearing-jeunes-et-emploi-a-la-chambre-des-deputes-le-27-mars-2014\/\",\"name\":\"[:fr]OGBL-Jeunes repr\u00e9sent\u00e9 lors du hearing \\\"jeunes et emploi\\\" \u00e0 la Chambre des D\u00e9put\u00e9s le 27 mars 2014[:de]OGBL-Jugend bei einem Hearing \u201eJugend und Arbeit\u201c am 27. M\u00e4rz 2014 in der Abgeordnetenkammer vertreten [:en]OGBL-Jeunes repr\u00e9sent\u00e9 lors du hearing \\\"jeunes et emploi\\\" \u00e0 la Chambre des D\u00e9put\u00e9s le 27 mars 2014[:] - OGBL\",\"isPartOf\":{\"@id\":\"https:\/\/www.ogbl.lu\/de\/#website\"},\"datePublished\":\"2014-03-31T08:57:48+00:00\",\"dateModified\":\"2023-06-30T11:48:13+00:00\",\"breadcrumb\":{\"@id\":\"https:\/\/www.ogbl.lu\/communique\/ogbl-jeunes-represente-lors-du-hearing-jeunes-et-emploi-a-la-chambre-des-deputes-le-27-mars-2014\/#breadcrumb\"},\"inLanguage\":\"de-DE\",\"potentialAction\":[{\"@type\":\"ReadAction\",\"target\":[\"https:\/\/www.ogbl.lu\/communique\/ogbl-jeunes-represente-lors-du-hearing-jeunes-et-emploi-a-la-chambre-des-deputes-le-27-mars-2014\/\"]}]},{\"@type\":\"BreadcrumbList\",\"@id\":\"https:\/\/www.ogbl.lu\/communique\/ogbl-jeunes-represente-lors-du-hearing-jeunes-et-emploi-a-la-chambre-des-deputes-le-27-mars-2014\/#breadcrumb\",\"itemListElement\":[{\"@type\":\"ListItem\",\"position\":1,\"name\":\"Home\",\"item\":\"https:\/\/www.ogbl.lu\/\"},{\"@type\":\"ListItem\",\"position\":2,\"name\":\"OGBL-Jeunes repr\u00e9sent\u00e9 lors du hearing &#8220;jeunes et emploi&#8221; \u00e0 la Chambre des D\u00e9put\u00e9s le 27 mars 2014\"}]},{\"@type\":\"WebSite\",\"@id\":\"https:\/\/www.ogbl.lu\/de\/#website\",\"url\":\"https:\/\/www.ogbl.lu\/de\/\",\"name\":\"OGBL\",\"description\":\"DIE GEWERKSCHAFT\",\"publisher\":{\"@id\":\"https:\/\/www.ogbl.lu\/de\/#organization\"},\"potentialAction\":[{\"@type\":\"SearchAction\",\"target\":{\"@type\":\"EntryPoint\",\"urlTemplate\":\"https:\/\/www.ogbl.lu\/de\/?s={search_term_string}\"},\"query-input\":\"required name=search_term_string\"}],\"inLanguage\":\"de-DE\"},{\"@type\":\"Organization\",\"@id\":\"https:\/\/www.ogbl.lu\/de\/#organization\",\"name\":\"OGBL\",\"url\":\"https:\/\/www.ogbl.lu\/de\/\",\"logo\":{\"@type\":\"ImageObject\",\"inLanguage\":\"de-DE\",\"@id\":\"https:\/\/www.ogbl.lu\/de\/#\/schema\/logo\/image\/\",\"url\":\"https:\/\/www.ogbl.lu\/wp-content\/uploads\/2024\/07\/LOGO_Red_FR-svg.png\",\"contentUrl\":\"https:\/\/www.ogbl.lu\/wp-content\/uploads\/2024\/07\/LOGO_Red_FR-svg.png\",\"width\":369,\"height\":171,\"caption\":\"OGBL\"},\"image\":{\"@id\":\"https:\/\/www.ogbl.lu\/de\/#\/schema\/logo\/image\/\"}}]}<\/script>\r\n<!-- \/ Yoast SEO plugin. -->","yoast_head_json":{"title":"[:fr]OGBL-Jeunes repr\u00e9sent\u00e9 lors du hearing \"jeunes et emploi\" \u00e0 la Chambre des D\u00e9put\u00e9s le 27 mars 2014[:de]OGBL-Jugend bei einem Hearing \u201eJugend und Arbeit\u201c am 27. M\u00e4rz 2014 in der Abgeordnetenkammer vertreten   [:en]OGBL-Jeunes repr\u00e9sent\u00e9 lors du hearing \"jeunes et emploi\" \u00e0 la Chambre des D\u00e9put\u00e9s le 27 mars 2014[:] - OGBL","robots":{"index":"index","follow":"follow","max-snippet":"max-snippet:-1","max-image-preview":"max-image-preview:large","max-video-preview":"max-video-preview:-1"},"canonical":"https:\/\/www.ogbl.lu\/communique\/ogbl-jeunes-represente-lors-du-hearing-jeunes-et-emploi-a-la-chambre-des-deputes-le-27-mars-2014\/","og_locale":"de_DE","og_type":"article","og_title":"[:fr]OGBL-Jeunes repr\u00e9sent\u00e9 lors du hearing \"jeunes et emploi\" \u00e0 la Chambre des D\u00e9put\u00e9s le 27 mars 2014[:de]OGBL-Jugend bei einem Hearing \u201eJugend und Arbeit\u201c am 27. M\u00e4rz 2014 in der Abgeordnetenkammer vertreten   [:en]OGBL-Jeunes repr\u00e9sent\u00e9 lors du hearing \"jeunes et emploi\" \u00e0 la Chambre des D\u00e9put\u00e9s le 27 mars 2014[:] - OGBL","og_description":"Im Rahmen ihrer Kampagne \u201eJugend und Arbeit\u201c hatte die \u201eConf\u00e9rence g\u00e9n\u00e9rale de la Jeunesse du Luxembourg\u201c (CGJL) am 27. M\u00e4rz \u2026","og_url":"https:\/\/www.ogbl.lu\/communique\/ogbl-jeunes-represente-lors-du-hearing-jeunes-et-emploi-a-la-chambre-des-deputes-le-27-mars-2014\/","og_site_name":"OGBL","article_modified_time":"2023-06-30T11:48:13+00:00","twitter_card":"summary_large_image","twitter_misc":{"Est. reading time":"2 Minuten"},"schema":{"@context":"https:\/\/schema.org","@graph":[{"@type":"WebPage","@id":"https:\/\/www.ogbl.lu\/communique\/ogbl-jeunes-represente-lors-du-hearing-jeunes-et-emploi-a-la-chambre-des-deputes-le-27-mars-2014\/","url":"https:\/\/www.ogbl.lu\/communique\/ogbl-jeunes-represente-lors-du-hearing-jeunes-et-emploi-a-la-chambre-des-deputes-le-27-mars-2014\/","name":"[:fr]OGBL-Jeunes repr\u00e9sent\u00e9 lors du hearing \"jeunes et emploi\" \u00e0 la Chambre des D\u00e9put\u00e9s le 27 mars 2014[:de]OGBL-Jugend bei einem Hearing \u201eJugend und Arbeit\u201c am 27. M\u00e4rz 2014 in der Abgeordnetenkammer vertreten [:en]OGBL-Jeunes repr\u00e9sent\u00e9 lors du hearing \"jeunes et emploi\" \u00e0 la Chambre des D\u00e9put\u00e9s le 27 mars 2014[:] - OGBL","isPartOf":{"@id":"https:\/\/www.ogbl.lu\/de\/#website"},"datePublished":"2014-03-31T08:57:48+00:00","dateModified":"2023-06-30T11:48:13+00:00","breadcrumb":{"@id":"https:\/\/www.ogbl.lu\/communique\/ogbl-jeunes-represente-lors-du-hearing-jeunes-et-emploi-a-la-chambre-des-deputes-le-27-mars-2014\/#breadcrumb"},"inLanguage":"de-DE","potentialAction":[{"@type":"ReadAction","target":["https:\/\/www.ogbl.lu\/communique\/ogbl-jeunes-represente-lors-du-hearing-jeunes-et-emploi-a-la-chambre-des-deputes-le-27-mars-2014\/"]}]},{"@type":"BreadcrumbList","@id":"https:\/\/www.ogbl.lu\/communique\/ogbl-jeunes-represente-lors-du-hearing-jeunes-et-emploi-a-la-chambre-des-deputes-le-27-mars-2014\/#breadcrumb","itemListElement":[{"@type":"ListItem","position":1,"name":"Home","item":"https:\/\/www.ogbl.lu\/"},{"@type":"ListItem","position":2,"name":"OGBL-Jeunes repr\u00e9sent\u00e9 lors du hearing &#8220;jeunes et emploi&#8221; \u00e0 la Chambre des D\u00e9put\u00e9s le 27 mars 2014"}]},{"@type":"WebSite","@id":"https:\/\/www.ogbl.lu\/de\/#website","url":"https:\/\/www.ogbl.lu\/de\/","name":"OGBL","description":"DIE GEWERKSCHAFT","publisher":{"@id":"https:\/\/www.ogbl.lu\/de\/#organization"},"potentialAction":[{"@type":"SearchAction","target":{"@type":"EntryPoint","urlTemplate":"https:\/\/www.ogbl.lu\/de\/?s={search_term_string}"},"query-input":"required name=search_term_string"}],"inLanguage":"de-DE"},{"@type":"Organization","@id":"https:\/\/www.ogbl.lu\/de\/#organization","name":"OGBL","url":"https:\/\/www.ogbl.lu\/de\/","logo":{"@type":"ImageObject","inLanguage":"de-DE","@id":"https:\/\/www.ogbl.lu\/de\/#\/schema\/logo\/image\/","url":"https:\/\/www.ogbl.lu\/wp-content\/uploads\/2024\/07\/LOGO_Red_FR-svg.png","contentUrl":"https:\/\/www.ogbl.lu\/wp-content\/uploads\/2024\/07\/LOGO_Red_FR-svg.png","width":369,"height":171,"caption":"OGBL"},"image":{"@id":"https:\/\/www.ogbl.lu\/de\/#\/schema\/logo\/image\/"}}]}},"_links":{"self":[{"href":"https:\/\/www.ogbl.lu\/de\/wp-json\/wp\/v2\/communiques\/1675"}],"collection":[{"href":"https:\/\/www.ogbl.lu\/de\/wp-json\/wp\/v2\/communiques"}],"about":[{"href":"https:\/\/www.ogbl.lu\/de\/wp-json\/wp\/v2\/types\/communiques"}],"author":[{"embeddable":true,"href":"https:\/\/www.ogbl.lu\/de\/wp-json\/wp\/v2\/users\/1"}],"version-history":[{"count":0,"href":"https:\/\/www.ogbl.lu\/de\/wp-json\/wp\/v2\/communiques\/1675\/revisions"}],"wp:attachment":[{"href":"https:\/\/www.ogbl.lu\/de\/wp-json\/wp\/v2\/media?parent=1675"}],"wp:term":[{"taxonomy":"categorie_communiques","embeddable":true,"href":"https:\/\/www.ogbl.lu\/de\/wp-json\/wp\/v2\/categorie_communiques?post=1675"},{"taxonomy":"syndicat","embeddable":true,"href":"https:\/\/www.ogbl.lu\/de\/wp-json\/wp\/v2\/syndicat?post=1675"}],"curies":[{"name":"wp","href":"https:\/\/api.w.org\/{rel}","templated":true}]}}