{"id":1645,"date":"2014-02-04T13:24:17","date_gmt":"2014-02-04T12:24:17","guid":{"rendered":"https:\/\/www.ogbl.lu\/communiques\/entrevue-entre-logbl-et-le-ministre-de-la-securite-sociale"},"modified":"2023-06-30T13:52:40","modified_gmt":"2023-06-30T11:52:40","slug":"entrevue-entre-logbl-et-le-ministre-de-la-securite-sociale","status":"publish","type":"communiques","link":"https:\/\/www.ogbl.lu\/de\/communique\/entrevue-entre-logbl-et-le-ministre-de-la-securite-sociale\/","title":{"rendered":"Treffen zwischen dem OGBL und dem Minister f\u00fcr soziale Sicherheit"},"content":{"rendered":"<p>Am 3. Februar 2014 wurde eine OGBL-Delegation, unter Leitung von Pr\u00e4sident Jean-Claude Reding von Romain Schneider, Minister f\u00fcr soziale Sicherheit, empfangen. Es gab dabei einen breiten Meinungsaustausch zum Regierungsprogramm betreffend die Politik im Bereich der Sozialversicherungen.<\/p>\n<p>Bei den Diskussionen ging es vorwiegend um die Krankenversicherung, die Pflegeversicherung, die Rentenversicherung, die Unfallversicherung sowie \u00fcber die Wiedereingliederung der Arbeitnehmer, die nach einem Unfall oder einem Gesundheitsproblem nicht mehr f\u00e4hig sind ihre bisherige Arbeit zu verrichten.<\/p>\n<p>Der Minister hat die Delegation dar\u00fcber in Kenntnis gesetzt, dass die Regierung vorhat, kurzfristig die Elemente der Reform des Gesundheitswesens von 2010, die noch ausstehen, umzusetzen und die unter Beibehaltung qualitativ hochwertiger Dienstleistungen insbesondere eine bessere Kostenkontrolle anvisieren. Anschlie\u00dfend trug der Minister kurz vor, woran die Regierung zurzeit in diesem Bereich arbeitet, wie zum Beispiel an der Reform der \u00e4rztlichen Kontrolle der Sozialversicherung (Contr\u00f4le m\u00e9dical de la s\u00e9curit\u00e9 sociale), die Reform der medizinischen Nomenklaturen sowie die Einf\u00fchrung der Tarife nach Dienstleistung in den Krankenh\u00e4usern.<\/p>\n<p>Was die Reform der Pflegeversicherung betrifft, so m\u00f6chte der Minister im Vorfeld eine tiefgreifende Diskussion mit den Sozialpartnern und allen in diesem Bereich t\u00e4tigen Akteuren f\u00fchren. Was die Rentenversicherung betrifft, so will der Minister eine Bestandsaufnahme machen und die Ma\u00dfnahmen aufgreifen, die noch unangetastet blieben, wie zum Beispiel die progressive Rente. Dieser letztgenannte Punkt sowie die Reform des Wiedereingliederungssystems werden in enger Beratung mit dem Ministerium f\u00fcr Arbeit und Besch\u00e4ftigung sowie den Sozialpartnern angegangen.<\/p>\n<p>Der Pr\u00e4sident des OGBL hat mit Nachdruck darum gebeten, die bleibenden Reformen im Gesundheitswesen nicht ausschlie\u00dflich unter dem finanziellen Gesichtspunkt anzugehen, sondern vielmehr darauf zu achten, dass die Dienstleistungen in einigen Bereichen verbessert werden, und dass das Tarifsystem durchsichtiger und gerechter w\u00fcrde, beispielsweise in der Zahnpflege. Die Delegation des OGBL zeigte sich \u00fcberrascht als sie h\u00f6rte, dass der Gesetzesentwurf betreffend die Reform der \u00e4rztlichen Kontrolle der Sozialversicherung den Regierungsrat schon durchlaufen habe, ohne jegliche Diskussion mit den Sozialpartnern zu diesem Thema. Der Minister unterstrich, dass es f\u00fcr einen Gedankenaustausch zu diesem Thema kurzfristig nicht zu sp\u00e4t sei. Er war der Meinung, dass diese Diskussionen bereits stattgefunden hatten, als er diesen Gesetzesentwurf von der vorherigen Regierung \u00fcbernommen hat.<\/p>\n<p>Insgesamt bedauerte der Pr\u00e4sident des OGBL, dass die Berichte zu den Arbeiten im Vorfeld der betroffenen Reformen im Bereich der Gesundheitspflege (medizinische Kontrolle, Festlegung der Tarife, Nomenklaturen, \u2026) nicht zur Verf\u00fcgung st\u00fcnden. So sei es denn sehr schwierig, sich eine Meinung bez\u00fcglich der Orientierung dieser Reformen zu machen. Der Pr\u00e4sident stellte einen Mangel an Koordination bei diesen Arbeiten fest. Er bestand darauf, dass zum Beispiel die Diskussion \u00fcber die medizinischen Nomenklaturen nicht nur die Tarife der medizinischen Handlungen betreffe.<\/p>\n<p>Was die nicht abgeschlossenen Bereiche der Rentenversicherungsreform betrifft, so hat der Pr\u00e4sident mit Nachdruck darauf bestanden, dass zwei Themen kurzfristig aufgegriffen werden: die Fr\u00fchrente bei Schichtarbeit und die progressive Rente, d.h. die Einf\u00fchrung eines Rechts, das es den Arbeitnehmern erm\u00f6glicht ab einem gewissen Alter einer Teilzeitbesch\u00e4ftigung nachzugehen und w\u00e4hrenddessen schon einen Teil ihrer Rente zu bekommen. F\u00fcr den OGBL m\u00fcssen die Verf\u00fcgungen bez\u00fcglich der Fr\u00fchrente bei Schichtarbeit nachgebessert werden, damit die einzigen Arbeitnehmer, f\u00fcr die die Beschwerlichkeit der Arbeit vom System der luxemburgischen Sozialversicherungen anerkannt wird, also die Schichtarbeiter, nicht am Ende zu den Verlierern der Rentenreform z\u00e4hlen.<\/p>\n<p>Das Treffen fand in einer Atmosph\u00e4re der konstruktiven Zusammenarbeit statt.<\/p>\n<p><strong>Mitgeteilt vom OGBL<br \/>\nam 4. Februar 2014<\/strong><\/p>","protected":false},"author":1,"featured_media":0,"template":"","categorie_communiques":[41],"syndicat":[],"acf":[],"yoast_head":"<!-- This site is optimized with the Yoast SEO plugin v23.1 - https:\/\/yoast.com\/wordpress\/plugins\/seo\/ -->\r\n<title>Treffen zwischen dem OGBL und dem Minister f\u00fcr soziale Sicherheit - OGBL<\/title>\r\n<meta name=\"robots\" content=\"index, follow, max-snippet:-1, max-image-preview:large, max-video-preview:-1\" \/>\r\n<link rel=\"canonical\" href=\"https:\/\/www.ogbl.lu\/communique\/entrevue-entre-logbl-et-le-ministre-de-la-securite-sociale\/\" \/>\r\n<meta property=\"og:locale\" content=\"de_DE\" \/>\r\n<meta property=\"og:type\" content=\"article\" \/>\r\n<meta property=\"og:title\" content=\"[:fr]Entrevue entre l\u2019OGBL et le ministre de la S\u00e9curit\u00e9 sociale[:de]Treffen zwischen dem OGBL und dem Minister f\u00fcr soziale Sicherheit[:en]Entrevue entre l\u2019OGBL et le ministre de la S\u00e9curit\u00e9 sociale[:] - OGBL\" \/>\r\n<meta property=\"og:description\" content=\"Am 3. Februar 2014 wurde eine OGBL-Delegation, unter Leitung von Pr\u00e4sident Jean-Claude Reding von Romain Schneider, Minister f\u00fcr soziale Sicherheit, \u2026\" \/>\r\n<meta property=\"og:url\" content=\"https:\/\/www.ogbl.lu\/communique\/entrevue-entre-logbl-et-le-ministre-de-la-securite-sociale\/\" \/>\r\n<meta property=\"og:site_name\" content=\"OGBL\" \/>\r\n<meta property=\"article:modified_time\" content=\"2023-06-30T11:52:40+00:00\" \/>\r\n<meta name=\"twitter:card\" content=\"summary_large_image\" \/>\r\n<meta name=\"twitter:label1\" content=\"Est. reading time\" \/>\n\t<meta name=\"twitter:data1\" content=\"6 Minuten\" \/>\r\n<script type=\"application\/ld+json\" class=\"yoast-schema-graph\">{\"@context\":\"https:\/\/schema.org\",\"@graph\":[{\"@type\":\"WebPage\",\"@id\":\"https:\/\/www.ogbl.lu\/communique\/entrevue-entre-logbl-et-le-ministre-de-la-securite-sociale\/\",\"url\":\"https:\/\/www.ogbl.lu\/communique\/entrevue-entre-logbl-et-le-ministre-de-la-securite-sociale\/\",\"name\":\"[:fr]Entrevue entre l\u2019OGBL et le ministre de la S\u00e9curit\u00e9 sociale[:de]Treffen zwischen dem OGBL und dem Minister f\u00fcr soziale Sicherheit[:en]Entrevue entre l\u2019OGBL et le ministre de la S\u00e9curit\u00e9 sociale[:] - OGBL\",\"isPartOf\":{\"@id\":\"https:\/\/www.ogbl.lu\/de\/#website\"},\"datePublished\":\"2014-02-04T12:24:17+00:00\",\"dateModified\":\"2023-06-30T11:52:40+00:00\",\"breadcrumb\":{\"@id\":\"https:\/\/www.ogbl.lu\/communique\/entrevue-entre-logbl-et-le-ministre-de-la-securite-sociale\/#breadcrumb\"},\"inLanguage\":\"de-DE\",\"potentialAction\":[{\"@type\":\"ReadAction\",\"target\":[\"https:\/\/www.ogbl.lu\/communique\/entrevue-entre-logbl-et-le-ministre-de-la-securite-sociale\/\"]}]},{\"@type\":\"BreadcrumbList\",\"@id\":\"https:\/\/www.ogbl.lu\/communique\/entrevue-entre-logbl-et-le-ministre-de-la-securite-sociale\/#breadcrumb\",\"itemListElement\":[{\"@type\":\"ListItem\",\"position\":1,\"name\":\"Home\",\"item\":\"https:\/\/www.ogbl.lu\/\"},{\"@type\":\"ListItem\",\"position\":2,\"name\":\"Entrevue entre l\u2019OGBL et le ministre de la S\u00e9curit\u00e9 sociale\"}]},{\"@type\":\"WebSite\",\"@id\":\"https:\/\/www.ogbl.lu\/de\/#website\",\"url\":\"https:\/\/www.ogbl.lu\/de\/\",\"name\":\"OGBL\",\"description\":\"DIE GEWERKSCHAFT\",\"publisher\":{\"@id\":\"https:\/\/www.ogbl.lu\/de\/#organization\"},\"potentialAction\":[{\"@type\":\"SearchAction\",\"target\":{\"@type\":\"EntryPoint\",\"urlTemplate\":\"https:\/\/www.ogbl.lu\/de\/?s={search_term_string}\"},\"query-input\":\"required name=search_term_string\"}],\"inLanguage\":\"de-DE\"},{\"@type\":\"Organization\",\"@id\":\"https:\/\/www.ogbl.lu\/de\/#organization\",\"name\":\"OGBL\",\"url\":\"https:\/\/www.ogbl.lu\/de\/\",\"logo\":{\"@type\":\"ImageObject\",\"inLanguage\":\"de-DE\",\"@id\":\"https:\/\/www.ogbl.lu\/de\/#\/schema\/logo\/image\/\",\"url\":\"https:\/\/www.ogbl.lu\/wp-content\/uploads\/2024\/07\/LOGO_Red_FR-svg.png\",\"contentUrl\":\"https:\/\/www.ogbl.lu\/wp-content\/uploads\/2024\/07\/LOGO_Red_FR-svg.png\",\"width\":369,\"height\":171,\"caption\":\"OGBL\"},\"image\":{\"@id\":\"https:\/\/www.ogbl.lu\/de\/#\/schema\/logo\/image\/\"}}]}<\/script>\r\n<!-- \/ Yoast SEO plugin. -->","yoast_head_json":{"title":"[:fr]Entrevue entre l\u2019OGBL et le ministre de la S\u00e9curit\u00e9 sociale[:de]Treffen zwischen dem OGBL und dem Minister f\u00fcr soziale Sicherheit[:en]Entrevue entre l\u2019OGBL et le ministre de la S\u00e9curit\u00e9 sociale[:] - OGBL","robots":{"index":"index","follow":"follow","max-snippet":"max-snippet:-1","max-image-preview":"max-image-preview:large","max-video-preview":"max-video-preview:-1"},"canonical":"https:\/\/www.ogbl.lu\/communique\/entrevue-entre-logbl-et-le-ministre-de-la-securite-sociale\/","og_locale":"de_DE","og_type":"article","og_title":"[:fr]Entrevue entre l\u2019OGBL et le ministre de la S\u00e9curit\u00e9 sociale[:de]Treffen zwischen dem OGBL und dem Minister f\u00fcr soziale Sicherheit[:en]Entrevue entre l\u2019OGBL et le ministre de la S\u00e9curit\u00e9 sociale[:] - OGBL","og_description":"Am 3. Februar 2014 wurde eine OGBL-Delegation, unter Leitung von Pr\u00e4sident Jean-Claude Reding von Romain Schneider, Minister f\u00fcr soziale Sicherheit, \u2026","og_url":"https:\/\/www.ogbl.lu\/communique\/entrevue-entre-logbl-et-le-ministre-de-la-securite-sociale\/","og_site_name":"OGBL","article_modified_time":"2023-06-30T11:52:40+00:00","twitter_card":"summary_large_image","twitter_misc":{"Est. reading time":"6 Minuten"},"schema":{"@context":"https:\/\/schema.org","@graph":[{"@type":"WebPage","@id":"https:\/\/www.ogbl.lu\/communique\/entrevue-entre-logbl-et-le-ministre-de-la-securite-sociale\/","url":"https:\/\/www.ogbl.lu\/communique\/entrevue-entre-logbl-et-le-ministre-de-la-securite-sociale\/","name":"[:fr]Entrevue entre l\u2019OGBL et le ministre de la S\u00e9curit\u00e9 sociale[:de]Treffen zwischen dem OGBL und dem Minister f\u00fcr soziale Sicherheit[:en]Entrevue entre l\u2019OGBL et le ministre de la S\u00e9curit\u00e9 sociale[:] - OGBL","isPartOf":{"@id":"https:\/\/www.ogbl.lu\/de\/#website"},"datePublished":"2014-02-04T12:24:17+00:00","dateModified":"2023-06-30T11:52:40+00:00","breadcrumb":{"@id":"https:\/\/www.ogbl.lu\/communique\/entrevue-entre-logbl-et-le-ministre-de-la-securite-sociale\/#breadcrumb"},"inLanguage":"de-DE","potentialAction":[{"@type":"ReadAction","target":["https:\/\/www.ogbl.lu\/communique\/entrevue-entre-logbl-et-le-ministre-de-la-securite-sociale\/"]}]},{"@type":"BreadcrumbList","@id":"https:\/\/www.ogbl.lu\/communique\/entrevue-entre-logbl-et-le-ministre-de-la-securite-sociale\/#breadcrumb","itemListElement":[{"@type":"ListItem","position":1,"name":"Home","item":"https:\/\/www.ogbl.lu\/"},{"@type":"ListItem","position":2,"name":"Entrevue entre l\u2019OGBL et le ministre de la S\u00e9curit\u00e9 sociale"}]},{"@type":"WebSite","@id":"https:\/\/www.ogbl.lu\/de\/#website","url":"https:\/\/www.ogbl.lu\/de\/","name":"OGBL","description":"DIE GEWERKSCHAFT","publisher":{"@id":"https:\/\/www.ogbl.lu\/de\/#organization"},"potentialAction":[{"@type":"SearchAction","target":{"@type":"EntryPoint","urlTemplate":"https:\/\/www.ogbl.lu\/de\/?s={search_term_string}"},"query-input":"required name=search_term_string"}],"inLanguage":"de-DE"},{"@type":"Organization","@id":"https:\/\/www.ogbl.lu\/de\/#organization","name":"OGBL","url":"https:\/\/www.ogbl.lu\/de\/","logo":{"@type":"ImageObject","inLanguage":"de-DE","@id":"https:\/\/www.ogbl.lu\/de\/#\/schema\/logo\/image\/","url":"https:\/\/www.ogbl.lu\/wp-content\/uploads\/2024\/07\/LOGO_Red_FR-svg.png","contentUrl":"https:\/\/www.ogbl.lu\/wp-content\/uploads\/2024\/07\/LOGO_Red_FR-svg.png","width":369,"height":171,"caption":"OGBL"},"image":{"@id":"https:\/\/www.ogbl.lu\/de\/#\/schema\/logo\/image\/"}}]}},"_links":{"self":[{"href":"https:\/\/www.ogbl.lu\/de\/wp-json\/wp\/v2\/communiques\/1645"}],"collection":[{"href":"https:\/\/www.ogbl.lu\/de\/wp-json\/wp\/v2\/communiques"}],"about":[{"href":"https:\/\/www.ogbl.lu\/de\/wp-json\/wp\/v2\/types\/communiques"}],"author":[{"embeddable":true,"href":"https:\/\/www.ogbl.lu\/de\/wp-json\/wp\/v2\/users\/1"}],"version-history":[{"count":0,"href":"https:\/\/www.ogbl.lu\/de\/wp-json\/wp\/v2\/communiques\/1645\/revisions"}],"wp:attachment":[{"href":"https:\/\/www.ogbl.lu\/de\/wp-json\/wp\/v2\/media?parent=1645"}],"wp:term":[{"taxonomy":"categorie_communiques","embeddable":true,"href":"https:\/\/www.ogbl.lu\/de\/wp-json\/wp\/v2\/categorie_communiques?post=1645"},{"taxonomy":"syndicat","embeddable":true,"href":"https:\/\/www.ogbl.lu\/de\/wp-json\/wp\/v2\/syndicat?post=1645"}],"curies":[{"name":"wp","href":"https:\/\/api.w.org\/{rel}","templated":true}]}}