{"id":1479,"date":"2013-06-12T09:24:15","date_gmt":"2013-06-12T07:24:15","guid":{"rendered":"https:\/\/www.ogbl.lu\/communiques\/entrevue-ogbl-ministre-mars-di-bartolomeo-ameliorations-dans-les-soins-dentaires-de-base-en-faveur-des-jeunes"},"modified":"2023-06-30T14:20:22","modified_gmt":"2023-06-30T12:20:22","slug":"entrevue-ogbl-ministre-mars-di-bartolomeo-ameliorations-dans-les-soins-dentaires-de-base-en-faveur-des-jeunes","status":"publish","type":"communiques","link":"https:\/\/www.ogbl.lu\/de\/communique\/entrevue-ogbl-ministre-mars-di-bartolomeo-ameliorations-dans-les-soins-dentaires-de-base-en-faveur-des-jeunes\/","title":{"rendered":"Treffen OGBL- Minister Mars Di Bartolomeo: Verbesserungen in der zahnmedizinischen Grundversorgung f\u00fcr Kinder und Jugendliche"},"content":{"rendered":"<p><img loading=\"lazy\" decoding=\"async\" class=\"alignleft size-full wp-image-13365\" title=\"Mars_Di_Bartolomeo\" src=\"https:\/\/www.ogbl.lu\/wp-content\/uploads\/communiques\/Mars_Di_Bartolomeo.jpg\" alt=\"\" width=\"326\" height=\"250\" \/>Bei einem k\u00fcrzlichen Treffen zwischen einer Delegation des OGBL unter der F\u00fchrung von Carlos Pereira, Mitglied des Gesch\u00e4ftsf\u00fchrenden Vorstands und verantwortlich f\u00fcr die Dossiers der Sozialversicherung, und dem Gesundheits- und Sozialversicherungsminister, Mars Di Bartolomeo, ging es insbesondere um k\u00fcnftige Verbesserungen bei der zahnmedizinischen Versorgung. Der Minister informierte die Vertreter des OGBL dar\u00fcber, dass er sich derzeit im Rahmen einer \u201eVorsorgevereinbarung&#8221; mit der Gesundheitskasse CNS f\u00fcr eine Abschaffung der Patientenbeteiligung bei der zahnmedizinischen Grundversorgung f\u00fcr alle Kinder und Jugendliche bis zum vollendeten 18. Lebensjahr einsetzt.\u00a0 Bez\u00fcglich der kieferorthop\u00e4dischen Versorgung (Zahnspangen) k\u00fcndigte der Minister eine Unterst\u00fctzung nach sozialen Kriterien an.<\/p>\n<p>Bei diesem konstruktiven Treffen wurde ein sehr breites Themenspektrum behandelt, darunter insbesondere der Vorruhestand nach 20 Jahren der Schicht- und Nachtarbeit, die Pflegeversicherung, der Krankenhausplan, die Arbeitsbefreiung im Gesundheits- und Pflegewesen, die Notaufnahmen in den Krankenh\u00e4usern sowie die \u201eMaisons m\u00e9dicales\u201c.<\/p>\n<p><strong>Vorruhestand der Schicht- und Nachtarbeiter<\/strong><\/p>\n<p>Zum Thema Vorruhestand nach 20 Jahren der Schicht- und Nachtarbeit f\u00fchrte Carlos Pereira an, dass die Reform des Rentenversicherungssystems diese Menschen zwinge, l\u00e4nger zu arbeiten, um die gleichen Leistungen zu erhalten wie nach dem alten System (vor 2013). Was im Gegensatz zu den vorherigen Ank\u00fcndigungen der Regierung st\u00fcnde, wonach dieser Kategorie der Arbeitnehmer keinerlei Nachteile durch diese Reform entst\u00fcnden. In diesem Zusammenhang verwies der Minister auf die Erh\u00f6hung der Grundrente, mehr Flexibilit\u00e4t beim Vorruhestand f\u00fcr Schichtarbeit und die geplanten Verbesserungen bez\u00fcglich des Verh\u00e4ltnisses Teilzeitarbeit\/Teilvorruhestand.<\/p>\n<p><strong>Krankenhausplan<\/strong><\/p>\n<p>Was den Krankenhausplan betrifft, k\u00fcndigte der Minister die Fertigstellung des Entwurfs des Krankenhausplans sowie der Gesundheitskarte noch vor den Sommerferien an. Dem Minister zufolge d\u00fcrften sich die \u00c4nderungen weder auf die Anzahl der Arbeitnehmer des Sektors noch auf ihre Arbeitsbedingungen auswirken.<\/p>\n<p>Der Klinik Ste. Marie werden neue Aufgaben zugewiesen.<\/p>\n<p>Bei diesem Treffen verlieh der OGBL den Problemen Nachdruck, die in den Notaufnahmen im Gro\u00dfherzogtum Luxemburg festgestellt wurden, insbesondere was die langen Wartezeiten betrifft. Der Minister hat eine Audit-Pr\u00fcfung der Funktionst\u00fcchtigkeit der Notaufnahmen und der \u201eMaisons m\u00e9dicales\u201d angek\u00fcndigt, um eine bessere Komplementarit\u00e4t zu gew\u00e4hrleisten.<\/p>\n<p><strong>\u00dcberpr\u00fcfung der Pflegeversicherung<\/strong><\/p>\n<p>Im Zusammenhang mit der m\u00f6glichen Reform der Pflegeversicherung wird die erste Sorge die Qualit\u00e4t der Leistungen sein. Der k\u00fcrzlich von der Generalinspektion der Sozialversicherung (IGSS) ver\u00f6ffentlichte Bericht muss \u00dcberlegungsans\u00e4tze bieten, um den Fortbestand dieses Grundpfeilers der Sozialversicherung zu gew\u00e4hrleisten.<\/p>\n<p>Die Diskussionen \u00fcber diese Reform m\u00fcssten in den n\u00e4chsten Wochen anlaufen, um zu einem Gesetzesentwurf zu gelangen.<\/p>\n<p>Laut OBGL-Delegation d\u00fcrfte diese Reform das aktuelle System nicht in Frage stellen, weder zu Lasten der Empf\u00e4nger der Pflegeversicherung noch auf Kosten des Personals des fraglichen Sektors.<\/p>\n<p><strong>Den Solidarit\u00e4tsvorruhestand in ein Instrument zur Bek\u00e4mpfung der Jugendarbeitslosigkeit umwandeln <\/strong><\/p>\n<p>Schlie\u00dflich wurde am Rande des Gespr\u00e4chs auch der Solidarit\u00e4tsvorruhestand (\u201epr\u00e9retraite-solidarit\u00e9\u201c) thematisiert, den die Regierung abschaffen m\u00f6chte.<\/p>\n<p>Der OGBL schl\u00e4gt vor, das System beizubehalten, es jedoch in eine Art Generationenvertrag umzuwandeln. Das bedeutet, dass ein Unternehmen, das einen \u00e4lteren Arbeitnehmer drei Jahre vor dem gesetzlichen Renteneintrittsalter in den Solidarit\u00e4tsvorruhestand entlassen m\u00f6chte, einen jungen, bei der Arbeitsagentur ADEM gemeldeten Arbeitssuchenden einstellen muss.\u00a0 Das entsprechende Gesetz m\u00fcsste nur in folgendem Punkt ge\u00e4ndert werden: die Einstellung von der Tatsache abh\u00e4ngig machen, dass der Bewerber bei der ADEM gemeldet sein muss und dar\u00fcberhinaus ein bestimmtes Alter nicht \u00fcberschreiten darf. Man k\u00f6nnte das Alter des \u201ejungen Arbeitssuchenden\u201d zum Beispiel auf das vollendete 27. Lebensjahr festlegen.<\/p>\n<p>Nach diesem breiten \u00dcberblick \u00fcber aktuelle Themen aus dem Bereich Gesundheit und Sozialversicherung im Allgemeinen haben beide Parteien den Wunsch ge\u00e4u\u00dfert, in K\u00fcrze den Meinungsaustausch zu speziellen Themen fortzusetzen.<\/p>\n<p><strong>Mitgeteilt vom OGBL<br \/>\nam 12. Juni 2013 <\/strong><\/p>","protected":false},"author":1,"featured_media":4410,"template":"","categorie_communiques":[41],"syndicat":[],"acf":[],"yoast_head":"<!-- This site is optimized with the Yoast SEO plugin v23.1 - https:\/\/yoast.com\/wordpress\/plugins\/seo\/ -->\r\n<title>Treffen OGBL- Minister Mars Di Bartolomeo: Verbesserungen in der zahnmedizinischen Grundversorgung f\u00fcr Kinder und Jugendliche - OGBL<\/title>\r\n<meta name=\"robots\" content=\"index, follow, max-snippet:-1, max-image-preview:large, max-video-preview:-1\" \/>\r\n<link rel=\"canonical\" href=\"https:\/\/www.ogbl.lu\/communique\/entrevue-ogbl-ministre-mars-di-bartolomeo-ameliorations-dans-les-soins-dentaires-de-base-en-faveur-des-jeunes\/\" \/>\r\n<meta property=\"og:locale\" content=\"de_DE\" \/>\r\n<meta property=\"og:type\" content=\"article\" \/>\r\n<meta property=\"og:title\" content=\"[:fr]Entrevue OGBL-ministre Mars Di Bartolomeo: am\u00e9liorations dans les soins dentaires de base en faveur des jeunes[:de]Treffen OGBL- Minister Mars Di Bartolomeo: Verbesserungen in der zahnmedizinischen Grundversorgung f\u00fcr Kinder und Jugendliche[:en]Entrevue OGBL-ministre Mars Di Bartolomeo: am\u00e9liorations dans les soins dentaires de base en faveur des jeunes[:] - OGBL\" \/>\r\n<meta property=\"og:description\" content=\"Bei einem k\u00fcrzlichen Treffen zwischen einer Delegation des OGBL unter der F\u00fchrung von Carlos Pereira, Mitglied des Gesch\u00e4ftsf\u00fchrenden Vorstands und \u2026\" \/>\r\n<meta property=\"og:url\" content=\"https:\/\/www.ogbl.lu\/communique\/entrevue-ogbl-ministre-mars-di-bartolomeo-ameliorations-dans-les-soins-dentaires-de-base-en-faveur-des-jeunes\/\" \/>\r\n<meta property=\"og:site_name\" content=\"OGBL\" \/>\r\n<meta property=\"article:modified_time\" content=\"2023-06-30T12:20:22+00:00\" \/>\r\n<meta property=\"og:image\" content=\"https:\/\/www.ogbl.lu\/wp-content\/uploads\/2013\/06\/Mars_Di_Bartolomeo.jpg\" \/>\r\n\t<meta property=\"og:image:width\" content=\"326\" \/>\r\n\t<meta property=\"og:image:height\" content=\"250\" \/>\r\n\t<meta property=\"og:image:type\" content=\"image\/jpeg\" \/>\r\n<meta name=\"twitter:card\" content=\"summary_large_image\" \/>\r\n<meta name=\"twitter:label1\" content=\"Est. reading time\" \/>\n\t<meta name=\"twitter:data1\" content=\"7 Minuten\" \/>\r\n<script type=\"application\/ld+json\" class=\"yoast-schema-graph\">{\"@context\":\"https:\/\/schema.org\",\"@graph\":[{\"@type\":\"WebPage\",\"@id\":\"https:\/\/www.ogbl.lu\/communique\/entrevue-ogbl-ministre-mars-di-bartolomeo-ameliorations-dans-les-soins-dentaires-de-base-en-faveur-des-jeunes\/\",\"url\":\"https:\/\/www.ogbl.lu\/communique\/entrevue-ogbl-ministre-mars-di-bartolomeo-ameliorations-dans-les-soins-dentaires-de-base-en-faveur-des-jeunes\/\",\"name\":\"[:fr]Entrevue OGBL-ministre Mars Di Bartolomeo: am\u00e9liorations dans les soins dentaires de base en faveur des jeunes[:de]Treffen OGBL- Minister Mars Di Bartolomeo: Verbesserungen in der zahnmedizinischen Grundversorgung f\u00fcr Kinder und Jugendliche[:en]Entrevue OGBL-ministre Mars Di Bartolomeo: am\u00e9liorations dans les soins dentaires de base en faveur des jeunes[:] - OGBL\",\"isPartOf\":{\"@id\":\"https:\/\/www.ogbl.lu\/de\/#website\"},\"primaryImageOfPage\":{\"@id\":\"https:\/\/www.ogbl.lu\/communique\/entrevue-ogbl-ministre-mars-di-bartolomeo-ameliorations-dans-les-soins-dentaires-de-base-en-faveur-des-jeunes\/#primaryimage\"},\"image\":{\"@id\":\"https:\/\/www.ogbl.lu\/communique\/entrevue-ogbl-ministre-mars-di-bartolomeo-ameliorations-dans-les-soins-dentaires-de-base-en-faveur-des-jeunes\/#primaryimage\"},\"thumbnailUrl\":\"https:\/\/www.ogbl.lu\/wp-content\/uploads\/2013\/06\/Mars_Di_Bartolomeo.jpg\",\"datePublished\":\"2013-06-12T07:24:15+00:00\",\"dateModified\":\"2023-06-30T12:20:22+00:00\",\"breadcrumb\":{\"@id\":\"https:\/\/www.ogbl.lu\/communique\/entrevue-ogbl-ministre-mars-di-bartolomeo-ameliorations-dans-les-soins-dentaires-de-base-en-faveur-des-jeunes\/#breadcrumb\"},\"inLanguage\":\"de-DE\",\"potentialAction\":[{\"@type\":\"ReadAction\",\"target\":[\"https:\/\/www.ogbl.lu\/communique\/entrevue-ogbl-ministre-mars-di-bartolomeo-ameliorations-dans-les-soins-dentaires-de-base-en-faveur-des-jeunes\/\"]}]},{\"@type\":\"ImageObject\",\"inLanguage\":\"de-DE\",\"@id\":\"https:\/\/www.ogbl.lu\/communique\/entrevue-ogbl-ministre-mars-di-bartolomeo-ameliorations-dans-les-soins-dentaires-de-base-en-faveur-des-jeunes\/#primaryimage\",\"url\":\"https:\/\/www.ogbl.lu\/wp-content\/uploads\/2013\/06\/Mars_Di_Bartolomeo.jpg\",\"contentUrl\":\"https:\/\/www.ogbl.lu\/wp-content\/uploads\/2013\/06\/Mars_Di_Bartolomeo.jpg\",\"width\":326,\"height\":250},{\"@type\":\"BreadcrumbList\",\"@id\":\"https:\/\/www.ogbl.lu\/communique\/entrevue-ogbl-ministre-mars-di-bartolomeo-ameliorations-dans-les-soins-dentaires-de-base-en-faveur-des-jeunes\/#breadcrumb\",\"itemListElement\":[{\"@type\":\"ListItem\",\"position\":1,\"name\":\"Home\",\"item\":\"https:\/\/www.ogbl.lu\/\"},{\"@type\":\"ListItem\",\"position\":2,\"name\":\"Entrevue OGBL-ministre Mars Di Bartolomeo: am\u00e9liorations dans les soins dentaires de base en faveur des jeunes\"}]},{\"@type\":\"WebSite\",\"@id\":\"https:\/\/www.ogbl.lu\/de\/#website\",\"url\":\"https:\/\/www.ogbl.lu\/de\/\",\"name\":\"OGBL\",\"description\":\"DIE GEWERKSCHAFT\",\"publisher\":{\"@id\":\"https:\/\/www.ogbl.lu\/de\/#organization\"},\"potentialAction\":[{\"@type\":\"SearchAction\",\"target\":{\"@type\":\"EntryPoint\",\"urlTemplate\":\"https:\/\/www.ogbl.lu\/de\/?s={search_term_string}\"},\"query-input\":\"required name=search_term_string\"}],\"inLanguage\":\"de-DE\"},{\"@type\":\"Organization\",\"@id\":\"https:\/\/www.ogbl.lu\/de\/#organization\",\"name\":\"OGBL\",\"url\":\"https:\/\/www.ogbl.lu\/de\/\",\"logo\":{\"@type\":\"ImageObject\",\"inLanguage\":\"de-DE\",\"@id\":\"https:\/\/www.ogbl.lu\/de\/#\/schema\/logo\/image\/\",\"url\":\"https:\/\/www.ogbl.lu\/wp-content\/uploads\/2024\/07\/LOGO_Red_FR-svg.png\",\"contentUrl\":\"https:\/\/www.ogbl.lu\/wp-content\/uploads\/2024\/07\/LOGO_Red_FR-svg.png\",\"width\":369,\"height\":171,\"caption\":\"OGBL\"},\"image\":{\"@id\":\"https:\/\/www.ogbl.lu\/de\/#\/schema\/logo\/image\/\"}}]}<\/script>\r\n<!-- \/ Yoast SEO plugin. -->","yoast_head_json":{"title":"[:fr]Entrevue OGBL-ministre Mars Di Bartolomeo: am\u00e9liorations dans les soins dentaires de base en faveur des jeunes[:de]Treffen OGBL- Minister Mars Di Bartolomeo: Verbesserungen in der zahnmedizinischen Grundversorgung f\u00fcr Kinder und Jugendliche[:en]Entrevue OGBL-ministre Mars Di Bartolomeo: am\u00e9liorations dans les soins dentaires de base en faveur des jeunes[:] - OGBL","robots":{"index":"index","follow":"follow","max-snippet":"max-snippet:-1","max-image-preview":"max-image-preview:large","max-video-preview":"max-video-preview:-1"},"canonical":"https:\/\/www.ogbl.lu\/communique\/entrevue-ogbl-ministre-mars-di-bartolomeo-ameliorations-dans-les-soins-dentaires-de-base-en-faveur-des-jeunes\/","og_locale":"de_DE","og_type":"article","og_title":"[:fr]Entrevue OGBL-ministre Mars Di Bartolomeo: am\u00e9liorations dans les soins dentaires de base en faveur des jeunes[:de]Treffen OGBL- Minister Mars Di Bartolomeo: Verbesserungen in der zahnmedizinischen Grundversorgung f\u00fcr Kinder und Jugendliche[:en]Entrevue OGBL-ministre Mars Di Bartolomeo: am\u00e9liorations dans les soins dentaires de base en faveur des jeunes[:] - OGBL","og_description":"Bei einem k\u00fcrzlichen Treffen zwischen einer Delegation des OGBL unter der F\u00fchrung von Carlos Pereira, Mitglied des Gesch\u00e4ftsf\u00fchrenden Vorstands und \u2026","og_url":"https:\/\/www.ogbl.lu\/communique\/entrevue-ogbl-ministre-mars-di-bartolomeo-ameliorations-dans-les-soins-dentaires-de-base-en-faveur-des-jeunes\/","og_site_name":"OGBL","article_modified_time":"2023-06-30T12:20:22+00:00","og_image":[{"width":326,"height":250,"url":"https:\/\/www.ogbl.lu\/wp-content\/uploads\/2013\/06\/Mars_Di_Bartolomeo.jpg","type":"image\/jpeg"}],"twitter_card":"summary_large_image","twitter_misc":{"Est. reading time":"7 Minuten"},"schema":{"@context":"https:\/\/schema.org","@graph":[{"@type":"WebPage","@id":"https:\/\/www.ogbl.lu\/communique\/entrevue-ogbl-ministre-mars-di-bartolomeo-ameliorations-dans-les-soins-dentaires-de-base-en-faveur-des-jeunes\/","url":"https:\/\/www.ogbl.lu\/communique\/entrevue-ogbl-ministre-mars-di-bartolomeo-ameliorations-dans-les-soins-dentaires-de-base-en-faveur-des-jeunes\/","name":"[:fr]Entrevue OGBL-ministre Mars Di Bartolomeo: am\u00e9liorations dans les soins dentaires de base en faveur des jeunes[:de]Treffen OGBL- Minister Mars Di Bartolomeo: Verbesserungen in der zahnmedizinischen Grundversorgung f\u00fcr Kinder und Jugendliche[:en]Entrevue OGBL-ministre Mars Di Bartolomeo: am\u00e9liorations dans les soins dentaires de base en faveur des jeunes[:] - OGBL","isPartOf":{"@id":"https:\/\/www.ogbl.lu\/de\/#website"},"primaryImageOfPage":{"@id":"https:\/\/www.ogbl.lu\/communique\/entrevue-ogbl-ministre-mars-di-bartolomeo-ameliorations-dans-les-soins-dentaires-de-base-en-faveur-des-jeunes\/#primaryimage"},"image":{"@id":"https:\/\/www.ogbl.lu\/communique\/entrevue-ogbl-ministre-mars-di-bartolomeo-ameliorations-dans-les-soins-dentaires-de-base-en-faveur-des-jeunes\/#primaryimage"},"thumbnailUrl":"https:\/\/www.ogbl.lu\/wp-content\/uploads\/2013\/06\/Mars_Di_Bartolomeo.jpg","datePublished":"2013-06-12T07:24:15+00:00","dateModified":"2023-06-30T12:20:22+00:00","breadcrumb":{"@id":"https:\/\/www.ogbl.lu\/communique\/entrevue-ogbl-ministre-mars-di-bartolomeo-ameliorations-dans-les-soins-dentaires-de-base-en-faveur-des-jeunes\/#breadcrumb"},"inLanguage":"de-DE","potentialAction":[{"@type":"ReadAction","target":["https:\/\/www.ogbl.lu\/communique\/entrevue-ogbl-ministre-mars-di-bartolomeo-ameliorations-dans-les-soins-dentaires-de-base-en-faveur-des-jeunes\/"]}]},{"@type":"ImageObject","inLanguage":"de-DE","@id":"https:\/\/www.ogbl.lu\/communique\/entrevue-ogbl-ministre-mars-di-bartolomeo-ameliorations-dans-les-soins-dentaires-de-base-en-faveur-des-jeunes\/#primaryimage","url":"https:\/\/www.ogbl.lu\/wp-content\/uploads\/2013\/06\/Mars_Di_Bartolomeo.jpg","contentUrl":"https:\/\/www.ogbl.lu\/wp-content\/uploads\/2013\/06\/Mars_Di_Bartolomeo.jpg","width":326,"height":250},{"@type":"BreadcrumbList","@id":"https:\/\/www.ogbl.lu\/communique\/entrevue-ogbl-ministre-mars-di-bartolomeo-ameliorations-dans-les-soins-dentaires-de-base-en-faveur-des-jeunes\/#breadcrumb","itemListElement":[{"@type":"ListItem","position":1,"name":"Home","item":"https:\/\/www.ogbl.lu\/"},{"@type":"ListItem","position":2,"name":"Entrevue OGBL-ministre Mars Di Bartolomeo: am\u00e9liorations dans les soins dentaires de base en faveur des jeunes"}]},{"@type":"WebSite","@id":"https:\/\/www.ogbl.lu\/de\/#website","url":"https:\/\/www.ogbl.lu\/de\/","name":"OGBL","description":"DIE GEWERKSCHAFT","publisher":{"@id":"https:\/\/www.ogbl.lu\/de\/#organization"},"potentialAction":[{"@type":"SearchAction","target":{"@type":"EntryPoint","urlTemplate":"https:\/\/www.ogbl.lu\/de\/?s={search_term_string}"},"query-input":"required name=search_term_string"}],"inLanguage":"de-DE"},{"@type":"Organization","@id":"https:\/\/www.ogbl.lu\/de\/#organization","name":"OGBL","url":"https:\/\/www.ogbl.lu\/de\/","logo":{"@type":"ImageObject","inLanguage":"de-DE","@id":"https:\/\/www.ogbl.lu\/de\/#\/schema\/logo\/image\/","url":"https:\/\/www.ogbl.lu\/wp-content\/uploads\/2024\/07\/LOGO_Red_FR-svg.png","contentUrl":"https:\/\/www.ogbl.lu\/wp-content\/uploads\/2024\/07\/LOGO_Red_FR-svg.png","width":369,"height":171,"caption":"OGBL"},"image":{"@id":"https:\/\/www.ogbl.lu\/de\/#\/schema\/logo\/image\/"}}]}},"_links":{"self":[{"href":"https:\/\/www.ogbl.lu\/de\/wp-json\/wp\/v2\/communiques\/1479"}],"collection":[{"href":"https:\/\/www.ogbl.lu\/de\/wp-json\/wp\/v2\/communiques"}],"about":[{"href":"https:\/\/www.ogbl.lu\/de\/wp-json\/wp\/v2\/types\/communiques"}],"author":[{"embeddable":true,"href":"https:\/\/www.ogbl.lu\/de\/wp-json\/wp\/v2\/users\/1"}],"version-history":[{"count":0,"href":"https:\/\/www.ogbl.lu\/de\/wp-json\/wp\/v2\/communiques\/1479\/revisions"}],"wp:featuredmedia":[{"embeddable":true,"href":"https:\/\/www.ogbl.lu\/de\/wp-json\/wp\/v2\/media\/4410"}],"wp:attachment":[{"href":"https:\/\/www.ogbl.lu\/de\/wp-json\/wp\/v2\/media?parent=1479"}],"wp:term":[{"taxonomy":"categorie_communiques","embeddable":true,"href":"https:\/\/www.ogbl.lu\/de\/wp-json\/wp\/v2\/categorie_communiques?post=1479"},{"taxonomy":"syndicat","embeddable":true,"href":"https:\/\/www.ogbl.lu\/de\/wp-json\/wp\/v2\/syndicat?post=1479"}],"curies":[{"name":"wp","href":"https:\/\/api.w.org\/{rel}","templated":true}]}}