{"id":1471,"date":"2013-06-04T13:58:43","date_gmt":"2013-06-04T11:58:43","guid":{"rendered":"https:\/\/www.ogbl.lu\/communiques\/paul-helminger-avoue-laventure-qatarie-etait-une-erreur"},"modified":"2023-06-05T12:36:48","modified_gmt":"2023-06-05T10:36:48","slug":"paul-helminger-avoue-laventure-qatarie-etait-une-erreur","status":"publish","type":"communiques","link":"https:\/\/www.ogbl.lu\/de\/communique\/paul-helminger-avoue-laventure-qatarie-etait-une-erreur\/","title":{"rendered":"Katar-Abenteuer war ein Fehler"},"content":{"rendered":"<p><img loading=\"lazy\" decoding=\"async\" class=\"alignleft size-full wp-image-13255\" title=\"demo_luxair_cargo_hubert_vignette\" src=\"https:\/\/www.ogbl.lu\/wp-content\/uploads\/communiques\/demo_luxair_cargo_hubert_vignette.jpg\" alt=\"\" width=\"150\" height=\"150\" \/>Erstmals stellt ein von der Regierung ernannter Vertreter der Cargolux und der Luxair das Abenteuer mit den Katarern als Fehler hin. Damit best\u00e4tigt der Verwaltungsratsvorsitzende beider Fluggesellschaften, Paul Helminger, im Nachhinein den Standpunkt des OGBL, der die Kapitalbeteiligung von Qatar Airways von Anfang an resolut ablehnte. Der OGBL stand damals alleine da.<\/p>\n<p>Auf den Wellen von RTL-Radio L\u00ebtzebuerg kritisierte Paul Helminger am Samstag den 1. Juni die Tatsache, dass die strategischen Objektive nicht mit dem Katar abgekl\u00e4rt waren. Die Zweckehe mit den Katarern sei durch Konfrontation und Konkurrenz gepr\u00e4gt gewesen, diese h\u00e4tten letztendlich zum gegenseitigen Vertrauensverlust gef\u00fchrt. Helminger r\u00e4umte ein, die Katarer h\u00e4tten sich eine Cargolux gew\u00fcnscht, die viel zentralistischer gef\u00fchrt werden und weniger flexibel am Markt operieren sollte. Neben der Schlie\u00dfung der Flugzeugwartung in Luxemburg, wollte Qatar Airways ebenfalls die Cargolux-Flotte auf unter 10 Flugzeuge stutzen, gab Helminger zu. \u00dcbrigens war es Cargolux-CEO Richard Forson, der in einem Interview mit der Online-Zeitung Cargo Forwarder vom 4. September 2012 als erster \u00fcber die Auslagerungspl\u00e4ne der Flugzeugwartung sprach, eine Idee, die zu Beginn viele Verfechter bei Politik und Wirtschaft fand.<\/p>\n<p>Es war demnach h\u00f6chste Zeit, dass der OGBL letztes Jahr im September die Notbremse zog! Das Vorhaben der Katarer, das seinerzeit \u00fcbrigens aktiv von Paul Helminger und der Regierung unterst\u00fctzt wurde, h\u00e4tte in einer Katastrophe f\u00fcr Luxemburg geendet. Es h\u00e4tte den Abbau Tausender Arbeitspl\u00e4tze am Flughafen Findel zur Folge gehabt. Nun d\u00fcrfte wohl auch Paul Helminger der Redensart zustimmen: Au\u00dfer Spesen nichts gewesen! Sollte sich best\u00e4tigen, dass dem zuk\u00fcnftigen Aktion\u00e4r erneut eine Sperrminorit\u00e4t zugestanden wird, indem ihm ein Aktienpaket von mehr als 33% \u00fcberlassen wird, dann hat die Regierung tats\u00e4chlich keine Lehren aus dem Katar-Debakel gezogen.<\/p>\n<p><strong>Sonderbarer Sinneswandel<\/strong><\/p>\n<p>Bemerkenswert ist der sonderbare Sinneswandel Paul Helmingers und seiner Handlanger. Noch vor acht Monaten stachelte Helminger zusammen mit dem ehemaligen Verwaltungsratsvorsitzenden der Cargolux, Albert Wildgen, in einem Rundtischgespr\u00e4ch im Transportministerium gegen die Gewerkschaften und war voll des Lobes f\u00fcr die Kultur der Katarer. Die Liebe zu den Katarern ging sogar so weit, dass Helminger den Attacken Wildgens nach einer v\u00f6lligen Liberalisierung des Cargo-Handlings stillschweigend zustimmte. Dies h\u00e4tte nicht nur folgenschwere Auswirkungen auf die Aktivit\u00e4ten und die Finanzen der Luxair gehabt, sondern zeigte damals schon, wie wenig ihm eigentlich am Cargogesch\u00e4ft der Luxair liegt. Helmingers Katar-H\u00f6rigkeit gipfelte in einem Nach\u00e4ffen in Sachen Tarifpolitik. Streng nach dem Vorbild seines Freundes Richard Forson, der auf Gehei\u00df des Qatar-Airways-Chefs Akbar Al Baker den Tarifvertrag bei der Cargolux radikal aufk\u00fcndigte, ordnete Paul Helminger im Oktober 2012 die gleiche Verfahrensweise bei der Luxair an. So ganz \u00fcberraschend kam das f\u00fcr den OGBL nicht, denn Helminger k\u00fcndigte bereits im Juli 2012 anl\u00e4sslich einer Unterredung an, dass so manche \u201eheilige Kuh\u201c auf sozialer Ebene \u201egeschlachtet\u201c werden m\u00fcsse.<\/p>\n<p>In der gleichen Sitzung zog Paul Helminger die Regierungspolitik, die den Logistiksektor weiterentwickeln m\u00f6chte, ins L\u00e4cherliche und sprach sich f\u00fcr eine Verlegung der Luftfracht von Luxemburg nach Bitburg aus. Zum Gl\u00fcck scheiterte der Unternehmer Frank Lamparski mit seinen Pl\u00e4nen, das Bitburger Flugfeld zum Frachtflughafen auszubauen. Helmingers Sicht auf den Logistiksektor hat sich in der Zwischenzeit gedreht. Er bescheinigt der Regierung nun, strategisch richtig gehandelt zu haben. Ihm w\u00e4re sogar lieber, das Projekt w\u00fcrde schneller vorankommen. Wichtig ist es eben, seine Fahne stets nach dem Wind zu drehen.<\/p>\n<p><strong>Hausgemachte Probleme<\/strong><\/p>\n<p>Paul Helminger teilt gerne aus, kehrt aber die Fehler im eigenen Lager gerne unter den Teppich. Dabei ist die Lage bei Cargolux und bei Luxair zu einem guten Teil hausgemacht. Die Cargolux musste vor drei, vier Jahren immerhin fast 300 Millionen Dollar aufbringen um Geldstrafen wegen illegaler Preisabsprachen zu zahlen, Strafen zu denen sie rechtskr\u00e4ftig verurteilt wurde. Das ist zum Fenster hinausgeworfenes Geld! Dieser Fehlbetrag ist mit schuld an der schwierigen Finanzlage der Cargolux. Auch bei der Luxair sind hausgemachte Probleme zum Teil mit verantwortlich, sodass 2012 erstmals in der Geschichte des Unternehmens ein Verlust geschrieben wurde. Unverst\u00e4ndlich ist, warum die Luxair das Rennen mit dem TGV aufgenommen hat und die einst rentable, nun aber stark defizit\u00e4re Linie nach Paris aufrechterh\u00e4lt, w\u00e4hrend sie die Lissabon-Linie grundlos eingestellt hat. Und das in einem Land, in welchem \u00fcber 80.000 Menschen mit portugiesischen Wurzeln leben! Im Cargobereich wurden gravierende Managerfehler begangen, auf die der OGBL mehrmals hingewiesen hat. Wichtige Gro\u00dfkunden kehrten der Luxair den R\u00fccken, weil sie mit dem gebotenen Service nicht mehr zufrieden waren. Bis 2008 ging die Luxair stets auf die individuellen W\u00fcnsche ihrer Luftfrachtkunden ein. Diesen Service auf Ma\u00df war f\u00fcr die Direktion des Cargocenters anscheinend nicht mehr wichtig, womit einer der Standortvorteile unseres Flughafens schlicht und einfach abgeschafft wurde.<\/p>\n<p><strong>Das Personal wird zur Kasse gebeten<\/strong><\/p>\n<p>Die Verwaltungsr\u00e4te von Cargolux und Luxair fanden schnell einen S\u00fcndenbock: das Personal mit seinen zu hohen L\u00f6hnen. In beiden Unternehmen lie\u00df sich der Verwaltungsrat seine Thesen mittels eines kostspieligen Beraterb\u00fcros best\u00e4tigen und hopp! bekommen die Besch\u00e4ftigten die Rechnung pr\u00e4sentiert. Die Gesch\u00e4ftsmodelle werden alle beibehalten, aber die Lohnkosten m\u00fcssen drastisch gek\u00fcrzt werden, hei\u00dft es nun. Das Personal solle sich gef\u00e4lligst bem\u00fchen und seinen Obolus entrichten, ist zwischen den Zeilen zu lesen. Dabei hat die Belegschaft ihren Beitrag l\u00e4ngst geleistet. Die letzten Lohnerh\u00f6hungen bei Cargolux und Luxair wurden in den Jahren 2006 beziehungsweise 2008 ausgehandelt. Seither begn\u00fcgte sich das Personal stets mit Null-Runden. Doch das scheint dem Verwaltungsratsvorsitzenden von Cargolux und Luxair nicht zu reichen. Womit nicht auszuschlie\u00dfen ist, ob hier nicht ganz bewusst ein Versuch gestartet wird, den sozialen Besitzstand insgesamt nach unten zu dr\u00fccken. Weder bei Cargolux, noch bei Luxair ist das Personal zu Lohneinbu\u00dfen bereit, wenn gleichzeitig Profite in Millionenh\u00f6he angek\u00fcndigt und erwirtschaftet werden und den Aktion\u00e4ren Dividenden versprochen werden.<\/p>\n<p><strong>Hubert Hollerich<\/strong><\/p>","protected":false},"author":1,"featured_media":4418,"template":"","categorie_communiques":[44],"syndicat":[68],"acf":[],"yoast_head":"<!-- This site is optimized with the Yoast SEO plugin v23.1 - https:\/\/yoast.com\/wordpress\/plugins\/seo\/ -->\r\n<title>Katar-Abenteuer war ein Fehler - OGBL<\/title>\r\n<meta name=\"robots\" content=\"index, follow, max-snippet:-1, max-image-preview:large, max-video-preview:-1\" \/>\r\n<link rel=\"canonical\" href=\"https:\/\/www.ogbl.lu\/communique\/paul-helminger-avoue-laventure-qatarie-etait-une-erreur\/\" \/>\r\n<meta property=\"og:locale\" content=\"de_DE\" \/>\r\n<meta property=\"og:type\" content=\"article\" \/>\r\n<meta property=\"og:title\" content=\"[:fr]L\u2019aventure qatarie \u00e9tait une erreur[:de]Katar-Abenteuer war ein Fehler[:] - OGBL\" \/>\r\n<meta property=\"og:description\" content=\"Erstmals stellt ein von der Regierung ernannter Vertreter der Cargolux und der Luxair das Abenteuer mit den Katarern als Fehler \u2026\" \/>\r\n<meta property=\"og:url\" content=\"https:\/\/www.ogbl.lu\/communique\/paul-helminger-avoue-laventure-qatarie-etait-une-erreur\/\" \/>\r\n<meta property=\"og:site_name\" content=\"OGBL\" \/>\r\n<meta property=\"article:modified_time\" content=\"2023-06-05T10:36:48+00:00\" \/>\r\n<meta property=\"og:image\" content=\"https:\/\/www.ogbl.lu\/wp-content\/uploads\/2013\/06\/demo_luxair_cargo_hubert_vignette.jpg\" \/>\r\n\t<meta property=\"og:image:width\" content=\"150\" \/>\r\n\t<meta property=\"og:image:height\" content=\"150\" \/>\r\n\t<meta property=\"og:image:type\" content=\"image\/jpeg\" \/>\r\n<meta name=\"twitter:card\" content=\"summary_large_image\" \/>\r\n<meta name=\"twitter:label1\" content=\"Est. reading time\" \/>\n\t<meta name=\"twitter:data1\" content=\"10 Minuten\" \/>\r\n<script type=\"application\/ld+json\" class=\"yoast-schema-graph\">{\"@context\":\"https:\/\/schema.org\",\"@graph\":[{\"@type\":\"WebPage\",\"@id\":\"https:\/\/www.ogbl.lu\/communique\/paul-helminger-avoue-laventure-qatarie-etait-une-erreur\/\",\"url\":\"https:\/\/www.ogbl.lu\/communique\/paul-helminger-avoue-laventure-qatarie-etait-une-erreur\/\",\"name\":\"[:fr]L\u2019aventure qatarie \u00e9tait une erreur[:de]Katar-Abenteuer war ein Fehler[:] - OGBL\",\"isPartOf\":{\"@id\":\"https:\/\/www.ogbl.lu\/de\/#website\"},\"primaryImageOfPage\":{\"@id\":\"https:\/\/www.ogbl.lu\/communique\/paul-helminger-avoue-laventure-qatarie-etait-une-erreur\/#primaryimage\"},\"image\":{\"@id\":\"https:\/\/www.ogbl.lu\/communique\/paul-helminger-avoue-laventure-qatarie-etait-une-erreur\/#primaryimage\"},\"thumbnailUrl\":\"https:\/\/www.ogbl.lu\/wp-content\/uploads\/2013\/06\/demo_luxair_cargo_hubert_vignette.jpg\",\"datePublished\":\"2013-06-04T11:58:43+00:00\",\"dateModified\":\"2023-06-05T10:36:48+00:00\",\"breadcrumb\":{\"@id\":\"https:\/\/www.ogbl.lu\/communique\/paul-helminger-avoue-laventure-qatarie-etait-une-erreur\/#breadcrumb\"},\"inLanguage\":\"de-DE\",\"potentialAction\":[{\"@type\":\"ReadAction\",\"target\":[\"https:\/\/www.ogbl.lu\/communique\/paul-helminger-avoue-laventure-qatarie-etait-une-erreur\/\"]}]},{\"@type\":\"ImageObject\",\"inLanguage\":\"de-DE\",\"@id\":\"https:\/\/www.ogbl.lu\/communique\/paul-helminger-avoue-laventure-qatarie-etait-une-erreur\/#primaryimage\",\"url\":\"https:\/\/www.ogbl.lu\/wp-content\/uploads\/2013\/06\/demo_luxair_cargo_hubert_vignette.jpg\",\"contentUrl\":\"https:\/\/www.ogbl.lu\/wp-content\/uploads\/2013\/06\/demo_luxair_cargo_hubert_vignette.jpg\",\"width\":150,\"height\":150},{\"@type\":\"BreadcrumbList\",\"@id\":\"https:\/\/www.ogbl.lu\/communique\/paul-helminger-avoue-laventure-qatarie-etait-une-erreur\/#breadcrumb\",\"itemListElement\":[{\"@type\":\"ListItem\",\"position\":1,\"name\":\"Home\",\"item\":\"https:\/\/www.ogbl.lu\/\"},{\"@type\":\"ListItem\",\"position\":2,\"name\":\"L\u2019aventure qatarie \u00e9tait une erreur\"}]},{\"@type\":\"WebSite\",\"@id\":\"https:\/\/www.ogbl.lu\/de\/#website\",\"url\":\"https:\/\/www.ogbl.lu\/de\/\",\"name\":\"OGBL\",\"description\":\"DIE GEWERKSCHAFT\",\"publisher\":{\"@id\":\"https:\/\/www.ogbl.lu\/de\/#organization\"},\"potentialAction\":[{\"@type\":\"SearchAction\",\"target\":{\"@type\":\"EntryPoint\",\"urlTemplate\":\"https:\/\/www.ogbl.lu\/de\/?s={search_term_string}\"},\"query-input\":\"required name=search_term_string\"}],\"inLanguage\":\"de-DE\"},{\"@type\":\"Organization\",\"@id\":\"https:\/\/www.ogbl.lu\/de\/#organization\",\"name\":\"OGBL\",\"url\":\"https:\/\/www.ogbl.lu\/de\/\",\"logo\":{\"@type\":\"ImageObject\",\"inLanguage\":\"de-DE\",\"@id\":\"https:\/\/www.ogbl.lu\/de\/#\/schema\/logo\/image\/\",\"url\":\"https:\/\/www.ogbl.lu\/wp-content\/uploads\/2024\/07\/LOGO_Red_FR-svg.png\",\"contentUrl\":\"https:\/\/www.ogbl.lu\/wp-content\/uploads\/2024\/07\/LOGO_Red_FR-svg.png\",\"width\":369,\"height\":171,\"caption\":\"OGBL\"},\"image\":{\"@id\":\"https:\/\/www.ogbl.lu\/de\/#\/schema\/logo\/image\/\"}}]}<\/script>\r\n<!-- \/ Yoast SEO plugin. -->","yoast_head_json":{"title":"[:fr]L\u2019aventure qatarie \u00e9tait une erreur[:de]Katar-Abenteuer war ein Fehler[:] - OGBL","robots":{"index":"index","follow":"follow","max-snippet":"max-snippet:-1","max-image-preview":"max-image-preview:large","max-video-preview":"max-video-preview:-1"},"canonical":"https:\/\/www.ogbl.lu\/communique\/paul-helminger-avoue-laventure-qatarie-etait-une-erreur\/","og_locale":"de_DE","og_type":"article","og_title":"[:fr]L\u2019aventure qatarie \u00e9tait une erreur[:de]Katar-Abenteuer war ein Fehler[:] - OGBL","og_description":"Erstmals stellt ein von der Regierung ernannter Vertreter der Cargolux und der Luxair das Abenteuer mit den Katarern als Fehler \u2026","og_url":"https:\/\/www.ogbl.lu\/communique\/paul-helminger-avoue-laventure-qatarie-etait-une-erreur\/","og_site_name":"OGBL","article_modified_time":"2023-06-05T10:36:48+00:00","og_image":[{"width":150,"height":150,"url":"https:\/\/www.ogbl.lu\/wp-content\/uploads\/2013\/06\/demo_luxair_cargo_hubert_vignette.jpg","type":"image\/jpeg"}],"twitter_card":"summary_large_image","twitter_misc":{"Est. reading time":"10 Minuten"},"schema":{"@context":"https:\/\/schema.org","@graph":[{"@type":"WebPage","@id":"https:\/\/www.ogbl.lu\/communique\/paul-helminger-avoue-laventure-qatarie-etait-une-erreur\/","url":"https:\/\/www.ogbl.lu\/communique\/paul-helminger-avoue-laventure-qatarie-etait-une-erreur\/","name":"[:fr]L\u2019aventure qatarie \u00e9tait une erreur[:de]Katar-Abenteuer war ein Fehler[:] - OGBL","isPartOf":{"@id":"https:\/\/www.ogbl.lu\/de\/#website"},"primaryImageOfPage":{"@id":"https:\/\/www.ogbl.lu\/communique\/paul-helminger-avoue-laventure-qatarie-etait-une-erreur\/#primaryimage"},"image":{"@id":"https:\/\/www.ogbl.lu\/communique\/paul-helminger-avoue-laventure-qatarie-etait-une-erreur\/#primaryimage"},"thumbnailUrl":"https:\/\/www.ogbl.lu\/wp-content\/uploads\/2013\/06\/demo_luxair_cargo_hubert_vignette.jpg","datePublished":"2013-06-04T11:58:43+00:00","dateModified":"2023-06-05T10:36:48+00:00","breadcrumb":{"@id":"https:\/\/www.ogbl.lu\/communique\/paul-helminger-avoue-laventure-qatarie-etait-une-erreur\/#breadcrumb"},"inLanguage":"de-DE","potentialAction":[{"@type":"ReadAction","target":["https:\/\/www.ogbl.lu\/communique\/paul-helminger-avoue-laventure-qatarie-etait-une-erreur\/"]}]},{"@type":"ImageObject","inLanguage":"de-DE","@id":"https:\/\/www.ogbl.lu\/communique\/paul-helminger-avoue-laventure-qatarie-etait-une-erreur\/#primaryimage","url":"https:\/\/www.ogbl.lu\/wp-content\/uploads\/2013\/06\/demo_luxair_cargo_hubert_vignette.jpg","contentUrl":"https:\/\/www.ogbl.lu\/wp-content\/uploads\/2013\/06\/demo_luxair_cargo_hubert_vignette.jpg","width":150,"height":150},{"@type":"BreadcrumbList","@id":"https:\/\/www.ogbl.lu\/communique\/paul-helminger-avoue-laventure-qatarie-etait-une-erreur\/#breadcrumb","itemListElement":[{"@type":"ListItem","position":1,"name":"Home","item":"https:\/\/www.ogbl.lu\/"},{"@type":"ListItem","position":2,"name":"L\u2019aventure qatarie \u00e9tait une erreur"}]},{"@type":"WebSite","@id":"https:\/\/www.ogbl.lu\/de\/#website","url":"https:\/\/www.ogbl.lu\/de\/","name":"OGBL","description":"DIE GEWERKSCHAFT","publisher":{"@id":"https:\/\/www.ogbl.lu\/de\/#organization"},"potentialAction":[{"@type":"SearchAction","target":{"@type":"EntryPoint","urlTemplate":"https:\/\/www.ogbl.lu\/de\/?s={search_term_string}"},"query-input":"required name=search_term_string"}],"inLanguage":"de-DE"},{"@type":"Organization","@id":"https:\/\/www.ogbl.lu\/de\/#organization","name":"OGBL","url":"https:\/\/www.ogbl.lu\/de\/","logo":{"@type":"ImageObject","inLanguage":"de-DE","@id":"https:\/\/www.ogbl.lu\/de\/#\/schema\/logo\/image\/","url":"https:\/\/www.ogbl.lu\/wp-content\/uploads\/2024\/07\/LOGO_Red_FR-svg.png","contentUrl":"https:\/\/www.ogbl.lu\/wp-content\/uploads\/2024\/07\/LOGO_Red_FR-svg.png","width":369,"height":171,"caption":"OGBL"},"image":{"@id":"https:\/\/www.ogbl.lu\/de\/#\/schema\/logo\/image\/"}}]}},"_links":{"self":[{"href":"https:\/\/www.ogbl.lu\/de\/wp-json\/wp\/v2\/communiques\/1471"}],"collection":[{"href":"https:\/\/www.ogbl.lu\/de\/wp-json\/wp\/v2\/communiques"}],"about":[{"href":"https:\/\/www.ogbl.lu\/de\/wp-json\/wp\/v2\/types\/communiques"}],"author":[{"embeddable":true,"href":"https:\/\/www.ogbl.lu\/de\/wp-json\/wp\/v2\/users\/1"}],"version-history":[{"count":0,"href":"https:\/\/www.ogbl.lu\/de\/wp-json\/wp\/v2\/communiques\/1471\/revisions"}],"wp:featuredmedia":[{"embeddable":true,"href":"https:\/\/www.ogbl.lu\/de\/wp-json\/wp\/v2\/media\/4418"}],"wp:attachment":[{"href":"https:\/\/www.ogbl.lu\/de\/wp-json\/wp\/v2\/media?parent=1471"}],"wp:term":[{"taxonomy":"categorie_communiques","embeddable":true,"href":"https:\/\/www.ogbl.lu\/de\/wp-json\/wp\/v2\/categorie_communiques?post=1471"},{"taxonomy":"syndicat","embeddable":true,"href":"https:\/\/www.ogbl.lu\/de\/wp-json\/wp\/v2\/syndicat?post=1471"}],"curies":[{"name":"wp","href":"https:\/\/api.w.org\/{rel}","templated":true}]}}