{"id":14336,"date":"2023-04-24T10:07:28","date_gmt":"2023-04-24T08:07:28","guid":{"rendered":"https:\/\/www.ogbl.lu\/communique\/premiere-convention-collective-de-travail-au-laboratoire-national-de-sante-lns"},"modified":"2023-05-31T11:09:38","modified_gmt":"2023-05-31T09:09:38","slug":"premiere-convention-collective-de-travail-au-laboratoire-national-de-sante-lns","status":"publish","type":"communiques","link":"https:\/\/www.ogbl.lu\/de\/communique\/premiere-convention-collective-de-travail-au-laboratoire-national-de-sante-lns\/","title":{"rendered":"Erster Kollektivvertrag beim Laboratoire national de sant\u00e9 (LNS)"},"content":{"rendered":"<p>Es handelt sich um einen historischen Moment f\u00fcr die 250 Arbeitnehmer*innen des Nationalen Gesundheitslabors (Laboratoire national de sant\u00e9 &#8211; LNS), die ein privatrechtliches Statut haben. Die Direktion des LNS und die einzige im Betrieb vertretene Gewerkschaft, der OGBL, haben n\u00e4mlich am 21. April 2023 den ersten Kollektivvertrag in der Geschichte des Unternehmens unterzeichnet. Dieser tritt r\u00fcckwirkend zum 1. Januar 2023 in Kraft und wird f\u00fcr eine Dauer von drei Jahren, d.h. bis zum 31. Dezember 2025, in Kraft sein.<\/p>\n<p>Die Diskussionen \u00fcber die Einf\u00fchrung eines Kollektivvertrags im LNS begannen 2020, als der OGBL einen entsprechenden offiziellen Antrag stellte. Die Gespr\u00e4che haben sich aufgrund der Covid-19-Pandemie leider verz\u00f6gert. Den Verhandlungspartnern war es jedoch stets ein Anliegen, die Lohn- und Arbeitsbedingungen des Personals durch einen Kollektivvertrag substanziell zu verbessern.<\/p>\n<p>Die Gesundheitskrise hat deutlich gezeigt, wie wichtig die Koordination und Zusammenarbeit zwischen allen Akteuren des Gesundheitssystems ist. Als wesentlicher Bestandteil des luxemburgischen Gesundheitssystems hat das Personal des LNS stets ein beispielhaftes Engagement an den Tag gelegt, das weit \u00fcber die reine Durchf\u00fchrung von Aufgaben hinausging.<\/p>\n<p>Vor diesem Hintergrund wurde also der erste Kollektivvertrag am LNS abgeschlossen, der erhebliche Verbesserungen zum Vorteil der Besch\u00e4ftigten mit sich bringt.<\/p>\n<p>So werden die Geh\u00e4lter nicht nur um durchschnittlich 4,5 % erh\u00f6ht, sondern der Wert des Indexpunktes wird nunmehr an den des \u00f6ffentlichen Dienstes und des Kollektivvertrags des Verbandes der Krankenh\u00e4user (CCT FHL) angeglichen. Die betroffenen Besch\u00e4ftigten erhalten au\u00dferdem eine Jahresendzulage, die einem 13. Monatsgehalt entspricht. Dar\u00fcber hinaus sieht der Kollektivvertrag auch ein Urlaubsgeld in H\u00f6he von 512 Euro brutto pro Jahr sowie eine einmalige Pr\u00e4mie von 500 Euro brutto bei Unterzeichnung des Kollektivvertrags vor.<\/p>\n<p>Wichtig ist auch, dass die Bereitschaftsdienstentsch\u00e4digung erh\u00f6ht wird und Essensschecks f\u00fcr alle Besch\u00e4ftigten eingef\u00fchrt werden.<\/p>\n<p>Der Kollektivvertrag sieht au\u00dferdem eine Erh\u00f6hung des Jahresurlaubs von 28 auf 32 Tage vor, wobei zwei zus\u00e4tzliche Tage f\u00fcr Arbeitnehmer*innen ab 50 Jahren und zwei weitere Tage ab 55 Jahren hinzukommen. Ein Sozialurlaub von 40 Stunden pro Jahr sowie die Einf\u00fchrung der progressiven Vorruhestandsregelung sind ebenfalls Teil des Abkommens.<\/p>\n<p>Schlie\u00dflich haben der OGBL und die LNS-Direktion im Abkommen auch das Prinzip einer finanziellen Entwicklung festgehalten, die der des \u00f6ffentlichen Sektors entspricht, wie es auch bei den beiden gro\u00dfen Kollektivvertr\u00e4gen des Sektors (SAS und FHL) der Fall ist.<\/p>\n<p>Beide Vertragsparteien sehen in dieser Vereinbarung einen gro\u00dfen Schritt in Richtung einer besseren Anerkennung des Personals des LNS und seiner Rolle im luxemburgischen Gesundheitssystem. Es geht nun mehr denn je darum, unser Gesundheitssystem durch einheitliche Arbeitsbedingungen zu st\u00e4rken und es bestm\u00f6glich auf zuk\u00fcnftige Herausforderungen vorzubereiten.<\/p>\n<p>Die Direktion des LNS und der OGBL m\u00f6chten sich bei allen Besch\u00e4ftigten f\u00fcr ihren unerm\u00fcdlichen Einsatz in den vergangenen Jahren bedanken.<\/p>\n<p><strong>Mitgeteilt vom OGBL und der Direktion des Laboratoire national de sant\u00e9,<\/strong><br \/>\n<strong>am 24. April 2023<\/strong><\/p>","protected":false},"author":4,"featured_media":14359,"template":"","categorie_communiques":[41,51],"syndicat":[75],"acf":[],"yoast_head":"<!-- This site is optimized with the Yoast SEO plugin v23.1 - https:\/\/yoast.com\/wordpress\/plugins\/seo\/ -->\r\n<title>Erster Kollektivvertrag beim Laboratoire national de sant\u00e9 (LNS) - OGBL<\/title>\r\n<meta name=\"robots\" content=\"index, follow, max-snippet:-1, max-image-preview:large, max-video-preview:-1\" \/>\r\n<link rel=\"canonical\" href=\"https:\/\/www.ogbl.lu\/communique\/premiere-convention-collective-de-travail-au-laboratoire-national-de-sante-lns\/\" \/>\r\n<meta property=\"og:locale\" content=\"de_DE\" \/>\r\n<meta property=\"og:type\" content=\"article\" \/>\r\n<meta property=\"og:title\" content=\"[:fr]Premi\u00e8re convention collective de travail au Laboratoire national de sant\u00e9 (LNS)[:de]Erster Kollektivvertrag beim Laboratoire national de sant\u00e9 (LNS)[:en]First collective bargaining agreement at the Laboratoire National de Sant\u00e9 (LNS)[:] - OGBL\" \/>\r\n<meta property=\"og:description\" content=\"Es handelt sich um einen historischen Moment f\u00fcr die 250 Arbeitnehmer*innen des Nationalen Gesundheitslabors (Laboratoire national de sant\u00e9 &#8211; LNS), \u2026\" \/>\r\n<meta property=\"og:url\" content=\"https:\/\/www.ogbl.lu\/communique\/premiere-convention-collective-de-travail-au-laboratoire-national-de-sante-lns\/\" \/>\r\n<meta property=\"og:site_name\" content=\"OGBL\" \/>\r\n<meta property=\"article:modified_time\" content=\"2023-05-31T09:09:38+00:00\" \/>\r\n<meta property=\"og:image\" content=\"https:\/\/www.ogbl.lu\/wp-content\/uploads\/2023\/04\/Photo_signature_CCT_LNS-1024x682-1.jpg\" \/>\r\n\t<meta property=\"og:image:width\" content=\"1024\" \/>\r\n\t<meta property=\"og:image:height\" content=\"682\" \/>\r\n\t<meta property=\"og:image:type\" content=\"image\/jpeg\" \/>\r\n<meta name=\"twitter:card\" content=\"summary_large_image\" \/>\r\n<meta name=\"twitter:label1\" content=\"Est. reading time\" \/>\n\t<meta name=\"twitter:data1\" content=\"8 Minuten\" \/>\r\n<script type=\"application\/ld+json\" class=\"yoast-schema-graph\">{\"@context\":\"https:\/\/schema.org\",\"@graph\":[{\"@type\":\"WebPage\",\"@id\":\"https:\/\/www.ogbl.lu\/communique\/premiere-convention-collective-de-travail-au-laboratoire-national-de-sante-lns\/\",\"url\":\"https:\/\/www.ogbl.lu\/communique\/premiere-convention-collective-de-travail-au-laboratoire-national-de-sante-lns\/\",\"name\":\"[:fr]Premi\u00e8re convention collective de travail au Laboratoire national de sant\u00e9 (LNS)[:de]Erster Kollektivvertrag beim Laboratoire national de sant\u00e9 (LNS)[:en]First collective bargaining agreement at the Laboratoire National de Sant\u00e9 (LNS)[:] - OGBL\",\"isPartOf\":{\"@id\":\"https:\/\/www.ogbl.lu\/de\/#website\"},\"primaryImageOfPage\":{\"@id\":\"https:\/\/www.ogbl.lu\/communique\/premiere-convention-collective-de-travail-au-laboratoire-national-de-sante-lns\/#primaryimage\"},\"image\":{\"@id\":\"https:\/\/www.ogbl.lu\/communique\/premiere-convention-collective-de-travail-au-laboratoire-national-de-sante-lns\/#primaryimage\"},\"thumbnailUrl\":\"https:\/\/www.ogbl.lu\/wp-content\/uploads\/2023\/04\/Photo_signature_CCT_LNS-1024x682-1.jpg\",\"datePublished\":\"2023-04-24T08:07:28+00:00\",\"dateModified\":\"2023-05-31T09:09:38+00:00\",\"breadcrumb\":{\"@id\":\"https:\/\/www.ogbl.lu\/communique\/premiere-convention-collective-de-travail-au-laboratoire-national-de-sante-lns\/#breadcrumb\"},\"inLanguage\":\"de-DE\",\"potentialAction\":[{\"@type\":\"ReadAction\",\"target\":[\"https:\/\/www.ogbl.lu\/communique\/premiere-convention-collective-de-travail-au-laboratoire-national-de-sante-lns\/\"]}]},{\"@type\":\"ImageObject\",\"inLanguage\":\"de-DE\",\"@id\":\"https:\/\/www.ogbl.lu\/communique\/premiere-convention-collective-de-travail-au-laboratoire-national-de-sante-lns\/#primaryimage\",\"url\":\"https:\/\/www.ogbl.lu\/wp-content\/uploads\/2023\/04\/Photo_signature_CCT_LNS-1024x682-1.jpg\",\"contentUrl\":\"https:\/\/www.ogbl.lu\/wp-content\/uploads\/2023\/04\/Photo_signature_CCT_LNS-1024x682-1.jpg\",\"width\":1024,\"height\":682},{\"@type\":\"BreadcrumbList\",\"@id\":\"https:\/\/www.ogbl.lu\/communique\/premiere-convention-collective-de-travail-au-laboratoire-national-de-sante-lns\/#breadcrumb\",\"itemListElement\":[{\"@type\":\"ListItem\",\"position\":1,\"name\":\"Home\",\"item\":\"https:\/\/www.ogbl.lu\/\"},{\"@type\":\"ListItem\",\"position\":2,\"name\":\"Premi\u00e8re convention collective de travail au Laboratoire national de sant\u00e9 (LNS)\"}]},{\"@type\":\"WebSite\",\"@id\":\"https:\/\/www.ogbl.lu\/de\/#website\",\"url\":\"https:\/\/www.ogbl.lu\/de\/\",\"name\":\"OGBL\",\"description\":\"DIE GEWERKSCHAFT\",\"publisher\":{\"@id\":\"https:\/\/www.ogbl.lu\/de\/#organization\"},\"potentialAction\":[{\"@type\":\"SearchAction\",\"target\":{\"@type\":\"EntryPoint\",\"urlTemplate\":\"https:\/\/www.ogbl.lu\/de\/?s={search_term_string}\"},\"query-input\":\"required name=search_term_string\"}],\"inLanguage\":\"de-DE\"},{\"@type\":\"Organization\",\"@id\":\"https:\/\/www.ogbl.lu\/de\/#organization\",\"name\":\"OGBL\",\"url\":\"https:\/\/www.ogbl.lu\/de\/\",\"logo\":{\"@type\":\"ImageObject\",\"inLanguage\":\"de-DE\",\"@id\":\"https:\/\/www.ogbl.lu\/de\/#\/schema\/logo\/image\/\",\"url\":\"https:\/\/www.ogbl.lu\/wp-content\/uploads\/2024\/07\/LOGO_Red_FR-svg.png\",\"contentUrl\":\"https:\/\/www.ogbl.lu\/wp-content\/uploads\/2024\/07\/LOGO_Red_FR-svg.png\",\"width\":369,\"height\":171,\"caption\":\"OGBL\"},\"image\":{\"@id\":\"https:\/\/www.ogbl.lu\/de\/#\/schema\/logo\/image\/\"}}]}<\/script>\r\n<!-- \/ Yoast SEO plugin. -->","yoast_head_json":{"title":"[:fr]Premi\u00e8re convention collective de travail au Laboratoire national de sant\u00e9 (LNS)[:de]Erster Kollektivvertrag beim Laboratoire national de sant\u00e9 (LNS)[:en]First collective bargaining agreement at the Laboratoire National de Sant\u00e9 (LNS)[:] - OGBL","robots":{"index":"index","follow":"follow","max-snippet":"max-snippet:-1","max-image-preview":"max-image-preview:large","max-video-preview":"max-video-preview:-1"},"canonical":"https:\/\/www.ogbl.lu\/communique\/premiere-convention-collective-de-travail-au-laboratoire-national-de-sante-lns\/","og_locale":"de_DE","og_type":"article","og_title":"[:fr]Premi\u00e8re convention collective de travail au Laboratoire national de sant\u00e9 (LNS)[:de]Erster Kollektivvertrag beim Laboratoire national de sant\u00e9 (LNS)[:en]First collective bargaining agreement at the Laboratoire National de Sant\u00e9 (LNS)[:] - OGBL","og_description":"Es handelt sich um einen historischen Moment f\u00fcr die 250 Arbeitnehmer*innen des Nationalen Gesundheitslabors (Laboratoire national de sant\u00e9 &#8211; LNS), \u2026","og_url":"https:\/\/www.ogbl.lu\/communique\/premiere-convention-collective-de-travail-au-laboratoire-national-de-sante-lns\/","og_site_name":"OGBL","article_modified_time":"2023-05-31T09:09:38+00:00","og_image":[{"width":1024,"height":682,"url":"https:\/\/www.ogbl.lu\/wp-content\/uploads\/2023\/04\/Photo_signature_CCT_LNS-1024x682-1.jpg","type":"image\/jpeg"}],"twitter_card":"summary_large_image","twitter_misc":{"Est. reading time":"8 Minuten"},"schema":{"@context":"https:\/\/schema.org","@graph":[{"@type":"WebPage","@id":"https:\/\/www.ogbl.lu\/communique\/premiere-convention-collective-de-travail-au-laboratoire-national-de-sante-lns\/","url":"https:\/\/www.ogbl.lu\/communique\/premiere-convention-collective-de-travail-au-laboratoire-national-de-sante-lns\/","name":"[:fr]Premi\u00e8re convention collective de travail au Laboratoire national de sant\u00e9 (LNS)[:de]Erster Kollektivvertrag beim Laboratoire national de sant\u00e9 (LNS)[:en]First collective bargaining agreement at the Laboratoire National de Sant\u00e9 (LNS)[:] - OGBL","isPartOf":{"@id":"https:\/\/www.ogbl.lu\/de\/#website"},"primaryImageOfPage":{"@id":"https:\/\/www.ogbl.lu\/communique\/premiere-convention-collective-de-travail-au-laboratoire-national-de-sante-lns\/#primaryimage"},"image":{"@id":"https:\/\/www.ogbl.lu\/communique\/premiere-convention-collective-de-travail-au-laboratoire-national-de-sante-lns\/#primaryimage"},"thumbnailUrl":"https:\/\/www.ogbl.lu\/wp-content\/uploads\/2023\/04\/Photo_signature_CCT_LNS-1024x682-1.jpg","datePublished":"2023-04-24T08:07:28+00:00","dateModified":"2023-05-31T09:09:38+00:00","breadcrumb":{"@id":"https:\/\/www.ogbl.lu\/communique\/premiere-convention-collective-de-travail-au-laboratoire-national-de-sante-lns\/#breadcrumb"},"inLanguage":"de-DE","potentialAction":[{"@type":"ReadAction","target":["https:\/\/www.ogbl.lu\/communique\/premiere-convention-collective-de-travail-au-laboratoire-national-de-sante-lns\/"]}]},{"@type":"ImageObject","inLanguage":"de-DE","@id":"https:\/\/www.ogbl.lu\/communique\/premiere-convention-collective-de-travail-au-laboratoire-national-de-sante-lns\/#primaryimage","url":"https:\/\/www.ogbl.lu\/wp-content\/uploads\/2023\/04\/Photo_signature_CCT_LNS-1024x682-1.jpg","contentUrl":"https:\/\/www.ogbl.lu\/wp-content\/uploads\/2023\/04\/Photo_signature_CCT_LNS-1024x682-1.jpg","width":1024,"height":682},{"@type":"BreadcrumbList","@id":"https:\/\/www.ogbl.lu\/communique\/premiere-convention-collective-de-travail-au-laboratoire-national-de-sante-lns\/#breadcrumb","itemListElement":[{"@type":"ListItem","position":1,"name":"Home","item":"https:\/\/www.ogbl.lu\/"},{"@type":"ListItem","position":2,"name":"Premi\u00e8re convention collective de travail au Laboratoire national de sant\u00e9 (LNS)"}]},{"@type":"WebSite","@id":"https:\/\/www.ogbl.lu\/de\/#website","url":"https:\/\/www.ogbl.lu\/de\/","name":"OGBL","description":"DIE GEWERKSCHAFT","publisher":{"@id":"https:\/\/www.ogbl.lu\/de\/#organization"},"potentialAction":[{"@type":"SearchAction","target":{"@type":"EntryPoint","urlTemplate":"https:\/\/www.ogbl.lu\/de\/?s={search_term_string}"},"query-input":"required name=search_term_string"}],"inLanguage":"de-DE"},{"@type":"Organization","@id":"https:\/\/www.ogbl.lu\/de\/#organization","name":"OGBL","url":"https:\/\/www.ogbl.lu\/de\/","logo":{"@type":"ImageObject","inLanguage":"de-DE","@id":"https:\/\/www.ogbl.lu\/de\/#\/schema\/logo\/image\/","url":"https:\/\/www.ogbl.lu\/wp-content\/uploads\/2024\/07\/LOGO_Red_FR-svg.png","contentUrl":"https:\/\/www.ogbl.lu\/wp-content\/uploads\/2024\/07\/LOGO_Red_FR-svg.png","width":369,"height":171,"caption":"OGBL"},"image":{"@id":"https:\/\/www.ogbl.lu\/de\/#\/schema\/logo\/image\/"}}]}},"_links":{"self":[{"href":"https:\/\/www.ogbl.lu\/de\/wp-json\/wp\/v2\/communiques\/14336"}],"collection":[{"href":"https:\/\/www.ogbl.lu\/de\/wp-json\/wp\/v2\/communiques"}],"about":[{"href":"https:\/\/www.ogbl.lu\/de\/wp-json\/wp\/v2\/types\/communiques"}],"author":[{"embeddable":true,"href":"https:\/\/www.ogbl.lu\/de\/wp-json\/wp\/v2\/users\/4"}],"version-history":[{"count":0,"href":"https:\/\/www.ogbl.lu\/de\/wp-json\/wp\/v2\/communiques\/14336\/revisions"}],"wp:featuredmedia":[{"embeddable":true,"href":"https:\/\/www.ogbl.lu\/de\/wp-json\/wp\/v2\/media\/14359"}],"wp:attachment":[{"href":"https:\/\/www.ogbl.lu\/de\/wp-json\/wp\/v2\/media?parent=14336"}],"wp:term":[{"taxonomy":"categorie_communiques","embeddable":true,"href":"https:\/\/www.ogbl.lu\/de\/wp-json\/wp\/v2\/categorie_communiques?post=14336"},{"taxonomy":"syndicat","embeddable":true,"href":"https:\/\/www.ogbl.lu\/de\/wp-json\/wp\/v2\/syndicat?post=14336"}],"curies":[{"name":"wp","href":"https:\/\/api.w.org\/{rel}","templated":true}]}}