{"id":1318,"date":"2012-11-28T13:33:25","date_gmt":"2012-11-28T12:33:25","guid":{"rendered":"https:\/\/www.ogbl.lu\/communiques\/pour-une-politique-ciblee-en-matiere-de-green-jobs-au-luxembourg"},"modified":"2023-05-23T19:44:21","modified_gmt":"2023-05-23T17:44:21","slug":"pour-une-politique-ciblee-en-matiere-de-green-jobs-au-luxembourg","status":"publish","type":"communiques","link":"https:\/\/www.ogbl.lu\/de\/communique\/pour-une-politique-ciblee-en-matiere-de-green-jobs-au-luxembourg\/","title":{"rendered":"OGBL und Mouvement Ecologique trafen Arbeitsminister Nicolas Schmit"},"content":{"rendered":"<p><img loading=\"lazy\" decoding=\"async\" class=\"alignleft size-full wp-image-10840\" title=\"mouvement_ecologique_ogbl_logos\" src=\"https:\/\/www.ogbl.lu\/wp-content\/uploads\/communiques\/mouvement_ecologique_ogbl_logos.gif\" alt=\"\" width=\"150\" height=\"150\" \/>Das Arbeitsministerium hatte angek\u00fcndigt gemeinsam mit dem Nachhaltigkeitsministerium eine Initiative zur Schaffung weiterer \u201egreen jobs\u201c in Luxemburg ergreifen zu wollen. Mouvement Ecologique und OGBL hatten daraufhin eine gemeinsame Unterredung zu einem Austausch \u00fcber diese Thematik bei Arbeitsminister angefragt.<\/p>\n<p>Gerade in wirtschaftlich schwierigen Zeiten kann die Schaffung so genannter \u201egreen jobs\u201c einen wichtigen Beitrag zu krisensicheren Arbeitspl\u00e4tzen darstellen und damit auch einen gro\u00dfen Schritt zum Erreichen der Ziele einer nachhaltigen Politik z.B. im Klima- und Energiebereich.<\/p>\n<p>Grunds\u00e4tzlich begr\u00fc\u00dfen sowohl OGBL als auch Mouvement Ecologique, dass der Minister in diesem Dossier aktiv werden will. Ziel sollte die Erstellung einer auf Luxemburg ausgerichteten Strategie sein. Es g\u00e4lte zu untersuchen, in welchen bestehenden Branchen Ausbaupotential besteht, welche neuen innovativen Projekte in Produktions- bzw. Dienstleistungsbereichen angegangen werden k\u00f6nnen. Ein besonderes Augenmerk sollte zudem den Branchen gelten, die aufgrund ver\u00e4nderter Rahmenbedingungen (wie z.B. steigender Energiepreise) vor neuen Herausforderungen stehen und in welchen Requalifizierungsma\u00dfnahmen in Richtung \u201egreen jobs\u201d eineTeill\u00f6sung darstellen k\u00f6nnten.<\/p>\n<p>Im Dezember 2012 beabsichtigen die Ministerien eine Konferenz zum Thema \u201egreen jobs\u201c mit anschlie\u00dfendem Rundtischgespr\u00e4ch zu organisieren. Sowohl OGBL als auch der Mouvement Ecologique sicherten ihre Mitarbeit zu.<\/p>\n<p><strong> <\/strong><\/p>\n<p><strong>Mitgeteilt von OGBL und Mouvement Ecologique<br \/>\nam 27. November 2012<\/strong><\/p>\n<p>&nbsp;<\/p>\n<p>&nbsp;<\/p>","protected":false},"author":1,"featured_media":4538,"template":"","categorie_communiques":[41],"syndicat":[],"acf":[],"yoast_head":"<!-- This site is optimized with the Yoast SEO plugin v23.1 - https:\/\/yoast.com\/wordpress\/plugins\/seo\/ -->\r\n<title>OGBL und Mouvement Ecologique trafen Arbeitsminister Nicolas Schmit - OGBL<\/title>\r\n<meta name=\"robots\" content=\"index, follow, max-snippet:-1, max-image-preview:large, max-video-preview:-1\" \/>\r\n<link rel=\"canonical\" href=\"https:\/\/www.ogbl.lu\/communique\/pour-une-politique-ciblee-en-matiere-de-green-jobs-au-luxembourg\/\" \/>\r\n<meta property=\"og:locale\" content=\"de_DE\" \/>\r\n<meta property=\"og:type\" content=\"article\" \/>\r\n<meta property=\"og:title\" content=\"[:fr]Pour une politique cibl\u00e9e en mati\u00e8re de \u00abgreen jobs\u00bb au Luxembourg[:de]OGBL und Mouvement Ecologique trafen Arbeitsminister Nicolas Schmit[:] - OGBL\" \/>\r\n<meta property=\"og:description\" content=\"Das Arbeitsministerium hatte angek\u00fcndigt gemeinsam mit dem Nachhaltigkeitsministerium eine Initiative zur Schaffung weiterer \u201egreen jobs\u201c in Luxemburg ergreifen zu wollen. \u2026\" \/>\r\n<meta property=\"og:url\" content=\"https:\/\/www.ogbl.lu\/communique\/pour-une-politique-ciblee-en-matiere-de-green-jobs-au-luxembourg\/\" \/>\r\n<meta property=\"og:site_name\" content=\"OGBL\" \/>\r\n<meta property=\"article:modified_time\" content=\"2023-05-23T17:44:21+00:00\" \/>\r\n<meta property=\"og:image\" content=\"https:\/\/www.ogbl.lu\/wp-content\/uploads\/2012\/11\/mouvement_ecologique_ogbl_logos.gif\" \/>\r\n\t<meta property=\"og:image:width\" content=\"150\" \/>\r\n\t<meta property=\"og:image:height\" content=\"150\" \/>\r\n\t<meta property=\"og:image:type\" content=\"image\/gif\" \/>\r\n<meta name=\"twitter:card\" content=\"summary_large_image\" \/>\r\n<meta name=\"twitter:label1\" content=\"Est. reading time\" \/>\n\t<meta name=\"twitter:data1\" content=\"2 Minuten\" \/>\r\n<script type=\"application\/ld+json\" class=\"yoast-schema-graph\">{\"@context\":\"https:\/\/schema.org\",\"@graph\":[{\"@type\":\"WebPage\",\"@id\":\"https:\/\/www.ogbl.lu\/communique\/pour-une-politique-ciblee-en-matiere-de-green-jobs-au-luxembourg\/\",\"url\":\"https:\/\/www.ogbl.lu\/communique\/pour-une-politique-ciblee-en-matiere-de-green-jobs-au-luxembourg\/\",\"name\":\"[:fr]Pour une politique cibl\u00e9e en mati\u00e8re de \u00abgreen jobs\u00bb au Luxembourg[:de]OGBL und Mouvement Ecologique trafen Arbeitsminister Nicolas Schmit[:] - OGBL\",\"isPartOf\":{\"@id\":\"https:\/\/www.ogbl.lu\/de\/#website\"},\"primaryImageOfPage\":{\"@id\":\"https:\/\/www.ogbl.lu\/communique\/pour-une-politique-ciblee-en-matiere-de-green-jobs-au-luxembourg\/#primaryimage\"},\"image\":{\"@id\":\"https:\/\/www.ogbl.lu\/communique\/pour-une-politique-ciblee-en-matiere-de-green-jobs-au-luxembourg\/#primaryimage\"},\"thumbnailUrl\":\"https:\/\/www.ogbl.lu\/wp-content\/uploads\/2012\/11\/mouvement_ecologique_ogbl_logos.gif\",\"datePublished\":\"2012-11-28T12:33:25+00:00\",\"dateModified\":\"2023-05-23T17:44:21+00:00\",\"breadcrumb\":{\"@id\":\"https:\/\/www.ogbl.lu\/communique\/pour-une-politique-ciblee-en-matiere-de-green-jobs-au-luxembourg\/#breadcrumb\"},\"inLanguage\":\"de-DE\",\"potentialAction\":[{\"@type\":\"ReadAction\",\"target\":[\"https:\/\/www.ogbl.lu\/communique\/pour-une-politique-ciblee-en-matiere-de-green-jobs-au-luxembourg\/\"]}]},{\"@type\":\"ImageObject\",\"inLanguage\":\"de-DE\",\"@id\":\"https:\/\/www.ogbl.lu\/communique\/pour-une-politique-ciblee-en-matiere-de-green-jobs-au-luxembourg\/#primaryimage\",\"url\":\"https:\/\/www.ogbl.lu\/wp-content\/uploads\/2012\/11\/mouvement_ecologique_ogbl_logos.gif\",\"contentUrl\":\"https:\/\/www.ogbl.lu\/wp-content\/uploads\/2012\/11\/mouvement_ecologique_ogbl_logos.gif\",\"width\":150,\"height\":150},{\"@type\":\"BreadcrumbList\",\"@id\":\"https:\/\/www.ogbl.lu\/communique\/pour-une-politique-ciblee-en-matiere-de-green-jobs-au-luxembourg\/#breadcrumb\",\"itemListElement\":[{\"@type\":\"ListItem\",\"position\":1,\"name\":\"Home\",\"item\":\"https:\/\/www.ogbl.lu\/\"},{\"@type\":\"ListItem\",\"position\":2,\"name\":\"Pour une politique cibl\u00e9e en mati\u00e8re de \u00abgreen jobs\u00bb au Luxembourg\"}]},{\"@type\":\"WebSite\",\"@id\":\"https:\/\/www.ogbl.lu\/de\/#website\",\"url\":\"https:\/\/www.ogbl.lu\/de\/\",\"name\":\"OGBL\",\"description\":\"DIE GEWERKSCHAFT\",\"publisher\":{\"@id\":\"https:\/\/www.ogbl.lu\/de\/#organization\"},\"potentialAction\":[{\"@type\":\"SearchAction\",\"target\":{\"@type\":\"EntryPoint\",\"urlTemplate\":\"https:\/\/www.ogbl.lu\/de\/?s={search_term_string}\"},\"query-input\":\"required name=search_term_string\"}],\"inLanguage\":\"de-DE\"},{\"@type\":\"Organization\",\"@id\":\"https:\/\/www.ogbl.lu\/de\/#organization\",\"name\":\"OGBL\",\"url\":\"https:\/\/www.ogbl.lu\/de\/\",\"logo\":{\"@type\":\"ImageObject\",\"inLanguage\":\"de-DE\",\"@id\":\"https:\/\/www.ogbl.lu\/de\/#\/schema\/logo\/image\/\",\"url\":\"https:\/\/www.ogbl.lu\/wp-content\/uploads\/2024\/07\/LOGO_Red_FR-svg.png\",\"contentUrl\":\"https:\/\/www.ogbl.lu\/wp-content\/uploads\/2024\/07\/LOGO_Red_FR-svg.png\",\"width\":369,\"height\":171,\"caption\":\"OGBL\"},\"image\":{\"@id\":\"https:\/\/www.ogbl.lu\/de\/#\/schema\/logo\/image\/\"}}]}<\/script>\r\n<!-- \/ Yoast SEO plugin. -->","yoast_head_json":{"title":"[:fr]Pour une politique cibl\u00e9e en mati\u00e8re de \u00abgreen jobs\u00bb au Luxembourg[:de]OGBL und Mouvement Ecologique trafen Arbeitsminister Nicolas Schmit[:] - OGBL","robots":{"index":"index","follow":"follow","max-snippet":"max-snippet:-1","max-image-preview":"max-image-preview:large","max-video-preview":"max-video-preview:-1"},"canonical":"https:\/\/www.ogbl.lu\/communique\/pour-une-politique-ciblee-en-matiere-de-green-jobs-au-luxembourg\/","og_locale":"de_DE","og_type":"article","og_title":"[:fr]Pour une politique cibl\u00e9e en mati\u00e8re de \u00abgreen jobs\u00bb au Luxembourg[:de]OGBL und Mouvement Ecologique trafen Arbeitsminister Nicolas Schmit[:] - OGBL","og_description":"Das Arbeitsministerium hatte angek\u00fcndigt gemeinsam mit dem Nachhaltigkeitsministerium eine Initiative zur Schaffung weiterer \u201egreen jobs\u201c in Luxemburg ergreifen zu wollen. \u2026","og_url":"https:\/\/www.ogbl.lu\/communique\/pour-une-politique-ciblee-en-matiere-de-green-jobs-au-luxembourg\/","og_site_name":"OGBL","article_modified_time":"2023-05-23T17:44:21+00:00","og_image":[{"width":150,"height":150,"url":"https:\/\/www.ogbl.lu\/wp-content\/uploads\/2012\/11\/mouvement_ecologique_ogbl_logos.gif","type":"image\/gif"}],"twitter_card":"summary_large_image","twitter_misc":{"Est. reading time":"2 Minuten"},"schema":{"@context":"https:\/\/schema.org","@graph":[{"@type":"WebPage","@id":"https:\/\/www.ogbl.lu\/communique\/pour-une-politique-ciblee-en-matiere-de-green-jobs-au-luxembourg\/","url":"https:\/\/www.ogbl.lu\/communique\/pour-une-politique-ciblee-en-matiere-de-green-jobs-au-luxembourg\/","name":"[:fr]Pour une politique cibl\u00e9e en mati\u00e8re de \u00abgreen jobs\u00bb au Luxembourg[:de]OGBL und Mouvement Ecologique trafen Arbeitsminister Nicolas Schmit[:] - OGBL","isPartOf":{"@id":"https:\/\/www.ogbl.lu\/de\/#website"},"primaryImageOfPage":{"@id":"https:\/\/www.ogbl.lu\/communique\/pour-une-politique-ciblee-en-matiere-de-green-jobs-au-luxembourg\/#primaryimage"},"image":{"@id":"https:\/\/www.ogbl.lu\/communique\/pour-une-politique-ciblee-en-matiere-de-green-jobs-au-luxembourg\/#primaryimage"},"thumbnailUrl":"https:\/\/www.ogbl.lu\/wp-content\/uploads\/2012\/11\/mouvement_ecologique_ogbl_logos.gif","datePublished":"2012-11-28T12:33:25+00:00","dateModified":"2023-05-23T17:44:21+00:00","breadcrumb":{"@id":"https:\/\/www.ogbl.lu\/communique\/pour-une-politique-ciblee-en-matiere-de-green-jobs-au-luxembourg\/#breadcrumb"},"inLanguage":"de-DE","potentialAction":[{"@type":"ReadAction","target":["https:\/\/www.ogbl.lu\/communique\/pour-une-politique-ciblee-en-matiere-de-green-jobs-au-luxembourg\/"]}]},{"@type":"ImageObject","inLanguage":"de-DE","@id":"https:\/\/www.ogbl.lu\/communique\/pour-une-politique-ciblee-en-matiere-de-green-jobs-au-luxembourg\/#primaryimage","url":"https:\/\/www.ogbl.lu\/wp-content\/uploads\/2012\/11\/mouvement_ecologique_ogbl_logos.gif","contentUrl":"https:\/\/www.ogbl.lu\/wp-content\/uploads\/2012\/11\/mouvement_ecologique_ogbl_logos.gif","width":150,"height":150},{"@type":"BreadcrumbList","@id":"https:\/\/www.ogbl.lu\/communique\/pour-une-politique-ciblee-en-matiere-de-green-jobs-au-luxembourg\/#breadcrumb","itemListElement":[{"@type":"ListItem","position":1,"name":"Home","item":"https:\/\/www.ogbl.lu\/"},{"@type":"ListItem","position":2,"name":"Pour une politique cibl\u00e9e en mati\u00e8re de \u00abgreen jobs\u00bb au Luxembourg"}]},{"@type":"WebSite","@id":"https:\/\/www.ogbl.lu\/de\/#website","url":"https:\/\/www.ogbl.lu\/de\/","name":"OGBL","description":"DIE GEWERKSCHAFT","publisher":{"@id":"https:\/\/www.ogbl.lu\/de\/#organization"},"potentialAction":[{"@type":"SearchAction","target":{"@type":"EntryPoint","urlTemplate":"https:\/\/www.ogbl.lu\/de\/?s={search_term_string}"},"query-input":"required name=search_term_string"}],"inLanguage":"de-DE"},{"@type":"Organization","@id":"https:\/\/www.ogbl.lu\/de\/#organization","name":"OGBL","url":"https:\/\/www.ogbl.lu\/de\/","logo":{"@type":"ImageObject","inLanguage":"de-DE","@id":"https:\/\/www.ogbl.lu\/de\/#\/schema\/logo\/image\/","url":"https:\/\/www.ogbl.lu\/wp-content\/uploads\/2024\/07\/LOGO_Red_FR-svg.png","contentUrl":"https:\/\/www.ogbl.lu\/wp-content\/uploads\/2024\/07\/LOGO_Red_FR-svg.png","width":369,"height":171,"caption":"OGBL"},"image":{"@id":"https:\/\/www.ogbl.lu\/de\/#\/schema\/logo\/image\/"}}]}},"_links":{"self":[{"href":"https:\/\/www.ogbl.lu\/de\/wp-json\/wp\/v2\/communiques\/1318"}],"collection":[{"href":"https:\/\/www.ogbl.lu\/de\/wp-json\/wp\/v2\/communiques"}],"about":[{"href":"https:\/\/www.ogbl.lu\/de\/wp-json\/wp\/v2\/types\/communiques"}],"author":[{"embeddable":true,"href":"https:\/\/www.ogbl.lu\/de\/wp-json\/wp\/v2\/users\/1"}],"version-history":[{"count":0,"href":"https:\/\/www.ogbl.lu\/de\/wp-json\/wp\/v2\/communiques\/1318\/revisions"}],"wp:featuredmedia":[{"embeddable":true,"href":"https:\/\/www.ogbl.lu\/de\/wp-json\/wp\/v2\/media\/4538"}],"wp:attachment":[{"href":"https:\/\/www.ogbl.lu\/de\/wp-json\/wp\/v2\/media?parent=1318"}],"wp:term":[{"taxonomy":"categorie_communiques","embeddable":true,"href":"https:\/\/www.ogbl.lu\/de\/wp-json\/wp\/v2\/categorie_communiques?post=1318"},{"taxonomy":"syndicat","embeddable":true,"href":"https:\/\/www.ogbl.lu\/de\/wp-json\/wp\/v2\/syndicat?post=1318"}],"curies":[{"name":"wp","href":"https:\/\/api.w.org\/{rel}","templated":true}]}}