{"id":1238,"date":"2012-07-31T17:07:07","date_gmt":"2012-07-31T15:07:07","guid":{"rendered":"https:\/\/www.ogbl.lu\/communiques\/schlecker-lavenir-des-filiales-luxembourgeoises-est-il-garanti"},"modified":"2023-06-01T14:32:17","modified_gmt":"2023-06-01T12:32:17","slug":"schlecker-lavenir-des-filiales-luxembourgeoises-est-il-garanti","status":"publish","type":"communiques","link":"https:\/\/www.ogbl.lu\/de\/communique\/schlecker-lavenir-des-filiales-luxembourgeoises-est-il-garanti\/","title":{"rendered":"Schlecker: Ist die Zukunft der luxemburgischen Filialen gesichert?"},"content":{"rendered":"<p><img loading=\"lazy\" decoding=\"async\" class=\"alignleft size-full wp-image-6212\" title=\"Schlecker\" src=\"https:\/\/www.ogbl.lu\/wp-content\/uploads\/communiques\/Schlecker.jpg\" alt=\"\" width=\"234\" height=\"150\" \/>Wir ver\u00f6ffentlichen nachfolgend eine Pressemitteilung von Schlecker bez\u00fcglich des Verkaufs von Schlecker \u00d6sterreich, Polen, Italien, Luxemburg und Belgien.<\/p>\n<p>OGBL-Zentralsekret\u00e4r Andr\u00e9 Sowa wurde des Weiteren vom Generalbevollm\u00e4chtigten f\u00fcr die Niederlassung Luxemburg per E-Mail informiert, dass in den n\u00e4chsten 2-3 Wochen n\u00e4here Details \u00fcber das neue Konzept zu erwarten sind.<\/p>\n<p>Der OGBL wird sich weiterhin daf\u00fcr einsetzen, dass die Interessen der Schlecker-Besch\u00e4ftigten in Luxemburg gewahrt und gesch\u00fctzt werden.<\/p>\n<p><strong>Mitgeteilt vom Syndikat Handel des OGBL<br \/>\nam 31. Juli 2012<\/strong><\/p>\n<hr \/>\n<p><span style=\"text-decoration: underline;\">Pessemitteilung der Anton Schlecker m.b.H<\/span><\/p>\n<h3>4.600 Mitarbeiter und alle Filialen \u00fcbernommen<\/h3>\n<h2>Verkauf von Schlecker \u00d6sterreich, Polen, Italien, Luxemburg und Belgien<\/h2>\n<p><strong>Linz\/Neu-Ulm, 31. Juli 2012.<br \/>\nDie \u00f6sterreichische Anton Schlecker Gesellschaft m.b.H. mit ihren Zweigniederlassungen hat einen K\u00e4ufer gefunden. Die \u00f6sterreichische Restrukturierungsgesellschaft TAP 09 und Schlecker Insolvenzverwalter Arndt Geiwitz unterschrieben am Abend des 30. Juli 2012 in Linz den Kaufvertrag. Der neue Eigent\u00fcmer \u00fcbernimmt alle 1.350 Standorte in den L\u00e4ndern \u00d6sterreich, Italien, Polen, Belgien und Luxemburg. Rund 4.600 Mitarbeitern will TAP 09 eine Weiterbesch\u00e4ftigung anbieten. \u00dcber den Kaufpreis und die Vertragsdetails vereinbarten beide Parteien Stillschweigen.<\/strong><\/p>\n<p>&#8220;Ich freue mich sehr, dass es f\u00fcr die 4.600 Mitarbeiter und die Filialen eine gute Zukunft geben wird&#8221;, sagte Arndt Geiwitz noch am Abend. &#8220;Die Gespr\u00e4che mit TAP 09 waren sehr kooperativ und von dem Bestreben einer bestm\u00f6glichen L\u00f6sung f\u00fcr die Mitarbeiterinnen und Mitarbeiter gepr\u00e4gt.&#8221;<\/p>\n<p>&#8220;Wir freuen uns \u00fcber den Zuschlag. Wir haben mit diesen Standorten jetzt eine Basis, auf der wir unser neues Konzept sehr schnell umsetzen k\u00f6nnen&#8221;, freute sich Dr. Rudolf Haberleitner, CEO von TAP 09.<\/p>\n<p>TAP 09 plant, die M\u00e4rkte zu einer &#8220;Nahversorgungskette&#8221; zu entwickeln, die neben den Drogeriewaren weitere Sortimente f\u00fcr den t\u00e4glichen Bedarf anbieten wird. Das Drogeriemarktkonzept wolle man als Basis zun\u00e4chst \u00fcbernehmen. Schlecker \u00d6sterreich werde in den kommenden Monaten einem &#8220;Rebranding&#8221; unterzogen und in Zukunft den Handelsnamen &#8220;daily&#8221; tragen. Das neue Nahversorgungskonzept soll Konsumenten motivieren, G\u00fcter des t\u00e4glichen Bedarfs in direkter Nachbarschaft an deren Wohnorten zu kaufen.<\/p>","protected":false},"author":1,"featured_media":0,"template":"","categorie_communiques":[48],"syndicat":[78],"acf":[],"yoast_head":"<!-- This site is optimized with the Yoast SEO plugin v23.1 - https:\/\/yoast.com\/wordpress\/plugins\/seo\/ -->\r\n<title>Schlecker: Ist die Zukunft der luxemburgischen Filialen gesichert? - OGBL<\/title>\r\n<meta name=\"robots\" content=\"index, follow, max-snippet:-1, max-image-preview:large, max-video-preview:-1\" \/>\r\n<link rel=\"canonical\" href=\"https:\/\/www.ogbl.lu\/communique\/schlecker-lavenir-des-filiales-luxembourgeoises-est-il-garanti\/\" \/>\r\n<meta property=\"og:locale\" content=\"de_DE\" \/>\r\n<meta property=\"og:type\" content=\"article\" \/>\r\n<meta property=\"og:title\" content=\"[:fr]Schlecker: L\u2019avenir des filiales luxembourgeoises est-il garanti?[:de]Schlecker: Ist die Zukunft der luxemburgischen Filialen gesichert?[:] - OGBL\" \/>\r\n<meta property=\"og:description\" content=\"Wir ver\u00f6ffentlichen nachfolgend eine Pressemitteilung von Schlecker bez\u00fcglich des Verkaufs von Schlecker \u00d6sterreich, Polen, Italien, Luxemburg und Belgien. OGBL-Zentralsekret\u00e4r Andr\u00e9 \u2026\" \/>\r\n<meta property=\"og:url\" content=\"https:\/\/www.ogbl.lu\/communique\/schlecker-lavenir-des-filiales-luxembourgeoises-est-il-garanti\/\" \/>\r\n<meta property=\"og:site_name\" content=\"OGBL\" \/>\r\n<meta property=\"article:modified_time\" content=\"2023-06-01T12:32:17+00:00\" \/>\r\n<meta property=\"og:image\" content=\"https:\/\/www.ogbl.lu\/wp-content\/uploads\/communiques\/Schlecker.jpg\" \/>\r\n<meta name=\"twitter:card\" content=\"summary_large_image\" \/>\r\n<meta name=\"twitter:label1\" content=\"Est. reading time\" \/>\n\t<meta name=\"twitter:data1\" content=\"4 Minuten\" \/>\r\n<script type=\"application\/ld+json\" class=\"yoast-schema-graph\">{\"@context\":\"https:\/\/schema.org\",\"@graph\":[{\"@type\":\"WebPage\",\"@id\":\"https:\/\/www.ogbl.lu\/communique\/schlecker-lavenir-des-filiales-luxembourgeoises-est-il-garanti\/\",\"url\":\"https:\/\/www.ogbl.lu\/communique\/schlecker-lavenir-des-filiales-luxembourgeoises-est-il-garanti\/\",\"name\":\"[:fr]Schlecker: L\u2019avenir des filiales luxembourgeoises est-il garanti?[:de]Schlecker: Ist die Zukunft der luxemburgischen Filialen gesichert?[:] - OGBL\",\"isPartOf\":{\"@id\":\"https:\/\/www.ogbl.lu\/de\/#website\"},\"primaryImageOfPage\":{\"@id\":\"https:\/\/www.ogbl.lu\/communique\/schlecker-lavenir-des-filiales-luxembourgeoises-est-il-garanti\/#primaryimage\"},\"image\":{\"@id\":\"https:\/\/www.ogbl.lu\/communique\/schlecker-lavenir-des-filiales-luxembourgeoises-est-il-garanti\/#primaryimage\"},\"thumbnailUrl\":\"https:\/\/www.ogbl.lu\/wp-content\/uploads\/communiques\/Schlecker.jpg\",\"datePublished\":\"2012-07-31T15:07:07+00:00\",\"dateModified\":\"2023-06-01T12:32:17+00:00\",\"breadcrumb\":{\"@id\":\"https:\/\/www.ogbl.lu\/communique\/schlecker-lavenir-des-filiales-luxembourgeoises-est-il-garanti\/#breadcrumb\"},\"inLanguage\":\"de-DE\",\"potentialAction\":[{\"@type\":\"ReadAction\",\"target\":[\"https:\/\/www.ogbl.lu\/communique\/schlecker-lavenir-des-filiales-luxembourgeoises-est-il-garanti\/\"]}]},{\"@type\":\"ImageObject\",\"inLanguage\":\"de-DE\",\"@id\":\"https:\/\/www.ogbl.lu\/communique\/schlecker-lavenir-des-filiales-luxembourgeoises-est-il-garanti\/#primaryimage\",\"url\":\"https:\/\/www.ogbl.lu\/wp-content\/uploads\/communiques\/Schlecker.jpg\",\"contentUrl\":\"https:\/\/www.ogbl.lu\/wp-content\/uploads\/communiques\/Schlecker.jpg\"},{\"@type\":\"BreadcrumbList\",\"@id\":\"https:\/\/www.ogbl.lu\/communique\/schlecker-lavenir-des-filiales-luxembourgeoises-est-il-garanti\/#breadcrumb\",\"itemListElement\":[{\"@type\":\"ListItem\",\"position\":1,\"name\":\"Home\",\"item\":\"https:\/\/www.ogbl.lu\/\"},{\"@type\":\"ListItem\",\"position\":2,\"name\":\"Schlecker: L\u2019avenir des filiales luxembourgeoises est-il garanti?\"}]},{\"@type\":\"WebSite\",\"@id\":\"https:\/\/www.ogbl.lu\/de\/#website\",\"url\":\"https:\/\/www.ogbl.lu\/de\/\",\"name\":\"OGBL\",\"description\":\"DIE GEWERKSCHAFT\",\"publisher\":{\"@id\":\"https:\/\/www.ogbl.lu\/de\/#organization\"},\"potentialAction\":[{\"@type\":\"SearchAction\",\"target\":{\"@type\":\"EntryPoint\",\"urlTemplate\":\"https:\/\/www.ogbl.lu\/de\/?s={search_term_string}\"},\"query-input\":\"required name=search_term_string\"}],\"inLanguage\":\"de-DE\"},{\"@type\":\"Organization\",\"@id\":\"https:\/\/www.ogbl.lu\/de\/#organization\",\"name\":\"OGBL\",\"url\":\"https:\/\/www.ogbl.lu\/de\/\",\"logo\":{\"@type\":\"ImageObject\",\"inLanguage\":\"de-DE\",\"@id\":\"https:\/\/www.ogbl.lu\/de\/#\/schema\/logo\/image\/\",\"url\":\"https:\/\/www.ogbl.lu\/wp-content\/uploads\/2024\/07\/LOGO_Red_FR-svg.png\",\"contentUrl\":\"https:\/\/www.ogbl.lu\/wp-content\/uploads\/2024\/07\/LOGO_Red_FR-svg.png\",\"width\":369,\"height\":171,\"caption\":\"OGBL\"},\"image\":{\"@id\":\"https:\/\/www.ogbl.lu\/de\/#\/schema\/logo\/image\/\"}}]}<\/script>\r\n<!-- \/ Yoast SEO plugin. -->","yoast_head_json":{"title":"[:fr]Schlecker: L\u2019avenir des filiales luxembourgeoises est-il garanti?[:de]Schlecker: Ist die Zukunft der luxemburgischen Filialen gesichert?[:] - OGBL","robots":{"index":"index","follow":"follow","max-snippet":"max-snippet:-1","max-image-preview":"max-image-preview:large","max-video-preview":"max-video-preview:-1"},"canonical":"https:\/\/www.ogbl.lu\/communique\/schlecker-lavenir-des-filiales-luxembourgeoises-est-il-garanti\/","og_locale":"de_DE","og_type":"article","og_title":"[:fr]Schlecker: L\u2019avenir des filiales luxembourgeoises est-il garanti?[:de]Schlecker: Ist die Zukunft der luxemburgischen Filialen gesichert?[:] - OGBL","og_description":"Wir ver\u00f6ffentlichen nachfolgend eine Pressemitteilung von Schlecker bez\u00fcglich des Verkaufs von Schlecker \u00d6sterreich, Polen, Italien, Luxemburg und Belgien. OGBL-Zentralsekret\u00e4r Andr\u00e9 \u2026","og_url":"https:\/\/www.ogbl.lu\/communique\/schlecker-lavenir-des-filiales-luxembourgeoises-est-il-garanti\/","og_site_name":"OGBL","article_modified_time":"2023-06-01T12:32:17+00:00","og_image":[{"url":"https:\/\/www.ogbl.lu\/wp-content\/uploads\/communiques\/Schlecker.jpg"}],"twitter_card":"summary_large_image","twitter_misc":{"Est. reading time":"4 Minuten"},"schema":{"@context":"https:\/\/schema.org","@graph":[{"@type":"WebPage","@id":"https:\/\/www.ogbl.lu\/communique\/schlecker-lavenir-des-filiales-luxembourgeoises-est-il-garanti\/","url":"https:\/\/www.ogbl.lu\/communique\/schlecker-lavenir-des-filiales-luxembourgeoises-est-il-garanti\/","name":"[:fr]Schlecker: L\u2019avenir des filiales luxembourgeoises est-il garanti?[:de]Schlecker: Ist die Zukunft der luxemburgischen Filialen gesichert?[:] - OGBL","isPartOf":{"@id":"https:\/\/www.ogbl.lu\/de\/#website"},"primaryImageOfPage":{"@id":"https:\/\/www.ogbl.lu\/communique\/schlecker-lavenir-des-filiales-luxembourgeoises-est-il-garanti\/#primaryimage"},"image":{"@id":"https:\/\/www.ogbl.lu\/communique\/schlecker-lavenir-des-filiales-luxembourgeoises-est-il-garanti\/#primaryimage"},"thumbnailUrl":"https:\/\/www.ogbl.lu\/wp-content\/uploads\/communiques\/Schlecker.jpg","datePublished":"2012-07-31T15:07:07+00:00","dateModified":"2023-06-01T12:32:17+00:00","breadcrumb":{"@id":"https:\/\/www.ogbl.lu\/communique\/schlecker-lavenir-des-filiales-luxembourgeoises-est-il-garanti\/#breadcrumb"},"inLanguage":"de-DE","potentialAction":[{"@type":"ReadAction","target":["https:\/\/www.ogbl.lu\/communique\/schlecker-lavenir-des-filiales-luxembourgeoises-est-il-garanti\/"]}]},{"@type":"ImageObject","inLanguage":"de-DE","@id":"https:\/\/www.ogbl.lu\/communique\/schlecker-lavenir-des-filiales-luxembourgeoises-est-il-garanti\/#primaryimage","url":"https:\/\/www.ogbl.lu\/wp-content\/uploads\/communiques\/Schlecker.jpg","contentUrl":"https:\/\/www.ogbl.lu\/wp-content\/uploads\/communiques\/Schlecker.jpg"},{"@type":"BreadcrumbList","@id":"https:\/\/www.ogbl.lu\/communique\/schlecker-lavenir-des-filiales-luxembourgeoises-est-il-garanti\/#breadcrumb","itemListElement":[{"@type":"ListItem","position":1,"name":"Home","item":"https:\/\/www.ogbl.lu\/"},{"@type":"ListItem","position":2,"name":"Schlecker: L\u2019avenir des filiales luxembourgeoises est-il garanti?"}]},{"@type":"WebSite","@id":"https:\/\/www.ogbl.lu\/de\/#website","url":"https:\/\/www.ogbl.lu\/de\/","name":"OGBL","description":"DIE GEWERKSCHAFT","publisher":{"@id":"https:\/\/www.ogbl.lu\/de\/#organization"},"potentialAction":[{"@type":"SearchAction","target":{"@type":"EntryPoint","urlTemplate":"https:\/\/www.ogbl.lu\/de\/?s={search_term_string}"},"query-input":"required name=search_term_string"}],"inLanguage":"de-DE"},{"@type":"Organization","@id":"https:\/\/www.ogbl.lu\/de\/#organization","name":"OGBL","url":"https:\/\/www.ogbl.lu\/de\/","logo":{"@type":"ImageObject","inLanguage":"de-DE","@id":"https:\/\/www.ogbl.lu\/de\/#\/schema\/logo\/image\/","url":"https:\/\/www.ogbl.lu\/wp-content\/uploads\/2024\/07\/LOGO_Red_FR-svg.png","contentUrl":"https:\/\/www.ogbl.lu\/wp-content\/uploads\/2024\/07\/LOGO_Red_FR-svg.png","width":369,"height":171,"caption":"OGBL"},"image":{"@id":"https:\/\/www.ogbl.lu\/de\/#\/schema\/logo\/image\/"}}]}},"_links":{"self":[{"href":"https:\/\/www.ogbl.lu\/de\/wp-json\/wp\/v2\/communiques\/1238"}],"collection":[{"href":"https:\/\/www.ogbl.lu\/de\/wp-json\/wp\/v2\/communiques"}],"about":[{"href":"https:\/\/www.ogbl.lu\/de\/wp-json\/wp\/v2\/types\/communiques"}],"author":[{"embeddable":true,"href":"https:\/\/www.ogbl.lu\/de\/wp-json\/wp\/v2\/users\/1"}],"version-history":[{"count":0,"href":"https:\/\/www.ogbl.lu\/de\/wp-json\/wp\/v2\/communiques\/1238\/revisions"}],"wp:attachment":[{"href":"https:\/\/www.ogbl.lu\/de\/wp-json\/wp\/v2\/media?parent=1238"}],"wp:term":[{"taxonomy":"categorie_communiques","embeddable":true,"href":"https:\/\/www.ogbl.lu\/de\/wp-json\/wp\/v2\/categorie_communiques?post=1238"},{"taxonomy":"syndicat","embeddable":true,"href":"https:\/\/www.ogbl.lu\/de\/wp-json\/wp\/v2\/syndicat?post=1238"}],"curies":[{"name":"wp","href":"https:\/\/api.w.org\/{rel}","templated":true}]}}