{"id":1224,"date":"2012-07-10T15:15:15","date_gmt":"2012-07-10T13:15:15","guid":{"rendered":"https:\/\/www.ogbl.lu\/communiques\/le-ministre-du-travail-nicolas-schmit-prepare-un-projet-de-loi"},"modified":"2023-07-03T10:23:57","modified_gmt":"2023-07-03T08:23:57","slug":"le-ministre-du-travail-nicolas-schmit-prepare-un-projet-de-loi","status":"publish","type":"communiques","link":"https:\/\/www.ogbl.lu\/de\/communique\/le-ministre-du-travail-nicolas-schmit-prepare-un-projet-de-loi\/","title":{"rendered":"Arbeitsminister Nicolas Schmit bereitet einen Gesetzesentwurf vor"},"content":{"rendered":"<p><figure id=\"attachment_9148\" aria-describedby=\"caption-attachment-9148\" style=\"width: 150px\" class=\"wp-caption alignleft\"><img loading=\"lazy\" decoding=\"async\" class=\"size-full wp-image-9148 \" title=\"nicolas_schmit\" src=\"https:\/\/www.ogbl.lu\/wp-content\/uploads\/communiques\/nicolas_schmit.jpg\" alt=\"\" width=\"150\" height=\"217\" \/><figcaption id=\"caption-attachment-9148\" class=\"wp-caption-text\">Nicolas Schmit, ministre du Travail et de l\u2019Emploi<\/figcaption><\/figure><\/p>\n<p>Seit 2009, dem Jahr als das Einheitsstatut f\u00fcr alle Arbeitnehmer in Kraft trat, hat die Regelung betreffend die Lohnfortzahlung im Krankheitsfall ge\u00e4ndert. Verschiedene Arbeitgeber haben versucht diese \u00c4nderung zu Ungunsten ihrer Arbeitnehmer auszulegen, folgernd die legalen und kollektivvertraglichen Zuschl\u00e4ge f\u00fcr Nacht und Sonntagsarbeit, die der Arbeitnehmer regelm\u00e4\u00dfig verrichtet, seien im Krankheitsfall nicht mehr geschuldet.<\/p>\n<p>Seit 2009 hat sich der OGBL mehrmals an den Arbeitsminister, doch auch an den Sozialminister gewandt, die beide jedes Mal verlauten lie\u00dfen, sie h\u00e4tten genau dieselbe Sichtweise zu dieser Angelegenheit wie der OGBL. F\u00fcr den OGBL bedeutet \u201eFortzahlung\u201c, dass der Arbeitnehmer bezahlt werden muss, wie wenn er normal gearbeitet h\u00e4tte. So m\u00fcssen z.B. Schichtarbeiter und Arbeitnehmer, die am Sonntag arbeiten zuz\u00fcglich zum Basislohn die Pr\u00e4mien f\u00fcr Nacht- oder Sonntagsarbeit ausbezahlt bekommen. Diese Position wurde inzwischen auch durch verschiedene gesprochene Gerichtsurteile best\u00e4tigt.<\/p>\n<p>Trotzdem beflei\u00dfigen sich einige Arbeitgeber ihre Arbeitnehmer zu Gerichtsverfahren zu zwingen, um zu ihrem Recht zu kommen.<\/p>\n<p>Diese Handlungsweise, die von verschiedenen Patronatsorganisationen unterst\u00fctzt wird, zeugt von einer sozial unverantwortlichen Haltung und zeigt ungeschminkt die Einstellung dieser Arbeitgeber bez\u00fcglich des Sozialdialogs, der als Voraussetzung den Respekt vor der Arbeit bedingt.<\/p>\n<p>Am vergangenen 26 Juni hat der OGBL erneut mittels eines Briefes Arbeits- und Besch\u00e4ftigungsminister Nicolas Schmit gebeten die Situation ein f\u00fcr alle Mal zu bereinigen.<\/p>\n<p>In seiner Antwort best\u00e4tigt der Minister dann auch wieder seine Position, die die gleiche wie die der Gewerkschaftsbewegung ist und informiert den OGBL, dass er einen Gesetzesentwurf im gew\u00fcnschten Sinne vorschlagen wird und er diesen Gesetzesentwurf in der ersten Sitzung des st\u00e4ndigen Besch\u00e4ftigungsausschusses (CPTE) vorstellen wird.<\/p>\n<p>Der OGBL begr\u00fc\u00dft die Entscheidung des Ministers und wartet ungeduldig auf eine schnellstm\u00f6gliche Entwirrung der Lage zu Gunsten der Arbeitnehmer.<\/p>\n<p><strong>Mitgeteilt vom OGBL<br \/>\nam 10. Juli 2012<\/strong><\/p>","protected":false},"author":1,"featured_media":4601,"template":"","categorie_communiques":[41],"syndicat":[],"acf":[],"yoast_head":"<!-- This site is optimized with the Yoast SEO plugin v23.1 - https:\/\/yoast.com\/wordpress\/plugins\/seo\/ -->\r\n<title>Arbeitsminister Nicolas Schmit bereitet einen Gesetzesentwurf vor - OGBL<\/title>\r\n<meta name=\"robots\" content=\"index, follow, max-snippet:-1, max-image-preview:large, max-video-preview:-1\" \/>\r\n<link rel=\"canonical\" href=\"https:\/\/www.ogbl.lu\/communique\/le-ministre-du-travail-nicolas-schmit-prepare-un-projet-de-loi\/\" \/>\r\n<meta property=\"og:locale\" content=\"de_DE\" \/>\r\n<meta property=\"og:type\" content=\"article\" \/>\r\n<meta property=\"og:title\" content=\"[:fr]Le ministre du Travail Nicolas Schmit pr\u00e9pare un projet de loi[:de]Arbeitsminister Nicolas Schmit bereitet einen Gesetzesentwurf vor[:en]Le ministre du Travail Nicolas Schmit pr\u00e9pare un projet de loi[:] - OGBL\" \/>\r\n<meta property=\"og:description\" content=\"Seit 2009, dem Jahr als das Einheitsstatut f\u00fcr alle Arbeitnehmer in Kraft trat, hat die Regelung betreffend die Lohnfortzahlung im \u2026\" \/>\r\n<meta property=\"og:url\" content=\"https:\/\/www.ogbl.lu\/communique\/le-ministre-du-travail-nicolas-schmit-prepare-un-projet-de-loi\/\" \/>\r\n<meta property=\"og:site_name\" content=\"OGBL\" \/>\r\n<meta property=\"article:modified_time\" content=\"2023-07-03T08:23:57+00:00\" \/>\r\n<meta property=\"og:image\" content=\"https:\/\/www.ogbl.lu\/wp-content\/uploads\/2012\/07\/nicolas_schmit.jpg\" \/>\r\n\t<meta property=\"og:image:width\" content=\"150\" \/>\r\n\t<meta property=\"og:image:height\" content=\"217\" \/>\r\n\t<meta property=\"og:image:type\" content=\"image\/jpeg\" \/>\r\n<meta name=\"twitter:card\" content=\"summary_large_image\" \/>\r\n<meta name=\"twitter:label1\" content=\"Est. reading time\" \/>\n\t<meta name=\"twitter:data1\" content=\"4 Minuten\" \/>\r\n<script type=\"application\/ld+json\" class=\"yoast-schema-graph\">{\"@context\":\"https:\/\/schema.org\",\"@graph\":[{\"@type\":\"WebPage\",\"@id\":\"https:\/\/www.ogbl.lu\/communique\/le-ministre-du-travail-nicolas-schmit-prepare-un-projet-de-loi\/\",\"url\":\"https:\/\/www.ogbl.lu\/communique\/le-ministre-du-travail-nicolas-schmit-prepare-un-projet-de-loi\/\",\"name\":\"[:fr]Le ministre du Travail Nicolas Schmit pr\u00e9pare un projet de loi[:de]Arbeitsminister Nicolas Schmit bereitet einen Gesetzesentwurf vor[:en]Le ministre du Travail Nicolas Schmit pr\u00e9pare un projet de loi[:] - OGBL\",\"isPartOf\":{\"@id\":\"https:\/\/www.ogbl.lu\/de\/#website\"},\"primaryImageOfPage\":{\"@id\":\"https:\/\/www.ogbl.lu\/communique\/le-ministre-du-travail-nicolas-schmit-prepare-un-projet-de-loi\/#primaryimage\"},\"image\":{\"@id\":\"https:\/\/www.ogbl.lu\/communique\/le-ministre-du-travail-nicolas-schmit-prepare-un-projet-de-loi\/#primaryimage\"},\"thumbnailUrl\":\"https:\/\/www.ogbl.lu\/wp-content\/uploads\/2012\/07\/nicolas_schmit.jpg\",\"datePublished\":\"2012-07-10T13:15:15+00:00\",\"dateModified\":\"2023-07-03T08:23:57+00:00\",\"breadcrumb\":{\"@id\":\"https:\/\/www.ogbl.lu\/communique\/le-ministre-du-travail-nicolas-schmit-prepare-un-projet-de-loi\/#breadcrumb\"},\"inLanguage\":\"de-DE\",\"potentialAction\":[{\"@type\":\"ReadAction\",\"target\":[\"https:\/\/www.ogbl.lu\/communique\/le-ministre-du-travail-nicolas-schmit-prepare-un-projet-de-loi\/\"]}]},{\"@type\":\"ImageObject\",\"inLanguage\":\"de-DE\",\"@id\":\"https:\/\/www.ogbl.lu\/communique\/le-ministre-du-travail-nicolas-schmit-prepare-un-projet-de-loi\/#primaryimage\",\"url\":\"https:\/\/www.ogbl.lu\/wp-content\/uploads\/2012\/07\/nicolas_schmit.jpg\",\"contentUrl\":\"https:\/\/www.ogbl.lu\/wp-content\/uploads\/2012\/07\/nicolas_schmit.jpg\",\"width\":150,\"height\":217},{\"@type\":\"BreadcrumbList\",\"@id\":\"https:\/\/www.ogbl.lu\/communique\/le-ministre-du-travail-nicolas-schmit-prepare-un-projet-de-loi\/#breadcrumb\",\"itemListElement\":[{\"@type\":\"ListItem\",\"position\":1,\"name\":\"Home\",\"item\":\"https:\/\/www.ogbl.lu\/\"},{\"@type\":\"ListItem\",\"position\":2,\"name\":\"Le ministre du Travail Nicolas Schmit pr\u00e9pare un projet de loi\"}]},{\"@type\":\"WebSite\",\"@id\":\"https:\/\/www.ogbl.lu\/de\/#website\",\"url\":\"https:\/\/www.ogbl.lu\/de\/\",\"name\":\"OGBL\",\"description\":\"DIE GEWERKSCHAFT\",\"publisher\":{\"@id\":\"https:\/\/www.ogbl.lu\/de\/#organization\"},\"potentialAction\":[{\"@type\":\"SearchAction\",\"target\":{\"@type\":\"EntryPoint\",\"urlTemplate\":\"https:\/\/www.ogbl.lu\/de\/?s={search_term_string}\"},\"query-input\":\"required name=search_term_string\"}],\"inLanguage\":\"de-DE\"},{\"@type\":\"Organization\",\"@id\":\"https:\/\/www.ogbl.lu\/de\/#organization\",\"name\":\"OGBL\",\"url\":\"https:\/\/www.ogbl.lu\/de\/\",\"logo\":{\"@type\":\"ImageObject\",\"inLanguage\":\"de-DE\",\"@id\":\"https:\/\/www.ogbl.lu\/de\/#\/schema\/logo\/image\/\",\"url\":\"https:\/\/www.ogbl.lu\/wp-content\/uploads\/2024\/07\/LOGO_Red_FR-svg.png\",\"contentUrl\":\"https:\/\/www.ogbl.lu\/wp-content\/uploads\/2024\/07\/LOGO_Red_FR-svg.png\",\"width\":369,\"height\":171,\"caption\":\"OGBL\"},\"image\":{\"@id\":\"https:\/\/www.ogbl.lu\/de\/#\/schema\/logo\/image\/\"}}]}<\/script>\r\n<!-- \/ Yoast SEO plugin. -->","yoast_head_json":{"title":"[:fr]Le ministre du Travail Nicolas Schmit pr\u00e9pare un projet de loi[:de]Arbeitsminister Nicolas Schmit bereitet einen Gesetzesentwurf vor[:en]Le ministre du Travail Nicolas Schmit pr\u00e9pare un projet de loi[:] - OGBL","robots":{"index":"index","follow":"follow","max-snippet":"max-snippet:-1","max-image-preview":"max-image-preview:large","max-video-preview":"max-video-preview:-1"},"canonical":"https:\/\/www.ogbl.lu\/communique\/le-ministre-du-travail-nicolas-schmit-prepare-un-projet-de-loi\/","og_locale":"de_DE","og_type":"article","og_title":"[:fr]Le ministre du Travail Nicolas Schmit pr\u00e9pare un projet de loi[:de]Arbeitsminister Nicolas Schmit bereitet einen Gesetzesentwurf vor[:en]Le ministre du Travail Nicolas Schmit pr\u00e9pare un projet de loi[:] - OGBL","og_description":"Seit 2009, dem Jahr als das Einheitsstatut f\u00fcr alle Arbeitnehmer in Kraft trat, hat die Regelung betreffend die Lohnfortzahlung im \u2026","og_url":"https:\/\/www.ogbl.lu\/communique\/le-ministre-du-travail-nicolas-schmit-prepare-un-projet-de-loi\/","og_site_name":"OGBL","article_modified_time":"2023-07-03T08:23:57+00:00","og_image":[{"width":150,"height":217,"url":"https:\/\/www.ogbl.lu\/wp-content\/uploads\/2012\/07\/nicolas_schmit.jpg","type":"image\/jpeg"}],"twitter_card":"summary_large_image","twitter_misc":{"Est. reading time":"4 Minuten"},"schema":{"@context":"https:\/\/schema.org","@graph":[{"@type":"WebPage","@id":"https:\/\/www.ogbl.lu\/communique\/le-ministre-du-travail-nicolas-schmit-prepare-un-projet-de-loi\/","url":"https:\/\/www.ogbl.lu\/communique\/le-ministre-du-travail-nicolas-schmit-prepare-un-projet-de-loi\/","name":"[:fr]Le ministre du Travail Nicolas Schmit pr\u00e9pare un projet de loi[:de]Arbeitsminister Nicolas Schmit bereitet einen Gesetzesentwurf vor[:en]Le ministre du Travail Nicolas Schmit pr\u00e9pare un projet de loi[:] - OGBL","isPartOf":{"@id":"https:\/\/www.ogbl.lu\/de\/#website"},"primaryImageOfPage":{"@id":"https:\/\/www.ogbl.lu\/communique\/le-ministre-du-travail-nicolas-schmit-prepare-un-projet-de-loi\/#primaryimage"},"image":{"@id":"https:\/\/www.ogbl.lu\/communique\/le-ministre-du-travail-nicolas-schmit-prepare-un-projet-de-loi\/#primaryimage"},"thumbnailUrl":"https:\/\/www.ogbl.lu\/wp-content\/uploads\/2012\/07\/nicolas_schmit.jpg","datePublished":"2012-07-10T13:15:15+00:00","dateModified":"2023-07-03T08:23:57+00:00","breadcrumb":{"@id":"https:\/\/www.ogbl.lu\/communique\/le-ministre-du-travail-nicolas-schmit-prepare-un-projet-de-loi\/#breadcrumb"},"inLanguage":"de-DE","potentialAction":[{"@type":"ReadAction","target":["https:\/\/www.ogbl.lu\/communique\/le-ministre-du-travail-nicolas-schmit-prepare-un-projet-de-loi\/"]}]},{"@type":"ImageObject","inLanguage":"de-DE","@id":"https:\/\/www.ogbl.lu\/communique\/le-ministre-du-travail-nicolas-schmit-prepare-un-projet-de-loi\/#primaryimage","url":"https:\/\/www.ogbl.lu\/wp-content\/uploads\/2012\/07\/nicolas_schmit.jpg","contentUrl":"https:\/\/www.ogbl.lu\/wp-content\/uploads\/2012\/07\/nicolas_schmit.jpg","width":150,"height":217},{"@type":"BreadcrumbList","@id":"https:\/\/www.ogbl.lu\/communique\/le-ministre-du-travail-nicolas-schmit-prepare-un-projet-de-loi\/#breadcrumb","itemListElement":[{"@type":"ListItem","position":1,"name":"Home","item":"https:\/\/www.ogbl.lu\/"},{"@type":"ListItem","position":2,"name":"Le ministre du Travail Nicolas Schmit pr\u00e9pare un projet de loi"}]},{"@type":"WebSite","@id":"https:\/\/www.ogbl.lu\/de\/#website","url":"https:\/\/www.ogbl.lu\/de\/","name":"OGBL","description":"DIE GEWERKSCHAFT","publisher":{"@id":"https:\/\/www.ogbl.lu\/de\/#organization"},"potentialAction":[{"@type":"SearchAction","target":{"@type":"EntryPoint","urlTemplate":"https:\/\/www.ogbl.lu\/de\/?s={search_term_string}"},"query-input":"required name=search_term_string"}],"inLanguage":"de-DE"},{"@type":"Organization","@id":"https:\/\/www.ogbl.lu\/de\/#organization","name":"OGBL","url":"https:\/\/www.ogbl.lu\/de\/","logo":{"@type":"ImageObject","inLanguage":"de-DE","@id":"https:\/\/www.ogbl.lu\/de\/#\/schema\/logo\/image\/","url":"https:\/\/www.ogbl.lu\/wp-content\/uploads\/2024\/07\/LOGO_Red_FR-svg.png","contentUrl":"https:\/\/www.ogbl.lu\/wp-content\/uploads\/2024\/07\/LOGO_Red_FR-svg.png","width":369,"height":171,"caption":"OGBL"},"image":{"@id":"https:\/\/www.ogbl.lu\/de\/#\/schema\/logo\/image\/"}}]}},"_links":{"self":[{"href":"https:\/\/www.ogbl.lu\/de\/wp-json\/wp\/v2\/communiques\/1224"}],"collection":[{"href":"https:\/\/www.ogbl.lu\/de\/wp-json\/wp\/v2\/communiques"}],"about":[{"href":"https:\/\/www.ogbl.lu\/de\/wp-json\/wp\/v2\/types\/communiques"}],"author":[{"embeddable":true,"href":"https:\/\/www.ogbl.lu\/de\/wp-json\/wp\/v2\/users\/1"}],"version-history":[{"count":0,"href":"https:\/\/www.ogbl.lu\/de\/wp-json\/wp\/v2\/communiques\/1224\/revisions"}],"wp:featuredmedia":[{"embeddable":true,"href":"https:\/\/www.ogbl.lu\/de\/wp-json\/wp\/v2\/media\/4601"}],"wp:attachment":[{"href":"https:\/\/www.ogbl.lu\/de\/wp-json\/wp\/v2\/media?parent=1224"}],"wp:term":[{"taxonomy":"categorie_communiques","embeddable":true,"href":"https:\/\/www.ogbl.lu\/de\/wp-json\/wp\/v2\/categorie_communiques?post=1224"},{"taxonomy":"syndicat","embeddable":true,"href":"https:\/\/www.ogbl.lu\/de\/wp-json\/wp\/v2\/syndicat?post=1224"}],"curies":[{"name":"wp","href":"https:\/\/api.w.org\/{rel}","templated":true}]}}