{"id":105341,"date":"2026-09-03T16:10:22","date_gmt":"2026-09-03T14:10:22","guid":{"rendered":"https:\/\/www.ogbl.lu\/?post_type=communiques&#038;p=105341"},"modified":"2026-09-03T16:18:56","modified_gmt":"2026-09-03T14:18:56","slug":"les-syndicats-rencontrent-le-ministere-de-la-justice-au-sujet-de-la-reforme-du-secteur-du-gardiennage","status":"publish","type":"communiques","link":"https:\/\/www.ogbl.lu\/de\/communique\/les-syndicats-rencontrent-le-ministere-de-la-justice-au-sujet-de-la-reforme-du-secteur-du-gardiennage\/","title":{"rendered":"Die Gewerkschaften treffen sich mit dem Justizministerium bez\u00fcglich der Reform des Sicherheitsdienstsektors"},"content":{"rendered":"<p><\/p>\n<p style=\"font-weight: 400;\">Am 2. September 2026 f\u00fchrten die Gewerkschaften OGBL und LCGB im Rahmen einer Frage-Antwort-Runde zum neuen Gesetz zur Reform des Sicherheitsdienstsektors ein Gespr\u00e4ch mit einem Vertreter des Justizministeriums.<\/p>\n<p style=\"font-weight: 400;\">Alle neuen Bestimmungen treten am 1. November 2026 in Kraft, mit Ausnahme des Teils zur Veranstaltungssicherheit, dessen Bestimmungen ab dem 1. Februar 2027 gelten. Diese \u00dcbergangsfrist soll es den verschiedenen Akteuren der Branche erm\u00f6glichen, sich auf diese neuen Verpflichtungen vorzubereiten.<\/p>\n<p style=\"font-weight: 400;\">Zur Erinnerung: Die Veranstaltungssicherheit war bisher vom Geltungsbereich des Gesetzes vom 12. November 2002 ausgenommen. Diese Reform schlie\u00dft somit eine bedeutende Rechtsl\u00fccke und tr\u00e4gt dazu bei, fairere Wettbewerbsbedingungen innerhalb der Branche zu gew\u00e4hrleisten.<\/p>\n<p style=\"font-weight: 400;\">Die neue Gesetzgebung enth\u00e4lt zudem mehrere Klarstellungen und Pr\u00e4zisierungen hinsichtlich der Aufgaben, Verantwortlichkeiten und Befugnisse von Sicherheitskr\u00e4ften.<\/p>\n<p style=\"font-weight: 400;\">Dieses Treffen erm\u00f6glichte es, mehrere wichtige Punkte im Zusammenhang mit der Umsetzung der Reform zu kl\u00e4ren. Es wird von gro\u00dfer Bedeutung sein, den Dialog mit den zust\u00e4ndigen Beh\u00f6rden fortzusetzen, um eine klare und koh\u00e4rente Anwendung der neuen Bestimmungen zu gew\u00e4hrleisten und faire Arbeitsbedingungen im gesamten Sicherheitsdienstleistungssektor zu bewahren.<\/p>\n<p style=\"font-weight: 400;\"><strong>Ver\u00f6ffentlicht am 3. September 2026<\/strong><\/p>\n<p><\/p>","protected":false},"author":5,"featured_media":105342,"template":"","categorie_communiques":[54],"syndicat":[73],"acf":[],"yoast_head":"<!-- This site is optimized with the Yoast SEO plugin v23.1 - https:\/\/yoast.com\/wordpress\/plugins\/seo\/ -->\r\n<title>Die Gewerkschaften treffen sich mit dem Justizministerium bez\u00fcglich der Reform des Sicherheitsdienstsektors - OGBL<\/title>\r\n<meta name=\"robots\" content=\"index, follow, max-snippet:-1, max-image-preview:large, max-video-preview:-1\" \/>\r\n<link rel=\"canonical\" href=\"https:\/\/www.ogbl.lu\/communique\/les-syndicats-rencontrent-le-ministere-de-la-justice-au-sujet-de-la-reforme-du-secteur-du-gardiennage\/\" \/>\r\n<meta property=\"og:locale\" content=\"de_DE\" \/>\r\n<meta property=\"og:type\" content=\"article\" \/>\r\n<meta property=\"og:title\" content=\"[:fr]Les syndicats rencontrent le minist\u00e8re de la Justice au sujet de la r\u00e9forme du secteur du gardiennage[:de]Die Gewerkschaften treffen sich mit dem Justizministerium bez\u00fcglich der Reform des Sicherheitsdienstsektors[:] - OGBL\" \/>\r\n<meta property=\"og:description\" content=\"Am 2. September 2026 f\u00fchrten die Gewerkschaften OGBL und LCGB im Rahmen einer Frage-Antwort-Runde zum neuen Gesetz zur Reform des \u2026\" \/>\r\n<meta property=\"og:url\" content=\"https:\/\/www.ogbl.lu\/communique\/les-syndicats-rencontrent-le-ministere-de-la-justice-au-sujet-de-la-reforme-du-secteur-du-gardiennage\/\" \/>\r\n<meta property=\"og:site_name\" content=\"OGBL\" \/>\r\n<meta property=\"article:modified_time\" content=\"2026-09-03T14:18:56+00:00\" \/>\r\n<meta property=\"og:image\" content=\"https:\/\/www.ogbl.lu\/wp-content\/uploads\/2026\/09\/28193-scaled.jpg\" \/>\r\n\t<meta property=\"og:image:width\" content=\"2560\" \/>\r\n\t<meta property=\"og:image:height\" content=\"1920\" \/>\r\n\t<meta property=\"og:image:type\" content=\"image\/jpeg\" \/>\r\n<meta name=\"twitter:card\" content=\"summary_large_image\" \/>\r\n<meta name=\"twitter:label1\" content=\"Est. reading time\" \/>\n\t<meta name=\"twitter:data1\" content=\"2 Minuten\" \/>\r\n<script type=\"application\/ld+json\" class=\"yoast-schema-graph\">{\"@context\":\"https:\/\/schema.org\",\"@graph\":[{\"@type\":\"WebPage\",\"@id\":\"https:\/\/www.ogbl.lu\/communique\/les-syndicats-rencontrent-le-ministere-de-la-justice-au-sujet-de-la-reforme-du-secteur-du-gardiennage\/\",\"url\":\"https:\/\/www.ogbl.lu\/communique\/les-syndicats-rencontrent-le-ministere-de-la-justice-au-sujet-de-la-reforme-du-secteur-du-gardiennage\/\",\"name\":\"[:fr]Les syndicats rencontrent le minist\u00e8re de la Justice au sujet de la r\u00e9forme du secteur du gardiennage[:de]Die Gewerkschaften treffen sich mit dem Justizministerium bez\u00fcglich der Reform des Sicherheitsdienstsektors[:] - OGBL\",\"isPartOf\":{\"@id\":\"https:\/\/www.ogbl.lu\/de\/#website\"},\"primaryImageOfPage\":{\"@id\":\"https:\/\/www.ogbl.lu\/communique\/les-syndicats-rencontrent-le-ministere-de-la-justice-au-sujet-de-la-reforme-du-secteur-du-gardiennage\/#primaryimage\"},\"image\":{\"@id\":\"https:\/\/www.ogbl.lu\/communique\/les-syndicats-rencontrent-le-ministere-de-la-justice-au-sujet-de-la-reforme-du-secteur-du-gardiennage\/#primaryimage\"},\"thumbnailUrl\":\"https:\/\/www.ogbl.lu\/wp-content\/uploads\/2026\/09\/28193-scaled.jpg\",\"datePublished\":\"2026-09-03T14:10:22+00:00\",\"dateModified\":\"2026-09-03T14:18:56+00:00\",\"breadcrumb\":{\"@id\":\"https:\/\/www.ogbl.lu\/communique\/les-syndicats-rencontrent-le-ministere-de-la-justice-au-sujet-de-la-reforme-du-secteur-du-gardiennage\/#breadcrumb\"},\"inLanguage\":\"de-DE\",\"potentialAction\":[{\"@type\":\"ReadAction\",\"target\":[\"https:\/\/www.ogbl.lu\/communique\/les-syndicats-rencontrent-le-ministere-de-la-justice-au-sujet-de-la-reforme-du-secteur-du-gardiennage\/\"]}]},{\"@type\":\"ImageObject\",\"inLanguage\":\"de-DE\",\"@id\":\"https:\/\/www.ogbl.lu\/communique\/les-syndicats-rencontrent-le-ministere-de-la-justice-au-sujet-de-la-reforme-du-secteur-du-gardiennage\/#primaryimage\",\"url\":\"https:\/\/www.ogbl.lu\/wp-content\/uploads\/2026\/09\/28193-scaled.jpg\",\"contentUrl\":\"https:\/\/www.ogbl.lu\/wp-content\/uploads\/2026\/09\/28193-scaled.jpg\",\"width\":2560,\"height\":1920},{\"@type\":\"BreadcrumbList\",\"@id\":\"https:\/\/www.ogbl.lu\/communique\/les-syndicats-rencontrent-le-ministere-de-la-justice-au-sujet-de-la-reforme-du-secteur-du-gardiennage\/#breadcrumb\",\"itemListElement\":[{\"@type\":\"ListItem\",\"position\":1,\"name\":\"Home\",\"item\":\"https:\/\/www.ogbl.lu\/\"},{\"@type\":\"ListItem\",\"position\":2,\"name\":\"Les syndicats rencontrent le minist\u00e8re de la Justice au sujet de la r\u00e9forme du secteur du gardiennage\"}]},{\"@type\":\"WebSite\",\"@id\":\"https:\/\/www.ogbl.lu\/de\/#website\",\"url\":\"https:\/\/www.ogbl.lu\/de\/\",\"name\":\"OGBL\",\"description\":\"DIE GEWERKSCHAFT\",\"publisher\":{\"@id\":\"https:\/\/www.ogbl.lu\/de\/#organization\"},\"potentialAction\":[{\"@type\":\"SearchAction\",\"target\":{\"@type\":\"EntryPoint\",\"urlTemplate\":\"https:\/\/www.ogbl.lu\/de\/?s={search_term_string}\"},\"query-input\":\"required name=search_term_string\"}],\"inLanguage\":\"de-DE\"},{\"@type\":\"Organization\",\"@id\":\"https:\/\/www.ogbl.lu\/de\/#organization\",\"name\":\"OGBL\",\"url\":\"https:\/\/www.ogbl.lu\/de\/\",\"logo\":{\"@type\":\"ImageObject\",\"inLanguage\":\"de-DE\",\"@id\":\"https:\/\/www.ogbl.lu\/de\/#\/schema\/logo\/image\/\",\"url\":\"https:\/\/www.ogbl.lu\/wp-content\/uploads\/2024\/07\/LOGO_Red_FR-svg.png\",\"contentUrl\":\"https:\/\/www.ogbl.lu\/wp-content\/uploads\/2024\/07\/LOGO_Red_FR-svg.png\",\"width\":369,\"height\":171,\"caption\":\"OGBL\"},\"image\":{\"@id\":\"https:\/\/www.ogbl.lu\/de\/#\/schema\/logo\/image\/\"}}]}<\/script>\r\n<!-- \/ Yoast SEO plugin. -->","yoast_head_json":{"title":"[:fr]Les syndicats rencontrent le minist\u00e8re de la Justice au sujet de la r\u00e9forme du secteur du gardiennage[:de]Die Gewerkschaften treffen sich mit dem Justizministerium bez\u00fcglich der Reform des Sicherheitsdienstsektors[:] - OGBL","robots":{"index":"index","follow":"follow","max-snippet":"max-snippet:-1","max-image-preview":"max-image-preview:large","max-video-preview":"max-video-preview:-1"},"canonical":"https:\/\/www.ogbl.lu\/communique\/les-syndicats-rencontrent-le-ministere-de-la-justice-au-sujet-de-la-reforme-du-secteur-du-gardiennage\/","og_locale":"de_DE","og_type":"article","og_title":"[:fr]Les syndicats rencontrent le minist\u00e8re de la Justice au sujet de la r\u00e9forme du secteur du gardiennage[:de]Die Gewerkschaften treffen sich mit dem Justizministerium bez\u00fcglich der Reform des Sicherheitsdienstsektors[:] - OGBL","og_description":"Am 2. September 2026 f\u00fchrten die Gewerkschaften OGBL und LCGB im Rahmen einer Frage-Antwort-Runde zum neuen Gesetz zur Reform des \u2026","og_url":"https:\/\/www.ogbl.lu\/communique\/les-syndicats-rencontrent-le-ministere-de-la-justice-au-sujet-de-la-reforme-du-secteur-du-gardiennage\/","og_site_name":"OGBL","article_modified_time":"2026-09-03T14:18:56+00:00","og_image":[{"width":2560,"height":1920,"url":"https:\/\/www.ogbl.lu\/wp-content\/uploads\/2026\/09\/28193-scaled.jpg","type":"image\/jpeg"}],"twitter_card":"summary_large_image","twitter_misc":{"Est. reading time":"2 Minuten"},"schema":{"@context":"https:\/\/schema.org","@graph":[{"@type":"WebPage","@id":"https:\/\/www.ogbl.lu\/communique\/les-syndicats-rencontrent-le-ministere-de-la-justice-au-sujet-de-la-reforme-du-secteur-du-gardiennage\/","url":"https:\/\/www.ogbl.lu\/communique\/les-syndicats-rencontrent-le-ministere-de-la-justice-au-sujet-de-la-reforme-du-secteur-du-gardiennage\/","name":"[:fr]Les syndicats rencontrent le minist\u00e8re de la Justice au sujet de la r\u00e9forme du secteur du gardiennage[:de]Die Gewerkschaften treffen sich mit dem Justizministerium bez\u00fcglich der Reform des Sicherheitsdienstsektors[:] - OGBL","isPartOf":{"@id":"https:\/\/www.ogbl.lu\/de\/#website"},"primaryImageOfPage":{"@id":"https:\/\/www.ogbl.lu\/communique\/les-syndicats-rencontrent-le-ministere-de-la-justice-au-sujet-de-la-reforme-du-secteur-du-gardiennage\/#primaryimage"},"image":{"@id":"https:\/\/www.ogbl.lu\/communique\/les-syndicats-rencontrent-le-ministere-de-la-justice-au-sujet-de-la-reforme-du-secteur-du-gardiennage\/#primaryimage"},"thumbnailUrl":"https:\/\/www.ogbl.lu\/wp-content\/uploads\/2026\/09\/28193-scaled.jpg","datePublished":"2026-09-03T14:10:22+00:00","dateModified":"2026-09-03T14:18:56+00:00","breadcrumb":{"@id":"https:\/\/www.ogbl.lu\/communique\/les-syndicats-rencontrent-le-ministere-de-la-justice-au-sujet-de-la-reforme-du-secteur-du-gardiennage\/#breadcrumb"},"inLanguage":"de-DE","potentialAction":[{"@type":"ReadAction","target":["https:\/\/www.ogbl.lu\/communique\/les-syndicats-rencontrent-le-ministere-de-la-justice-au-sujet-de-la-reforme-du-secteur-du-gardiennage\/"]}]},{"@type":"ImageObject","inLanguage":"de-DE","@id":"https:\/\/www.ogbl.lu\/communique\/les-syndicats-rencontrent-le-ministere-de-la-justice-au-sujet-de-la-reforme-du-secteur-du-gardiennage\/#primaryimage","url":"https:\/\/www.ogbl.lu\/wp-content\/uploads\/2026\/09\/28193-scaled.jpg","contentUrl":"https:\/\/www.ogbl.lu\/wp-content\/uploads\/2026\/09\/28193-scaled.jpg","width":2560,"height":1920},{"@type":"BreadcrumbList","@id":"https:\/\/www.ogbl.lu\/communique\/les-syndicats-rencontrent-le-ministere-de-la-justice-au-sujet-de-la-reforme-du-secteur-du-gardiennage\/#breadcrumb","itemListElement":[{"@type":"ListItem","position":1,"name":"Home","item":"https:\/\/www.ogbl.lu\/"},{"@type":"ListItem","position":2,"name":"Les syndicats rencontrent le minist\u00e8re de la Justice au sujet de la r\u00e9forme du secteur du gardiennage"}]},{"@type":"WebSite","@id":"https:\/\/www.ogbl.lu\/de\/#website","url":"https:\/\/www.ogbl.lu\/de\/","name":"OGBL","description":"DIE GEWERKSCHAFT","publisher":{"@id":"https:\/\/www.ogbl.lu\/de\/#organization"},"potentialAction":[{"@type":"SearchAction","target":{"@type":"EntryPoint","urlTemplate":"https:\/\/www.ogbl.lu\/de\/?s={search_term_string}"},"query-input":"required name=search_term_string"}],"inLanguage":"de-DE"},{"@type":"Organization","@id":"https:\/\/www.ogbl.lu\/de\/#organization","name":"OGBL","url":"https:\/\/www.ogbl.lu\/de\/","logo":{"@type":"ImageObject","inLanguage":"de-DE","@id":"https:\/\/www.ogbl.lu\/de\/#\/schema\/logo\/image\/","url":"https:\/\/www.ogbl.lu\/wp-content\/uploads\/2024\/07\/LOGO_Red_FR-svg.png","contentUrl":"https:\/\/www.ogbl.lu\/wp-content\/uploads\/2024\/07\/LOGO_Red_FR-svg.png","width":369,"height":171,"caption":"OGBL"},"image":{"@id":"https:\/\/www.ogbl.lu\/de\/#\/schema\/logo\/image\/"}}]}},"_links":{"self":[{"href":"https:\/\/www.ogbl.lu\/de\/wp-json\/wp\/v2\/communiques\/105341"}],"collection":[{"href":"https:\/\/www.ogbl.lu\/de\/wp-json\/wp\/v2\/communiques"}],"about":[{"href":"https:\/\/www.ogbl.lu\/de\/wp-json\/wp\/v2\/types\/communiques"}],"author":[{"embeddable":true,"href":"https:\/\/www.ogbl.lu\/de\/wp-json\/wp\/v2\/users\/5"}],"version-history":[{"count":2,"href":"https:\/\/www.ogbl.lu\/de\/wp-json\/wp\/v2\/communiques\/105341\/revisions"}],"predecessor-version":[{"id":105345,"href":"https:\/\/www.ogbl.lu\/de\/wp-json\/wp\/v2\/communiques\/105341\/revisions\/105345"}],"wp:featuredmedia":[{"embeddable":true,"href":"https:\/\/www.ogbl.lu\/de\/wp-json\/wp\/v2\/media\/105342"}],"wp:attachment":[{"href":"https:\/\/www.ogbl.lu\/de\/wp-json\/wp\/v2\/media?parent=105341"}],"wp:term":[{"taxonomy":"categorie_communiques","embeddable":true,"href":"https:\/\/www.ogbl.lu\/de\/wp-json\/wp\/v2\/categorie_communiques?post=105341"},{"taxonomy":"syndicat","embeddable":true,"href":"https:\/\/www.ogbl.lu\/de\/wp-json\/wp\/v2\/syndicat?post=105341"}],"curies":[{"name":"wp","href":"https:\/\/api.w.org\/{rel}","templated":true}]}}