{"id":1047,"date":"2011-11-29T17:19:17","date_gmt":"2011-11-29T16:19:17","guid":{"rendered":"https:\/\/www.ogbl.lu\/communiques\/les-travailleurs-europeens-luttent-conte-lausterite-et-pour-un-avenir-meilleur-et-plus-equitable"},"modified":"2023-05-31T10:39:05","modified_gmt":"2023-05-31T08:39:05","slug":"les-travailleurs-europeens-luttent-conte-lausterite-et-pour-un-avenir-meilleur-et-plus-equitable","status":"publish","type":"communiques","link":"https:\/\/www.ogbl.lu\/de\/communique\/les-travailleurs-europeens-luttent-conte-lausterite-et-pour-un-avenir-meilleur-et-plus-equitable\/","title":{"rendered":"Die europ\u00e4ischen Arbeitnehmer k\u00e4mpfen gegen die Austerit\u00e4t und f\u00fcr eine bessere und gerechtere Zukunft"},"content":{"rendered":"<p><img loading=\"lazy\" decoding=\"async\" class=\"alignleft size-full wp-image-3273\" title=\"logo_CES\" src=\"https:\/\/www.ogbl.lu\/wp-content\/uploads\/communiques\/logo_CES.jpg\" alt=\"\" width=\"150\" height=\"150\" \/> Der europ\u00e4ische Gewerkschaftsbund (EGB) unterst\u00fctzt die auf nationaler Ebene von seinen Mitgliedsgewerkschaften organisierten Aktionen, um gegen die Austerit\u00e4t und f\u00fcr eine bessere und gerechtere Zukunft zu k\u00e4mpfe.<\/p>\n<p>Verschiedene hochkar\u00e4tige Gewerkschaftsaktionen wie Streiks, Demos und Kundgebungen fanden im Herbst \u00fcberall in Europa statt. Die europ\u00e4ischen Arbeitnehmer wehren sich gegen den sozialen R\u00fcckschritt und verlangen das Ende der Austerit\u00e4tsma\u00dfnahmen.<\/p>\n<p>Bernadette S\u00e9gol, Generalsekret\u00e4rin des EGB, hat am 29. November, folgende Erkl\u00e4rung abgegeben: \u201cZuviel ist zuviel<em>! Die Zukunft Europas kann nicht auf Austerit\u00e4t, Unsicherheit und sozialen R\u00fcckschritt aufgebaut werden. Wir unterst\u00fctzen unsere Mitglieder in ihren nationalen Aktionen und beschw\u00f6ren die europ\u00e4ischen F\u00fchrungspolitiker sich nicht weiterhin dem Diktat der Finanzm\u00e4rkte zu unterwerfen. Europa braucht einen radikalen Kurswechsel\u201c. <\/em><\/p>\n<p>Die gewerkschaftlichen Aktionen werden mehr als wahrscheinlich 2012 weitergef\u00fchrt werden.<\/p>\n<p>Auflistung der Aktionen in Europa: <a href=\"http:\/\/www.etuc.org\/a\/9316\">http:\/\/www.etuc.org\/a\/9316<\/a><\/p>","protected":false},"author":1,"featured_media":4741,"template":"","categorie_communiques":[38],"syndicat":[],"acf":[],"yoast_head":"<!-- This site is optimized with the Yoast SEO plugin v23.1 - https:\/\/yoast.com\/wordpress\/plugins\/seo\/ -->\r\n<title>Die europ\u00e4ischen Arbeitnehmer k\u00e4mpfen gegen die Austerit\u00e4t und f\u00fcr eine bessere und gerechtere Zukunft  - OGBL<\/title>\r\n<meta name=\"robots\" content=\"index, follow, max-snippet:-1, max-image-preview:large, max-video-preview:-1\" \/>\r\n<link rel=\"canonical\" href=\"https:\/\/www.ogbl.lu\/communique\/les-travailleurs-europeens-luttent-conte-lausterite-et-pour-un-avenir-meilleur-et-plus-equitable\/\" \/>\r\n<meta property=\"og:locale\" content=\"de_DE\" \/>\r\n<meta property=\"og:type\" content=\"article\" \/>\r\n<meta property=\"og:title\" content=\"[:fr]Les travailleurs europ\u00e9ens luttent conte l&#039;aust\u00e9rit\u00e9 et pour un avenir meilleur et plus \u00e9quitable[:de]Die europ\u00e4ischen Arbeitnehmer k\u00e4mpfen gegen die Austerit\u00e4t und f\u00fcr eine bessere und gerechtere Zukunft [:en]Les travailleurs europ\u00e9ens luttent conte l&#039;aust\u00e9rit\u00e9 et pour un avenir meilleur et plus \u00e9quitable[:] - OGBL\" \/>\r\n<meta property=\"og:description\" content=\"Der europ\u00e4ische Gewerkschaftsbund (EGB) unterst\u00fctzt die auf nationaler Ebene von seinen Mitgliedsgewerkschaften organisierten Aktionen, um gegen die Austerit\u00e4t und f\u00fcr \u2026\" \/>\r\n<meta property=\"og:url\" content=\"https:\/\/www.ogbl.lu\/communique\/les-travailleurs-europeens-luttent-conte-lausterite-et-pour-un-avenir-meilleur-et-plus-equitable\/\" \/>\r\n<meta property=\"og:site_name\" content=\"OGBL\" \/>\r\n<meta property=\"article:modified_time\" content=\"2023-05-31T08:39:05+00:00\" \/>\r\n<meta property=\"og:image\" content=\"https:\/\/www.ogbl.lu\/wp-content\/uploads\/2011\/11\/logo_CES.jpg\" \/>\r\n\t<meta property=\"og:image:width\" content=\"150\" \/>\r\n\t<meta property=\"og:image:height\" content=\"150\" \/>\r\n\t<meta property=\"og:image:type\" content=\"image\/jpeg\" \/>\r\n<meta name=\"twitter:card\" content=\"summary_large_image\" \/>\r\n<meta name=\"twitter:label1\" content=\"Est. reading time\" \/>\n\t<meta name=\"twitter:data1\" content=\"3 Minuten\" \/>\r\n<script type=\"application\/ld+json\" class=\"yoast-schema-graph\">{\"@context\":\"https:\/\/schema.org\",\"@graph\":[{\"@type\":\"WebPage\",\"@id\":\"https:\/\/www.ogbl.lu\/communique\/les-travailleurs-europeens-luttent-conte-lausterite-et-pour-un-avenir-meilleur-et-plus-equitable\/\",\"url\":\"https:\/\/www.ogbl.lu\/communique\/les-travailleurs-europeens-luttent-conte-lausterite-et-pour-un-avenir-meilleur-et-plus-equitable\/\",\"name\":\"[:fr]Les travailleurs europ\u00e9ens luttent conte l'aust\u00e9rit\u00e9 et pour un avenir meilleur et plus \u00e9quitable[:de]Die europ\u00e4ischen Arbeitnehmer k\u00e4mpfen gegen die Austerit\u00e4t und f\u00fcr eine bessere und gerechtere Zukunft [:en]Les travailleurs europ\u00e9ens luttent conte l'aust\u00e9rit\u00e9 et pour un avenir meilleur et plus \u00e9quitable[:] - OGBL\",\"isPartOf\":{\"@id\":\"https:\/\/www.ogbl.lu\/de\/#website\"},\"primaryImageOfPage\":{\"@id\":\"https:\/\/www.ogbl.lu\/communique\/les-travailleurs-europeens-luttent-conte-lausterite-et-pour-un-avenir-meilleur-et-plus-equitable\/#primaryimage\"},\"image\":{\"@id\":\"https:\/\/www.ogbl.lu\/communique\/les-travailleurs-europeens-luttent-conte-lausterite-et-pour-un-avenir-meilleur-et-plus-equitable\/#primaryimage\"},\"thumbnailUrl\":\"https:\/\/www.ogbl.lu\/wp-content\/uploads\/2011\/11\/logo_CES.jpg\",\"datePublished\":\"2011-11-29T16:19:17+00:00\",\"dateModified\":\"2023-05-31T08:39:05+00:00\",\"breadcrumb\":{\"@id\":\"https:\/\/www.ogbl.lu\/communique\/les-travailleurs-europeens-luttent-conte-lausterite-et-pour-un-avenir-meilleur-et-plus-equitable\/#breadcrumb\"},\"inLanguage\":\"de-DE\",\"potentialAction\":[{\"@type\":\"ReadAction\",\"target\":[\"https:\/\/www.ogbl.lu\/communique\/les-travailleurs-europeens-luttent-conte-lausterite-et-pour-un-avenir-meilleur-et-plus-equitable\/\"]}]},{\"@type\":\"ImageObject\",\"inLanguage\":\"de-DE\",\"@id\":\"https:\/\/www.ogbl.lu\/communique\/les-travailleurs-europeens-luttent-conte-lausterite-et-pour-un-avenir-meilleur-et-plus-equitable\/#primaryimage\",\"url\":\"https:\/\/www.ogbl.lu\/wp-content\/uploads\/2011\/11\/logo_CES.jpg\",\"contentUrl\":\"https:\/\/www.ogbl.lu\/wp-content\/uploads\/2011\/11\/logo_CES.jpg\",\"width\":150,\"height\":150},{\"@type\":\"BreadcrumbList\",\"@id\":\"https:\/\/www.ogbl.lu\/communique\/les-travailleurs-europeens-luttent-conte-lausterite-et-pour-un-avenir-meilleur-et-plus-equitable\/#breadcrumb\",\"itemListElement\":[{\"@type\":\"ListItem\",\"position\":1,\"name\":\"Home\",\"item\":\"https:\/\/www.ogbl.lu\/\"},{\"@type\":\"ListItem\",\"position\":2,\"name\":\"Les travailleurs europ\u00e9ens luttent conte l&#8217;aust\u00e9rit\u00e9 et pour un avenir meilleur et plus \u00e9quitable\"}]},{\"@type\":\"WebSite\",\"@id\":\"https:\/\/www.ogbl.lu\/de\/#website\",\"url\":\"https:\/\/www.ogbl.lu\/de\/\",\"name\":\"OGBL\",\"description\":\"DIE GEWERKSCHAFT\",\"publisher\":{\"@id\":\"https:\/\/www.ogbl.lu\/de\/#organization\"},\"potentialAction\":[{\"@type\":\"SearchAction\",\"target\":{\"@type\":\"EntryPoint\",\"urlTemplate\":\"https:\/\/www.ogbl.lu\/de\/?s={search_term_string}\"},\"query-input\":\"required name=search_term_string\"}],\"inLanguage\":\"de-DE\"},{\"@type\":\"Organization\",\"@id\":\"https:\/\/www.ogbl.lu\/de\/#organization\",\"name\":\"OGBL\",\"url\":\"https:\/\/www.ogbl.lu\/de\/\",\"logo\":{\"@type\":\"ImageObject\",\"inLanguage\":\"de-DE\",\"@id\":\"https:\/\/www.ogbl.lu\/de\/#\/schema\/logo\/image\/\",\"url\":\"https:\/\/www.ogbl.lu\/wp-content\/uploads\/2024\/07\/LOGO_Red_FR-svg.png\",\"contentUrl\":\"https:\/\/www.ogbl.lu\/wp-content\/uploads\/2024\/07\/LOGO_Red_FR-svg.png\",\"width\":369,\"height\":171,\"caption\":\"OGBL\"},\"image\":{\"@id\":\"https:\/\/www.ogbl.lu\/de\/#\/schema\/logo\/image\/\"}}]}<\/script>\r\n<!-- \/ Yoast SEO plugin. -->","yoast_head_json":{"title":"[:fr]Les travailleurs europ\u00e9ens luttent conte l'aust\u00e9rit\u00e9 et pour un avenir meilleur et plus \u00e9quitable[:de]Die europ\u00e4ischen Arbeitnehmer k\u00e4mpfen gegen die Austerit\u00e4t und f\u00fcr eine bessere und gerechtere Zukunft [:en]Les travailleurs europ\u00e9ens luttent conte l'aust\u00e9rit\u00e9 et pour un avenir meilleur et plus \u00e9quitable[:] - OGBL","robots":{"index":"index","follow":"follow","max-snippet":"max-snippet:-1","max-image-preview":"max-image-preview:large","max-video-preview":"max-video-preview:-1"},"canonical":"https:\/\/www.ogbl.lu\/communique\/les-travailleurs-europeens-luttent-conte-lausterite-et-pour-un-avenir-meilleur-et-plus-equitable\/","og_locale":"de_DE","og_type":"article","og_title":"[:fr]Les travailleurs europ\u00e9ens luttent conte l'aust\u00e9rit\u00e9 et pour un avenir meilleur et plus \u00e9quitable[:de]Die europ\u00e4ischen Arbeitnehmer k\u00e4mpfen gegen die Austerit\u00e4t und f\u00fcr eine bessere und gerechtere Zukunft [:en]Les travailleurs europ\u00e9ens luttent conte l'aust\u00e9rit\u00e9 et pour un avenir meilleur et plus \u00e9quitable[:] - OGBL","og_description":"Der europ\u00e4ische Gewerkschaftsbund (EGB) unterst\u00fctzt die auf nationaler Ebene von seinen Mitgliedsgewerkschaften organisierten Aktionen, um gegen die Austerit\u00e4t und f\u00fcr \u2026","og_url":"https:\/\/www.ogbl.lu\/communique\/les-travailleurs-europeens-luttent-conte-lausterite-et-pour-un-avenir-meilleur-et-plus-equitable\/","og_site_name":"OGBL","article_modified_time":"2023-05-31T08:39:05+00:00","og_image":[{"width":150,"height":150,"url":"https:\/\/www.ogbl.lu\/wp-content\/uploads\/2011\/11\/logo_CES.jpg","type":"image\/jpeg"}],"twitter_card":"summary_large_image","twitter_misc":{"Est. reading time":"3 Minuten"},"schema":{"@context":"https:\/\/schema.org","@graph":[{"@type":"WebPage","@id":"https:\/\/www.ogbl.lu\/communique\/les-travailleurs-europeens-luttent-conte-lausterite-et-pour-un-avenir-meilleur-et-plus-equitable\/","url":"https:\/\/www.ogbl.lu\/communique\/les-travailleurs-europeens-luttent-conte-lausterite-et-pour-un-avenir-meilleur-et-plus-equitable\/","name":"[:fr]Les travailleurs europ\u00e9ens luttent conte l'aust\u00e9rit\u00e9 et pour un avenir meilleur et plus \u00e9quitable[:de]Die europ\u00e4ischen Arbeitnehmer k\u00e4mpfen gegen die Austerit\u00e4t und f\u00fcr eine bessere und gerechtere Zukunft [:en]Les travailleurs europ\u00e9ens luttent conte l'aust\u00e9rit\u00e9 et pour un avenir meilleur et plus \u00e9quitable[:] - OGBL","isPartOf":{"@id":"https:\/\/www.ogbl.lu\/de\/#website"},"primaryImageOfPage":{"@id":"https:\/\/www.ogbl.lu\/communique\/les-travailleurs-europeens-luttent-conte-lausterite-et-pour-un-avenir-meilleur-et-plus-equitable\/#primaryimage"},"image":{"@id":"https:\/\/www.ogbl.lu\/communique\/les-travailleurs-europeens-luttent-conte-lausterite-et-pour-un-avenir-meilleur-et-plus-equitable\/#primaryimage"},"thumbnailUrl":"https:\/\/www.ogbl.lu\/wp-content\/uploads\/2011\/11\/logo_CES.jpg","datePublished":"2011-11-29T16:19:17+00:00","dateModified":"2023-05-31T08:39:05+00:00","breadcrumb":{"@id":"https:\/\/www.ogbl.lu\/communique\/les-travailleurs-europeens-luttent-conte-lausterite-et-pour-un-avenir-meilleur-et-plus-equitable\/#breadcrumb"},"inLanguage":"de-DE","potentialAction":[{"@type":"ReadAction","target":["https:\/\/www.ogbl.lu\/communique\/les-travailleurs-europeens-luttent-conte-lausterite-et-pour-un-avenir-meilleur-et-plus-equitable\/"]}]},{"@type":"ImageObject","inLanguage":"de-DE","@id":"https:\/\/www.ogbl.lu\/communique\/les-travailleurs-europeens-luttent-conte-lausterite-et-pour-un-avenir-meilleur-et-plus-equitable\/#primaryimage","url":"https:\/\/www.ogbl.lu\/wp-content\/uploads\/2011\/11\/logo_CES.jpg","contentUrl":"https:\/\/www.ogbl.lu\/wp-content\/uploads\/2011\/11\/logo_CES.jpg","width":150,"height":150},{"@type":"BreadcrumbList","@id":"https:\/\/www.ogbl.lu\/communique\/les-travailleurs-europeens-luttent-conte-lausterite-et-pour-un-avenir-meilleur-et-plus-equitable\/#breadcrumb","itemListElement":[{"@type":"ListItem","position":1,"name":"Home","item":"https:\/\/www.ogbl.lu\/"},{"@type":"ListItem","position":2,"name":"Les travailleurs europ\u00e9ens luttent conte l&#8217;aust\u00e9rit\u00e9 et pour un avenir meilleur et plus \u00e9quitable"}]},{"@type":"WebSite","@id":"https:\/\/www.ogbl.lu\/de\/#website","url":"https:\/\/www.ogbl.lu\/de\/","name":"OGBL","description":"DIE GEWERKSCHAFT","publisher":{"@id":"https:\/\/www.ogbl.lu\/de\/#organization"},"potentialAction":[{"@type":"SearchAction","target":{"@type":"EntryPoint","urlTemplate":"https:\/\/www.ogbl.lu\/de\/?s={search_term_string}"},"query-input":"required name=search_term_string"}],"inLanguage":"de-DE"},{"@type":"Organization","@id":"https:\/\/www.ogbl.lu\/de\/#organization","name":"OGBL","url":"https:\/\/www.ogbl.lu\/de\/","logo":{"@type":"ImageObject","inLanguage":"de-DE","@id":"https:\/\/www.ogbl.lu\/de\/#\/schema\/logo\/image\/","url":"https:\/\/www.ogbl.lu\/wp-content\/uploads\/2024\/07\/LOGO_Red_FR-svg.png","contentUrl":"https:\/\/www.ogbl.lu\/wp-content\/uploads\/2024\/07\/LOGO_Red_FR-svg.png","width":369,"height":171,"caption":"OGBL"},"image":{"@id":"https:\/\/www.ogbl.lu\/de\/#\/schema\/logo\/image\/"}}]}},"_links":{"self":[{"href":"https:\/\/www.ogbl.lu\/de\/wp-json\/wp\/v2\/communiques\/1047"}],"collection":[{"href":"https:\/\/www.ogbl.lu\/de\/wp-json\/wp\/v2\/communiques"}],"about":[{"href":"https:\/\/www.ogbl.lu\/de\/wp-json\/wp\/v2\/types\/communiques"}],"author":[{"embeddable":true,"href":"https:\/\/www.ogbl.lu\/de\/wp-json\/wp\/v2\/users\/1"}],"version-history":[{"count":0,"href":"https:\/\/www.ogbl.lu\/de\/wp-json\/wp\/v2\/communiques\/1047\/revisions"}],"wp:featuredmedia":[{"embeddable":true,"href":"https:\/\/www.ogbl.lu\/de\/wp-json\/wp\/v2\/media\/4741"}],"wp:attachment":[{"href":"https:\/\/www.ogbl.lu\/de\/wp-json\/wp\/v2\/media?parent=1047"}],"wp:term":[{"taxonomy":"categorie_communiques","embeddable":true,"href":"https:\/\/www.ogbl.lu\/de\/wp-json\/wp\/v2\/categorie_communiques?post=1047"},{"taxonomy":"syndicat","embeddable":true,"href":"https:\/\/www.ogbl.lu\/de\/wp-json\/wp\/v2\/syndicat?post=1047"}],"curies":[{"name":"wp","href":"https:\/\/api.w.org\/{rel}","templated":true}]}}